{"id":316,"date":"2021-10-19T00:00:00","date_gmt":"2021-10-19T00:00:00","guid":{"rendered":"https:\/\/www.kadindostumarkalar.org\/yazilar\/yesil-donusum\/izoder-iklim-degisikligi-ile-mucadelede-icin-calismalarini-hizlandiriyor"},"modified":"2022-06-06T13:10:08","modified_gmt":"2022-06-06T13:10:08","slug":"izoder-iklim-degisikligi-ile-mucadelede-icin-calismalarini-hizlandiriyor","status":"publish","type":"page","link":"","title":{"rendered":"\u0130ZODER \u0130KL\u0130M DE\u011e\u0130\u015e\u0130KL\u0130\u011e\u0130 \u0130LE M\u00dcCADELEDE \u0130\u00c7\u0130N \u00c7ALI\u015eMALARINI HIZLANDIRIYOR"},"content":{"rendered":"\u0130klim de\u011fi\u015fikli\u011fiyle m\u00fccadele hedefiyle 2016’da imzalanan Paris Anla\u015fmas\u0131&#8217;n\u0131n TBMM’de onaylanmas\u0131n\u0131n, ard\u0131ndan \u0130ZODER Ba\u015fkan\u0131 Emrullah Eruslu bir a\u00e7\u0131klama yapt\u0131. At\u0131lan bu ad\u0131m\u0131n T\u00fcrkiye i\u00e7in \u00f6nemli oldu\u011funu vurgulayan Eruslu, iklim de\u011fi\u015fikli\u011fi ile m\u00fccadelede en etkin uygulamalardan birinin binalar\u0131n yal\u0131t\u0131mla enerji verimli olmas\u0131n\u0131n sa\u011flanmas\u0131 oldu\u011funa dikkat \u00e7ekti.   \u0130klim de\u011fi\u015fikli\u011fi nin \u00f6n\u00fcne ge\u00e7mek i\u00e7in \u00fclkelerin ortak hareket etmelerini sa\u011flayacak Paris Anla\u015fmas\u0131 ’n\u0131n, k\u00fcresel ortalama y\u00fczey s\u0131cakl\u0131\u011f\u0131ndaki art\u0131\u015f\u0131 2 derece ile s\u0131n\u0131rland\u0131rmay\u0131 hatta bu art\u0131\u015f\u0131 1.5 derecenin alt\u0131nda tutmay\u0131 ama\u00e7lad\u0131\u011f\u0131n\u0131 belirten \u0130ZODER  Y\u00f6netim Kurulu Ba\u015fkan\u0131 Emrullah Eruslu , gelecekte \u00e7ok daha farkl\u0131 bir d\u00fcnya olaca\u011f\u0131n\u0131 ve bu konuda \u015fimdiden gerekli ad\u0131mlar\u0131n at\u0131lmas\u0131n\u0131n hayati \u00f6nem ta\u015f\u0131d\u0131\u011f\u0131n\u0131 dile getirdi. Paris \u0130klim Anla\u015fmas\u0131 ’n\u0131n bug\u00fcne kadar imzalanan en ba\u011flay\u0131c\u0131 iklim anla\u015fmas\u0131  olarak g\u00f6r\u00fcld\u00fc\u011f\u00fcne dikkat \u00e7eken Eruslu, “T\u00fcrkiye, 2016’da imzalad\u0131\u011f\u0131 Paris Anla\u015fmas\u0131’n\u0131, 7 Ekim 2021’de onaylayarak taraf oldu. B\u00f6ylece T\u00fcrkiye, 2050’ye kadar sera gaz\u0131 emisyonlar\u0131 n\u0131n s\u0131f\u0131rlanmas\u0131n\u0131n hedeflendi\u011fi Paris Anla\u015fmas\u0131’nda, 2030 y\u0131l\u0131 itibar\u0131yla sera gaz\u0131 emisyonlar\u0131n\u0131 mevcut durumdan y\u00fczde 21&#8217;e kadar azaltaca\u011f\u0131n\u0131 beyan etti.” diye konu\u015ftu. U de\u011ferini 2,5 kat iyile\u015ftirmemiz halinde emisyonu ancak y\u00fczde 12 azaltabiliyoruz  T\u00fcrkiye’nin emisyon azalt\u0131m  hedefine ula\u015fmas\u0131 i\u00e7in mevcut binalar\u0131n yenilenme oranlar\u0131n\u0131n h\u0131zla art\u0131r\u0131lmas\u0131 gerekti\u011fini ifade eden Eruslu , \u0130ZODER  olarak bir \u00e7al\u0131\u015fma yapt\u0131klar\u0131n\u0131 ve bu \u00e7al\u0131\u015fmaya g\u00f6re, \u00fclkemizde y\u00fcr\u00fcrl\u00fckte olan enerji limitleri ve U de\u011ferlerinin (\u0131s\u0131l ge\u00e7irgenlik de\u011feri) maliyet etkin bir \u015fekilde yakla\u015f\u0131k 2-2,5 kat iyile\u015ftirilmesi halinde; nihai enerjiden 2023&#8217;e kadar yakla\u015f\u0131k y\u00fczde 7, 2030&#8217;a kadar yakla\u015f\u0131k y\u00fczde 14 ve 2050&#8217;ye kadar yakla\u015f\u0131k y\u00fczde 28 oran\u0131nda tasarruf edilebilece\u011finin ortaya \u00e7\u0131kt\u0131\u011f\u0131n\u0131 ifade etti. Eruslu , 2030&#8217;a kadar sa\u011flanmas\u0131 \u00f6ng\u00f6r\u00fclen bu tasarrufun, yakla\u015f\u0131k olarak ancak y\u00fczde 12&#8217;lik bir emisyon azalt\u0131m potansiyeline kar\u015f\u0131l\u0131k geldi\u011fini ve talep taraf\u0131nda enerji verimlili\u011fi  \u00f6nlemlerine odaklan\u0131larak, T\u00fcrkiye’nin Niyet Edilen Ulusal Katk\u0131 (INDC)  beyan\u0131nda hedeflenen y\u00fczde 21’lik d\u00fc\u015f\u00fc\u015fe ula\u015fmak amac\u0131yla geri kalan y\u00fczde 9’luk a\u00e7\u0131\u011f\u0131 kapatmak i\u00e7in kombine bir \u015fekilde bina yenileme oran\u0131n\u0131n art\u0131r\u0131lmas\u0131 ve daha da iyile\u015ftirilmi\u015f enerji limitleri ve U de\u011ferlerinin hayata ge\u00e7irilmesi gerekti\u011fine dikkat \u00e7ekti. Bu \u00e7er\u00e7evede mevcut binalar\u0131n yenileme oran\u0131n\u0131n y\u00fczde 0.45’ten y\u00fczde 1’e \u00e7\u0131kar\u0131lmas\u0131 ve 2030 y\u0131l\u0131nda y\u00fczde 2 olacak \u015fekilde do\u011frusal bi\u00e7imde y\u00fckseltilmeye devam ettirilmesi gerekti\u011fini de s\u00f6zlerine ekleyen Eruslu , bug\u00fcn geli\u015fmi\u015f \u00fclkelerin s\u0131f\u0131r enerjili konutlar, \u00e7evre dostu  pasif evler gibi konseptlere y\u00f6neldi\u011fini de belirtti. T\u00fcrkiye’de enerji verimlili\u011fi alan\u0131nda bu noktadan \u00e7ok uzakta olundu\u011funu \u00fcz\u00fcnt\u00fcyle dile getiren Emrullah Eruslu,  \u0131s\u0131 yal\u0131t\u0131m\u0131n\u0131n iklim de\u011fi\u015fikli\u011fi ile m\u00fccadelede en etkin uygulamalardan biri oldu\u011funu ancak \u00fclkemizde yal\u0131t\u0131m ile ilgili yasal d\u00fczenlemelerin hen\u00fcz AB \u00fclkeleri seviyesinde olmad\u0131\u011f\u0131n\u0131 aktard\u0131. \u015eimdi yap\u0131lmas\u0131 gerekenin AB ile aradaki fark\u0131 kapatacak \u015fekilde b\u00fcy\u00fck ve kararl\u0131 ad\u0131mlar atarak enerji verimlili\u011fi hedeflerine ula\u015fmak oldu\u011funu da s\u00f6yleyen Eruslu, “TS 825 Binalarda Is\u0131 Yal\u0131t\u0131m Kurallar\u0131 Standard\u0131n\u0131n 2019 y\u0131l\u0131 i\u00e7erisinde ba\u015flayan revizyon \u00e7al\u0131\u015fmalar\u0131n\u0131 ivedilikle tamamlay\u0131p enerji verimlili\u011fi anlam\u0131nda AB  ile aram\u0131zdaki mesafeyi kapatacak esasl\u0131 ad\u0131mlar\u0131 atarak cesur bir \u015fekilde enerji limitleri mizi belirlememiz gerekiyor. Bu \u00e7al\u0131\u015fmalar kapsam\u0131nda \u00fclkemiz i\u00e7in neredeyse s\u0131f\u0131r enerji verimli bina tan\u0131m\u0131 yap\u0131lmal\u0131 ve hedef olarak ortaya konulmal\u0131d\u0131r.” dedi. Binalar\u0131m\u0131z enerji verimli, \u00e7evre dostu olmal\u0131  T\u00fcrkiye’de bir metrekarelik bir alan\u0131n \u0131s\u0131t\u0131lmas\u0131 ve so\u011futulmas\u0131 i\u00e7in harcanan y\u0131ll\u0131k enerji miktar\u0131n\u0131n geli\u015fmi\u015f \u00fclkelerin \u00e7ok \u00fczerinde oldu\u011funu belirten Emrullah Eruslu,  “Is\u0131 yal\u0131t\u0131m\u0131 uygulamalar\u0131 fosil yak\u0131t t\u00fcketiminin azalmas\u0131n\u0131 sa\u011fl\u0131yor. Is\u0131 yal\u0131t\u0131m\u0131 ile k\u0131\u015f mevsiminde \u0131s\u0131tma, yaz mevsiminde ise so\u011futmaya katk\u0131da bulunarak enerji verimlili\u011fi sa\u011flanmas\u0131n\u0131n yan\u0131 s\u0131ra, atmosfere yay\u0131lan sera gazlar\u0131n\u0131n sal\u0131m\u0131 nda b\u00fcy\u00fck oranda d\u00fc\u015f\u00fc\u015f kaydediliyor. Gerek enerji verimlili\u011fi gerekse k\u00fcresel \u0131s\u0131nma  ve iklim de\u011fi\u015fikli\u011fi ne kar\u015f\u0131 belirlenen hedeflere ula\u015fmam\u0131z i\u00e7in daha kal\u0131n yal\u0131t\u0131m malzemesi kullanarak verimlilik sa\u011flamal\u0131y\u0131z. Geli\u015fmi\u015f \u00fclkelerde tan\u0131mlanm\u0131\u015f U de\u011ferleri  ile \u00fclkemizde tavsiye edilen U de\u011ferlerini mukayese etti\u011fimizde, \u00fclke olarak U de\u011ferlerimizin iyile\u015ftirilmesi gereklili\u011fini a\u00e7\u0131k\u00e7a g\u00f6r\u00fcyoruz. Paris Anla\u015fmas\u0131’ndaki gibi uluslararas\u0131 taahh\u00fctlerin yerine getirilmesi i\u00e7in \u00d6ncelikli hedefimiz T\u00fcrkiye’deki binalar\u0131n daha az enerji harcayan \u00e7evre dostu  bir yap\u0131ya kavu\u015fmas\u0131 olmal\u0131. Bu noktada kentsel d\u00f6n\u00fc\u015f\u00fcm\u00fc de enerji verimli yap\u0131la\u015fmada f\u0131rsat olarak g\u00f6r\u00fcyoruz.” \u015feklinde konu\u015ftu. ","protected":false},"author":1,"featured_media":0,"parent":316,"menu_order":0,"comment_status":"open","ping_status":"closed","template":"","meta":{"_links_to":"https:\/\/www.kadindostumarkalar.org\/yazilar\/yesil-donusum\/izoder-iklim-degisikligi-ile-mucadelede-icin-calismalarini-hizlandiriyor","_links_to_target":"https:\/\/www.kadindostumarkalar.org\/yazilar\/yesil-donusum\/izoder-iklim-degisikligi-ile-mucadelede-icin-calismalarini-hizlandiriyor"},"_links":{"self":[{"href":"https:\/\/www.kadindostumarkalar.org\/yazilar\/yesil-donusum\/izoder-iklim-degisikligi-ile-mucadelede-icin-calismalarini-hizlandiriyor"}],"collection":[{"href":"urlver"}],"about":[{"href":""}],"author":[{"embeddable":true,"href":"https:\/\/www.kadindostumarkalar.org\/yazilar\/yesil-donusum\/izoder-iklim-degisikligi-ile-mucadelede-icin-calismalarini-hizlandiriyor"}],"replies":[{"embeddable":true,"href":"https:\/\/www.kadindostumarkalar.org\/yazilar\/yesil-donusum\/izoder-iklim-degisikligi-ile-mucadelede-icin-calismalarini-hizlandiriyor"}],"version-history":[{"count":1084,"href":"https:\/\/www.kadindostumarkalar.org\/yazilar\/yesil-donusum\/izoder-iklim-degisikligi-ile-mucadelede-icin-calismalarini-hizlandiriyor"}],"predecessor-version":[{"id":316,"href":"https:\/\/www.kadindostumarkalar.org\/yazilar\/yesil-donusum\/izoder-iklim-degisikligi-ile-mucadelede-icin-calismalarini-hizlandiriyor"}],"up":[{"embeddable":true,"href":"https:\/\/www.kadindostumarkalar.org\/yazilar\/yesil-donusum\/izoder-iklim-degisikligi-ile-mucadelede-icin-calismalarini-hizlandiriyor"}],"wp:attachment":[{"href":"https:\/\/www.kadindostumarkalar.org\/img\/blog\/cevre-1000x600-1.jpeg"}],"curies":[{"name":".Net","href":"https:\/\/api.w.org\/{rel}","templated":true}]}}