{"id":103,"date":"2022-02-17T00:00:00","date_gmt":"2022-02-17T00:00:00","guid":{"rendered":"https:\/\/www.kadindostumarkalar.org\/yazilar\/kamu\/kadikoy-cevre-festivalinin-bu-yil-temasi--iklim-krizi-ile-mucadele"},"modified":"2022-05-31T04:05:56","modified_gmt":"2022-05-31T04:05:56","slug":"kadikoy-cevre-festivalinin-bu-yil-temasi--iklim-krizi-ile-mucadele","status":"publish","type":"page","link":"","title":{"rendered":"KADIK\u00d6Y \u00c7EVRE FEST\u0130VAL\u0130’N\u0130N BU YIL TEMASI:  “\u0130KL\u0130M KR\u0130Z\u0130 \u0130LE M\u00dcCADELE”"},"content":{"rendered":"Kad\u0131k\u00f6y Belediyesi’nin her y\u0131l Selamile\u015fme \u00d6zg\u00fcrl\u00fck Park\u0131’nda d\u00fczenledi\u011fi “Kad\u0131k\u00f6y \u00c7evre Festivali”nin bu y\u0131l temas\u0131 “\u0130klim Krizi ile M\u00fccadele” oldu. 3-5 Haziran tarihleri aras\u0131nda ger\u00e7ekle\u015ftirilecek festivale kat\u0131l\u0131m i\u00e7in ba\u015fvurular 27 \u015eubat’a kadar yap\u0131labilecek.  Kad\u0131k\u00f6y Belediyesi’nin her y\u0131l D\u00fcnya \u00c7evre G\u00fcn\u00fc  etkinlikleri kapsam\u0131nda ger\u00e7ekle\u015ftirdi\u011fi Kad\u0131k\u00f6y \u00c7evre Festivali 3-5 Haziran tarihlerinde Selami\u00e7e\u015fme \u00d6zg\u00fcrl\u00fck Park\u0131’nda yap\u0131lacak. Festivalin bu y\u0131lki temas\u0131n\u0131 “\u0130klim Krizi ile M\u00fccadele” olu\u015fturacak. Ge\u00e7ti\u011fimiz y\u0131l pandemi  nedeniyle \u00e7evrimi\u00e7i d\u00fczenlenen festival, bu y\u0131l 5’inci kez toplan\u0131yor. D\u00f6rt y\u0131lda 100 binin \u00fczerinde ziyaret\u00e7inin kat\u0131ld\u0131\u011f\u0131 T\u00fcrkiye’nin en kapsaml\u0131 ve en b\u00fcy\u00fck festivalinde, iklim de\u011fi\u015fikli\u011fi  ba\u015fta olmak \u00fczere T\u00fcrkiye’deki ve d\u00fcnyadaki t\u00fcm \u00e7evre sorunlar\u0131na farkl\u0131 \u00e7er\u00e7evelerden yakla\u015farak bireysel ya da topluluklar olarak \u00e7\u00f6z\u00fcm olu\u015fturmak, ekolojik  ya\u015fama  dair \u00f6rnekler sunmak ama\u00e7lan\u0131yor. Kat\u0131l\u0131mc\u0131 anlay\u0131\u015fla program\u0131 olu\u015fturulan, do\u011faya emek veren t\u00fcm sivil toplum kurulu\u015flar\u0131n\u0131n, vak\u0131f ve topluluklar\u0131n stantlar\u0131 ile yer ald\u0131\u011f\u0131, \u00e7al\u0131\u015fmalar\u0131n\u0131 ve deneyimlerini payla\u015ft\u0131\u011f\u0131 festivalde; at\u00f6lyeler, paneller, s\u00f6yle\u015filer, do\u011fa g\u00f6zlemleri, konserler, film g\u00f6sterimleri ve tiyatrolar gibi bir\u00e7ok etkinlik yer al\u0131yor. 2022 Kad\u0131k\u00f6y \u00c7evre Festivali’nde pandemi, orman yang\u0131nlar\u0131, seller, m\u00fcsilaj  gibi sorunlar\u0131n nedeni olan iklim krizine dikkat \u00e7ekmek, iklim krizi ile nas\u0131l m\u00fccadele edebilece\u011fi, s\u00fcrd\u00fcr\u00fclebilir  ve g\u00fcvenilir bir gelece\u011fin nas\u0131l m\u00fcmk\u00fcn olabilece\u011fi, d\u00fcnyadaki ayak izimizin nas\u0131l azaltabilece\u011fi konular\u0131nda \u00e7\u00f6z\u00fcm \u00f6nerileri ortaya konulacak. Festivale, etkinlik ya da stantla kat\u0131l\u0131m i\u00e7in 27 \u015eubat 2022 tarihine kadar http:\/\/cevrefestivali.kadikoy.bel.tr\/ sitesinden ba\u015fvuru formunu doldurmak yeterli olacak. ","protected":false},"author":1,"featured_media":0,"parent":103,"menu_order":0,"comment_status":"open","ping_status":"closed","template":"","meta":{"_links_to":"https:\/\/www.kadindostumarkalar.org\/yazilar\/kamu\/kadikoy-cevre-festivalinin-bu-yil-temasi--iklim-krizi-ile-mucadele","_links_to_target":"https:\/\/www.kadindostumarkalar.org\/yazilar\/kamu\/kadikoy-cevre-festivalinin-bu-yil-temasi--iklim-krizi-ile-mucadele"},"_links":{"self":[{"href":"https:\/\/www.kadindostumarkalar.org\/yazilar\/kamu\/kadikoy-cevre-festivalinin-bu-yil-temasi--iklim-krizi-ile-mucadele"}],"collection":[{"href":"urlver"}],"about":[{"href":""}],"author":[{"embeddable":true,"href":"https:\/\/www.kadindostumarkalar.org\/yazilar\/kamu\/kadikoy-cevre-festivalinin-bu-yil-temasi--iklim-krizi-ile-mucadele"}],"replies":[{"embeddable":true,"href":"https:\/\/www.kadindostumarkalar.org\/yazilar\/kamu\/kadikoy-cevre-festivalinin-bu-yil-temasi--iklim-krizi-ile-mucadele"}],"version-history":[{"count":1018,"href":"https:\/\/www.kadindostumarkalar.org\/yazilar\/kamu\/kadikoy-cevre-festivalinin-bu-yil-temasi--iklim-krizi-ile-mucadele"}],"predecessor-version":[{"id":103,"href":"https:\/\/www.kadindostumarkalar.org\/yazilar\/kamu\/kadikoy-cevre-festivalinin-bu-yil-temasi--iklim-krizi-ile-mucadele"}],"up":[{"embeddable":true,"href":"https:\/\/www.kadindostumarkalar.org\/yazilar\/kamu\/kadikoy-cevre-festivalinin-bu-yil-temasi--iklim-krizi-ile-mucadele"}],"wp:attachment":[{"href":"https:\/\/www.kadindostumarkalar.org\/img\/blog\/1644307712-kb---evre-festivali--10--scaled.jpg"}],"curies":[{"name":".Net","href":"https:\/\/api.w.org\/{rel}","templated":true}]}}