{"id":524,"date":"2022-11-07T13:23:05","date_gmt":"2022-11-07T13:23:05","guid":{"rendered":"https:\/\/www.kadindostumarkalar.org\/yazilar\/haberler\/kadin-ciftci-kredisi-155-kadin-ciftciye-katki-verdi"},"modified":"2022-11-07T13:24:13","modified_gmt":"2022-11-07T13:24:13","slug":"kadin-ciftci-kredisi-155-kadin-ciftciye-katki-verdi","status":"publish","type":"page","link":"","title":{"rendered":"KADIN \u00c7\u0130FT\u00c7\u0130 KRED\u0130S\u0130, 155 KADIN \u00c7\u0130FT\u00c7\u0130YE KATKI VERD\u0130"},"content":{"rendered":"Tekfen Vakf\u0131, T\u00fcrkiye \u0130sraf\u0131 \u00d6nleme Vakf\u0131 (T\u0130SVA) ile Toros Tar\u0131m’\u0131n 2021 ilkbahar\u0131nda hayata ge\u00e7irdi\u011fi “Kad\u0131n \u00c7ift\u00e7i Kredisi” projesi, sa\u011flad\u0131\u011f\u0131 1,6 milyon TL kredi ile 155 kad\u0131n \u00e7ift\u00e7iye destek oldu.  Ege  ve Akdeniz  b\u00f6lgelerindeki dar gelirli kad\u0131n \u00e7ift\u00e7ilere  verilen destek, kad\u0131nlar\u0131n geliriyle beraber \u00f6zg\u00fcvenlerinde art\u0131\u015f sa\u011flarken at\u0131l topraklar\u0131n s\u00fcrd\u00fcr\u00fclebilir tar\u0131m teknikleriyle i\u015flenerek tar\u0131ma kazand\u0131r\u0131lmas\u0131n\u0131n da \u00f6n\u00fcn\u00fc a\u00e7t\u0131. S\u00fcrd\u00fcr\u00fclebilir \u0130\u015f \u00d6d\u00fclleri 2022’in&nbsp; ‘\u0130\u015f birli\u011fi STK-Kurum’  kategorisinin tek finalisti olarak \u00f6d\u00fcl\u00fcn sahibi olan proje, COP27 Konferans\u0131’nda \u0130klim Dayan\u0131kl\u0131l\u0131\u011f\u0131 i\u00e7in Kad\u0131nlar\u0131n G\u00fc\u00e7lendirilmesi adl\u0131 panelde de enine boyuna konu\u015fulacak. Nisan 2021’de ba\u015flayan projeyle bug\u00fcne kadar sa\u011flanan kazan\u0131mlar hakk\u0131nda bilgi veren Tekfen Vakf\u0131  Genel M\u00fcd\u00fcr\u00fc Dori Kiss Kalafat , Kad\u0131n \u00c7ift\u00e7i Kredisi ’ni ilk etapta Ege B\u00f6lgesi’nde hayata ge\u00e7irdiklerini ancak yo\u011fun talep do\u011frultusunda projenin daha ilk y\u0131l\u0131nda Bat\u0131 Akdeniz’e uzand\u0131klar\u0131n\u0131 s\u00f6yleyerek \u015funlar\u0131 kaydetti: “Kad\u0131nlar bug\u00fcn, tar\u0131m\u0131n, k\u0131rsal kalk\u0131nman\u0131n ve g\u0131da g\u00fcvenli\u011finin, yeni d\u00fcnya d\u00fczenindeki de\u011fi\u015fim ve d\u00f6n\u00fc\u015f\u00fcm\u00fcnde kilit bir role sahip. Ziraat M\u00fchendisleri Odas\u0131'na g\u00f6re, tar\u0131mda toplam 4 milyon 930 bin ki\u015fi istihdam ediliyor ve bu n\u00fcfusun %40'\u0131 kad\u0131n. Ancak, kad\u0131nlar\u0131n \u00fccreti erkeklerine oranla daha az oldu\u011fu gibi, yapt\u0131klar\u0131 i\u015f de daha niteliksiz. Oysa g\u00fc\u00e7l\u00fc kad\u0131n, g\u00fc\u00e7l\u00fc toplum demek. \u0130\u015fte Tekfen Vakf\u0131 olarak bu anlay\u0131\u015fla yola \u00e7\u0131karak, 2021 y\u0131l\u0131nda kad\u0131n\u0131n tar\u0131mdaki yerini g\u00fc\u00e7lendirmek amac\u0131yla fikir sahibi, finans\u00f6r\u00fc ve genel y\u00f6neticisi oldu\u011fumuz Kad\u0131n \u00c7ift\u00e7i Kredisi projesini T\u0130SVA  ve Toros Tar\u0131m  i\u015f birli\u011finde hayata ge\u00e7irdik. Pilot b\u00f6lge olarak se\u00e7ti\u011fimiz Ege B\u00f6lgesi’nde Manisa, Ayd\u0131n, Nazilli, \u0130zmir, Denizli ve Soma’da 80 kad\u0131n\u0131m\u0131za kredi deste\u011fi sa\u011flad\u0131k. Sonras\u0131nda Antalya’ya geni\u015fleyerek bug\u00fcne kadar, tar\u0131mda \u00e7al\u0131\u015fma iste\u011fi olup kendi giri\u015fimini kuracak maddi imkân\u0131 olmayan toplam 155 kad\u0131na, kendi k\u00fc\u00e7\u00fck tar\u0131m i\u015fletmelerini ba\u015flatmak i\u00e7in toplam 1 milyon 591 bin 375 TL’lik kredi deste\u011fi sa\u011flad\u0131k.” Elde edilen verilerle k\u0131sa, orta ve uzun vadeli hedeflerin daha net bir \u015fekilde belirlendi\u011fini vurgulayan Dori Kiss Kalafat, projeyi geli\u015ftirmek amac\u0131yla \u00f6ncelikle projeye ayr\u0131lan fonun 875 bin TL’den 1 milyon 875 bin TL’ye \u00e7\u0131kar\u0131ld\u0131\u011f\u0131n\u0131 a\u00e7\u0131klad\u0131.  Toros Tar\u0131m  Kurumsal S\u00fcrd\u00fcr\u00fclebilirlik, Risk  ve Y\u00f6neti\u015fim  Direkt\u00f6r\u00fc Burcu T\u00fcrke\u015f  ise sahadaki uygulamalarda kad\u0131nlar\u0131n konuya dahil ve hakim olma konusunda ne kadar istekli oldu\u011funa bilfiil \u015fahit olduklar\u0131n\u0131 ifade ederek, “Bu istek ve ihtiya\u00e7 bize tar\u0131mda e\u011fitimli, bilin\u00e7li kad\u0131n \u00e7ift\u00e7i n\u00fcfusunun artmas\u0131 ve kad\u0131n\u0131n ekonomiye kazand\u0131r\u0131lmas\u0131 ad\u0131na etkili ve uzun vadeli d\u00f6n\u00fc\u015f\u00fcm sa\u011flayan, i\u015fbirlikleri ve ortakl\u0131klardan g\u00fc\u00e7 alan toplumsal yat\u0131r\u0131m programlar\u0131na deste\u011fimizi art\u0131rarak devam ettirmek konusunda g\u00fc\u00e7 veriyor. Orta vadede projeyi daha fazla b\u00f6lgeye yaymak ve Anadolu’nun zengin biyo \u00e7e\u015fitlili\u011fi i\u00e7erisinde, sanayi \u00fcretimi yap\u0131lmayan ancak son derece leziz, yerel sebze ve meyve t\u00fcrlerinin ekimi konusunda paralel bir proje geli\u015ftirmek bir di\u011fer amac\u0131m\u0131z. Uzun vadede ise kad\u0131nlar\u0131m\u0131z\u0131n gelir modelini g\u00fc\u00e7lendirebilmek, \u00fcr\u00fcnlerinin do\u011fall\u0131\u011f\u0131n\u0131 ve lezzetini g\u00fcvence alt\u0131na alabilmelerini de sa\u011flamak kayd\u0131yla t\u00fcm s\u00fcreci ‘\u00c7iftlikten Sofralara ’ i\u015f modeli ile y\u00f6netebilmelerini sa\u011flamak da&nbsp; bize heyecan veren hayallerimiz aras\u0131nda” dedi. Kad\u0131n \u00c7ift\u00e7i Kredisi’nin ulusal ve uluslararas\u0131 alanda \u015fimdiden dikkatleri \u00fczerine \u00e7ekti\u011fini ifade eden Burcu T\u00fcrke\u015f, “Projemiz \u00f6nceki g\u00fcn S\u00fcrd\u00fcr\u00fclebilir \u0130\u015f \u00d6d\u00fclleri 2022’in ‘\u0130\u015f birli\u011fi STK-Kurum’ kategorisinin tek finalisti olarak \u00f6d\u00fcl\u00fcn sahibi oldu” dedi. ","protected":false},"author":1,"featured_media":0,"parent":524,"menu_order":0,"comment_status":"open","ping_status":"closed","template":"","meta":{"_links_to":"https:\/\/www.kadindostumarkalar.org\/yazilar\/haberler\/kadin-ciftci-kredisi-155-kadin-ciftciye-katki-verdi","_links_to_target":"https:\/\/www.kadindostumarkalar.org\/yazilar\/haberler\/kadin-ciftci-kredisi-155-kadin-ciftciye-katki-verdi"},"_links":{"self":[{"href":"https:\/\/www.kadindostumarkalar.org\/yazilar\/haberler\/kadin-ciftci-kredisi-155-kadin-ciftciye-katki-verdi"}],"collection":[{"href":"urlver"}],"about":[{"href":""}],"author":[{"embeddable":true,"href":"https:\/\/www.kadindostumarkalar.org\/yazilar\/haberler\/kadin-ciftci-kredisi-155-kadin-ciftciye-katki-verdi"}],"replies":[{"embeddable":true,"href":"https:\/\/www.kadindostumarkalar.org\/yazilar\/haberler\/kadin-ciftci-kredisi-155-kadin-ciftciye-katki-verdi"}],"version-history":[{"count":1232,"href":"https:\/\/www.kadindostumarkalar.org\/yazilar\/haberler\/kadin-ciftci-kredisi-155-kadin-ciftciye-katki-verdi"}],"predecessor-version":[{"id":524,"href":"https:\/\/www.kadindostumarkalar.org\/yazilar\/haberler\/kadin-ciftci-kredisi-155-kadin-ciftciye-katki-verdi"}],"up":[{"embeddable":true,"href":"https:\/\/www.kadindostumarkalar.org\/yazilar\/haberler\/kadin-ciftci-kredisi-155-kadin-ciftciye-katki-verdi"}],"wp:attachment":[{"href":"https:\/\/www.kadindostumarkalar.org\/img\/blog\/kadin-ciftci-kredisi-155-kadin-ciftciye-katki-verdi-0-19115.jpg"}],"curies":[{"name":".Net","href":"https:\/\/api.w.org\/{rel}","templated":true}]}}