{"id":604,"date":"2023-05-25T17:54:45","date_gmt":"2023-05-25T17:54:45","guid":{"rendered":"https:\/\/www.kadindostumarkalar.org\/yazilar\/haberler\/kadin-dostu-markalar-2023-farkindalik-odulleri-sahiplerini-buldu"},"modified":"2023-05-25T18:04:12","modified_gmt":"2023-05-25T18:04:12","slug":"kadin-dostu-markalar-2023-farkindalik-odulleri-sahiplerini-buldu","status":"publish","type":"page","link":"","title":{"rendered":"KADIN DOSTU MARKALAR 2023 FARKINDALIK \u00d6D\u00dcLLER\u0130 SAH\u0130PLER\u0130N\u0130 BULDU"},"content":{"rendered":" Kad\u0131n Dostu Markalar Platformu taraf\u0131ndan bu y\u0131l \u00fc\u00e7\u00fcnc\u00fcs\u00fc d\u00fczenlenen “Kad\u0131n Dostu Markalar 2023 Fark\u0131ndal\u0131k \u00d6d\u00fclleri” sahiplerini buldu. E\u015fitlik, \u00e7e\u015fitlilik, kapsay\u0131c\u0131l\u0131k, s\u00fcrd\u00fcr\u00fclebilirlik, kad\u0131n g\u00fcc\u00fcn\u00fcn desteklenmesi, i\u015fte ve e\u011fitimde f\u0131rsat e\u015fitli\u011fi, toplumsal cinsiyet e\u015fitli\u011fi bilinci gibi konularda projeler \u00fcreten ve hayata ge\u00e7iren, birbirinden de\u011ferli 35 marka ve kurumun \u00f6d\u00fcl ald\u0131\u011f\u0131 t\u00f6rende J\u00fcri \u00d6zel \u00d6d\u00fclleri ve De\u011fer Katanlar \u00d6zel \u00d6d\u00fclleri de takdim edildi.   Bu y\u0131l \u00fc\u00e7\u00fcnc\u00fcs\u00fc d\u00fczenlenen Kad\u0131n Dostu Markalar Platformu Fark\u0131ndal\u0131k \u00d6d\u00fclleri  24 May\u0131s’ta \u0130\u015f Sanat’ta ger\u00e7ekle\u015ftirilen \u00f6nemli organizasyonla sahiplerini buldu. Ana temas\u0131 “D\u00f6n\u00fc\u015f\u00fcm ” olan “Fark\u0131ndal\u0131k \u00d6d\u00fclleri” program\u0131nda; oda\u011f\u0131nda kad\u0131n  ve e\u015fitlik  olan, i\u015f d\u00fcnyas\u0131nda, teknolojide, sanatta, sporda, toplumda ve hayat\u0131n her alan\u0131nda kad\u0131n\u0131n hak etti\u011fi e\u015fit temsil  ve \u00f6zg\u00fcrl\u00fc\u011fe kavu\u015fana kadar var g\u00fcc\u00fcyle m\u00fccadele eden markalar bulu\u015ftu. Kad\u0131n Dostu Markalar Platformu’nun YouTube kanal\u0131ndan canl\u0131 olarak yay\u0131nlanan programa \u00f6zel haz\u0131rlanan “Kad\u0131n ve Sanat ” konulu seramik sergisi de NFT olarak e\u015f zamanl\u0131 Metaverse’den konuklar\u0131n ziyaretine a\u00e7\u0131ld\u0131.   Kad\u0131n Dostu Markalar Platformu’nun 6 \u015eubat depremi sonras\u0131nda revize ederek, bir\u00e7ok de\u011ferli markan\u0131n da deste\u011fi ile hayata ge\u00e7irdi\u011fi “\u0130yili\u011fe Bir \u0130lmek” projesinin 2. etab\u0131 olan “\u0130lmek Atma T\u00f6reni” aralar\u0131nda S\u00fcleyman Orak\u00e7\u0131o\u011flu, P\u0131nar Parmaks\u0131z, Davut Do\u011fan, Ali Erman Ayta\u00e7, Fatma Aydo\u011fdu, Ufuk Tarhan, Sema G\u00fcral S\u00fcrmeli, Erkan Tozluyurt, Burcu K\u00f6sem, \u00d6zlem Da\u011f, I\u015f\u0131lay Reis, \u00d6zlem \u00c7\u00f6ll\u00fc ve Hayriye Karadeniz ’in oldu\u011fu 50 de\u011ferli ismin sembolik birer ilmek atmas\u0131yla ger\u00e7ekle\u015ftirildi. At\u0131lan ilmekler deprem b\u00f6lgelerindeki kad\u0131nlar taraf\u0131ndan birer h\u0131rkaya d\u00f6n\u00fc\u015ft\u00fcr\u00fclecek. Kad\u0131n \u0130stihdam\u0131  ve \u0130\u015fte F\u0131rsat E\u015fitli\u011fi , Toplumsal Cinsiyet E\u015fitli\u011fi  Bilinci, Kad\u0131n Giri\u015fimi ve Kad\u0131n G\u00fcc\u00fcn\u00fcn Desteklenmesi, E\u011fitimde F\u0131rsat E\u015fitli\u011fi, Kad\u0131na \u015eiddete Kar\u015f\u0131 M\u00fccadele ve \u0130yile\u015ftirme, E\u015fit Haklar ve E\u015fit Y\u00f6nl\u00fc \u0130leti\u015fim \u0130\u00e7in Toplumsal Bilin\u00e7 Olu\u015fturma ve Spor, Sanat, Bilim… gibi alanlarda kad\u0131nlar\u0131n ve k\u0131z \u00e7ocuklar\u0131n\u0131n desteklenmesi ve bu y\u00f6nde bilin\u00e7 olu\u015fturulmas\u0131 kategorilerinde birbirinden de\u011ferli 35 projenin \u00f6d\u00fcl ald\u0131\u011f\u0131 t\u00f6rende ayr\u0131ca Mercan Dede ’nin koreografisi ve Garip isimli eseri e\u015fli\u011finde, kad\u0131n semazen Tu\u011fba Hasbal  ve Dans\u00e7\u0131 G\u00f6ktu\u011f Gen\u00e7kaya ’n\u0131n \u00f6zel sunumu programa renk katt\u0131. “Ben ne yapabilirim?” ile ba\u015flayan yolculuk “Biz ne yapabiliriz?”e d\u00f6n\u00fc\u015ft\u00fc  A\u00e7\u0131l\u0131\u015f konu\u015fmas\u0131n\u0131 yapan Kad\u0131n Dostu Markalar Platformu Genel M\u00fcd\u00fcr\u00fc Nazl\u0131 Demirel,  Kad\u0131n Dostu Markalar Platformu’nun hen\u00fcz 3 y\u0131l \u00f6nce kurulmas\u0131na ra\u011fmen binlerce marka ve insana ula\u015ft\u0131\u011f\u0131n\u0131 belirterek, ““Ben ne yapabilirim?” sorusu benim hayat\u0131m\u0131 de\u011fi\u015ftiren bir soru oldu. 2020 y\u0131l\u0131nda, 20 y\u0131l\u0131 a\u015fk\u0131n kariyerime sordu\u011fum ve olu\u015fturdu\u011fum konfor alan\u0131mdan \u00e7\u0131kmam\u0131n ne b\u00fcy\u00fck bir kazan\u0131m oldu\u011funu bana fevkalade g\u00f6steren bir soru oldu bu. \u015eimdi bu soruyu yolumuzun kesi\u015fti\u011fi t\u00fcm markalar\u0131m\u0131z ve dostlar\u0131m\u0131zla birlikte soruyoruz. ‘Biz neler yapabiliriz?’ Birlikte, kad\u0131n\u0131n toplumdaki yerini g\u00fc\u00e7lendirmek, i\u015f hayat\u0131nda daha aktif olmas\u0131na f\u0131rsat vermek, e\u011fitimde k\u0131z \u00e7ocuklar\u0131n\u0131n \u00f6n\u00fcndeki engelleri kald\u0131r\u0131p f\u0131rsatlar\u0131 e\u015fitlemek, dezavantajlar\u0131 avantaja d\u00f6n\u00fc\u015ft\u00fcrmek, toplumsal cinsiyet e\u015fitli\u011fi bilincini ve fark\u0131ndal\u0131\u011f\u0131 artt\u0131rmak… yani gelece\u011fimiz \u00e7ocuklar\u0131m\u0131za daha e\u015fit, daha g\u00fcvenli bir gelecek b\u0131rakabilmek i\u00e7in ‘bizler neler yapabiliriz?’ bug\u00fcn burada bu soruyla yola \u00e7\u0131km\u0131\u015f markalar\u0131n anlaml\u0131 projeleri \u00f6d\u00fcl al\u0131yor, hepsinin projelerini y\u00fcrekten kutluyorum” dedi. 6 \u015eubat’ta meydana gelen Kahramanmara\u015f  merkezli depremler sonras\u0131 b\u00f6lgedeki kad\u0131n ve \u00e7ocuklara odaklan\u0131p, sosyal fayda  ve fark\u0131ndal\u0131k ortaya koyan projelerinin rotas\u0131n\u0131 deprem b\u00f6lgelerine \u00e7evirdiklerini s\u00f6zlerine ekleyen Demirel, kad\u0131nlara umut, \u00e7ocuklara mutluluk olacak “\u0130yili\u011fe Bir \u0130lmek” projesini hayata ge\u00e7irdiklerini s\u00f6yledi. Demirel s\u00f6zlerini \u015f\u00f6yle s\u00fcrd\u00fcrd\u00fc: “\u0130yili\u011fe Bir \u0130lmek projesinin 1. etab\u0131 i\u00e7in T\u00fcrkiye’nin bir\u00e7ok ilinden kad\u0131n \u00fcreticiler in \u00f6rd\u00fc\u011f\u00fc amigurimi  oyuncaklar ile bir kumbara olu\u015fturduk ve hem \u00fcreten kad\u0131n a bir destek hem oyunca\u011f\u0131na kavu\u015fan \u00e7ocu\u011fa mutluluk olduk. 22-23-24 Nisan’da deprem b\u00f6lgesine yakla\u015f\u0131k 4000 oyunca\u011f\u0131 \u00e7ocuklar\u0131m\u0131za ula\u015ft\u0131rd\u0131k. Projenin ikinci etab\u0131 ile depremzede kad\u0131nlara umut olduk. Haziran ay\u0131nda proje kapsam\u0131nda b\u00f6lgede \u00e7ok \u00f6zel bir \u00fcretim at\u00f6lyesi kuruyoruz. \u0130lk olarak Hatay  \/ Antakya  b\u00f6lgesindeki kad\u0131nlar\u0131m\u0131z\u0131n istihdam edilece\u011fi projede y\u0131l i\u00e7inde 2 farkl\u0131 at\u00f6lye daha hizmete girecek. Promosyon tekstil \u00fcr\u00fcnleri \u00fcretecek at\u00f6lyeler kad\u0131nlara ekonomik bir g\u00fc\u00e7 olmas\u0131n\u0131n yan\u0131 s\u0131ra bir rehabilitasyon merkezi g\u00f6revi g\u00f6recek. \u00c7\u00fcnk\u00fc biliyoruz ki \u00e7al\u0131\u015fmak, \u00fcretmek yaralar\u0131na iyi gelecek.”  Nazl\u0131 Demirel, i\u015f d\u00fcnyas\u0131n\u0131n \u00f6nemli isimlerinin ilk ilmeklerini att\u0131\u011f\u0131 \u00f6rg\u00fclerin de depremzede kad\u0131nlar\u0131n emekleriyle b\u00f6lgede birer h\u0131rkaya d\u00f6n\u00fc\u015fece\u011fini belirterek, bu h\u0131rkalar\u0131n bir\u00e7o\u011funun moda camias\u0131n\u0131n \u00f6nemli isimlerinin katk\u0131lar\u0131yla Eyl\u00fcl ay\u0131nda \u00f6zel bir defile ile sergilenece\u011fini duyurdu. Programda \u015fu markalar Kad\u0131n Dostu Markalar 2023 Fark\u0131ndal\u0131k \u00d6d\u00fclleri’nin sahibi oldu:  Aktif Bank - Ekonomide Aktif Kad\u0131nlar, Bantboru - Off Road Time, Beymen  – Hayallerim Kadar G\u00fc\u00e7l\u00fcy\u00fcm, Boyner B\u00fcy\u00fck Ma\u011fazac\u0131l\u0131k  - Seninle Tamam, Boyner Holding  - Biriz Birlikteyiz, CarrefourSa  - Kad\u0131n\u0131n G\u00fcc\u00fc CarrefourSA’n\u0131n G\u00fcc\u00fc, Carte  d’Or  - Kad\u0131n Eme\u011fiyle G\u00fczelle\u015fen K\u00fclahlar, Deniz K\u0131z\u0131 Ulusal Kad\u0131n Yelken Kupas\u0131 - Deniz K\u0131z\u0131 Ulusal Kad\u0131n Yelken Kupas\u0131, FDN Grup  - E\u015fitsizli\u011fe Dur De!, &nbsp;Globelink Unimar  - Unique Steps, Hedef Filo  - Gen\u00e7 Kad\u0131nlara Mentorluk, Hedef Filo - Yeniden Teknoloji Kariyer D\u00f6n\u00fc\u015f\u00fcm Program\u0131, Hepsiburada  - Giri\u015fimci Kad\u0131nlara Teknoloji G\u00fcc\u00fc, Hepsiburada - Dijital Çağda Güçlü Kad\u0131nlar, ISS T\u00fcrkiye  - Cinsiyetsiz \u0130\u015fler, \u0130GA- \u0130stanbul Havaliman\u0131  - Kad\u0131n Elinden \u00c7ocuk Kalbine, \u0130stanbul Gedik \u00dcniversitesi  - Kad\u0131nlara Dijital Giri\u015fimcilik E\u011fitimleri, &nbsp;iyzico - Kad\u0131n Giri\u015fimci Destek Program\u0131, &nbsp;Jumbo  - Tersi M\u00fcmk\u00fcn 2021, Kampotu \u0130la\u00e7  - Fark Yaratan Kad\u0131nlar, Ko\u00e7 Finans  - Turuncu Kanatlar, K\u00fctahya Ticaret ve Sanayi Odas\u0131  - Sanayide Kad\u0131n Eli, Mars Lojistik  - Mars S\u00fcr\u00fcc\u00fc Akademisi, Memorial Sa\u011fl\u0131k  - Kad\u0131nlar Omuz Omuza, Molped - K\u0131z S\u00f6z\u00fc Akademi, Osmangazi Elektrik Da\u011f\u0131t\u0131m-OEDA\u015e  - Enerjimiz E\u015fit, OZT Lojistik  - Yollarda F\u0131rsat E\u015fitli\u011fi , Reeder - K\u0131zlar Kodlar, TEMSA  - Adasoka\u011f\u0131 Spor Kul\u00fcb\u00fc, Tezmaksan  Akademi  - Torna \u0130le \u015eekillenen Hayatlar, Toyota  - Gelece\u011fe Kad\u0131n Eli, T\u00dcPRAG  Madencilik - \u00dcreten Kad\u0131nlar G\u00fc\u00e7l\u00fc Yar\u0131nlar, T\u00dcPRA\u015e  - Gen\u00e7 Beyinlerde \u0130novasyon ve Kad\u0131n Giri\u015fimcilik Program\u0131, Yamaha  Motor - R25 Kad\u0131nlar Kupas\u0131, Yavuz\u00e7ehre  Tekstil  - Emekle \u0130yile\u015fmek.  ","protected":false},"author":1,"featured_media":0,"parent":604,"menu_order":0,"comment_status":"open","ping_status":"closed","template":"","meta":{"_links_to":"https:\/\/www.kadindostumarkalar.org\/yazilar\/haberler\/kadin-dostu-markalar-2023-farkindalik-odulleri-sahiplerini-buldu","_links_to_target":"https:\/\/www.kadindostumarkalar.org\/yazilar\/haberler\/kadin-dostu-markalar-2023-farkindalik-odulleri-sahiplerini-buldu"},"_links":{"self":[{"href":"https:\/\/www.kadindostumarkalar.org\/yazilar\/haberler\/kadin-dostu-markalar-2023-farkindalik-odulleri-sahiplerini-buldu"}],"collection":[{"href":"urlver"}],"about":[{"href":""}],"author":[{"embeddable":true,"href":"https:\/\/www.kadindostumarkalar.org\/yazilar\/haberler\/kadin-dostu-markalar-2023-farkindalik-odulleri-sahiplerini-buldu"}],"replies":[{"embeddable":true,"href":"https:\/\/www.kadindostumarkalar.org\/yazilar\/haberler\/kadin-dostu-markalar-2023-farkindalik-odulleri-sahiplerini-buldu"}],"version-history":[{"count":1591,"href":"https:\/\/www.kadindostumarkalar.org\/yazilar\/haberler\/kadin-dostu-markalar-2023-farkindalik-odulleri-sahiplerini-buldu"}],"predecessor-version":[{"id":604,"href":"https:\/\/www.kadindostumarkalar.org\/yazilar\/haberler\/kadin-dostu-markalar-2023-farkindalik-odulleri-sahiplerini-buldu"}],"up":[{"embeddable":true,"href":"https:\/\/www.kadindostumarkalar.org\/yazilar\/haberler\/kadin-dostu-markalar-2023-farkindalik-odulleri-sahiplerini-buldu"}],"wp:attachment":[{"href":"https:\/\/www.kadindostumarkalar.org\/img\/blog\/kapakk-sonnn.jpg-31262.jpg"}],"curies":[{"name":".Net","href":"https:\/\/api.w.org\/{rel}","templated":true}]}}