{"id":668,"date":"2024-02-28T00:39:09","date_gmt":"2024-02-28T00:39:09","guid":{"rendered":"https:\/\/www.kadindostumarkalar.org\/yazilar\/etkinlik-takvimi\/kadin-dostu-markalar-2024-farkindalik-odulleri-toreni-6-martta"},"modified":"2024-02-28T00:39:09","modified_gmt":"2024-02-28T00:39:09","slug":"kadin-dostu-markalar-2024-farkindalik-odulleri-toreni-6-martta","status":"publish","type":"page","link":"","title":{"rendered":"Kad\u0131n Dostu Markalar 2024 Fark\u0131ndal\u0131k \u00d6d\u00fclleri T\u00f6reni 6 Mart'ta "},"content":{"rendered":"2021 y\u0131l\u0131ndan bu yana her y\u0131l “8 Mart D\u00fcnya Kad\u0131nlar G\u00fcn\u00fc” haftas\u0131nda ger\u00e7ekle\u015ftirilen “Kad\u0131n Dostu Markalar Fark\u0131ndal\u0131k \u00d6d\u00fclleri” program\u0131, 6 Mart 2024 tarihinde yine \u0130\u015eSanat Oditorium Salon’da d\u00fczenlenecek ve g\u00f6rkemli bir t\u00f6renle sahiplerini bulacak. Kad\u0131n\u0131n toplumdaki yeri ve maruz kald\u0131\u011f\u0131 e\u015fitsizliklerin iyile\u015ftirilmesi i\u00e7in markalar\u0131n ve kurumlar\u0131n ger\u00e7ekle\u015ftirdi\u011fi fark\u0131ndal\u0131k projelerini daha fazla insana duyurup etkile\u015fimini artt\u0131rmak \u00fczere \u00fc\u00e7 y\u0131l \u00f6nce yay\u0131n hayat\u0131na ba\u015flayan, ortaya \u00e7\u0131kan projelerin iyilik etkilerini ve ortak bilinci geni\u015fletmeyi ama\u00e7layan Kad\u0131n Dostu Markalar Platformu, bu y\u0131l&nbsp;Kad\u0131n Dostu Markalar Fark\u0131ndal\u0131k \u00d6d\u00fclleri’nin &nbsp;4.’s\u00fcn\u00fc d\u00fczenliyor.    Kad\u0131n Dostu Markalar Platformu ile fark\u0131ndal\u0131k ad\u0131mlar\u0131 atacak, at\u0131lan bu ad\u0131mlar\u0131n kar\u015f\u0131l\u0131\u011f\u0131n\u0131 toplumda art\u0131rmaya devam edecek veya bu fark\u0131ndal\u0131\u011fa hen\u00fcz varm\u0131\u015f ve vizyonunu bu y\u00f6nde belirlemi\u015f markalar 6 Mart’ta; s\u00fcrpriz konuklar\u0131n ve etkinliklerin de yer ald\u0131\u011f\u0131 g\u00f6rkemli bir organizasyonla \u00f6d\u00fcllerine kavu\u015facak… ","protected":false},"author":1,"featured_media":0,"parent":668,"menu_order":0,"comment_status":"open","ping_status":"closed","template":"","meta":{"_links_to":"https:\/\/www.kadindostumarkalar.org\/yazilar\/etkinlik-takvimi\/kadin-dostu-markalar-2024-farkindalik-odulleri-toreni-6-martta","_links_to_target":"https:\/\/www.kadindostumarkalar.org\/yazilar\/etkinlik-takvimi\/kadin-dostu-markalar-2024-farkindalik-odulleri-toreni-6-martta"},"_links":{"self":[{"href":"https:\/\/www.kadindostumarkalar.org\/yazilar\/etkinlik-takvimi\/kadin-dostu-markalar-2024-farkindalik-odulleri-toreni-6-martta"}],"collection":[{"href":"urlver"}],"about":[{"href":""}],"author":[{"embeddable":true,"href":"https:\/\/www.kadindostumarkalar.org\/yazilar\/etkinlik-takvimi\/kadin-dostu-markalar-2024-farkindalik-odulleri-toreni-6-martta"}],"replies":[{"embeddable":true,"href":"https:\/\/www.kadindostumarkalar.org\/yazilar\/etkinlik-takvimi\/kadin-dostu-markalar-2024-farkindalik-odulleri-toreni-6-martta"}],"version-history":[{"count":1345,"href":"https:\/\/www.kadindostumarkalar.org\/yazilar\/etkinlik-takvimi\/kadin-dostu-markalar-2024-farkindalik-odulleri-toreni-6-martta"}],"predecessor-version":[{"id":668,"href":"https:\/\/www.kadindostumarkalar.org\/yazilar\/etkinlik-takvimi\/kadin-dostu-markalar-2024-farkindalik-odulleri-toreni-6-martta"}],"up":[{"embeddable":true,"href":"https:\/\/www.kadindostumarkalar.org\/yazilar\/etkinlik-takvimi\/kadin-dostu-markalar-2024-farkindalik-odulleri-toreni-6-martta"}],"wp:attachment":[{"href":"https:\/\/www.kadindostumarkalar.org\/img\/blog\/kadin-dostu-markalar-2024-farkindalik-odulleri-toreni-6-martta-0-91138.jpg"}],"curies":[{"name":".Net","href":"https:\/\/api.w.org\/{rel}","templated":true}]}}