{"id":666,"date":"2024-02-28T00:25:15","date_gmt":"2024-02-28T00:25:15","guid":{"rendered":"https:\/\/www.kadindostumarkalar.org\/yazilar\/haberler\/kadin-dostu-markalar-farkindalik-odulleri-4kez-sahiplerini-buluyor"},"modified":"2024-02-28T00:25:46","modified_gmt":"2024-02-28T00:25:46","slug":"kadin-dostu-markalar-farkindalik-odulleri-4kez-sahiplerini-buluyor","status":"publish","type":"page","link":"","title":{"rendered":"KADIN DOSTU MARKALAR FARKINDALIK \u00d6D\u00dcLLER\u0130 4.KEZ SAH\u0130PLER\u0130N\u0130 BULUYOR"},"content":{"rendered":"2021 y\u0131l\u0131ndan bu yana her y\u0131l “8 Mart D\u00fcnya Kad\u0131nlar G\u00fcn\u00fc” haftas\u0131nda ger\u00e7ekle\u015ftirilen “Kad\u0131n Dostu Markalar Fark\u0131ndal\u0131k \u00d6d\u00fclleri” program\u0131, 6 Mart 2024 tarihinde yine \u0130\u015eSanat Oditorium Salon’da d\u00fczenlenecek ve g\u00f6rkemli bir t\u00f6renle sahiplerini bulacak.  Kad\u0131n\u0131n toplumdaki yeri ve maruz kald\u0131\u011f\u0131 e\u015fitsizliklerin iyile\u015ftirilmesi i\u00e7in markalar\u0131n ve kurumlar\u0131n ger\u00e7ekle\u015ftirdi\u011fi fark\u0131ndal\u0131k projelerini daha fazla insana duyurup etkile\u015fimini artt\u0131rmak \u00fczere \u00fc\u00e7 y\u0131l \u00f6nce yay\u0131n hayat\u0131na ba\u015flayan, ortaya \u00e7\u0131kan projelerin iyilik etkilerini ve ortak bilinci geni\u015fletmeyi ama\u00e7layan Kad\u0131n Dostu Markalar Platformu, bu y\u0131l&nbsp;Kad\u0131n Dostu Markalar Fark\u0131ndal\u0131k \u00d6d\u00fclleri’nin &nbsp;4.’s\u00fcn\u00fc d\u00fczenliyor.  Kad\u0131n Dostu Markalar Platformu ile fark\u0131ndal\u0131k ad\u0131mlar\u0131 atacak, at\u0131lan bu ad\u0131mlar\u0131n kar\u015f\u0131l\u0131\u011f\u0131n\u0131 toplumda art\u0131rmaya devam edecek veya bu fark\u0131ndal\u0131\u011fa hen\u00fcz varm\u0131\u015f ve vizyonunu bu y\u00f6nde belirlemi\u015f markalar 6 Mart’ta; s\u00fcrpriz konuklar\u0131n ve etkinliklerin de yer ald\u0131\u011f\u0131 g\u00f6rkemli bir organizasyonla \u00f6d\u00fcllerine kavu\u015facak… TOBB Kad\u0131n Giri\u015fimciler  Kurulu Ba\u015fkan\u0131 Nurten \u00d6zt\u00fcrk, SEDEFED  Y\u00f6netim Kurulu Ba\u015fkan\u0131 Emine Erdem, T\u00dcH\u0130D  Y\u00f6netim Kurulu Ba\u015fkan\u0131 \u0130pek \u00d6zg\u00fcden \u00d6zen’in  a\u00e7\u0131l\u0131\u015f konu\u015fmalar\u0131n\u0131n ard\u0131ndan, Emine Erdem  moderat\u00f6rl\u00fc\u011f\u00fcnde “Daha \u0130yi Bir D\u00fcnya ” temal\u0131 bir oturum ger\u00e7ekle\u015ftirilecek. Emine Erdem’in konuklar\u0131; Motosikletiyle d\u00fcnyay\u0131 dola\u015fan Akademisyen-Yazar Asil \u00d6zbay , Venn Group  Kurucusu- Giri\u015fimci  Vennas Akyol  Haznedar  ve Sisters Music Chain Kurucusu-Sosyal Giri\u015fimci Funda Lena  olacak. Cumhuriyetimizin 100.y\u0131l\u0131na \u00f6zel olarak, Atat\u00fcrk ’\u00fcn sevdi\u011fi \u015fark\u0131lardan olu\u015fan anlaml\u0131 bir repertuvarla konuklar\u0131m\u0131za keyifli oldu\u011fu kadar duygu dolu anlar da ya\u015fatacak olan m\u00fczik grubu program\u0131n s\u00fcrprizleri aras\u0131nda… 2024 Fark\u0131ndal\u0131k \u00d6d\u00fclleri  T\u00f6reni’nde bu y\u0131l 7 kategoride toplam 30 marka \u00f6d\u00fcllendirilecek. ","protected":false},"author":1,"featured_media":0,"parent":666,"menu_order":0,"comment_status":"open","ping_status":"closed","template":"","meta":{"_links_to":"https:\/\/www.kadindostumarkalar.org\/yazilar\/haberler\/kadin-dostu-markalar-farkindalik-odulleri-4kez-sahiplerini-buluyor","_links_to_target":"https:\/\/www.kadindostumarkalar.org\/yazilar\/haberler\/kadin-dostu-markalar-farkindalik-odulleri-4kez-sahiplerini-buluyor"},"_links":{"self":[{"href":"https:\/\/www.kadindostumarkalar.org\/yazilar\/haberler\/kadin-dostu-markalar-farkindalik-odulleri-4kez-sahiplerini-buluyor"}],"collection":[{"href":"urlver"}],"about":[{"href":""}],"author":[{"embeddable":true,"href":"https:\/\/www.kadindostumarkalar.org\/yazilar\/haberler\/kadin-dostu-markalar-farkindalik-odulleri-4kez-sahiplerini-buluyor"}],"replies":[{"embeddable":true,"href":"https:\/\/www.kadindostumarkalar.org\/yazilar\/haberler\/kadin-dostu-markalar-farkindalik-odulleri-4kez-sahiplerini-buluyor"}],"version-history":[{"count":1127,"href":"https:\/\/www.kadindostumarkalar.org\/yazilar\/haberler\/kadin-dostu-markalar-farkindalik-odulleri-4kez-sahiplerini-buluyor"}],"predecessor-version":[{"id":666,"href":"https:\/\/www.kadindostumarkalar.org\/yazilar\/haberler\/kadin-dostu-markalar-farkindalik-odulleri-4kez-sahiplerini-buluyor"}],"up":[{"embeddable":true,"href":"https:\/\/www.kadindostumarkalar.org\/yazilar\/haberler\/kadin-dostu-markalar-farkindalik-odulleri-4kez-sahiplerini-buluyor"}],"wp:attachment":[{"href":"https:\/\/www.kadindostumarkalar.org\/img\/blog\/kadin-dostu-markalar-farkindalik-odulleri-4kez-sahiplerini-buluyor-0-34789.jpg"}],"curies":[{"name":".Net","href":"https:\/\/api.w.org\/{rel}","templated":true}]}}