{"id":1997,"date":"2026-09-02T13:10:15","date_gmt":"2026-09-02T13:10:15","guid":{"rendered":"https:\/\/www.kadindostumarkalar.org\/yazilar\/haberler\/kadin-dostu-markalar-platformu-nun-donusume-yon-veren-liderler-kitabi-yayinda"},"modified":"2026-09-02T13:27:25","modified_gmt":"2026-09-02T13:27:25","slug":"kadin-dostu-markalar-platformu-nun-donusume-yon-veren-liderler-kitabi-yayinda","status":"publish","type":"page","link":"","title":{"rendered":"Kad\u0131n Dostu Markalar Platformu’nun “D\u00f6n\u00fc\u015f\u00fcme Y\u00f6n Veren Liderler” Kitab\u0131 Yay\u0131nda!"},"content":{"rendered":"Kad\u0131n Dostu Markalar Platformu’nun Dijital Fark\u0131ndal\u0131k Kitapl\u0131\u011f\u0131 kapsam\u0131nda yay\u0131mlad\u0131\u011f\u0131 15. eseri “D\u00f6n\u00fc\u015f\u00fcme Y\u00f6n Veren Liderler” okurlarla bulu\u015ftu. Farkl\u0131 sekt\u00f6rlerden kad\u0131n ve erkek liderlerin de\u011ferleriyle b\u00fct\u00fcnle\u015fen y\u00f6netim felsefelerini ve e\u015fitlik manifestolar\u0131n\u0131 \u00f6zel haber format\u0131nda bir araya getiren kitap; yeni nesil liderlik ve kurum k\u00fclt\u00fcr\u00fc oda\u011f\u0131nda gelece\u011fin kapsay\u0131c\u0131 i\u015f d\u00fcnyas\u0131na \u0131\u015f\u0131k tutuyor.  Kad\u0131n Dostu Markalar Platformu , i\u015f d\u00fcnyas\u0131nda e\u015fitlik ve kapsay\u0131c\u0131l\u0131k oda\u011f\u0131nda fark\u0131ndal\u0131k yaratmaya y\u00f6nelik yay\u0131n \u00e7al\u0131\u015fmalar\u0131na bir yenisini daha ekledi. Platformun Dijital Fark\u0131ndal\u0131k Kitapl\u0131\u011f\u0131 kapsam\u0131nda haz\u0131rlanan 15. yay\u0131n\u0131 “D\u00f6n\u00fc\u015f\u00fcme Y\u00f6n Veren Liderler” , i\u015f d\u00fcnyas\u0131n\u0131n farkl\u0131 sekt\u00f6rlerinden kad\u0131n ve erkek liderlerin d\u00f6n\u00fc\u015f\u00fcme ili\u015fkin deneyimlerini, i\u00e7sel motivasyonlar\u0131n\u0131 ve gelecek vizyonlar\u0131n\u0131 bir araya getirdi. Teknolojinin ve de\u011fi\u015fen \u00e7al\u0131\u015fma modellerinin i\u015f d\u00fcnyas\u0131n\u0131 yeniden \u015fekillendirdi\u011fi bir d\u00f6nemde haz\u0131rlanan eser; d\u00f6n\u00fc\u015f\u00fcm\u00fc yaln\u0131zca teknolojik geli\u015fmelerle s\u0131n\u0131rlamay\u0131p liderli\u011fi profesyonel unvanlar\u0131n \u00f6tesinde ele al\u0131yor. \u00d6zel r\u00f6portaj ve haber kurgusuyla tasarlanan kitap; insan odakl\u0131 y\u00f6netim, kurum k\u00fclt\u00fcr\u00fc, yeni nesil liderlik, \u00e7e\u015fitlilik ve kad\u0131nlar\u0131n karar mekanizmalar\u0131nda daha g\u00fc\u00e7l\u00fc temsil edilmesi gibi kritik ba\u015fl\u0131klara odaklan\u0131yor. Liderlerin \u00f6z benliklerini, benimsedikleri insani de\u011ferleri ve e\u015fitlik\u00e7i manifestolar\u0131n\u0131 en samimi payla\u015f\u0131mlarla sayfalar\u0131na ta\u015f\u0131yarak, gelece\u011fin i\u015f k\u00fclt\u00fcr\u00fcnde iz b\u0131rakacak kal\u0131c\u0131 bir vizyon sunuyor. “Gelece\u011fi adaletle in\u015fa eden vizyonerlerin ortak manifestosu”  Kad\u0131n Dostu Markalar Platformu Kurucu Ba\u015fkan\u0131 Nazl\u0131 Demirel , i\u015f d\u00fcnyas\u0131nda toplumsal cinsiyet e\u015fitli\u011fi, \u00e7e\u015fitlilik ve kapsay\u0131c\u0131l\u0131k alanlar\u0131nda fark\u0131ndal\u0131k yaratmay\u0131 hedeflediklerini belirterek \u015funlar\u0131 s\u00f6yledi: “D\u00f6n\u00fc\u015f\u00fcme Y\u00f6n Veren Liderler  kitab\u0131m\u0131z, de\u011fi\u015fen i\u015f d\u00fcnyas\u0131nda liderli\u011fin d\u00f6n\u00fc\u015fen rol\u00fcn\u00fc farkl\u0131 sekt\u00f6rlerden deneyimler \u00fczerinden ele al\u0131yor. Eserde liderlerin unvanlar\u0131n\u0131n ard\u0131ndaki \u00f6z benliklerine, de\u011ferleriyle yo\u011frulan y\u00f6netim felsefelerine ve e\u015fit bir gelecek i\u00e7in yazd\u0131klar\u0131 manifestolara odakland\u0131k. \u00d6zel haber format\u0131yla kurgulad\u0131\u011f\u0131m\u0131z bu samimi anlat\u0131lar sayesinde; kad\u0131n ve erkek liderlerimizin adil bir i\u015f k\u00fclt\u00fcr\u00fcnde nas\u0131l iz b\u0131rakmak istediklerini t\u00fcm \u015feffafl\u0131\u011f\u0131yla aktar\u0131yoruz. Ger\u00e7ek kalk\u0131nma f\u0131rsat e\u015fitli\u011fiyle m\u00fcmk\u00fcnd\u00fcr; dolay\u0131s\u0131yla bu eser yaln\u0131zca bir ba\u015far\u0131 derlemesi de\u011fil, kad\u0131n\u0131n ve erke\u011fin omuz omuza gelece\u011fi adaletle in\u015fa etti\u011fi ortak bir manifestodur.” \u0130\u015f d\u00fcnyas\u0131na y\u00f6n veren kad\u0131n ve erkek liderler bir arada  “D\u00f6n\u00fc\u015f\u00fcme Y\u00f6n Veren Liderler”; sanayiden perakendeye, enerjiden finansa, teknolojiden e\u011fitime, hizmet sekt\u00f6r\u00fcnden sivil topluma uzanan farkl\u0131 alanlarda g\u00f6rev alan kad\u0131n ve erkek liderin  deneyimlerini, d\u00f6n\u00fc\u015f\u00fcme ili\u015fkin yakla\u015f\u0131mlar\u0131n\u0131 ve gelecek vizyonlar\u0131n\u0131 bir araya getiriyor. Kitapta; Dalgak\u0131ran Kompres\u00f6r Y\u00f6netim Kurulu Ba\u015fkan\u0131 Adnan Dalgak\u0131ran , Suwen Genel M\u00fcd\u00fcr\u00fc Ali Bolluk , Multinet Up CEO’su Ali Emre Sever , Bacac\u0131 Yat\u0131r\u0131m Holding \u0130cra Kurulu Ba\u015fkan Vekili Ayla Tan\u0131l , Hilti T\u00fcrkiye Genel M\u00fcd\u00fcr\u00fc Banu Deniz \u00c7etinkol , Polifarma CEO’su Dr. Ecz. Ba\u015fbu\u011f \u00d6ke , B\u00fclb\u00fclo\u011flu Vin\u00e7 Ba\u015fkan Vekili Beril B\u00fclb\u00fclo\u011flu , \u0130nci Holding Y\u00f6netim Kurulu Ba\u015fkan\u0131 Cihan Elbirlik , Yemeksepeti Ticaretten Sorumlu Genel M\u00fcd\u00fcr Yard\u0131mc\u0131s\u0131 Damla Akg\u00fcner , Zorlu Enerji CEO’su Elif Yener , Sekt\u00f6rel Dernekler Federasyonu Y\u00f6netim Kurulu Ba\u015fkan\u0131 Emine Erdem , Teknosa Dijital Ticaret ve Pazarlama Genel M\u00fcd\u00fcr Yard\u0131mc\u0131s\u0131 Emre Kurto\u011flu , T\u00dcYAP Pazarlama ve Kurumsal \u0130li\u015fkiler Genel M\u00fcd\u00fcr Yard\u0131mc\u0131s\u0131 Esra Arslanba\u015f Kaynak , BigChefs Kurucusu Gamze Cizreli , Koton Y\u00f6netim Kurulu \u00dcyesi G\u00fclden Y\u0131lmaz , sahibinden.com \u0130nsan ve S\u00fcrd\u00fcr\u00fclebilirlik Genel M\u00fcd\u00fcr Yard\u0131mc\u0131s\u0131 G\u00fcntulu Peker , English Home CEO’su Kaz\u0131m \u00c7imen , G\u00fclermak Y\u00f6netim Kurulu \u00dcyesi Mustafa Tuncer , T\u00fcrkiye Finans Kat\u0131l\u0131m Bankas\u0131 Y\u00f6netim Kurulu \u00dcyesi ve Genel M\u00fcd\u00fcr Vekili M\u00fcge \u00d6ner , Neova Sigorta Genel M\u00fcd\u00fcr\u00fc Neslihan Necibo\u011flu , RS Holding CEO’su Nihal Asker , DeFacto Yat\u0131r\u0131m, Finans ve B\u00fcy\u00fcmeden Sorumlu Ba\u015fkan \u00d6nder \u015eenol , Bah\u00e7e\u015fehir Koleji Genel M\u00fcd\u00fcr\u00fc Dr. \u00d6zlem Ko\u00e7 , Netafim T\u00fcrkiye &amp; Orta Asya Genel M\u00fcd\u00fcr\u00fc P\u0131nar Parmaks\u0131z , Yorglass Y\u00f6netim Kurulu Ba\u015fkan\u0131 Semavi Yorganc\u0131lar , Metro T\u00fcrkiye \u0130K Direkt\u00f6r\u00fc Sevda \u00c7etinkaya , Orka Holding Y\u00f6netim Kurulu Ba\u015fkan\u0131 S\u00fcleyman Orak\u00e7\u0131o\u011flu , \u0130pekyol Group CEO’su U\u011fur Ayayd\u0131n  ve D\u0130MES \u0130nsan Kaynaklar\u0131 Genel M\u00fcd\u00fcr Yard\u0131mc\u0131s\u0131 Yelda Tavlan  yer al\u0131yor. “D\u00f6n\u00fc\u015f\u00fcme Y\u00f6n Veren Liderler”  kitab\u0131n\u0131 buradan  inceleyebilirsiniz.&nbsp; S\u0131rada ne var?   Dijital Fark\u0131ndal\u0131k Kitapl\u0131\u011f\u0131 serisini b\u00fcy\u00fctmeyi s\u00fcrd\u00fcren Platform, gelecek ay okurlarla bulu\u015fturaca\u011f\u0131 “\u0130nsan ve K\u00fclt\u00fcr”  kitab\u0131n\u0131n da m\u00fcjdesini verdi. \u00c7al\u0131\u015fmalar\u0131 devam eden s\u0131radaki koleksiyon kitap, i\u015f d\u00fcnyas\u0131n\u0131n d\u00f6n\u00fc\u015fen insan ve k\u00fclt\u00fcr yap\u0131s\u0131n\u0131 interaktif kurgularla ele alarak okurlara ilham verici ve yenilik\u00e7i bir okuma deneyimi sunmay\u0131 vadediyor.  ","protected":false},"author":1,"featured_media":0,"parent":1997,"menu_order":0,"comment_status":"open","ping_status":"closed","template":"","meta":{"_links_to":"https:\/\/www.kadindostumarkalar.org\/yazilar\/haberler\/kadin-dostu-markalar-platformu-nun-donusume-yon-veren-liderler-kitabi-yayinda","_links_to_target":"https:\/\/www.kadindostumarkalar.org\/yazilar\/haberler\/kadin-dostu-markalar-platformu-nun-donusume-yon-veren-liderler-kitabi-yayinda"},"_links":{"self":[{"href":"https:\/\/www.kadindostumarkalar.org\/yazilar\/haberler\/kadin-dostu-markalar-platformu-nun-donusume-yon-veren-liderler-kitabi-yayinda"}],"collection":[{"href":"urlver"}],"about":[{"href":""}],"author":[{"embeddable":true,"href":"https:\/\/www.kadindostumarkalar.org\/yazilar\/haberler\/kadin-dostu-markalar-platformu-nun-donusume-yon-veren-liderler-kitabi-yayinda"}],"replies":[{"embeddable":true,"href":"https:\/\/www.kadindostumarkalar.org\/yazilar\/haberler\/kadin-dostu-markalar-platformu-nun-donusume-yon-veren-liderler-kitabi-yayinda"}],"version-history":[{"count":152,"href":"https:\/\/www.kadindostumarkalar.org\/yazilar\/haberler\/kadin-dostu-markalar-platformu-nun-donusume-yon-veren-liderler-kitabi-yayinda"}],"predecessor-version":[{"id":1997,"href":"https:\/\/www.kadindostumarkalar.org\/yazilar\/haberler\/kadin-dostu-markalar-platformu-nun-donusume-yon-veren-liderler-kitabi-yayinda"}],"up":[{"embeddable":true,"href":"https:\/\/www.kadindostumarkalar.org\/yazilar\/haberler\/kadin-dostu-markalar-platformu-nun-donusume-yon-veren-liderler-kitabi-yayinda"}],"wp:attachment":[{"href":"https:\/\/www.kadindostumarkalar.org\/img\/blog\/kadin-dostu-markalar-platformu-nun-donusume-yon-veren-liderler-kitabi-yayinda-0-71173.jpg"}],"curies":[{"name":".Net","href":"https:\/\/api.w.org\/{rel}","templated":true}]}}