{"id":373,"date":"2022-03-21T00:00:00","date_gmt":"2022-03-21T00:00:00","guid":{"rendered":"https:\/\/www.kadindostumarkalar.org\/yazilar\/kultur-sanat\/kadin-dun-bugun-yarin-guncel-sanat-sergisi"},"modified":"2022-06-06T17:27:27","modified_gmt":"2022-06-06T17:27:27","slug":"kadin-dun-bugun-yarin-guncel-sanat-sergisi","status":"publish","type":"page","link":"","title":{"rendered":"‘KADIN: D\u00dcN, BUG\u00dcN, YARIN’ G\u00dcNCEL SANAT SERG\u0130S\u0130"},"content":{"rendered":"Trump Art Gallery, dokuz sanat\u00e7\u0131n\u0131n eserleri yoluyla kad\u0131nl\u0131\u011fa dair yakla\u015f\u0131mlar\u0131n\u0131 yans\u0131tt\u0131\u011f\u0131 ‘Kad\u0131n: D\u00fcn, Bug\u00fcn, Yar\u0131n’ adl\u0131 g\u00fcncel sanat sergisine ev sahipli\u011fi yap\u0131yor. Sergi, 8- 31 Mart tarihleri aras\u0131nda sanatseverlerle bulu\u015facak.  Trump Al\u0131\u015fveri\u015f Merkezi’nde yer alan Trump Art Gallery , 8 Mart D\u00fcnya Kad\u0131nlar G\u00fcn\u00fc ’n\u00fc onurland\u0131rmak \u00fczere dokuzsanat\u00e7\u0131n\u0131n bulu\u015ftu\u011fu ‘Kad\u0131n: D\u00fcn, Bug\u00fcn, Yar\u0131n’ adl\u0131 g\u00fcncel sanat sergisi i\u00e7in kap\u0131lar\u0131n\u0131 a\u00e7\u0131yor.  Serginin ana temas\u0131 d\u00fcn\u00fc, bug\u00fcn\u00fc ve yar\u0131n\u0131 var eden, ayn\u0131 zamanda do\u011fan\u0131n aynas\u0131 gibi olan kad\u0131nd\u0131r. Besleyen, bar\u0131nd\u0131ran ve ya\u015fam veren; insan neslinin s\u00fcreklili\u011fini, do\u011furdu\u011fu bebe\u011fini g\u00f6\u011f\u00fcslerindeki s\u00fctle besleyip hayata katarak sa\u011flayan kad\u0131n\u0131n insanl\u0131k tarihinde tanr\u0131\u00e7al\u0131k  s\u0131fat\u0131n\u0131 hakl\u0131 \u015fekilde kazand\u0131\u011f\u0131n\u0131 anlat\u0131r. Manevi bir g\u00fc\u00e7 olan tanr\u0131\u00e7al\u0131ktan, ataerkil d\u00fczende sosyal bir varl\u0131k olmaya uzanan me\u015fakkatli yolda y\u0131lmadan y\u00fcr\u00fcyen kad\u0131n\u0131n, t\u00fcm g\u00fcc\u00fcyle geri d\u00f6nmekte oldu\u011funu ve kad\u0131n\u0131n de\u011ferini bilen, yetilerini, sezgilerini kullanmas\u0131na m\u00fcsaade eden toplumlar\u0131n \u00e7ok daha k\u0131sa s\u00fcrede refah d\u00fczeyine geldi\u011fini bilince \u00e7\u0131kar\u0131r. Bu bilin\u00e7le g\u00fcn\u00fcm\u00fczde kad\u0131n haklar\u0131n\u0131 savunmak sadece kad\u0131nlar\u0131n de\u011fil, kad\u0131n ve erke\u011fin ortak paydas\u0131 haline geldi\u011fini, merhamet, fedakarl\u0131k, sab\u0131r, zarafet, g\u00fczellik, yarat\u0131c\u0131l\u0131k, hayal g\u00fcc\u00fc, duygusall\u0131k gibi de\u011ferler, sa\u011flam, istikrarl\u0131, g\u00fc\u00e7l\u00fc, cesur, koruyucu, analitik olmak gibi s\u0131fatlar ile onda peki\u015fmekte oldu\u011funu vurgular.  Kad\u0131nl\u0131\u011fa dair yakla\u015f\u0131mlar\u0131n yans\u0131t\u0131ld\u0131\u011f\u0131 ‘Kad\u0131n: D\u00fcn, Bug\u00fcn, Yar\u0131n’  g\u00fcncel sanat sergisinde; Burcu \u00d6zyonar \u00c7\u0131rak, Elif \u00c7elebi, G\u00f6khan G\u00fcm\u00fclcine, L\u00fctfiye K\u00f6sten, Mahmut Can Akag\u00fcnd\u00fcz, Nil\u00fcfer Topal, \u015einasi G\u00f6kt\u00fcrkler, \u015euleg\u00fcl Bekta\u015f ve \u00dcmit G\u00fcndo\u011f  olmak \u00fczere dokuz sanat\u00e7\u0131 eserleriyle yer al\u0131yor. K\u00fcrat\u00f6rl\u00fc\u011f\u00fcn\u00fc Kenan Bahad\u0131r Derre ’nin \u00fcstlendi\u011fi sergi,31 Mart tarihine kadar Trump Al\u0131\u015fveri\u015f Merkezi  B3 kat\u0131nda bulunan Trump Art Gallery’ de ziyaret edilebilecek. ","protected":false},"author":1,"featured_media":0,"parent":373,"menu_order":0,"comment_status":"open","ping_status":"closed","template":"","meta":{"_links_to":"https:\/\/www.kadindostumarkalar.org\/yazilar\/kultur-sanat\/kadin-dun-bugun-yarin-guncel-sanat-sergisi","_links_to_target":"https:\/\/www.kadindostumarkalar.org\/yazilar\/kultur-sanat\/kadin-dun-bugun-yarin-guncel-sanat-sergisi"},"_links":{"self":[{"href":"https:\/\/www.kadindostumarkalar.org\/yazilar\/kultur-sanat\/kadin-dun-bugun-yarin-guncel-sanat-sergisi"}],"collection":[{"href":"urlver"}],"about":[{"href":""}],"author":[{"embeddable":true,"href":"https:\/\/www.kadindostumarkalar.org\/yazilar\/kultur-sanat\/kadin-dun-bugun-yarin-guncel-sanat-sergisi"}],"replies":[{"embeddable":true,"href":"https:\/\/www.kadindostumarkalar.org\/yazilar\/kultur-sanat\/kadin-dun-bugun-yarin-guncel-sanat-sergisi"}],"version-history":[{"count":1393,"href":"https:\/\/www.kadindostumarkalar.org\/yazilar\/kultur-sanat\/kadin-dun-bugun-yarin-guncel-sanat-sergisi"}],"predecessor-version":[{"id":373,"href":"https:\/\/www.kadindostumarkalar.org\/yazilar\/kultur-sanat\/kadin-dun-bugun-yarin-guncel-sanat-sergisi"}],"up":[{"embeddable":true,"href":"https:\/\/www.kadindostumarkalar.org\/yazilar\/kultur-sanat\/kadin-dun-bugun-yarin-guncel-sanat-sergisi"}],"wp:attachment":[{"href":"https:\/\/www.kadindostumarkalar.org\/img\/blog\/kadin-dun-bugun-yarin-guncel-sanat-galerisi.jpg"}],"curies":[{"name":".Net","href":"https:\/\/api.w.org\/{rel}","templated":true}]}}