{"id":562,"date":"2023-01-20T10:12:17","date_gmt":"2023-01-20T10:12:17","guid":{"rendered":"https:\/\/www.kadindostumarkalar.org\/yazilar\/haberler\/kadin-gozuyle-hayattan-kareler-fotograf-yarismasi-basladi"},"modified":"2023-01-20T10:13:49","modified_gmt":"2023-01-20T10:13:49","slug":"kadin-gozuyle-hayattan-kareler-fotograf-yarismasi-basladi","status":"publish","type":"page","link":"","title":{"rendered":"Kad\u0131n G\u00f6z\u00fcyle Hayattan Kareler Foto\u011fraf Yar\u0131\u015fmas\u0131 Ba\u015flad\u0131"},"content":{"rendered":"Anadolu Hayat Emeklilik  taraf\u0131ndan bu y\u0131l 17’ncisi d\u00fczenlenen, T\u00fcrkiye’nin kad\u0131nlara \u00f6zel  tek foto\u011fraf yar\u0131\u015fmas\u0131  olan Kad\u0131n G\u00f6z\u00fcyle Hayattan Kareler  2023’e ba\u015fvurular ba\u015flad\u0131. 18 ya\u015f ve \u00fczeri kad\u0131n foto\u011fraf\u00e7\u0131lar\u0131n kat\u0131labildi\u011fi yar\u0131\u015fman\u0131n ba\u015fvurular\u0131 10 Mart tarihine kadar Anadolu Hayat Emeklilik ve T\u00fcrkiye Foto\u011fraf Sanat\u0131 Federasyonu  (TFSF) internet sitesi \u00fczerinden yap\u0131labiliyor. Yar\u0131\u015fma sonu\u00e7lar\u0131 ise 7 Nisan’da a\u00e7\u0131klanacak. TFSF’nin dan\u0131\u015fmanl\u0131\u011f\u0131nda “Hayata Dair ” temas\u0131yla 18 ya\u015f ve \u00fczeri kad\u0131n foto\u011fraf\u00e7\u0131lar en fazla 4 adet dijital renkli foto\u011frafla yar\u0131\u015fmaya kat\u0131labiliyor. Yar\u0131\u015fman\u0131n 1’incisine 10 bin TL, 2’ncisine 7 bin 500 bin TL, 3’\u00fcnc\u00fcs\u00fcne ise 5 bin TL para \u00f6d\u00fcl\u00fc verilirken 3 eser de 2 bin TL de\u011ferinde mansiyon \u00f6d\u00fcl\u00fcn\u00fcn sahibi olacak. Foto\u011fraflar\u0131 sergilenmeye hak kazanan eser sahiplerine de 750 TL’lik \u00f6d\u00fcl verilecek. T\u00fcrkiye’nin en \u00e7ok ilgi g\u00f6ren foto\u011fraf yar\u0131\u015fmalar\u0131ndan biri olan Kad\u0131n G\u00f6z\u00fcyle Hayattan Kareler’e bug\u00fcne kadar 25 bini a\u015fk\u0131n ki\u015fi 97 binin \u00fczerinde foto\u011frafla kat\u0131ld\u0131. TFSF dan\u0131\u015fmanl\u0131\u011f\u0131nda 17 y\u0131ld\u0131r kesintisiz olarak d\u00fczenlenen tek foto\u011fraf yar\u0131\u015fmas\u0131 olma \u00f6zelli\u011fi ta\u015f\u0131yan Kad\u0131n G\u00f6z\u00fcyle Hayattan Kareler Foto\u011fraf Yar\u0131\u015fmas\u0131, kad\u0131nlar\u0131n sosyal, k\u00fclt\u00fcrel ve toplumsal geli\u015fimine  katk\u0131 sa\u011flamay\u0131 ve foto\u011fraflar arac\u0131l\u0131\u011f\u0131yla hayata bak\u0131\u015f a\u00e7\u0131lar\u0131n\u0131 \u00f6zg\u00fcrce ifade edebilecekleri bir platform sunmay\u0131 ama\u00e7l\u0131yor. Bu y\u0131lki se\u00e7ici kurulda; Arel \u00dcniversitesi  G\u00fczel Sanatlar Fak\u00fcltesi Grafik Tasar\u0131m\u0131 B\u00f6l\u00fcm\u00fc \u00d6\u011fretim \u00dcyesi Prof. Dr. G\u00fcler Ertan , foto\u011fraf sanat\u00e7\u0131s\u0131 \u0130zzet Keribar , Mimar Sinan G\u00fczel Sanatlar  \u00dcniversitesi  G\u00fczel Sanatlar Fak\u00fcltesi Foto\u011fraf B\u00f6l\u00fcm\u00fc \u00d6\u011fretim \u00dcyesi Prof. Nihal Kafal\u0131 , foto\u011fraf sanat\u00e7\u0131s\u0131 Orhan Cem \u00c7etin  ve Anadolu Hayat Emeklilik \u0130leti\u015fim M\u00fc\u015faviri Nihan G\u00fcney  yer al\u0131yor. Ba\u015fvurular a\u015fa\u011f\u0131daki adresler \u00fczerinden yap\u0131labiliyor: http:\/\/www.anadoluhayat.com.tr\/  http:\/\/www.tfsfonayliyarismalar.org\/   ","protected":false},"author":1,"featured_media":0,"parent":562,"menu_order":0,"comment_status":"open","ping_status":"closed","template":"","meta":{"_links_to":"https:\/\/www.kadindostumarkalar.org\/yazilar\/haberler\/kadin-gozuyle-hayattan-kareler-fotograf-yarismasi-basladi","_links_to_target":"https:\/\/www.kadindostumarkalar.org\/yazilar\/haberler\/kadin-gozuyle-hayattan-kareler-fotograf-yarismasi-basladi"},"_links":{"self":[{"href":"https:\/\/www.kadindostumarkalar.org\/yazilar\/haberler\/kadin-gozuyle-hayattan-kareler-fotograf-yarismasi-basladi"}],"collection":[{"href":"urlver"}],"about":[{"href":""}],"author":[{"embeddable":true,"href":"https:\/\/www.kadindostumarkalar.org\/yazilar\/haberler\/kadin-gozuyle-hayattan-kareler-fotograf-yarismasi-basladi"}],"replies":[{"embeddable":true,"href":"https:\/\/www.kadindostumarkalar.org\/yazilar\/haberler\/kadin-gozuyle-hayattan-kareler-fotograf-yarismasi-basladi"}],"version-history":[{"count":1462,"href":"https:\/\/www.kadindostumarkalar.org\/yazilar\/haberler\/kadin-gozuyle-hayattan-kareler-fotograf-yarismasi-basladi"}],"predecessor-version":[{"id":562,"href":"https:\/\/www.kadindostumarkalar.org\/yazilar\/haberler\/kadin-gozuyle-hayattan-kareler-fotograf-yarismasi-basladi"}],"up":[{"embeddable":true,"href":"https:\/\/www.kadindostumarkalar.org\/yazilar\/haberler\/kadin-gozuyle-hayattan-kareler-fotograf-yarismasi-basladi"}],"wp:attachment":[{"href":"https:\/\/www.kadindostumarkalar.org\/img\/blog\/kirpik.jpg-13601.jpg"}],"curies":[{"name":".Net","href":"https:\/\/api.w.org\/{rel}","templated":true}]}}