{"id":361,"date":"2022-05-09T00:00:00","date_gmt":"2022-05-09T00:00:00","guid":{"rendered":"https:\/\/www.kadindostumarkalar.org\/yazilar\/kultur-sanat\/kadin-gozuyle-hayattan-kareler-fotograf-yarismasinda-kazananlar-belli-oldu"},"modified":"2022-06-06T14:40:04","modified_gmt":"2022-06-06T14:40:04","slug":"kadin-gozuyle-hayattan-kareler-fotograf-yarismasinda-kazananlar-belli-oldu","status":"publish","type":"page","link":"","title":{"rendered":"‘KADIN G\u00d6Z\u00dcYLE HAYATTAN KARELER’ FOTO\u011eRAF YARI\u015eMASINDA KAZANANLAR BELL\u0130 OLDU"},"content":{"rendered":"Anadolu Hayat Emeklilik kad\u0131nlar\u0131n toplumsa e\u015fit temsili i\u00e7in hayata ge\u00e7irdi\u011fi fark\u0131ndal\u0131k olu\u015fturan projelerine devam ediyor. Bu y\u0131l 16.’s\u0131n\u0131 d\u00fczenledi\u011fi “Hayata Dair” temal\u0131 “Kad\u0131n G\u00f6z\u00fcyle Hayattan Kareler” foto\u011fraf yar\u0131\u015fmas\u0131 sonu\u00e7land\u0131 ve birinci “Bal\u0131k\u00e7\u0131” isimli foto\u011fraf\u0131yla Eseng\u00fcl Al\u0131c\u0131 oldu.   Anadolu Hayat Emeklilik taraf\u0131ndan 16 y\u0131ld\u0131r d\u00fczenlenen “Kad\u0131n G\u00f6z\u00fcyle Hayattan Kareler” foto\u011fraf yar\u0131\u015fmas\u0131n\u0131n 2022 y\u0131l\u0131 sonu\u00e7lar\u0131 belli oldu. Bu y\u0131l yar\u0131\u015fmaya, 2516 yar\u0131\u015fmac\u0131 8682 foto\u011frafla kat\u0131ld\u0131. “Kad\u0131n G\u00f6z\u00fcyle Hayattan Kareler”in birincisi “Bal\u0131k\u00e7\u0131” adl\u0131 foto\u011fraf\u0131yla Eseng\u00fcl Al\u0131c\u0131 oldu. “Beyaz Dans ” adl\u0131 foto\u011fraf\u0131yla Seval Oral Nurtan  ikinci, “G\u00fcven ” adl\u0131 foto\u011fraf\u0131yla Aysen Karadeniz  \u00fc\u00e7\u00fcnc\u00fc olurken, Arzu \u0130brano\u011flu, Aylin Isfendiyar Ceylan ve Hediye Top\u00e7uo\u011fullar\u0131  da mansiyon \u00f6d\u00fcl\u00fcne lay\u0131k g\u00f6r\u00fcld\u00fc. 16 y\u0131ld\u0131r kesintisiz olarak d\u00fczenlenen tek foto\u011fraf yar\u0131\u015fmas\u0131 olan “Kad\u0131n G\u00f6z\u00fcyle Hayattan Kareler” 2007 y\u0131l\u0131ndan bu yana 25 bini a\u015fk\u0131n kad\u0131n foto\u011fraf\u00e7\u0131n\u0131n, 100 bine yak\u0131n foto\u011fraf\u0131na ev sahipli\u011fi yapt\u0131. T\u00fcrkiye Foto\u011fraf Sanat\u0131 Federasyonu (TFSF)  dan\u0131\u015fmanl\u0131\u011f\u0131nda ger\u00e7ekle\u015ftirilen T\u00fcrkiye’nin kad\u0131nlara \u00f6zel ve bug\u00fcne kadar tek olan foto\u011fraf yar\u0131\u015fmas\u0131, kad\u0131nlar\u0131n sosyal, k\u00fclt\u00fcrel ve toplumsal geli\u015fimine katk\u0131da bulunup onlara kendilerini ve hayata bak\u0131\u015flar\u0131n\u0131 \u00f6zg\u00fcrce ifade edebilecekleri bir platform sunuyor. Yar\u0131\u015fman\u0131n bu y\u0131lki se\u00e7ici kurulunda; Arel \u00dcniversitesi G\u00fczel Sanatlar Fak\u00fcltesi Grafik Tasar\u0131m\u0131  B\u00f6l\u00fcm\u00fc \u00d6\u011fretim \u00dcyesi Prof. Dr. G\u00fcler Ertan, foto\u011fraf sanat\u00e7\u0131s\u0131 \u0130zzet Keribar, Mimar Sinan G\u00fczel Sanatlar \u00dcniversitesi  G\u00fczel Sanatlar Fak\u00fcltesi Foto\u011fraf B\u00f6l\u00fcm\u00fc  \u00d6\u011fretim \u00dcyesi Prof. Nihal Kafal\u0131,  Foto\u011fraf Sanat\u00e7\u0131s\u0131 Saygun Dura  ve Anadolu Hayat Emeklilik \u0130leti\u015fim M\u00fc\u015faviri Nihan G\u00fcney  yer ald\u0131. ","protected":false},"author":1,"featured_media":0,"parent":361,"menu_order":0,"comment_status":"open","ping_status":"closed","template":"","meta":{"_links_to":"https:\/\/www.kadindostumarkalar.org\/yazilar\/kultur-sanat\/kadin-gozuyle-hayattan-kareler-fotograf-yarismasinda-kazananlar-belli-oldu","_links_to_target":"https:\/\/www.kadindostumarkalar.org\/yazilar\/kultur-sanat\/kadin-gozuyle-hayattan-kareler-fotograf-yarismasinda-kazananlar-belli-oldu"},"_links":{"self":[{"href":"https:\/\/www.kadindostumarkalar.org\/yazilar\/kultur-sanat\/kadin-gozuyle-hayattan-kareler-fotograf-yarismasinda-kazananlar-belli-oldu"}],"collection":[{"href":"urlver"}],"about":[{"href":""}],"author":[{"embeddable":true,"href":"https:\/\/www.kadindostumarkalar.org\/yazilar\/kultur-sanat\/kadin-gozuyle-hayattan-kareler-fotograf-yarismasinda-kazananlar-belli-oldu"}],"replies":[{"embeddable":true,"href":"https:\/\/www.kadindostumarkalar.org\/yazilar\/kultur-sanat\/kadin-gozuyle-hayattan-kareler-fotograf-yarismasinda-kazananlar-belli-oldu"}],"version-history":[{"count":1854,"href":"https:\/\/www.kadindostumarkalar.org\/yazilar\/kultur-sanat\/kadin-gozuyle-hayattan-kareler-fotograf-yarismasinda-kazananlar-belli-oldu"}],"predecessor-version":[{"id":361,"href":"https:\/\/www.kadindostumarkalar.org\/yazilar\/kultur-sanat\/kadin-gozuyle-hayattan-kareler-fotograf-yarismasinda-kazananlar-belli-oldu"}],"up":[{"embeddable":true,"href":"https:\/\/www.kadindostumarkalar.org\/yazilar\/kultur-sanat\/kadin-gozuyle-hayattan-kareler-fotograf-yarismasinda-kazananlar-belli-oldu"}],"wp:attachment":[{"href":"https:\/\/www.kadindostumarkalar.org\/img\/blog\/kadin-gozuyle-hayattan-kareler-fotograf-yarismasi-na-basvurular-suruyor-h21074-c4e5c.jpg"}],"curies":[{"name":".Net","href":"https:\/\/api.w.org\/{rel}","templated":true}]}}