{"id":273,"date":"2022-04-18T00:00:00","date_gmt":"2022-04-18T00:00:00","guid":{"rendered":"https:\/\/www.kadindostumarkalar.org\/yazilar\/denizcilik\/kadin-icin-tasiyoruz-projesi-denizlideki-ihracatcilarla-bulustu"},"modified":"2022-06-06T12:30:49","modified_gmt":"2022-06-06T12:30:49","slug":"kadin-icin-tasiyoruz-projesi-denizlideki-ihracatcilarla-bulustu","status":"publish","type":"page","link":"","title":{"rendered":"“KADIN \u0130\u00c7\u0130N TA\u015eIYORUZ” PROJES\u0130 DEN\u0130ZL\u0130’DEK\u0130 \u0130HRACAT\u00c7ILARLA BULU\u015eTU"},"content":{"rendered":"“Kad\u0131n \u0130\u00e7in Ta\u015f\u0131yoruz” Anadolu’daki kad\u0131n ihracat\u00e7\u0131larla bulu\u015ftu\u011fu dijital paneller serisine Denizli’den devam etti.  DFDS Akdeniz \u0130\u015f Birimi  ve KAG\u0130DER  i\u015f birli\u011fi ile hayata ge\u00e7irilen “Kad\u0131n \u0130\u00e7in Ta\u015f\u0131yoruz” projesi, D\u00fcnya Gazetesi ’nin de deste\u011fi ile Anadolu’daki i\u015f d\u00fcnyas\u0131  ve kad\u0131n ihracat\u00e7\u0131larla bulu\u015fmaya Denizli’den devam ediyor. Ge\u00e7ti\u011fimiz y\u0131l ba\u015flayan dijital paneller serisinin son dura\u011f\u0131nda, ekonomiye kad\u0131n kat\u0131l\u0131m\u0131n\u0131 iyile\u015ftirmenin yollar\u0131 ve projenin verdi\u011fi lojistik destek konu\u015fuldu. “ Kad\u0131n \u0130\u00e7in Ta\u015f\u0131yoruz&#8211; Anadolu Bulu\u015fmalar\u0131”  Denizli bulu\u015fmas\u0131na KAG\u0130DERY\u00f6netim Kurulu Ba\u015fkan\u0131 Emine Erdem,  DFDS Akdeniz\u0130\u015f Birimi Sat\u0131\u015f ve \u0130\u015f Geli\u015ftirme Direkt\u00f6r\u00fc \u00d6nder Ba\u015fbo\u011fa, Denizli Sanayi Odalar\u0131  Ba\u015fkan\u0131 M\u00fcjdat Ke\u00e7eci, T\u0130M Kad\u0131n Konseyi  \u00dcyesi Mukaddes Ba\u015fkaya  ile birlikte toplant\u0131n\u0131n moderat\u00f6rl\u00fck g\u00f6revini de \u00fcstlenen DFDS Akdeniz \u0130\u015f Birimi \u0130leti\u015fim ve Pazarlama M\u00fcd\u00fcr\u00fc \u00d6zlem Dalga  veD\u00fcnya Gazetesi Genel Koordinat\u00f6r\u00fc ve yazar\u0131 Vahap Munyar  panelist olarak kat\u0131ld\u0131.  “Kad\u0131n giri\u015fimci oran\u0131 %4’lerden, %14’lere y\u00fckseldi”  Toplant\u0131da yapt\u0131\u011f\u0131 konu\u015fmada, 20 y\u0131ld\u0131r \u00fclkemizde kad\u0131n giri\u015fimcili\u011fi ni geli\u015ftirme misyonuyla \u00e7al\u0131\u015ft\u0131klar\u0131n\u0131 belirten KAG\u0130DER Y\u00f6netim Kurulu Ba\u015fkan\u0131 Emine Erdem,  2002’ de kad\u0131n giri\u015fimci  oran\u0131n\u0131n %4’lerden, %14’ler seviyesine y\u00fckseldi\u011fini ifade etti. “Kad\u0131n \u0130\u00e7in Ta\u015f\u0131yoruz” projesinin bu amaca hizmet eden \u00f6rnek projelerden biri oldu\u011funu aktaran Erdem, 2 y\u0131l \u00f6nce yola \u00e7\u0131kt\u0131klar\u0131nda ilk Kad\u0131n Giri\u015fimci Endeks Ara\u015ft\u0131rmas\u0131n\u0131  yapt\u0131klar\u0131 bilgisini de verdi. Ara\u015ft\u0131rman\u0131n sonucunda kad\u0131n giri\u015fimcilerin yurt d\u0131\u015f\u0131na a\u00e7\u0131lmak istediklerinin ortaya \u00e7\u0131kt\u0131\u011f\u0131n\u0131n alt\u0131n\u0131 \u00e7izen Erdem, Denizli’deki bulu\u015fman\u0131n kad\u0131n giri\u015fimcilerin yurt d\u0131\u015f\u0131na a\u00e7\u0131lmalar\u0131 i\u00e7in bir kald\u0131ra\u00e7 ve tetikleyici g\u00fc\u00e7 g\u00f6revi g\u00f6rd\u00fc\u011f\u00fcn\u00fc de s\u00f6zlerine ekledi. 46 lojistik partnerle destek b\u00fcy\u00fcyor  \u00d6zellikle pandemi  d\u00f6neminde kad\u0131n giri\u015fimcilerin ihracatlar\u0131na destek vermenin ne kadar de\u011ferli hale geldi\u011fini belirten DFDS Akdeniz \u0130\u015f Birimi Kurumsal \u0130leti\u015fim ve Pazarlama M\u00fcd\u00fcr\u00fc \u00d6zlem Dalga, 23 tane ta\u015f\u0131ma ger\u00e7ekle\u015ftirdiklerini ve bu projede 46 lojistik partnere ula\u015ft\u0131klar\u0131n\u0131 ifade etti. Dalga son olarak, kad\u0131n ile ilgili rakamlar\u0131 iyile\u015ftirmenin yolunun \u015firketlerden, kurumlar\u0131n ve STK’lar\u0131n i\u015f birli\u011finden ge\u00e7ti\u011fini aktard\u0131. Panelde, T\u00fcrkiye’de hem kad\u0131n giri\u015fimci say\u0131s\u0131 ve oranlar\u0131na hem de toplam n\u00fcfus i\u00e7inde kad\u0131n istihdam  oranlar\u0131na bak\u0131ld\u0131\u011f\u0131nda bu say\u0131lar\u0131n olduk\u00e7a d\u00fc\u015f\u00fck oldu\u011funu vurgulayarak s\u00f6zlerine ba\u015flayan DFDS Akdeniz \u0130\u015f Birimi Sat\u0131\u015f ve \u0130\u015f Geli\u015ftirme Direkt\u00f6r\u00fc\u00d6nder Ba\u015fbo\u011fa,  di\u011fer taraftan da toplumlar\u0131n geli\u015fimleri, kalk\u0131nmalar\u0131 veya ula\u015ft\u0131klar\u0131 seviyeleri s\u00fcrd\u00fcr\u00fclebilir  k\u0131lmak i\u00e7in de kad\u0131n \u00e7al\u0131\u015fan lar\u0131n, kad\u0131n istihdam\u0131n\u0131n, kad\u0131n giri\u015fimcilerin i\u015f hayat\u0131nda yer almas\u0131 gerekti\u011fini anlatarak s\u00f6zlerini tamamlad\u0131. T\u00fcrkiye’de en \u00e7ok kad\u0131n istihdam eden ikinci il Denizli  Denizli Sanayi Odalar\u0131 Ba\u015fkan\u0131 M\u00fcjdat Ke\u00e7eci panelde ger\u00e7ekle\u015ftirdi\u011fi konu\u015fmas\u0131nda Denizli Sanayi Odas\u0131 olarak kad\u0131na \u00e7ok \u00f6nem verdiklerini, Denizli’de bug\u00fcn tekstilde \u00e7al\u0131\u015fanlar\u0131n %48’lik oran\u0131n\u0131n kad\u0131n oldu\u011funu ve T\u00fcrkiye’nin en \u00e7ok kad\u0131n istihdam eden ikinci ilinin Denizli oldu\u011funu dile getirdi. Ke\u00e7eci, bu oran\u0131n tatmin edici bir oran olmad\u0131\u011f\u0131n\u0131 belirterek \u00f6zellikle kad\u0131nlar\u0131n cemiyette ve iktisadi istikbalde \u00f6nemli yerlerde olmalar\u0131n\u0131 \u00e7ok istediklerini ve bunu desteklediklerini s\u00f6yleyerek s\u00f6zlerini bitirdi. Paneldeki konu\u015fmas\u0131nda, kad\u0131n giri\u015fimcilerin gereksinim duydu\u011fu deste\u011fe de\u011finen T\u0130M Kad\u0131n Konseyi \u00dcyesi Mukaddes Ba\u015fkaya, giri\u015fimcilerin ment\u00f6rl\u00fc\u011fe ve cesaretlendirmeye ihtiya\u00e7lar\u0131 oldu\u011funu ifade etti. Denizli olarak ihracatta s\u00fcrekli art\u0131\u015f g\u00f6sterdiklerini vurgulayan Ba\u015fkaya, \u015fubat ay\u0131nda ihracatta %20 art\u0131\u015f oldu\u011funu dile getirdi. Denizli’nin ihracat s\u0131ralamas\u0131nda 2021’de 8. s\u0131raya y\u00fckseldi\u011fini de a\u00e7\u0131klayan Ba\u015fkaya, \u00f6zellikle pandemiyle birlikte geldi\u011fimiz noktada dijitalle\u015fme ile \u00e7ok daha kolayl\u0131kla d\u00fcnyaya entegre i\u015f giri\u015fimi yap\u0131labilece\u011finin ve bunun i\u00e7in de kad\u0131nlar\u0131 cesaretlendirmenin \u00e7ok \u00f6nemli oldu\u011funun alt\u0131n\u0131 \u00e7izdi. ","protected":false},"author":1,"featured_media":0,"parent":273,"menu_order":0,"comment_status":"open","ping_status":"closed","template":"","meta":{"_links_to":"https:\/\/www.kadindostumarkalar.org\/yazilar\/denizcilik\/kadin-icin-tasiyoruz-projesi-denizlideki-ihracatcilarla-bulustu","_links_to_target":"https:\/\/www.kadindostumarkalar.org\/yazilar\/denizcilik\/kadin-icin-tasiyoruz-projesi-denizlideki-ihracatcilarla-bulustu"},"_links":{"self":[{"href":"https:\/\/www.kadindostumarkalar.org\/yazilar\/denizcilik\/kadin-icin-tasiyoruz-projesi-denizlideki-ihracatcilarla-bulustu"}],"collection":[{"href":"urlver"}],"about":[{"href":""}],"author":[{"embeddable":true,"href":"https:\/\/www.kadindostumarkalar.org\/yazilar\/denizcilik\/kadin-icin-tasiyoruz-projesi-denizlideki-ihracatcilarla-bulustu"}],"replies":[{"embeddable":true,"href":"https:\/\/www.kadindostumarkalar.org\/yazilar\/denizcilik\/kadin-icin-tasiyoruz-projesi-denizlideki-ihracatcilarla-bulustu"}],"version-history":[{"count":960,"href":"https:\/\/www.kadindostumarkalar.org\/yazilar\/denizcilik\/kadin-icin-tasiyoruz-projesi-denizlideki-ihracatcilarla-bulustu"}],"predecessor-version":[{"id":273,"href":"https:\/\/www.kadindostumarkalar.org\/yazilar\/denizcilik\/kadin-icin-tasiyoruz-projesi-denizlideki-ihracatcilarla-bulustu"}],"up":[{"embeddable":true,"href":"https:\/\/www.kadindostumarkalar.org\/yazilar\/denizcilik\/kadin-icin-tasiyoruz-projesi-denizlideki-ihracatcilarla-bulustu"}],"wp:attachment":[{"href":"https:\/\/www.kadindostumarkalar.org\/img\/blog\/1648032762-k1.png"}],"curies":[{"name":".Net","href":"https:\/\/api.w.org\/{rel}","templated":true}]}}