{"id":543,"date":"2022-11-25T21:37:04","date_gmt":"2022-11-25T21:37:04","guid":{"rendered":"https:\/\/www.kadindostumarkalar.org\/yazilar\/kamu\/kadin-muhtarlar-kadina-yonelik-siddete-dur-dedi"},"modified":"2022-11-25T21:38:35","modified_gmt":"2022-11-25T21:38:35","slug":"kadin-muhtarlar-kadina-yonelik-siddete-dur-dedi","status":"publish","type":"page","link":"","title":{"rendered":"KADIN MUHTARLAR KADINA Y\u00d6NEL\u0130K \u015e\u0130DDETE “DUR!” DED\u0130"},"content":{"rendered":"\u00dcsk\u00fcdar Belediyesi, Kad\u0131na Y\u00f6nelik \u015eiddete Kar\u015f\u0131 Uluslararas\u0131 M\u00fccadele G\u00fcn\u00fc’ne ithafen kad\u0131na y\u00f6nelik \u015fiddete \u0130stanbul Bo\u011faz\u0131’ndan “Dur!” dedi. T\u00fcrkiye Kad\u0131n Muhtarlar Derne\u011fi Ba\u015fkan\u0131 Serpil Ereno\u011flu, \u0130\u00e7i\u015fleri Bakanl\u0131\u011f\u0131 Muhtarlar Daire Ba\u015fkan\u0131 Suna \u00dcst\u00fcner ve \u00dcsk\u00fcdar Belediye Ba\u015fkan\u0131 Hilmi T\u00fcrkmen’in kat\u0131l\u0131m\u0131yla ger\u00e7ekle\u015fen etkinli\u011fe 100’\u00fc a\u015fk\u0131n kad\u0131n muhtar kat\u0131ld\u0131.  T\u00fcrkiye Kad\u0131n Muhtarlar Derne\u011fi Ba\u015fkan\u0131 Serpil Ereno\u011flu , “25 Kas\u0131m Kad\u0131na \u015eiddete Kar\u015f\u0131 Uluslararas\u0131 M\u00fccadele G\u00fcn\u00fc . Bu \u015fiddet sadece \u00fclkemizde de\u011fil, t\u00fcm d\u00fcnyada ger\u00e7ekle\u015fiyor. Son y\u0131llarda hayat\u0131n\u0131 kaybeden kad\u0131nlar\u0131m\u0131z i\u00e7in fark\u0131ndal\u0131\u011f\u0131 artt\u0131rmak amac\u0131yla bir araday\u0131z. Sevgi mesajlar\u0131m\u0131z\u0131 mor balonlar\u0131m\u0131zla g\u00f6ky\u00fcz\u00fcne b\u0131rak\u0131yoruz” dedi. “25 Kas\u0131m’da t\u00fcm d\u00fcnya sesimizi duysun istiyoruz” diyen \u00dcsk\u00fcdar Belediye Ba\u015fkan\u0131 Hilmi T\u00fcrkmen , ise \u015fu a\u00e7\u0131klamada bulundu: “Bug\u00fcn burada \u00f6nemli bir ama\u00e7 i\u00e7in bulu\u015ftuk. Kad\u0131na \u015fiddet hepimizin i\u00e7ini burkan bir konu. Bu illa dayak anlam\u0131nda de\u011fil. Kad\u0131na \u015fiddetin t\u00fcrl\u00fc t\u00fcrl\u00fcs\u00fc var. Psikolojik bask\u0131 bir \u015fiddettir, sosyolojik bask\u0131 bir \u015fiddettir, kad\u0131n\u0131n eme\u011fini g\u00f6rmezden gelmek \u015fiddettir, evde, tarlada, i\u015f yerinde, sokakta kad\u0131na hor g\u00f6zle bakmak, ona k\u00f6t\u00fc s\u00f6z s\u00f6ylemek \u015fiddettir. Bunlar kime olursa olsun \u015fiddettir. Bu, y\u0131llard\u0131r konu\u015fuluyor ama i\u00e7imizi burkan haberler maalesef eksik olmuyor. 25 Kas\u0131m’\u0131 vesile k\u0131larak hayk\u0131rmam\u0131z gerekiyor. Kad\u0131na \u015fiddetin ne insanl\u0131kla alakas\u0131 var, ne M\u00fcsl\u00fcmanl\u0131kla alakas\u0131 var, ne T\u00fcrkl\u00fckle alakas\u0131 var…&nbsp; Bir i\u015fveren, bir baba, bir esnaf, bir b\u00fcrokrat…&nbsp; Kim olursa olsun e\u011fer ki\u015fi kad\u0131na \u015fiddet konusunda gerekli duyarl\u0131l\u0131\u011f\u0131 g\u00f6stermiyorsa di\u011fer unvanlar\u0131n\u0131n hi\u00e7bir \u00f6nemi yok. Bug\u00fcn \u00fclkemizin farkl\u0131 \u015fehirlerinden gelen kad\u0131n muhtarlar\u0131m\u0131zla  bir mesaj vermek, bir fark\u0131ndal\u0131k  yaratmak istiyoruz. Birlikte balonlara yaz\u0131lar yaz\u0131p onlar\u0131 u\u00e7uraca\u011f\u0131z. Kad\u0131nlar\u0131 huzursuz eden bir karakter hepimizi \u00fczer. Kendisi de mutlu olamaz. Bir ba\u015fkas\u0131n\u0131n mutsuzlu\u011fu \u00fczerine bir mutluluk in\u015fa edilemez. Toplum olarak topyek\u00fcn bu i\u015fi sahiplenmek zorunday\u0131z.” ","protected":false},"author":1,"featured_media":0,"parent":543,"menu_order":0,"comment_status":"open","ping_status":"closed","template":"","meta":{"_links_to":"https:\/\/www.kadindostumarkalar.org\/yazilar\/kamu\/kadin-muhtarlar-kadina-yonelik-siddete-dur-dedi","_links_to_target":"https:\/\/www.kadindostumarkalar.org\/yazilar\/kamu\/kadin-muhtarlar-kadina-yonelik-siddete-dur-dedi"},"_links":{"self":[{"href":"https:\/\/www.kadindostumarkalar.org\/yazilar\/kamu\/kadin-muhtarlar-kadina-yonelik-siddete-dur-dedi"}],"collection":[{"href":"urlver"}],"about":[{"href":""}],"author":[{"embeddable":true,"href":"https:\/\/www.kadindostumarkalar.org\/yazilar\/kamu\/kadin-muhtarlar-kadina-yonelik-siddete-dur-dedi"}],"replies":[{"embeddable":true,"href":"https:\/\/www.kadindostumarkalar.org\/yazilar\/kamu\/kadin-muhtarlar-kadina-yonelik-siddete-dur-dedi"}],"version-history":[{"count":1089,"href":"https:\/\/www.kadindostumarkalar.org\/yazilar\/kamu\/kadin-muhtarlar-kadina-yonelik-siddete-dur-dedi"}],"predecessor-version":[{"id":543,"href":"https:\/\/www.kadindostumarkalar.org\/yazilar\/kamu\/kadin-muhtarlar-kadina-yonelik-siddete-dur-dedi"}],"up":[{"embeddable":true,"href":"https:\/\/www.kadindostumarkalar.org\/yazilar\/kamu\/kadin-muhtarlar-kadina-yonelik-siddete-dur-dedi"}],"wp:attachment":[{"href":"https:\/\/www.kadindostumarkalar.org\/img\/blog\/kadin-muhtarlar-kadina-yonelik-siddete-dur-dedi-0-66649.jpg"}],"curies":[{"name":".Net","href":"https:\/\/api.w.org\/{rel}","templated":true}]}}