{"id":364,"date":"2022-04-25T00:00:00","date_gmt":"2022-04-25T00:00:00","guid":{"rendered":"https:\/\/www.kadindostumarkalar.org\/yazilar\/haberler\/kadinlarla-el-ele-yeni-donemde-de-devam-ediyor"},"modified":"2022-06-06T14:41:12","modified_gmt":"2022-06-06T14:41:12","slug":"kadinlarla-el-ele-yeni-donemde-de-devam-ediyor","status":"publish","type":"page","link":"","title":{"rendered":"“KADINLARLA EL ELE” YEN\u0130 D\u00d6NEMDE DE DEVAM ED\u0130YOR"},"content":{"rendered":"Profesyonel ko\u00e7luk sanat\u0131n\u0131, ilmini ve mesle\u011fini ilerletmek olan  Uluslararas\u0131 Ko\u00e7luk Federasyonu ICF Global’in, T\u00fcrkiye’deki tek yetkili temsilcisi ICF T\u00fcrkiye’nin, \u00c7a\u011fda\u015f Ya\u015fam\u0131 Destekleme Derne\u011fi (\u00c7YDD) ile birlikte, hem kurumsal hem de \u00fcye ko\u00e7lar ba\u011flam\u0131nda tamamen g\u00f6n\u00fcll\u00fck esas\u0131yla 6 y\u0131ld\u0131r y\u00fcr\u00fctt\u00fc\u011f\u00fc “Kad\u0131nlarla El Ele” projesinin yeni d\u00f6nemi ba\u015fl\u0131yor.  ICF T\u00fcrkiye ve \u00c7a\u011fda\u015f Ya\u015fam\u0131 Destekleme Derne\u011fi (\u00c7YDD) i\u015f birli\u011finde 6 y\u0131l \u00f6nce ba\u015flat\u0131lan ve bug\u00fcne kadar 18 il ve 30 b\u00f6lgede, 43 g\u00f6n\u00fcll\u00fc tak\u0131m ko\u00e7unun liderli\u011finde uygulanan ve 700’e yak\u0131n kad\u0131na\/anneye ula\u015f\u0131lan “Kad\u0131nlarla El Ele” projesi devam ediyor. COVID-19  salg\u0131n\u0131 nedeniyle 2020’nin Mart ay\u0131nda, \u00c7YDD’nin Adana, Ankara, Bal\u0131kesir, Beyo\u011flu, Bodrum, Bursa, \u00c7e\u015fme, D\u00fczce, Eski\u015fehir, \u0130stanbul, \u0130zmir, Ku\u015fadas\u0131, Mersin, Seferihisar, Tarsus  ve Trabzon  \u015fubelerinden 135 annenin kat\u0131l\u0131m\u0131yla, online platformlar \u00fczerinden ger\u00e7ekle\u015ftiren etkinlikler sonras\u0131 ara verilen projenin yeni d\u00f6neminde, \u00e7evrim i\u00e7i uygulamalarla 250’nin \u00fczerinde \u00c7a\u011fda\u015f Ya\u015faml\u0131 kad\u0131na\/anneye ula\u015f\u0131lmas\u0131 ula\u015f\u0131lmas\u0131 hedefleniyor. ICF T\u00fcrkiye yetkilileri taraf\u0131ndan, projeye kat\u0131lan annelerin, &#8220;Ben&#8217;i hat\u0131rlad\u0131m&#8221;, &#8220;Pozitif olmay\u0131, etkin dinlemeyi, kendime de\u011fer vermeyi \u00f6\u011frendim&#8221;, &#8220;Kad\u0131n oldu\u011fumu hat\u0131rlad\u0131m, g\u00fcc\u00fcm\u00fc ke\u015ffettim, kendimi daha iyi tan\u0131d\u0131m, ke\u015ffettim&#8221;, &#8220;\u0130\u00e7sel direni\u015fimi k\u0131rd\u0131m&#8221;, &#8220;Kendimi sevmeyi \u00f6\u011frendim&#8221; ve &#8220;Bak\u0131\u015f a\u00e7\u0131m de\u011fi\u015fti&#8221; \u015feklinde geri bildirimleri oldu\u011fu a\u00e7\u0131kland\u0131.  T\u00fcrkan Saylan’n\u0131n yolunda ilerlemeye devam  A\u00e7\u0131l\u0131\u015f toplant\u0131s\u0131nda, Atat\u00fcrk ilke ve devrimleri  \u0131\u015f\u0131\u011f\u0131nda; T\u00fcrkan Saylan’\u0131n yolunda \u00e7a\u011fda\u015f insan  ve \u00e7a\u011fda\u015f toplum a ula\u015fmak amac\u0131yla e\u011fitime destek projelerine devam ettiklerini belirten \u00c7YDD Genel Ba\u015fkan\u0131 Prof. Dr. Ay\u015fe Y\u00fcksel , ICF T\u00fcrkiye ile i\u015f birli\u011finin s\u00fcrmesinden ve ko\u00e7lu\u011fun, e\u011fitime destek hizmetlerinin aras\u0131nda olmas\u0131ndan duyduklar\u0131 mutlulu\u011fu dile getirdi. Ba\u015fkan Prof. Dr. Y\u00fcksel’in ard\u0131ndan s\u00f6z alan \u00c7YDD Genel Merkezi Y\u00f6netim Kurulu \u00dcyesi G\u00fclnaz Kocaba\u015f  ise projeye kat\u0131lan ve projeden faydalanan kad\u0131nlardan ald\u0131klar\u0131 geri bildirimler \u0131\u015f\u0131\u011f\u0131nda Kad\u0131nlarla El Ele’nin ger\u00e7ekten fayda ve de\u011fer \u00fcretti\u011fini ifade etti. Kocaba\u015f, projede eme\u011fi ge\u00e7en herkese te\u015fekk\u00fcr ederek s\u00f6zlerini tamamlad\u0131. Uluslararas\u0131 Onur \u00d6d\u00fcll\u00fc proje  Bu projenin, 2019 y\u0131l\u0131nda ICF Vakf\u0131 ’n\u0131n “Gift of Coaching Awards”  program\u0131nda Onur \u00d6d\u00fcl\u00fc’n\u00fc ald\u0131\u011f\u0131 portfolyoda yer alan \u00fc\u00e7 projeden biri oldu\u011funu aktaran ICF T\u00fcrkiye Ba\u015fkan Yard\u0131mc\u0131s\u0131 ve Projeler Kurulu Ba\u015fkan\u0131 \u00c7ak\u0131r Dilek Yunar,  bu sebeple gururlu olduklar\u0131n\u0131 dile getirdi.Yunar; “Projelerimizin hayata ge\u00e7mesini ve devaml\u0131l\u0131\u011f\u0131n\u0131 sa\u011flayan; yarat\u0131lan fayda ve de\u011ferine ge\u00e7mi\u015ften bug\u00fcne katk\u0131 koyan her bir g\u00f6n\u00fclda\u015f\u0131m\u0131za binlerce kez te\u015fekk\u00fcr ediyoruz. Ko\u00e7lu\u011fun “kelebek etkisini” bilen ve ya\u015fayan bir toplum olma yolunda sorumluluklar\u0131m\u0131z\u0131n fark\u0131nday\u0131z ve bu yolda kararl\u0131l\u0131kla ilerliyoruz” \u015feklinde konu\u015ftu. 250 \u00c7a\u011fda\u015f Ya\u015faml\u0131 kad\u0131na ula\u015f\u0131lmas\u0131 hedefleniyor  Kad\u0131nlarla El Ele Projesinin, \u00c7YDD’nin burs deste\u011fi sa\u011flad\u0131\u011f\u0131 \u00f6\u011frencilerin annelerine \u00f6zel olarak haz\u0131rland\u0131\u011f\u0131n\u0131 belirten ICF T\u00fcrkiye Projeler Kurulu \u00dcyesi ve Proje Lideri Beril Esendal  projeye ili\u015fkin \u015fu bilgileri verdi; “Projemiz, \u00e7ocuklarla ileti\u015fim, takdir k\u00fclt\u00fcr\u00fc, kendine g\u00fcven, hayatla ba\u015fa  \u00e7\u0131kma  gibi konularda fark\u0131ndal\u0131k  kazand\u0131rmay\u0131 ama\u00e7lamakta ve toplam 6 oturum s\u00fcrecek grup ko\u00e7lu\u011fu  \u00e7al\u0131\u015fmas\u0131ndan olu\u015facak. Bug\u00fcne kadar 18 il ve 30 b\u00f6lgede uygulanan proje kapsam\u0131nda, 700’e yak\u0131n kad\u0131na  ve\/veya annenin  kat\u0131l\u0131m\u0131yla, 43 g\u00f6n\u00fcll\u00fc tak\u0131m ko\u00e7unun liderli\u011finde, 45 kez ki\u015fisel geli\u015fim ama\u00e7l\u0131 grup ko\u00e7lu\u011fu ger\u00e7ekle\u015ftirilmi\u015ftir. Bu y\u0131l ise projemizi \u00e7evrim i\u00e7i uygulayarak, 250’nin \u00fczerinde \u00c7a\u011fda\u015f Ya\u015faml\u0131 kad\u0131na sunacak olmaktan dolay\u0131 heyecanl\u0131y\u0131z.” ","protected":false},"author":1,"featured_media":0,"parent":364,"menu_order":0,"comment_status":"open","ping_status":"closed","template":"","meta":{"_links_to":"https:\/\/www.kadindostumarkalar.org\/yazilar\/haberler\/kadinlarla-el-ele-yeni-donemde-de-devam-ediyor","_links_to_target":"https:\/\/www.kadindostumarkalar.org\/yazilar\/haberler\/kadinlarla-el-ele-yeni-donemde-de-devam-ediyor"},"_links":{"self":[{"href":"https:\/\/www.kadindostumarkalar.org\/yazilar\/haberler\/kadinlarla-el-ele-yeni-donemde-de-devam-ediyor"}],"collection":[{"href":"urlver"}],"about":[{"href":""}],"author":[{"embeddable":true,"href":"https:\/\/www.kadindostumarkalar.org\/yazilar\/haberler\/kadinlarla-el-ele-yeni-donemde-de-devam-ediyor"}],"replies":[{"embeddable":true,"href":"https:\/\/www.kadindostumarkalar.org\/yazilar\/haberler\/kadinlarla-el-ele-yeni-donemde-de-devam-ediyor"}],"version-history":[{"count":1141,"href":"https:\/\/www.kadindostumarkalar.org\/yazilar\/haberler\/kadinlarla-el-ele-yeni-donemde-de-devam-ediyor"}],"predecessor-version":[{"id":364,"href":"https:\/\/www.kadindostumarkalar.org\/yazilar\/haberler\/kadinlarla-el-ele-yeni-donemde-de-devam-ediyor"}],"up":[{"embeddable":true,"href":"https:\/\/www.kadindostumarkalar.org\/yazilar\/haberler\/kadinlarla-el-ele-yeni-donemde-de-devam-ediyor"}],"wp:attachment":[{"href":"https:\/\/www.kadindostumarkalar.org\/img\/blog\/icf-turkiye-cydd-kadinlarla-el-ele.png"}],"curies":[{"name":".Net","href":"https:\/\/api.w.org\/{rel}","templated":true}]}}