{"id":328,"date":"2021-06-26T00:00:00","date_gmt":"2021-06-26T00:00:00","guid":{"rendered":"https:\/\/www.kadindostumarkalar.org\/yazilar\/yesil-donusum\/kaleseramik-daha-yesil-bir-dunya-icin-calisiyor"},"modified":"2022-06-06T13:17:30","modified_gmt":"2022-06-06T13:17:30","slug":"kaleseramik-daha-yesil-bir-dunya-icin-calisiyor","status":"publish","type":"page","link":"","title":{"rendered":"KALESERAM\u0130K DAHA YE\u015e\u0130L B\u0130R D\u00dcNYA \u0130\u00c7\u0130N \u00c7ALI\u015eIYOR"},"content":{"rendered":"Kale Grubu’nun, daha e\u015fit, daha adil ve daha ye\u015fil bir d\u00fcnya yaratmak amac\u0131yla ba\u015flatt\u0131\u011f\u0131 “\u0130yi Bak D\u00fcnyana” hareketi \u00e7er\u00e7evesinde, grubun yap\u0131 malzemeleri sekt\u00f6r\u00fcndeki markas\u0131 Kaleseramik, s\u00fcrd\u00fcr\u00fclebilir gelecek i\u00e7in etki odakl\u0131 d\u00f6ng\u00fcsel projelere yat\u0131r\u0131m\u0131 \u00f6nceliyor.   Tasar\u0131mdan \u00fcretime att\u0131klar\u0131 t\u00fcm ad\u0131mlarda daha az su ve enerji  harcayarak, yar\u0131nlara daha iyi bir d\u00fcnya b\u0131rakmay\u0131 hedeflediklerini vurgulayan Kaleseramik Pazarlama Direkt\u00f6r\u00fc Zeliha \u00d6zay Yurdatap , Kale Grubu olarak, teknolojinin s\u00fcrekli geli\u015fti\u011fi bu s\u00fcre\u00e7te gelece\u011fe y\u00fcr\u00fcme yolunda s\u00fcrd\u00fcr\u00fclebilirli\u011fin \u00e7ok \u00f6nemli bir kriter olarak g\u00f6rd\u00fcklerini ifade etti. Bu kapsamda da 2015 y\u0131l\u0131nda Birle\u015fmi\u015f Milletler taraf\u0131ndan kabul edilen S\u00fcrd\u00fcr\u00fclebilir Kalk\u0131nma  Ama\u00e7lar\u0131 \u00e7er\u00e7evesinde, ekonomik, \u00e7evresel ve toplumsal etkisini g\u00f6z \u00f6n\u00fcne alarak bug\u00fcn\u00fcn ihtiya\u00e7lar\u0131n\u0131 gelecek nesillerin kaynaklar\u0131n\u0131 t\u00fcketmeden kar\u015f\u0131lamak \u00fczere \u00e7\u00f6z\u00fcmler \u00fcretmeye \u00e7al\u0131\u015ft\u0131klar\u0131n\u0131 da dile getiren Yurdatap  s\u00f6zlerine \u015f\u00f6yle devam etti: “Daha iyi bir d\u00fcnya yolculu\u011fumuzda ise; \u00fcretimin yan\u0131 s\u0131ra geri d\u00f6n\u00fc\u015f\u00fcm noktas\u0131nda at\u0131klar\u0131n \u00f6nlenmesi, ham maddeden son \u00fcr\u00fcne malzeme ve s\u00fcre\u00e7 iyile\u015ftirmeleri, sekt\u00f6re y\u00f6n verecek inovatif \u00fcr\u00fcnlerin tasar\u0131m\u0131, geli\u015ftirilmesi gibi daha bir\u00e7ok projeyi y\u00fcr\u00fct\u00fcyoruz.” “S\u00fcrd\u00fcr\u00fclebilirlik ve geri d\u00f6n\u00fc\u015f\u00fcm\u00fc \u00e7ok \u00f6nemsiyoruz”  T\u00fcm \u00fcretim s\u00fcre\u00e7lerinde daha iyi bir d\u00fcnya i\u00e7in \u00e7al\u0131\u015fmay\u0131 temel odak olarak g\u00f6rd\u00fcklerini belirten ve hayata ge\u00e7irdikleri projelere de\u011finen Zeliha \u00d6zay Yurdatap , iklim krizinin  \u00e7a\u011f\u0131m\u0131z\u0131n en \u00f6nemli sorunlar\u0131ndan biri oldu\u011funa da de\u011findi. D\u00fcnya Ekonomi Forumu’nun (WEF)  2020 y\u0131l\u0131nda yay\u0131mlanan K\u00fcresel Risk Raporu’na g\u00f6re ger\u00e7ekle\u015fme olas\u0131l\u0131\u011f\u0131 ve etkisi a\u00e7\u0131s\u0131ndan de\u011ferlendirildi\u011finde ilk 10 riskin sekizinin \u00e7evre ve iklim krizi yle ili\u015fkili oldu\u011funun g\u00f6r\u00fcld\u00fc\u011f\u00fcn\u00fc s\u00f6yleyen Yurdatap: “\u00d6zellikle de \u00e7ok b\u00fcy\u00fck oranda \u00fclkemizin hammadde kaynaklar\u0131n\u0131 kullanarak \u00fcretim ger\u00e7ekle\u015ftiren seramik  sekt\u00f6r\u00fc i\u00e7in geri kazan\u0131m \u00e7al\u0131\u015fmalar\u0131, sekt\u00f6r\u00fcn \u00fclkemizdeki gelece\u011fi i\u00e7in de \u00f6nem ta\u015f\u0131maktad\u0131r. Geri kazan\u0131m\u0131n kaynak kullan\u0131mlar\u0131ndaki yans\u0131mas\u0131, \u00f6zellikle su kaynaklar\u0131n\u0131n daha fazla g\u00fcndeme geldi\u011fi bug\u00fcnlerde \u00fclkemiz do\u011fal su rezervlerinin korunmas\u0131na katk\u0131 olarak da kar\u015f\u0131m\u0131za \u00e7\u0131kmaktad\u0131r.”dedi. Kaleseramik  olarak durumun ciddiyeti kar\u015f\u0131s\u0131nda s\u00fcrd\u00fcr\u00fclebilir  bir gelece\u011fin in\u015fas\u0131 i\u00e7in tasar\u0131m s\u00fcrecinden ba\u015flayarak, t\u00fcm \u00fcretim s\u00fcre\u00e7lerinde s\u00fcrd\u00fcr\u00fclebilirlik  odakl\u0131 hareket ettiklerine ve belirledikleri hedefler do\u011frultusunda performans takibi yapt\u0131klar\u0131na vurgu yapan Yurdatapan, bu misyonla \u00e7evre y\u00f6netiminde uluslararas\u0131 standartlar\u0131 rehber olarak ald\u0131klar\u0131n\u0131 ve iklim  de\u011fi\u015fikli\u011fi nden kurakl\u0131\u011fa, g\u00fcn\u00fcm\u00fczde d\u00fcnyay\u0131 etkileyen t\u00fcm sorunlara kar\u015f\u0131, maksimum verimlili\u011fe eri\u015fmeye gayret ederek k\u00fcresel d\u00f6n\u00fc\u015f\u00fcm\u00fcn bir par\u00e7as\u0131 olmay\u0131 hedeflediklerini belirtti. Yurdatapan , \u00f6n\u00fcm\u00fczdeki s\u00fcre\u00e7te de inovasyon, ham madde, malzeme \u00fcretimi ve dijitalle\u015fmeyle s\u00fcre\u00e7 iyile\u015ftirmelerinin yan\u0131 s\u0131ra s\u00fcrd\u00fcr\u00fclebilirlik  aksiyonlar\u0131, tedarik zinciri y\u00f6netimi, stok optimizasyonu gibi birim maliyetleri azaltacak \u00e7al\u0131\u015fmalara yo\u011funla\u015fmaya devam edeceklerini a\u00e7\u0131klad\u0131. T\u00fcm operasyonel s\u00fcre\u00e7lerinde kaynak verimlili\u011fini esas alarak \u00e7al\u0131\u015fmalar\u0131n\u0131 y\u00fcr\u00fctmeye devam ettiklerini ve bu anlay\u0131\u015fla, ge\u00e7ti\u011fimiz y\u0131l i\u00e7erisinde \u00fcretim s\u00fcre\u00e7lerinde yapmakta olduklar\u0131 malzeme odakl\u0131 geri kazan\u0131m \u00e7al\u0131\u015fmalar\u0131n\u0131 art\u0131rd\u0131klar\u0131n\u0131 dile getiren Yurdatapan , geri kazan\u0131m oranlar\u0131nda y\u00fczde 70’lerin \u00fczerinde art\u0131\u015f sa\u011flayarak hem \u00fcretim s\u00fcre\u00e7leri i\u00e7in gerekli olan su ve enerji t\u00fcketimlerinde tasarruf elde ettiklerini hem de ham maddelerin s\u00fcrd\u00fcr\u00fclebilirli\u011fine katk\u0131 sa\u011flad\u0131klar\u0131n\u0131 s\u00f6yledi. “\u00c7evresel \u00dcr\u00fcn Deklarasyonu (EPD) ve Sa\u011fl\u0131k \u00dcr\u00fcn Deklarasyonu’nu (HPD) sertifikalar\u0131n\u0131 alan ilk T\u00fcrk firmas\u0131y\u0131z”  Kaliteli ve \u00e7evreci \u00fcretim ilkesi ile t\u00fcketicilerimize en do\u011fru ve en kaliteli \u00fcr\u00fcnleri ula\u015ft\u0131rma hedefimizde Kaleseramik  olarak ilklere imza atmaya devam ediyoruz diyen Yurdatap , \u015f\u00f6yle devam etti: “Yap\u0131lara yeni \u00e7\u00f6z\u00fcmler olu\u015fturmak \u00fczerine kurulu bir yolda y\u00fcr\u00fcyoruz. \u0130nsana ve \u00e7evreye sayg\u0131 bilinci ile \u00fcretti\u011fi t\u00fcm \u00fcr\u00fcn gruplar\u0131na \u00c7evresel \u00dcr\u00fcn Deklarasyonu (EPD) ve Sa\u011fl\u0131k \u00dcr\u00fcn Deklarasyonu’nu (HPD) sertifikalar\u0131 n\u0131 alan ilk T\u00fcrk firmas\u0131y\u0131z.  Bununla beraber, be\u015f \u00fcr\u00fcn grubundaki \u00fcr\u00fcnlerimiz standard\u0131 en y\u00fcksek \u0130\u00e7 Hava Kalitesi testinden ba\u015far\u0131yla ge\u00e7ince “Greenguard Gold ” sertifikas\u0131 almaya hak kazand\u0131k. Kale  Ailesi olarak, T\u00fcrkiye’ye bug\u00fcne kadar bir\u00e7ok inovatif \u00fcr\u00fcn hediye ettik, etmeye de devam ediyoruz. Bu konuda ki en \u00f6nemli \u00f6rneklerimizden birisi de Kalesinterflex . Biz 2005 y\u0131l\u0131nda sinterflex teknolojisine yat\u0131r\u0131m yapan ve \u00fcretime ba\u015flayan ilk firmay\u0131z. Kalesinterflex’in en \u00f6nemli \u00f6zelliklerinden biri ise T\u00fcrkiye’nin en ince, en b\u00fcy\u00fck boyutlu ve esneyebilen karosu olmas\u0131n\u0131n yan\u0131nda, Ecospecifier belgesine sahip son derece \u00e7evreci bir \u00fcr\u00fcn olmas\u0131.  \u00c7evreye duyarl\u0131  teknolojisiyle fark yaratan Kalesinterflex , geleneksel seramik  \u00fcretim s\u00fcre\u00e7leriyle kar\u015f\u0131la\u015ft\u0131r\u0131ld\u0131\u011f\u0131nda gaz ve toz emisyonu 20 kat, CO2 emisyonu ise 1000 kat daha azd\u0131r. Standart seramik  karolara g\u00f6re daha az enerji  ve hammadde kulland\u0131\u011f\u0131m\u0131z bu \u00fcr\u00fcnde ayn\u0131 hammadde ile 4 kat fazla alan kapl\u0131yoruz. Bir metrekare Kalesinterflex  \u00fcretmek i\u00e7in sadece 8 litre suya ihtiya\u00e7 varken bir metrekare standart karo \u00fcretiminde 50 litre suya ihtiya\u00e7 duyuluyor. Enerji t\u00fcketimi 3 kat, elektrik t\u00fcketimi ise 4 kat daha d\u00fc\u015f\u00fck ve dolay\u0131s\u0131yla \u00e7evreye yayd\u0131\u011f\u0131 karbon emisyonu, geleneksel seramik \u00fcretimine g\u00f6re bin kat daha az. Ayr\u0131ca Kalesinterflex’in \u00fcst\u00fcn \u00f6zelliklerini kullanarak yaratt\u0131\u011f\u0131m\u0131z yeni \u00fcr\u00fcn grubumuz T-ONE by Kale’de, mutfak mobilyalar\u0131 ve tezgahlar\u0131, d\u0131\u015f mekan mobilyalar\u0131, masa ve banyo mobilyas\u0131, gibi \u00fcr\u00fcnler \u00fcretiyoruz. Ger\u00e7ek ah\u015fab\u0131n yani a\u011fa\u00e7 kullan\u0131m\u0131n yerini alan bu \u00fcr\u00fcnlerle de do\u011fam\u0131z\u0131  korumaya yard\u0131mc\u0131 oluyoruz. Yine y\u00fczey kaplamas\u0131 \u00fcr\u00fcn grubumuzda ah\u015fap g\u00f6r\u00fcn\u00fcml\u00fc seramik  modellerimize a\u011f\u0131rl\u0131k vererek do\u011fa dostu \u00e7\u00f6z\u00fcmler sunmaya \u00e7al\u0131\u015f\u0131yoruz. Etki etti\u011fimiz t\u00fcketici davran\u0131\u015flar\u0131 sayesinde son 10 y\u0131l i\u00e7inde sat\u0131\u015f\u0131n\u0131 yapt\u0131\u011f\u0131m\u0131z ah\u015fap g\u00f6r\u00fcn\u00fcml\u00fc \u00fcr\u00fcnlerimiz ile yakla\u015f\u0131k 200 bin a\u011fa\u00e7l\u0131k bir orman\u0131 kurtard\u0131\u011f\u0131m\u0131z\u0131 s\u00f6yleyebilirim. Y\u00fczey kaplama teknolojilerinde \u00fcst\u00fcn kalitesiyle y\u0131llard\u0131r sa\u011fl\u0131kl\u0131 ve hijyenik ya\u015fam alanlar i\u00e7in en ideal \u00e7\u00f6z\u00fcmleri geli\u015ftiren Kalebodur  markam\u0131z, bakteriler ve \u00f6zellikle de Covid-19 gibi zararl\u0131 vir\u00fcsler \u00fczerindeki etkinli\u011fi klinik testlerle onaylanm\u0131\u015f yeni bir y\u00fczey koruma teknolojisi Kaleguard Defence’\u0131 geli\u015ftirdi. Kalebodur’un ileri teknolojideki uzmanl\u0131\u011f\u0131 ile ya\u015fam alanlar\u0131na kazand\u0131rd\u0131\u011f\u0131m\u0131z Kaleguard Defence , bakteri ve vir\u00fcslerin h\u00fccre zar\u0131na zarar vererek, yap\u0131sal olarak bozunuma u\u011fratmas\u0131n\u0131n yan\u0131nda, mikroplar\u0131n yap\u0131s\u0131nda bulunan protein zincirlerini de bozarak enerji \u00fcretimlerini durduruyor.” Kaleseramik  alt\u0131nda ‘Smart’ (ak\u0131ll\u0131) felsefesi ile tasarlad\u0131klar\u0131, tasarrufa y\u00f6nelik, \u00e7evreci  \u00fcr\u00fcnlerle t\u00fcketicilere ve i\u015f ortaklar\u0131na dost \u00e7\u00f6z\u00fcmler sunduklar\u0131na da de\u011finen Yurdatapan , d\u00fcnyan\u0131n en de\u011ferli kayna\u011f\u0131 olan suyun bir hazine gibi korunmas\u0131 bilinci ile tasarrufu konusunda iddial\u0131 \u00fcr\u00fcnler tasarlad\u0131klar\u0131n\u0131, \u00fcrettiklerimi ve kullan\u0131m\u0131na \u00f6zendirdiklerini de s\u00f6zlerine ekledi. Son olarak, Kale Banyo; d\u00fcnya su kaynaklar\u0131n\u0131 korumak ve israf\u0131 \u00f6nlemek d\u00fc\u015f\u00fcncesi ile hayata ge\u00e7irilen Avrupa Su Etiketi (European Water Label) belgesini alarak, bu konudaki hassasiyeti ortaya koyduklar\u0131n\u0131 ifade eden Yurdatapan , su t\u00fcketimi konusunda fark\u0131ndal\u0131k  sa\u011flayacak olan bu etiketin, Kale Banyo’nun yeni nesil tasar\u0131m felsefesiyle hayata ge\u00e7irdi\u011fi yerli \u00fcretim armat\u00fcrleri, fotoselli bataryalar\u0131 ve t\u00fcm Cold Start \u00fcr\u00fcnlerinde kullan\u0131ld\u0131\u011f\u0131na dikkat \u00e7ekti. ","protected":false},"author":1,"featured_media":0,"parent":328,"menu_order":0,"comment_status":"open","ping_status":"closed","template":"","meta":{"_links_to":"https:\/\/www.kadindostumarkalar.org\/yazilar\/yesil-donusum\/kaleseramik-daha-yesil-bir-dunya-icin-calisiyor","_links_to_target":"https:\/\/www.kadindostumarkalar.org\/yazilar\/yesil-donusum\/kaleseramik-daha-yesil-bir-dunya-icin-calisiyor"},"_links":{"self":[{"href":"https:\/\/www.kadindostumarkalar.org\/yazilar\/yesil-donusum\/kaleseramik-daha-yesil-bir-dunya-icin-calisiyor"}],"collection":[{"href":"urlver"}],"about":[{"href":""}],"author":[{"embeddable":true,"href":"https:\/\/www.kadindostumarkalar.org\/yazilar\/yesil-donusum\/kaleseramik-daha-yesil-bir-dunya-icin-calisiyor"}],"replies":[{"embeddable":true,"href":"https:\/\/www.kadindostumarkalar.org\/yazilar\/yesil-donusum\/kaleseramik-daha-yesil-bir-dunya-icin-calisiyor"}],"version-history":[{"count":1125,"href":"https:\/\/www.kadindostumarkalar.org\/yazilar\/yesil-donusum\/kaleseramik-daha-yesil-bir-dunya-icin-calisiyor"}],"predecessor-version":[{"id":328,"href":"https:\/\/www.kadindostumarkalar.org\/yazilar\/yesil-donusum\/kaleseramik-daha-yesil-bir-dunya-icin-calisiyor"}],"up":[{"embeddable":true,"href":"https:\/\/www.kadindostumarkalar.org\/yazilar\/yesil-donusum\/kaleseramik-daha-yesil-bir-dunya-icin-calisiyor"}],"wp:attachment":[{"href":"https:\/\/www.kadindostumarkalar.org\/img\/blog\/1623922345-t-one-palissandro-metalik-kizil-fishwood-scaled.jpg"}],"curies":[{"name":".Net","href":"https:\/\/api.w.org\/{rel}","templated":true}]}}