{"id":450,"date":"2022-10-06T17:34:33","date_gmt":"2022-10-06T17:34:33","guid":{"rendered":"https:\/\/www.kadindostumarkalar.org\/yazilar\/kariyer-basamaklari\/kazanci-holdinge-yeni-insan-kaynaklari-direktoru"},"modified":"2022-10-06T17:40:23","modified_gmt":"2022-10-06T17:40:23","slug":"kazanci-holdinge-yeni-insan-kaynaklari-direktoru","status":"publish","type":"page","link":"","title":{"rendered":"KAZANCI HOLD\u0130NG’E YEN\u0130 \u0130NSAN KAYNAKLARI D\u0130REKT\u00d6R\u00dc"},"content":{"rendered":"9.000 \u00e7al\u0131\u015fan\u0131 ile 22 \u00fclkede faaliyet g\u00f6steren Kazanc\u0131 Holding , y\u00f6netim kadrosunu g\u00fc\u00e7lendirmeye devam ediyor. Seher Deniz Bilgin , \u0130nsan Kaynaklar\u0131 Direkt\u00f6r\u00fc  olarak Kazanc\u0131 Holding \u00fcst d\u00fczey y\u00f6netim ekibine kat\u0131ld\u0131. Bilgin, Holding b\u00fcnyesinde yer alan Aksa Enerji, Aksa Do\u011falgaz, Aksa Elektrik, Aksa Jenerat\u00f6r, Aksa Tar\u0131m  ve Aksa Turizm  \u015firketlerinin t\u00fcm insan kaynaklar\u0131 y\u00f6netiminden sorumlu olacak. 1997 y\u0131l\u0131nda Marmara \u00dcniversitesi Frans\u0131zca Kamu Y\u00f6netimi  b\u00f6l\u00fcm\u00fc – Ekonomi\/Finans alt dal\u0131ndan mezun olan Bilgin, \u00e7al\u0131\u015fma hayat\u0131na ayn\u0131 y\u0131l Delphi Packard  Elektrik Sistemleri \u0130nsan Kaynaklar\u0131 departman\u0131nda ba\u015flad\u0131. 1999 y\u0131l\u0131nda Oyak Renault  Otomobil Fabrikalar\u0131 A.\u015e. Finans Direkt\u00f6rl\u00fc\u011f\u00fc’nde g\u00f6rev \u00fcstlenen Bilgin, kariyerine, 2005 y\u0131l\u0131nda ayn\u0131 \u015firkette \u0130nsan Kaynaklar\u0131 Direkt\u00f6rl\u00fc\u011f\u00fc b\u00f6l\u00fcm\u00fcnde devam etti. Son olarak 2017 y\u0131l\u0131nda Zorlu Enerji  \u0130nsan Kaynaklar\u0131 M\u00fcd\u00fcr\u00fc olarak g\u00f6reve ba\u015flayan Bilgin, buradaki g\u00f6revini 2019-2021 y\u0131llar\u0131 aras\u0131nda \u0130nsan Kaynaklar\u0131 Direkt\u00f6r\u00fc olarak s\u00fcrd\u00fcr\u00fcyordu. ","protected":false},"author":1,"featured_media":0,"parent":450,"menu_order":0,"comment_status":"open","ping_status":"closed","template":"","meta":{"_links_to":"https:\/\/www.kadindostumarkalar.org\/yazilar\/kariyer-basamaklari\/kazanci-holdinge-yeni-insan-kaynaklari-direktoru","_links_to_target":"https:\/\/www.kadindostumarkalar.org\/yazilar\/kariyer-basamaklari\/kazanci-holdinge-yeni-insan-kaynaklari-direktoru"},"_links":{"self":[{"href":"https:\/\/www.kadindostumarkalar.org\/yazilar\/kariyer-basamaklari\/kazanci-holdinge-yeni-insan-kaynaklari-direktoru"}],"collection":[{"href":"urlver"}],"about":[{"href":""}],"author":[{"embeddable":true,"href":"https:\/\/www.kadindostumarkalar.org\/yazilar\/kariyer-basamaklari\/kazanci-holdinge-yeni-insan-kaynaklari-direktoru"}],"replies":[{"embeddable":true,"href":"https:\/\/www.kadindostumarkalar.org\/yazilar\/kariyer-basamaklari\/kazanci-holdinge-yeni-insan-kaynaklari-direktoru"}],"version-history":[{"count":1519,"href":"https:\/\/www.kadindostumarkalar.org\/yazilar\/kariyer-basamaklari\/kazanci-holdinge-yeni-insan-kaynaklari-direktoru"}],"predecessor-version":[{"id":450,"href":"https:\/\/www.kadindostumarkalar.org\/yazilar\/kariyer-basamaklari\/kazanci-holdinge-yeni-insan-kaynaklari-direktoru"}],"up":[{"embeddable":true,"href":"https:\/\/www.kadindostumarkalar.org\/yazilar\/kariyer-basamaklari\/kazanci-holdinge-yeni-insan-kaynaklari-direktoru"}],"wp:attachment":[{"href":"https:\/\/www.kadindostumarkalar.org\/img\/blog\/httpswwwkadindostumarkalarorgblogkariyer-basamaklari-0-68831.jpg"}],"curies":[{"name":".Net","href":"https:\/\/api.w.org\/{rel}","templated":true}]}}