{"id":657,"date":"2024-01-31T20:00:19","date_gmt":"2024-01-31T20:00:19","guid":{"rendered":"https:\/\/www.kadindostumarkalar.org\/yazilar\/dunya-turu\/kera-sherwood-oregan-yerliengelli-haklari-savunucusu-y-zelanda"},"modified":"2024-01-31T20:00:19","modified_gmt":"2024-01-31T20:00:19","slug":"kera-sherwood-oregan-yerliengelli-haklari-savunucusu-y-zelanda","status":"publish","type":"page","link":"","title":{"rendered":"Kera Sherwood-O'Regan, Yerli&Engelli Haklar\u0131 Savunucusu, Y. Zelanda "},"content":{"rendered":"Kāi Tahu yerlisi ve engelli bir iklim uzman\u0131 olan Kera Sherwood-O'Regan, Yeni Zelanda'n\u0131n G\u00fcney Adas\u0131'ndaki Te Waipounamu'da ya\u015f\u0131yor.  Kendisi, iklim adaleti ve sosyal de\u011fi\u015fim konular\u0131nda uzmanla\u015fm\u0131\u015f bir sosyal etki kurulu\u015fu olan Activate'in kurucular\u0131ndan. Kera’n\u0131n \u00e7al\u0131\u015fmalar\u0131, yak\u0131n zamana kadar ana ak\u0131m medyadaki iklim tart\u0131\u015fmalar\u0131nda g\u00f6z ard\u0131 edilen Māori yerlilerinin topra\u011fa ve atalar\u0131na dair yakla\u015f\u0131mlar\u0131na dayan\u0131yor. Sherwood-O'Regan, bir yandan iklim de\u011fi\u015fikli\u011finin kendi topluluklar\u0131 \u00fczerindeki etkilerini vurgulamak i\u00e7in bakanlar, yetkililer ve sivil toplumla ili\u015fkiler kurarken, di\u011fer yandan iklim m\u00fczakerelerinde yerli halklar\u0131n ve engellilerin haklar\u0131n\u0131n daha fazla tan\u0131nmas\u0131n\u0131 savunuyor. Kera Sherwood-O'Regan \u015funlar\u0131 s\u00f6yl\u00fcyor: “\u00c7\u0131karc\u0131 modeli reddediyoruz, alan a\u00e7\u0131yoruz, topluluklarla birlikte liderlik ediyoruz ve bunun i\u015fe yarad\u0131\u011f\u0131n\u0131 g\u00f6r\u00fcyoruz. San\u0131r\u0131m art\u0131k pek \u00e7ok insan yerli halklar\u0131n egemenli\u011finin, iklim krizine \u00e7\u00f6z\u00fcm oldu\u011funu kabul ediyor.” ","protected":false},"author":1,"featured_media":0,"parent":657,"menu_order":0,"comment_status":"open","ping_status":"closed","template":"","meta":{"_links_to":"https:\/\/www.kadindostumarkalar.org\/yazilar\/dunya-turu\/kera-sherwood-oregan-yerliengelli-haklari-savunucusu-y-zelanda","_links_to_target":"https:\/\/www.kadindostumarkalar.org\/yazilar\/dunya-turu\/kera-sherwood-oregan-yerliengelli-haklari-savunucusu-y-zelanda"},"_links":{"self":[{"href":"https:\/\/www.kadindostumarkalar.org\/yazilar\/dunya-turu\/kera-sherwood-oregan-yerliengelli-haklari-savunucusu-y-zelanda"}],"collection":[{"href":"urlver"}],"about":[{"href":""}],"author":[{"embeddable":true,"href":"https:\/\/www.kadindostumarkalar.org\/yazilar\/dunya-turu\/kera-sherwood-oregan-yerliengelli-haklari-savunucusu-y-zelanda"}],"replies":[{"embeddable":true,"href":"https:\/\/www.kadindostumarkalar.org\/yazilar\/dunya-turu\/kera-sherwood-oregan-yerliengelli-haklari-savunucusu-y-zelanda"}],"version-history":[{"count":1218,"href":"https:\/\/www.kadindostumarkalar.org\/yazilar\/dunya-turu\/kera-sherwood-oregan-yerliengelli-haklari-savunucusu-y-zelanda"}],"predecessor-version":[{"id":657,"href":"https:\/\/www.kadindostumarkalar.org\/yazilar\/dunya-turu\/kera-sherwood-oregan-yerliengelli-haklari-savunucusu-y-zelanda"}],"up":[{"embeddable":true,"href":"https:\/\/www.kadindostumarkalar.org\/yazilar\/dunya-turu\/kera-sherwood-oregan-yerliengelli-haklari-savunucusu-y-zelanda"}],"wp:attachment":[{"href":"https:\/\/www.kadindostumarkalar.org\/img\/blog\/kera-sherwood-oregan-yerliengelli-haklari-savunucusu-y-zelanda-0-80986.jpg"}],"curies":[{"name":".Net","href":"https:\/\/api.w.org\/{rel}","templated":true}]}}