{"id":445,"date":"2022-10-06T16:44:34","date_gmt":"2022-10-06T16:44:34","guid":{"rendered":"https:\/\/www.kadindostumarkalar.org\/yazilar\/kariyer-basamaklari\/kervan-gida-pazarlama-direktoru-esra-gur"},"modified":"2022-10-06T16:45:48","modified_gmt":"2022-10-06T16:45:48","slug":"kervan-gida-pazarlama-direktoru-esra-gur","status":"publish","type":"page","link":"","title":{"rendered":"KERVAN GIDA PAZARLAMA D\u0130REKT\u00d6R\u00dc: ESRA G\u00dcR"},"content":{"rendered":"T\u00fcrkiye’nin en b\u00fcy\u00fck yumu\u015fak \u015feker \u00fcreticisi Kervan G\u0131da , halka arz sonras\u0131 h\u0131zland\u0131rd\u0131\u011f\u0131 organizasyonel d\u00f6n\u00fc\u015f\u00fcm faaliyetleri \u00e7er\u00e7evesinde b\u00fcy\u00fcmeyi s\u00fcrd\u00fcr\u00fcyor. Son olarak Kervan G\u0131da Pazarlama Direkt\u00f6rl\u00fc\u011f\u00fc ne sekt\u00f6r\u00fcn deneyimli isimlerinden Esra G\u00fcr  atand\u0131. Esra G\u00fcr, Ko\u00e7 \u00dcniversitesi ’nde Executive MBA  program\u0131n\u0131 tamamlad\u0131 ve kariyer ya\u015fam\u0131nda Hayat Kimya, Bayer, Vodafone  gibi \u015firketlerde pazarlama, marka y\u00f6netimi ve ticari pazarlama alanlar\u0131nda g\u00f6revler \u00fcstlendi. \u015eirketten yap\u0131lan a\u00e7\u0131klamada, Kervan G\u0131da’n\u0131n y\u00f6netim kademelerindeki kad\u0131n oran\u0131n\u0131 dengede tutmak konusundaki hassasiyeti nedeniyle \u015firketin k\u00fcresel pazarlama operasyonunun ba\u015f\u0131na bir kad\u0131n y\u00f6netici atanmas\u0131n\u0131n gurur verici oldu\u011fu vurguland\u0131. ","protected":false},"author":1,"featured_media":0,"parent":445,"menu_order":0,"comment_status":"open","ping_status":"closed","template":"","meta":{"_links_to":"https:\/\/www.kadindostumarkalar.org\/yazilar\/kariyer-basamaklari\/kervan-gida-pazarlama-direktoru-esra-gur","_links_to_target":"https:\/\/www.kadindostumarkalar.org\/yazilar\/kariyer-basamaklari\/kervan-gida-pazarlama-direktoru-esra-gur"},"_links":{"self":[{"href":"https:\/\/www.kadindostumarkalar.org\/yazilar\/kariyer-basamaklari\/kervan-gida-pazarlama-direktoru-esra-gur"}],"collection":[{"href":"urlver"}],"about":[{"href":""}],"author":[{"embeddable":true,"href":"https:\/\/www.kadindostumarkalar.org\/yazilar\/kariyer-basamaklari\/kervan-gida-pazarlama-direktoru-esra-gur"}],"replies":[{"embeddable":true,"href":"https:\/\/www.kadindostumarkalar.org\/yazilar\/kariyer-basamaklari\/kervan-gida-pazarlama-direktoru-esra-gur"}],"version-history":[{"count":1168,"href":"https:\/\/www.kadindostumarkalar.org\/yazilar\/kariyer-basamaklari\/kervan-gida-pazarlama-direktoru-esra-gur"}],"predecessor-version":[{"id":445,"href":"https:\/\/www.kadindostumarkalar.org\/yazilar\/kariyer-basamaklari\/kervan-gida-pazarlama-direktoru-esra-gur"}],"up":[{"embeddable":true,"href":"https:\/\/www.kadindostumarkalar.org\/yazilar\/kariyer-basamaklari\/kervan-gida-pazarlama-direktoru-esra-gur"}],"wp:attachment":[{"href":"https:\/\/www.kadindostumarkalar.org\/img\/blog\/kervan-gida-pazarlama-direktoru-esra-gur-0-56270.jpg"}],"curies":[{"name":".Net","href":"https:\/\/api.w.org\/{rel}","templated":true}]}}