{"id":363,"date":"2022-05-05T00:00:00","date_gmt":"2022-05-05T00:00:00","guid":{"rendered":"https:\/\/www.kadindostumarkalar.org\/yazilar\/haberler\/kirmizi--beyaz-kadinlar-odulunun-sahibi-necla-gungor-kiragasi-oldu"},"modified":"2022-06-06T14:40:40","modified_gmt":"2022-06-06T14:40:40","slug":"kirmizi--beyaz-kadinlar-odulunun-sahibi-necla-gungor-kiragasi-oldu","status":"publish","type":"page","link":"","title":{"rendered":"“KIRMIZI – BEYAZ KADINLAR \u00d6D\u00dcL\u00dc”N\u00dcN SAH\u0130B\u0130 NECLA G\u00dcNG\u00d6R KIRAGASI OLDU"},"content":{"rendered":"Bu y\u0131l 68’incisi d\u00fczenlenen Gillette Milliyet Y\u0131l\u0131n Sporcusu \u00d6d\u00fclleri’nde, McDonald’s K\u0131rm\u0131z\u0131– Beyaz Kad\u0131nlar \u00d6d\u00fcl\u00fc’n\u00fcn sahibi  T\u00fcrkiye&#8217;de A milli tak\u0131mlar d\u00fczeyinde g\u00f6rev yapan ilk kad\u0131n teknik direkt\u00f6r unvan\u0131n\u0131 ta\u015f\u0131yan  Necla G\u00fcng\u00f6r K\u0131ragas\u0131 oldu.  68. Gillette Milliyet Y\u0131l\u0131n Sporcusu \u00d6d\u00fclleri  t\u00f6reninde McDonald’s K\u0131rm\u0131z\u0131 – Beyaz Kad\u0131nlar  \u00d6d\u00fcl\u00fc ’n\u00fcn sahibi; erkek egemen bir spor  olan futbo lda varl\u0131\u011f\u0131n\u0131 g\u00f6steren, t\u00fcm kad\u0131nlara ilham olan ve onlar\u0131 cesaretlendiren A Milli Kad\u0131n Futbol Tak\u0131m\u0131 ’n\u0131n Teknik Direkt\u00f6r\u00fc Necla G\u00fcng\u00f6r K\u0131ragas\u0131  oldu. Teknik Direkt\u00f6r K\u0131ragas\u0131, \u00f6d\u00fcl\u00fcn\u00fc McDonald’s T\u00fcrkiye CEO’su O\u011fuz U\u00e7anlar ’\u0131n elinden ald\u0131. T\u00f6rende, McDonald’s T\u00fcrkiye’nin, hayalleri ve hedefleri i\u00e7in m\u00fccadele eden t\u00fcm kad\u0131nlar\u0131 destekleyen, hayat\u0131n her alan\u0131nda cinsiyet e\u015fitli\u011fini  savunan ve \u00f6nyarg\u0131lar\u0131 y\u0131kmak isteyen bir marka oldu\u011funu vurgulayan McDonald’s T\u00fcrkiye CEO’su O\u011fuz U\u00e7anlar, “Kad\u0131nlar\u0131m\u0131za ‘\u0130nan Yapars\u0131n’ diyor ve onlar\u0131n i\u00e7indeki g\u00fcc\u00fc ke\u015ffetmesini ama\u00e7l\u0131yoruz” \u015feklinde konu\u015ftu. ","protected":false},"author":1,"featured_media":0,"parent":363,"menu_order":0,"comment_status":"open","ping_status":"closed","template":"","meta":{"_links_to":"https:\/\/www.kadindostumarkalar.org\/yazilar\/haberler\/kirmizi--beyaz-kadinlar-odulunun-sahibi-necla-gungor-kiragasi-oldu","_links_to_target":"https:\/\/www.kadindostumarkalar.org\/yazilar\/haberler\/kirmizi--beyaz-kadinlar-odulunun-sahibi-necla-gungor-kiragasi-oldu"},"_links":{"self":[{"href":"https:\/\/www.kadindostumarkalar.org\/yazilar\/haberler\/kirmizi--beyaz-kadinlar-odulunun-sahibi-necla-gungor-kiragasi-oldu"}],"collection":[{"href":"urlver"}],"about":[{"href":""}],"author":[{"embeddable":true,"href":"https:\/\/www.kadindostumarkalar.org\/yazilar\/haberler\/kirmizi--beyaz-kadinlar-odulunun-sahibi-necla-gungor-kiragasi-oldu"}],"replies":[{"embeddable":true,"href":"https:\/\/www.kadindostumarkalar.org\/yazilar\/haberler\/kirmizi--beyaz-kadinlar-odulunun-sahibi-necla-gungor-kiragasi-oldu"}],"version-history":[{"count":950,"href":"https:\/\/www.kadindostumarkalar.org\/yazilar\/haberler\/kirmizi--beyaz-kadinlar-odulunun-sahibi-necla-gungor-kiragasi-oldu"}],"predecessor-version":[{"id":363,"href":"https:\/\/www.kadindostumarkalar.org\/yazilar\/haberler\/kirmizi--beyaz-kadinlar-odulunun-sahibi-necla-gungor-kiragasi-oldu"}],"up":[{"embeddable":true,"href":"https:\/\/www.kadindostumarkalar.org\/yazilar\/haberler\/kirmizi--beyaz-kadinlar-odulunun-sahibi-necla-gungor-kiragasi-oldu"}],"wp:attachment":[{"href":"https:\/\/www.kadindostumarkalar.org\/img\/blog\/kirpikkk.jpg"}],"curies":[{"name":".Net","href":"https:\/\/api.w.org\/{rel}","templated":true}]}}