{"id":162,"date":"2021-10-07T00:00:00","date_gmt":"2021-10-07T00:00:00","guid":{"rendered":"https:\/\/www.kadindostumarkalar.org\/yazilar\/vakif-dernek\/kiz-cocuklari-ve-genc-kadinlar-icin-8220artik-zamani-geldi8221"},"modified":"2022-06-02T00:23:49","modified_gmt":"2022-06-02T00:23:49","slug":"kiz-cocuklari-ve-genc-kadinlar-icin-8220artik-zamani-geldi8221","status":"publish","type":"page","link":"","title":{"rendered":"KIZ \u00c7OCUKLARI VE GEN\u00c7 KADINLAR \u0130\u00c7\u0130N &#8220;ARTIK ZAMANI GELD\u0130!&#8221;"},"content":{"rendered":"‘Dijital \u00c7a\u011fda K\u0131z \u00c7ocuklar\u0131n\u0131n Liderli\u011fi’ konusunun ele al\u0131naca\u011f\u0131, 7. D\u00fcnya K\u0131z \u00c7ocuklar\u0131 G\u00fcn\u00fc Konferans\u0131, 11 Ekim’de \u00e7evrimi\u00e7i olarak ger\u00e7ekle\u015ftirilecek.  UNICEF, UNFPA, UN Women  ve Ayd\u0131n Do\u011fan Vakf\u0131  i\u015f birli\u011fiyle 2015 y\u0131l\u0131ndan bu yana d\u00fczenlenen ve k\u0131z \u00e7ocuklar\u0131 n\u0131n \u00f6n\u00fcndeki engellere dikkat \u00e7ekmeyi ama\u00e7layan 11 Ekim D\u00fcnya K\u0131z \u00c7ocuklar\u0131 G\u00fcn\u00fc Konferans\u0131 , bu y\u0131l pandemi  ko\u015fullar\u0131 nedeniyle y\u00fcz y\u00fcze ve \u00e7evrimi\u00e7i karma \u015fekilde ger\u00e7ekle\u015fecek. 2021 y\u0131l\u0131na \u00f6zel, kapsam\u0131 geni\u015fletilerek, k\u0131z \u00e7ocuklar\u0131n\u0131n ve gen\u00e7 kad\u0131nlar \u0131n k\u00fcresel ve b\u00f6lgesel ihtiya\u00e7lar\u0131n\u0131n ele al\u0131naca\u011f\u0131 konferans Youtube&#8217;dan canl\u0131 olarak yay\u0131nlanacak. Konferans\u0131n bir di\u011fer amac\u0131 da Avrupa ve Orta Asya (AOA) B\u00f6lgesi’nde bu alanda yap\u0131lan \u00e7al\u0131\u015fmalar\u0131n g\u00fc\u00e7lendirilmesi olacak. Aralar\u0131nda b\u00f6lgesel, ulusal ve uluslararas\u0131 uzmanlar, alanlar\u0131nda tan\u0131nm\u0131\u015f isimler ve gen\u00e7lerin de bulundu\u011fu kat\u0131l\u0131mc\u0131lar, g\u00fcn\u00fcm\u00fcz k\u0131z \u00e7ocuklar\u0131n\u0131n dijital \u00e7a\u011f a \u00f6nc\u00fcl\u00fck etmesine y\u00f6nelik potansiyele, motivasyon d\u00fczeyine ve becerilere dikkat \u00e7ekecekler. Konferans bug\u00fcn\u00fcn gen\u00e7 kad\u0131nlar\u0131n\u0131n ve k\u0131z \u00e7ocuklar\u0131n\u0131n g\u00fc\u00e7lenmesini ve liderlik etmesini sa\u011flamak i\u00e7in dijital etkile\u015fim ve e\u011fitim \u00e7a\u011f\u0131nda s\u00fcrece nas\u0131l kat\u0131ld\u0131klar\u0131, kal\u0131p yarg\u0131lara kar\u015f\u0131 nas\u0131l m\u00fccadele ettikleri ve haklar\u0131n\u0131 nas\u0131l savunduklar\u0131 konular\u0131na odaklanacak. Konferans\u0131n ana konu\u015fmac\u0131s\u0131 UNICEF  Avrupa ve Orta Asya B\u00f6lge Direkt\u00f6r\u00fc Afshan Khan  olacak. “K\u0131z \u00e7ocuklar\u0131n\u0131n dijital d\u00fcnyada liderlik etmesi s\u00fcrecini desteklemeliyiz.”   Ayd\u0131n Do\u011fan Vakf\u0131  Y\u00f6netim Kurulu Ba\u015fkan Vekili Vuslat Do\u011fan Sabanc\u0131 , konuya ili\u015fkin yapt\u0131\u011f\u0131 a\u00e7\u0131klamada, gen\u00e7 k\u0131zlar\u0131n e\u011fitiminin Vakf\u0131n ana misyonu oldu\u011funu, k\u0131z \u00e7ocuklar\u0131n\u0131n g\u00fc\u00e7lendi\u011fi, her konuda liderlik edecekleri bir d\u00fcnyay\u0131 hedeflediklerini belirtti. Sarf edilen \u00e7abalar sayesinde kad\u0131nlar\u0131n ve k\u0131z \u00e7ocuklar\u0131n\u0131n haklar\u0131n\u0131 koruma ve destekleme konusunda bir\u00e7ok ilerleme kaydedildi\u011fi ancak t\u00fcm olumlu geli\u015fmelere ra\u011fmen d\u00fcnyan\u0131n pek \u00e7ok yerinde k\u0131z \u00e7ocuklar\u0131na y\u00f6nelik e\u015fitsizliklerin varl\u0131\u011f\u0131n\u0131 s\u00fcrd\u00fcrd\u00fc\u011f\u00fcn\u00fc ifade eden Do\u011fan Sabanc\u0131 , “K\u0131z \u00e7ocuklar\u0131n\u0131n hâlâ bilim, teknoloji, m\u00fchendislik ve matematik alanlar\u0131nda yeteri kadar temsil edilemedi\u011fine tan\u0131k olundu\u011funa da dikkat \u00e7ekti. D\u00fcnya genelinde internet kullan\u0131m\u0131nda y\u00fczde 17&#8217;lik bir cinsiyet fark\u0131 oldu\u011funu belirten Do\u011fan Sabanc\u0131 , \u00e7o\u011fu i\u015f kolunun yak\u0131nda ileri teknoloji becerileri gerektirece\u011fini ve T\u00fcrkiye de dahil olmak \u00fczere d\u00fcnya \u00e7ap\u0131ndaki \u00fclkelerin daha fazla dijital yetene\u011fe ihtiya\u00e7 duyaca\u011f\u0131n\u0131 ancak bug\u00fcn ya\u015fanan dijital e\u015fitsizli\u011fin, gen\u00e7 k\u0131zlar ve kad\u0131nlar a\u00e7\u0131s\u0131ndan giderek daha fazla dijital beceri ve bilgi talep eden i\u015fg\u00fcc\u00fc piyasas\u0131na eri\u015fimin \u00f6n\u00fcnde ciddi bir sorun olu\u015fturdu\u011funu dile getirdi. Bu bo\u015flu\u011fu gidermenin anahtar\u0131n\u0131n, bilim ve Bilgi Teknolojileri ile ilgili konular\u0131 takip eden gen\u00e7 k\u0131zlar a kar\u015f\u0131 yayg\u0131n \u00f6nyarg\u0131lar\u0131 ortadan kald\u0131rmak oldu\u011funu vurgulayan Do\u011fan Sabanc\u0131 s\u00f6zlerine \u015f\u00f6yle devam etti: “Kimsenin geride kalmamas\u0131n\u0131 sa\u011flamak i\u00e7in k\u0131zlar\u0131m\u0131z\u0131 daha fazla f\u0131rsata sahip olabilecekleri becerilerle donatmal\u0131y\u0131z. Ayr\u0131ca bu \u00e7ok \u00f6nemli konuyu g\u00fcndemde tutmak i\u00e7in de t\u00fcm g\u00fcc\u00fcm\u00fcz\u00fc kullanmal\u0131y\u0131z. K\u0131z \u00e7ocuklar\u0131n\u0131n dijital d\u00fcnyada liderlik etmesi s\u00fcrecini desteklemeliyiz. T\u00fcm bu olumsuzluklara kar\u015f\u0131n umutsuzlu\u011fa kap\u0131lm\u0131yoruz ve bunun bir maraton oldu\u011funu hep akl\u0131m\u0131zda tutuyoruz. K\u0131z \u00e7ocuklar\u0131n\u0131n g\u00fcc\u00fcn\u00fcn fark\u0131nday\u0131z ve pandemi gibi ola\u011fan\u00fcst\u00fc d\u00f6nemde bile g\u00fc\u00e7lenerek, dijital \u00e7a\u011f da lider olabilmeleri i\u00e7in onlar\u0131 desteklemeyi s\u00fcrd\u00fcr\u00fcyoruz.&#8221; Pek \u00e7ok k\u00fcresel zorlu\u011fa ra\u011fmen, k\u0131z \u00e7ocuklar\u0131n\u0131n ayaklar\u0131 \u00fczerinde durdu\u011funa ve de\u011fi\u015fimi talep ettiklerine dikkat \u00e7eken UNICEF T\u00fcrkiye  Temsilcisi Regina De Dominicis  ise \u015funlar\u0131 s\u00f6yledi: “D\u00fcnyan\u0131n her yerinden k\u0131z \u00e7ocuklar\u0131, e\u011fitim haklar\u0131n\u0131 savunmak, \u015fiddete kar\u015f\u0131 seslerinin y\u00fckseltmek, k\u00fcresel ve sosyal adalet i\u00e7in m\u00fccadele etmek gibi bir\u00e7ok alan\u0131n g\u00fc\u00e7l\u00fc savunucular\u0131 ve toplumlar\u0131 i\u00e7in de\u011fi\u015fimin \u00f6nc\u00fcleri oluyorlar. Kat\u0131l\u0131m f\u0131rsatlar\u0131, ortamlar\u0131 ve becerileri sunuldu\u011funda, g\u00fcn\u00fcm\u00fcz d\u00fcnyas\u0131n\u0131n 600 milyon ergen ya\u015ftaki k\u0131z \u00e7ocu\u011fu, bug\u00fcne kadar d\u00fcnyan\u0131n g\u00f6rd\u00fc\u011f\u00fc en b\u00fcy\u00fck kad\u0131n lider  grubu, giri\u015fimci  ve yenilik\u00e7i ku\u015fak  haline gelebilir. \u015eimdi, k\u0131z \u00e7ocuklar\u0131n\u0131n geli\u015fimlerine y\u00f6nelik yat\u0131r\u0131mlar\u0131 s\u00fcrd\u00fcrmenin ve onlar\u0131n dijital \u00e7a\u011f\u0131n getirdi\u011fi f\u0131rsatlardan yararlanabilmelerini sa\u011flaman\u0131n tam zaman\u0131. Bilimsel ve teknolojik \u00e7\u00f6z\u00fcmlerin h\u0131zla ilerledi\u011fi, toplumlar\u0131 ve ekonomileri d\u00f6n\u00fc\u015ft\u00fcrd\u00fc\u011f\u00fc bir d\u00f6nemde, d\u00fcnyada var olan yetene\u011fin yar\u0131s\u0131n\u0131 d\u0131\u015flamay\u0131 g\u00f6ze almam\u0131z m\u00fcmk\u00fcn de\u011fil. \u015eimdi, m\u00fcmk\u00fcn olan her durumda, kamu ve \u00f6zel sekt\u00f6r, sivil toplum ve gen\u00e7lerle birlikte, ortakl\u0131k i\u00e7inde \u00e7al\u0131\u015fman\u0131n zaman\u0131. UNICEF olarak giri\u015fimci ve yenilik\u00e7i liderlere d\u00f6n\u00fc\u015f\u00fcrken k\u0131z \u00e7ocuklar\u0131 i\u00e7in ve onlarla birlikte \u00e7al\u0131\u015fmaktan gurur duyuyoruz.” Birle\u015fmi\u015f Milletler N\u00fcfus Fonu (UNFPA)  T\u00fcrkiye Temsilcisi Hassan Mohtashami, “ UNFPA olarak, gen\u00e7lerin tam potansiyellerini ger\u00e7ekle\u015ftirebilmeleri ve \u00f6zellikle cinsel sa\u011fl\u0131k ve \u00fcreme sa\u011fl\u0131\u011f\u0131 ve haklar\u0131 konusunda daha iyi bir d\u00fcnya in\u015fa edebilmeleri i\u00e7in, k\u0131zlar\u0131n g\u00fc\u00e7lendirilmesini ve dijital d\u00fcnyadaki liderliklerini desteklemeyi savunuyoruz. Bunun yan\u0131nda, siber zorbal\u0131k  ve dijital \u015fiddet e kar\u015f\u0131 kendi becerilerinin fark\u0131nda olan ve kendi bedeni \u00fczerinde karar verme hakk\u0131na sahip \u00e7\u0131kmay\u0131 \u00f6\u011frenen bir k\u0131z \u00e7ocu\u011funun, sadece kendi hayat\u0131n\u0131n lideri olmakla kalmay\u0131p daha \u00f6zg\u00fcr, e\u015fit ve g\u00fcvenli bir d\u00fcnyaya katk\u0131 sunaca\u011f\u0131n\u0131 da biliyoruz. Dijital \u00e7a\u011fda da kimseyi geride b\u0131rakmadan, toplumsal cinsiyet e\u015fitli\u011fi  i\u00e7in m\u00fccadele etmeye devam edece\u011fiz.” \u015feklinde konu\u015ftu. Birle\u015fmi\u015f Milletler Kad\u0131n Birimi (UN Women)  \u00dclke Direkt\u00f6r\u00fc Asya Varbanova, “ Bili\u015fim ve ileti\u015fim teknolojileri (B\u0130T ), e\u011fitim ve \u00f6\u011fretimden bilgi ve hizmetlere eri\u015fime, insana yak\u0131\u015f\u0131r i\u015ften sosyal ba\u011flar\u0131n korunmas\u0131na 21. y\u00fczy\u0131lda ya\u015famlar\u0131m\u0131z\u0131n \u00e7ok \u00f6nemli bir par\u00e7as\u0131. K\u0131z \u00e7ocuklar\u0131n\u0131n bu teknolojilere eri\u015fimi, bu teknolojilerden tam anlam\u0131yla faydalanabilmeleri ve bu teknolojiler \u00fczerindeki tam kontrol\u00fc, geride b\u0131rak\u0131lmamalar\u0131nda \u00f6nemli rol oynuyor. Kad\u0131nlar ve k\u0131z \u00e7ocuklar\u0131n\u0131n dijital teknoloji ve f\u0131rsatlara e\u015fit eri\u015fimini sa\u011flamak i\u00e7in gen\u00e7lerin, sivil toplumun, h\u00fck\u00fcmetlerin ve \u00f6zel sekt\u00f6r\u00fcn de dahil oldu\u011fu \u00e7ok payda\u015fl\u0131 ve kapsay\u0131c\u0131 \u00e7\u00f6z\u00fcmlere ihtiyac\u0131m\u0131z var. B\u00f6ylece yenilik\u00e7i teknolojilerin tasarlanmas\u0131nda kad\u0131nlar ve k\u0131z \u00e7ocuklar\u0131 n\u0131n liderli\u011finin \u00f6n\u00fcn\u00fc a\u00e7abiliriz.” ifadelerini kulland\u0131. Gen\u00e7ler ve payda\u015flar hem y\u00fcz y\u00fcze hem \u00e7evrimi\u00e7i bulu\u015facak  Pandemi ko\u015fullar\u0131 nedeniyle y\u00fcz y\u00fcze ve \u00e7evrimi\u00e7i olarak karma \u015fekilde ger\u00e7ekle\u015fecek “D\u00fcnya K\u0131z \u00c7ocuklar\u0131 G\u00fcn\u00fc Konferans\u0131” kapsam\u0131nda, gen\u00e7ler ve payda\u015flar 16.00&#8217;da ba\u015flayacak ve 18.30&#8217;a kadar s\u00fcrecek bir dizi etkinlikte bir araya gelecek. Konferansta gen\u00e7 temsilcilerin, \u00fcnl\u00fc isimlerin ve uzmanlar\u0131n yer alaca\u011f\u0131 paneller, gen\u00e7ler taraf\u0131ndan haz\u0131rlanan gen\u00e7lik bildirisi, b\u00f6lgeden tan\u0131nm\u0131\u015f isimlerin ve uzmanlar\u0131n ve mesajlar\u0131n\u0131 i\u00e7eren videolar yer alacak. \u0130lk panelde “Dijital \u00c7a\u011fda K\u0131z \u00c7ocuklar\u0131n\u0131n G\u00fc\u00e7lenmesi:  F\u0131rsatlar ve Zorluklar” ele al\u0131nacak, ikinci panelde ise “Toplumsal Cinsiyet E\u015fitli\u011fi ni Geli\u015ftirmeye y\u00f6nelik Dijital Alan ve Beceriler” konusu derinlemesine irdelenecek. ","protected":false},"author":1,"featured_media":0,"parent":162,"menu_order":0,"comment_status":"open","ping_status":"closed","template":"","meta":{"_links_to":"https:\/\/www.kadindostumarkalar.org\/yazilar\/vakif-dernek\/kiz-cocuklari-ve-genc-kadinlar-icin-8220artik-zamani-geldi8221","_links_to_target":"https:\/\/www.kadindostumarkalar.org\/yazilar\/vakif-dernek\/kiz-cocuklari-ve-genc-kadinlar-icin-8220artik-zamani-geldi8221"},"_links":{"self":[{"href":"https:\/\/www.kadindostumarkalar.org\/yazilar\/vakif-dernek\/kiz-cocuklari-ve-genc-kadinlar-icin-8220artik-zamani-geldi8221"}],"collection":[{"href":"urlver"}],"about":[{"href":""}],"author":[{"embeddable":true,"href":"https:\/\/www.kadindostumarkalar.org\/yazilar\/vakif-dernek\/kiz-cocuklari-ve-genc-kadinlar-icin-8220artik-zamani-geldi8221"}],"replies":[{"embeddable":true,"href":"https:\/\/www.kadindostumarkalar.org\/yazilar\/vakif-dernek\/kiz-cocuklari-ve-genc-kadinlar-icin-8220artik-zamani-geldi8221"}],"version-history":[{"count":1026,"href":"https:\/\/www.kadindostumarkalar.org\/yazilar\/vakif-dernek\/kiz-cocuklari-ve-genc-kadinlar-icin-8220artik-zamani-geldi8221"}],"predecessor-version":[{"id":162,"href":"https:\/\/www.kadindostumarkalar.org\/yazilar\/vakif-dernek\/kiz-cocuklari-ve-genc-kadinlar-icin-8220artik-zamani-geldi8221"}],"up":[{"embeddable":true,"href":"https:\/\/www.kadindostumarkalar.org\/yazilar\/vakif-dernek\/kiz-cocuklari-ve-genc-kadinlar-icin-8220artik-zamani-geldi8221"}],"wp:attachment":[{"href":"https:\/\/www.kadindostumarkalar.org\/img\/blog\/1319231.jpg"}],"curies":[{"name":".Net","href":"https:\/\/api.w.org\/{rel}","templated":true}]}}