{"id":71,"date":"2021-04-23T00:00:00","date_gmt":"2021-04-23T00:00:00","guid":{"rendered":"https:\/\/www.kadindostumarkalar.org\/yazilar\/holding\/koc-holding-birlesmis-milletler-kadin-biriminin-nesiller-boyu-esitlik-forumunda"},"modified":"2022-05-31T03:52:42","modified_gmt":"2022-05-31T03:52:42","slug":"koc-holding-birlesmis-milletler-kadin-biriminin-nesiller-boyu-esitlik-forumunda","status":"publish","type":"page","link":"","title":{"rendered":"KO\u00c7 HOLD\u0130NG B\u0130RLE\u015eM\u0130\u015e M\u0130LLETLER KADIN B\u0130R\u0130M\u0130’N\u0130N NES\u0130LLER BOYU E\u015e\u0130TL\u0130K FORUMU’NDA"},"content":{"rendered":"Birle\u015fmi\u015f Milletler Kad\u0131n Birimi (UN Women) taraf\u0131ndan kurulan ve \u00f6n\u00fcm\u00fczdeki 5 y\u0131l boyunca toplumsal cinsiyet e\u015fitli\u011fi \u00e7al\u0131\u015fmalar\u0131na y\u00f6n verecek “Nesiller Boyu E\u015fitlik Forumu’nun (The Generation Equality Forum)” Teknoloji ve \u0130novasyon Eylem Grubu liderleri aras\u0131nda yer alan Ko\u00e7 Holding, HeForShe’nin ard\u0131ndan toplumsal cinsiyet e\u015fitli\u011finin k\u00fcresel \u00f6l\u00e7ekte sa\u011flanmas\u0131 \u00e7al\u0131\u015fmalar\u0131nda \u00f6nemli bir g\u00f6rev daha \u00fcstlenmi\u015f oldu.  Birle\u015fmi\u015f Milletler Kad\u0131n Birimi (UN Women)  \u00e7at\u0131s\u0131 alt\u0131nda toplumsal cinsiyet e\u015fitli\u011fi  \u00e7al\u0131\u015fmalar\u0131na y\u00f6n verecek ‘Nesiller Boyu E\u015fitlik Forumu’ , ilk toplant\u0131s\u0131n\u0131 Meksika’n\u0131n ev sahipli\u011finde 29-31 Mart tarihlerinde \u00e7evrim i\u00e7i olarak ger\u00e7ekle\u015ftirdi. K\u00fcresel d\u00fczeyde \u00e7ok payda\u015fl\u0131 yakla\u015f\u0131m ile sivil toplum, h\u00fck\u00fcmetler, uluslararas\u0131 kurulu\u015flar ve i\u015f d\u00fcnyas\u0131n\u0131 bir araya getiren Nesiller Boyu E\u015fitlik Forumu ’nda, Ko\u00e7 Holding ’in de liderleri aras\u0131nda oldu\u011fu farkl\u0131 temalar alt\u0131nda faaliyet g\u00f6steren Eylem Gruplar\u0131 , toplumsal cinsiyet e\u015fitli\u011fi  konusundaki hedeflerini ve izleyecekleri yol haritalar\u0131n\u0131 a\u00e7\u0131klad\u0131. Forumda, “Dijital teknolojilere ve evrensel dijital okuryazarl\u0131\u011fa olan eri\u015fimi art\u0131rarak cinsiyetler aras\u0131 dijital u\u00e7urumu yar\u0131 yar\u0131ya azaltmak, kad\u0131n ve k\u0131z \u00e7ocuklar\u0131n\u0131n ihtiya\u00e7lar\u0131na y\u00f6nelik teknolojilere ve inovasyona yap\u0131lan yat\u0131r\u0131mlar\u0131 y\u00fczde 50 art\u0131rmak, teknoloji ve inovasyon alan\u0131nda istihdam edilen kad\u0131n oran\u0131n\u0131 iki kat\u0131na \u00e7\u0131karmak, \u00fclkeleri ve teknoloji \u015firketlerini teknoloji temelli cinsiyete dayal\u0131 \u015fiddet konusunda hesap verebilir hale getirmek” olarak belirlenen 2026 hedefleri, Teknoloji ve  \u0130novasyon Eylem Grubu &#8216;nun \u00e7al\u0131\u015fmalar\u0131n\u0131 \u015fekillendirecek.  Forum kapsam\u0131nda, Ko\u00e7 Holding  Kurumsal \u0130leti\u015fim ve D\u0131\u015f \u0130li\u015fkiler Direkt\u00f6r\u00fc Oya \u00dcnl\u00fc K\u0131z\u0131l , ‘Toplumsal Cinsiyet E\u015fitli\u011fi  i\u00e7in Teknoloji  ve \u0130novasyon ’ ba\u015fl\u0131kl\u0131 oturumda, cinsiyetler aras\u0131 dijital  u\u00e7urumun, toplumsal  cinsiyet e\u015fitli\u011fi ni sa\u011flama noktas\u0131nda g\u00fcn ge\u00e7tik\u00e7e daha da derinle\u015fen bir sorun haline geldi\u011fine vurgu yapt\u0131. T\u00fcm d\u00fcnyada etkisi devam eden Covid-19  pandemisinin ayn\u0131 zamanda e\u015fsiz bir f\u0131rsat sundu\u011funa dikkat \u00e7eken K\u0131z\u0131l , “Teknoloji ve \u0130novasyon Eylem Grubu  liderleri olarak kamu ve \u00f6zel sekt\u00f6rdeki payda\u015flar\u0131m\u0131zla beraber Covid-19  sonras\u0131 toparlanma d\u00f6neminde toplumsal cinsiyet e\u015fitli\u011fi ni esas alan bir dijital d\u00f6n\u00fc\u015f\u00fcm modelini benimsemeliyiz.” dedi. K\u0131z\u0131l , bu f\u0131rsat\u0131 de\u011ferlendirmek i\u00e7in herkese \u00f6nemli g\u00f6revler d\u00fc\u015ft\u00fc\u011f\u00fcn\u00fc, toplumsal cinsiyet e\u015fitli\u011fi konusunda b\u00fcy\u00fck \u00e7apl\u0131 d\u00f6n\u00fc\u015f\u00fcm projelerini hayata ge\u00e7irebilmek i\u00e7in h\u00fck\u00fcmetlerden \u00f6zel sekt\u00f6re, uluslararas\u0131 kurulu\u015flardan sivil topluma kadar bir\u00e7ok payda\u015f\u0131n \u00f6nemli taahh\u00fctlerine ihtiya\u00e7 oldu\u011funu belirtti. Ko\u00e7 Holding  olarak liderleri aras\u0131nda yer ald\u0131klar\u0131 Teknoloji ve \u0130novasyon Eylem Grubu &#8216;nun bu payda\u015flar\u0131 harekete ge\u00e7irecek \u00f6zel bir platform oldu\u011funu d\u00fc\u015f\u00fcnd\u00fcklerini dile getiren K\u0131z\u0131l : “\u00d6n\u00fcm\u00fczdeki d\u00f6nemde belirledi\u011fimiz hedeflere ula\u015fabilmek ve edindi\u011fimiz tecr\u00fcbeyi kendi ekosistemimiz ve daha da \u00f6tesine ta\u015f\u0131yabilmek i\u00e7in teknoloji  ve inovasyon  alan\u0131ndaki kabiliyetlerimizi en iyi \u015fekilde kullanmay\u0131 hedefliyoruz.” diyerek konu\u015fmas\u0131n\u0131 tamamlad\u0131. ","protected":false},"author":1,"featured_media":0,"parent":71,"menu_order":0,"comment_status":"open","ping_status":"closed","template":"","meta":{"_links_to":"https:\/\/www.kadindostumarkalar.org\/yazilar\/holding\/koc-holding-birlesmis-milletler-kadin-biriminin-nesiller-boyu-esitlik-forumunda","_links_to_target":"https:\/\/www.kadindostumarkalar.org\/yazilar\/holding\/koc-holding-birlesmis-milletler-kadin-biriminin-nesiller-boyu-esitlik-forumunda"},"_links":{"self":[{"href":"https:\/\/www.kadindostumarkalar.org\/yazilar\/holding\/koc-holding-birlesmis-milletler-kadin-biriminin-nesiller-boyu-esitlik-forumunda"}],"collection":[{"href":"urlver"}],"about":[{"href":""}],"author":[{"embeddable":true,"href":"https:\/\/www.kadindostumarkalar.org\/yazilar\/holding\/koc-holding-birlesmis-milletler-kadin-biriminin-nesiller-boyu-esitlik-forumunda"}],"replies":[{"embeddable":true,"href":"https:\/\/www.kadindostumarkalar.org\/yazilar\/holding\/koc-holding-birlesmis-milletler-kadin-biriminin-nesiller-boyu-esitlik-forumunda"}],"version-history":[{"count":1186,"href":"https:\/\/www.kadindostumarkalar.org\/yazilar\/holding\/koc-holding-birlesmis-milletler-kadin-biriminin-nesiller-boyu-esitlik-forumunda"}],"predecessor-version":[{"id":71,"href":"https:\/\/www.kadindostumarkalar.org\/yazilar\/holding\/koc-holding-birlesmis-milletler-kadin-biriminin-nesiller-boyu-esitlik-forumunda"}],"up":[{"embeddable":true,"href":"https:\/\/www.kadindostumarkalar.org\/yazilar\/holding\/koc-holding-birlesmis-milletler-kadin-biriminin-nesiller-boyu-esitlik-forumunda"}],"wp:attachment":[{"href":"https:\/\/www.kadindostumarkalar.org\/img\/blog\/koc-holding-forum.jpg"}],"curies":[{"name":".Net","href":"https:\/\/api.w.org\/{rel}","templated":true}]}}