{"id":321,"date":"2021-10-08T00:00:00","date_gmt":"2021-10-08T00:00:00","guid":{"rendered":"https:\/\/www.kadindostumarkalar.org\/yazilar\/yesil-donusum\/koc-holding-dusuk-karbon-ekonomisine-gecis-yolculugunda-kuresel-bir-adim-daha-atti"},"modified":"2022-06-06T13:11:56","modified_gmt":"2022-06-06T13:11:56","slug":"koc-holding-dusuk-karbon-ekonomisine-gecis-yolculugunda-kuresel-bir-adim-daha-atti","status":"publish","type":"page","link":"","title":{"rendered":"KO\u00c7 HOLD\u0130NG D\u00dc\u015e\u00dcK KARBON EKONOM\u0130S\u0130NE GE\u00c7\u0130\u015e YOLCULU\u011eUNDA K\u00dcRESEL B\u0130R ADIM DAHA ATTI"},"content":{"rendered":"\u00c7evresel, sosyal ve kurumsal y\u00f6netim (ESG) \u00e7al\u0131\u015fmalar\u0131n\u0131 k\u00fcresel \u00f6l\u00e7ekte y\u00fcr\u00fctt\u00fc\u011f\u00fc i\u015f birlikleri ile b\u00fcy\u00fcten Ko\u00e7 Holding, 2050 y\u0131l\u0131nda karbon n\u00f6trolma yol haritas\u0131nda \u00f6nemli bir ad\u0131m daha att\u0131.   \u0130klim de\u011fi\u015fikli\u011finden kaynaklanan riskleri ve olu\u015fabilecek f\u0131rsatlar\u0131 TCFD  \u00e7er\u00e7evesinde y\u00f6netmeyi, payda\u015flar\u0131na d\u00fczenli olarak a\u00e7\u0131klamay\u0131 ve ekosistemine yayg\u0131nla\u015ft\u0131rmay\u0131 hedefleyen Ko\u00e7 Holding , G-20 ’nin Finansal \u0130stikrar Kurulu  taraf\u0131ndan olu\u015fturulan TCFD ’nin k\u00fcresel destek\u00e7ileri aras\u0131na kat\u0131ld\u0131. \u0130klimle Ba\u011flant\u0131l\u0131 Finansal Beyanlar G\u00f6rev G\u00fcc\u00fc, iklim de\u011fi\u015fikli\u011finden kaynaklanan risklerin ve olu\u015fabilecek f\u0131rsatlar\u0131n y\u00f6netilmesini, bu do\u011frultuda hedefler belirlenmesini ve \u015firketlerin elde ettikleri ilerlemeyi payda\u015flar\u0131yla payla\u015fmalar\u0131n\u0131 hedefliyor.  Ko\u00e7 Toplulu\u011fu  olarak \u00e7evresel, sosyal ve kurumsal y\u00f6netim konular\u0131n\u0131 ‘Gelece\u011fe. Birlikte’  stratejisi \u00e7er\u00e7evesinde y\u00f6nettiklerini vurgulayan Ko\u00e7 Holding  CEO’su Levent \u00c7ak\u0131ro\u011flu , “Ko\u00e7 Toplulu\u011fu olarak i\u015fimizi b\u00fcy\u00fct\u00fcrken, insan\u0131 oda\u011f\u0131na alan, d\u00fcnyay\u0131 ve toplumu g\u00f6zeten bir yakla\u015f\u0131mla hareket etmeye \u00f6zen g\u00f6steriyoruz.” dedi. Ko\u00e7 Toplulu\u011fu’nun d\u00fc\u015f\u00fck karbon ekonomisi ne ge\u00e7i\u015f yolculu\u011funda bu g\u00f6rev g\u00fcc\u00fcn\u00fcn ortaya koydu\u011fu \u00e7er\u00e7evenin \u00e7ok k\u0131ymetli oldu\u011funa inand\u0131\u011f\u0131n\u0131 belirten \u00c7ak\u0131ro\u011flu , i\u00e7inde bulunulan k\u00fclt\u00fcrel d\u00f6n\u00fc\u015f\u00fcm s\u00fcrecinde iklim de\u011fi\u015fikli\u011fi  ile ilgili att\u0131klar\u0131 her ad\u0131mda Ko\u00e7 Toplulu\u011funu k\u00fcresel liderler aras\u0131na ta\u015f\u0131yacak \u00e7al\u0131\u015fmalar\u0131 hayata ge\u00e7irmeye odakland\u0131klar\u0131n\u0131 ve bu kapsamda, Avrupa Birli\u011fi’nin iklim de\u011fi\u015fikli\u011fi yle m\u00fccadelenin merkezine koydu\u011fu, ayn\u0131 zamanda dijital d\u00f6n\u00fc\u015f\u00fcm \u00fc h\u0131zland\u0131racak ve rekabet\u00e7i \u00fcst\u00fcnl\u00fck sa\u011flayacak bir ekonomik b\u00fcy\u00fcme modeli olarak konumland\u0131rd\u0131\u011f\u0131 Ye\u015fil Mutabakat ’\u0131 yak\u0131ndan takip ederek, \u00e7al\u0131\u015fmalar\u0131na bu do\u011frultuda y\u00f6n verdiklerini aktard\u0131. \u00c7ak\u0131ro\u011flu , “D\u00fcnya Ekonomik Forumu (WEF)  b\u00fcnyesinde Uluslararas\u0131 \u0130\u015f Konseyi  taraf\u0131ndan olu\u015fturulan ESG  alanlar\u0131ndaki performans\u0131m\u0131z\u0131 ve ilerlememizi \u015feffaf bir \u015fekilde payla\u015fmam\u0131za katk\u0131 sa\u011flayacak ‘Payda\u015f Kapitalizmi G\u00f6stergeleri ’ni kurumsal raporlamalar\u0131nda kullanaca\u011f\u0131n\u0131 taahh\u00fct eden T\u00fcrkiye’deki ilk \u015firket olduktan sonra, \u015fimdi de \u0130klimle Ba\u011flant\u0131l\u0131 Finansal Beyanlar G\u00f6rev G\u00fcc\u00fc ’nde yer alarak bu alandaki \u00e7al\u0131\u015fmalar\u0131m\u0131z\u0131 daha da ileriye ta\u015f\u0131may\u0131 hedefliyoruz. \u00d6n\u00fcm\u00fczdeki d\u00f6nemde detaylar\u0131n\u0131 kamuoyu ile payla\u015faca\u011f\u0131m\u0131z karbon d\u00f6n\u00fc\u015f\u00fcm  yolculu\u011fumuzun stratejik par\u00e7alar\u0131ndan birini Ko\u00e7 Toplulu\u011fu d\u00fczeyinde iklim de\u011fi\u015fikli\u011fi  oda\u011f\u0131ndaki risk ve f\u0131rsatlar\u0131 dikkate alarak ortaya koyaca\u011f\u0131m\u0131z hedefler olu\u015fturacak. Bu s\u00fcre\u00e7te TCFD  olarak bilinen ‘\u0130klimle Ba\u011flant\u0131l\u0131 Finansal Beyanlar G\u00f6rev G\u00fcc\u00fc’n\u00fcn belirledi\u011fi k\u00fcresel \u00e7er\u00e7eveyi \u00f6nemli rehberlerimizden biri olarak alaca\u011f\u0131z.” \u015feklinde konu\u015ftu. ","protected":false},"author":1,"featured_media":0,"parent":321,"menu_order":0,"comment_status":"open","ping_status":"closed","template":"","meta":{"_links_to":"https:\/\/www.kadindostumarkalar.org\/yazilar\/yesil-donusum\/koc-holding-dusuk-karbon-ekonomisine-gecis-yolculugunda-kuresel-bir-adim-daha-atti","_links_to_target":"https:\/\/www.kadindostumarkalar.org\/yazilar\/yesil-donusum\/koc-holding-dusuk-karbon-ekonomisine-gecis-yolculugunda-kuresel-bir-adim-daha-atti"},"_links":{"self":[{"href":"https:\/\/www.kadindostumarkalar.org\/yazilar\/yesil-donusum\/koc-holding-dusuk-karbon-ekonomisine-gecis-yolculugunda-kuresel-bir-adim-daha-atti"}],"collection":[{"href":"urlver"}],"about":[{"href":""}],"author":[{"embeddable":true,"href":"https:\/\/www.kadindostumarkalar.org\/yazilar\/yesil-donusum\/koc-holding-dusuk-karbon-ekonomisine-gecis-yolculugunda-kuresel-bir-adim-daha-atti"}],"replies":[{"embeddable":true,"href":"https:\/\/www.kadindostumarkalar.org\/yazilar\/yesil-donusum\/koc-holding-dusuk-karbon-ekonomisine-gecis-yolculugunda-kuresel-bir-adim-daha-atti"}],"version-history":[{"count":1345,"href":"https:\/\/www.kadindostumarkalar.org\/yazilar\/yesil-donusum\/koc-holding-dusuk-karbon-ekonomisine-gecis-yolculugunda-kuresel-bir-adim-daha-atti"}],"predecessor-version":[{"id":321,"href":"https:\/\/www.kadindostumarkalar.org\/yazilar\/yesil-donusum\/koc-holding-dusuk-karbon-ekonomisine-gecis-yolculugunda-kuresel-bir-adim-daha-atti"}],"up":[{"embeddable":true,"href":"https:\/\/www.kadindostumarkalar.org\/yazilar\/yesil-donusum\/koc-holding-dusuk-karbon-ekonomisine-gecis-yolculugunda-kuresel-bir-adim-daha-atti"}],"wp:attachment":[{"href":"https:\/\/www.kadindostumarkalar.org\/img\/blog\/karbon.jpg"}],"curies":[{"name":".Net","href":"https:\/\/api.w.org\/{rel}","templated":true}]}}