{"id":455,"date":"2022-10-06T18:39:06","date_gmt":"2022-10-06T18:39:06","guid":{"rendered":"https:\/\/www.kadindostumarkalar.org\/yazilar\/kariyer-basamaklari\/kocaer-celikte-ust-duzey-atama"},"modified":"2022-10-06T18:39:45","modified_gmt":"2022-10-06T18:39:45","slug":"kocaer-celikte-ust-duzey-atama","status":"publish","type":"page","link":"","title":{"rendered":"KOCAER \u00c7EL\u0130K’TE \u00dcST D\u00dcZEY ATAMA"},"content":{"rendered":"Kocaer \u00c7elik ’te Z\u00fcmr\u00fct Can Ambarc\u0131 , Strateji ve Yat\u0131r\u0131mc\u0131 \u0130li\u015fkilerinden sorumlu Genel M\u00fcd\u00fcr Yard\u0131mc\u0131s\u0131  olarak atand\u0131. \u0130stanbul \u00dcniversitesi ’nde ekonomi lisans ve Sermaye Piyasalar\u0131 ve Borsa y\u00fcksek lisans e\u011fitimin ard\u0131ndan New York \u00dcniversitesi ’nde Kurumsal Finans ve De\u011ferleme E\u011fitimi  alan Z\u00fcmr\u00fct Can Ambarc\u0131, kariyerine Yap\u0131 Kredi Bankas\u0131  Yat\u0131r\u0131m Bankac\u0131l\u0131\u011f\u0131 b\u00f6l\u00fcm\u00fcnde hisse senedi analisti olarak ba\u015flad\u0131. 25 y\u0131l\u0131 a\u015fan kariyerinde Yap\u0131 Kredi Yat\u0131r\u0131m, Ata Yat\u0131r\u0131m, Alternatif Yat\u0131r\u0131m  ve TSKB-Yat\u0131r\u0131m  Finansman gibi kurumlarda hisse senedi ara\u015ft\u0131rma ve uluslararas\u0131 hisse senedi sat\u0131\u015f b\u00f6l\u00fcmleri ba\u015fta olmak \u00fczere farkl\u0131 alanlarda y\u00f6netim kademelerinde g\u00f6rev yapan Ambarc\u0131, b\u00fcy\u00fck halka arzlarda ve kurumsal sat\u0131\u015f s\u00fcre\u00e7lerinde yer alarak, yerli ve yabanc\u0131 fonlara ara\u015ft\u0131rma hizmeti verdi. Kocaer Grubu ’na kat\u0131lmadan \u00f6nce \u0130slam Kalk\u0131nma Bankas\u0131 ’n\u0131n Derecelendirme \u015firketi IIRA Rating Agency ’de Uluslararas\u0131 Ili\u015fkiler ve Derecelendirme’den sorumlu Direkt\u00f6r ve T\u00fcrkiye \u00dclke Y\u00f6neticisi olarak g\u00f6rev yapan Ambarc\u0131, ayn\u0131 zamanda \u00d6zye\u011fin \u00dcniversitesi ’nde lisans ve y\u00fcksek lisans dersleri vermektedir. ","protected":false},"author":1,"featured_media":0,"parent":455,"menu_order":0,"comment_status":"open","ping_status":"closed","template":"","meta":{"_links_to":"https:\/\/www.kadindostumarkalar.org\/yazilar\/kariyer-basamaklari\/kocaer-celikte-ust-duzey-atama","_links_to_target":"https:\/\/www.kadindostumarkalar.org\/yazilar\/kariyer-basamaklari\/kocaer-celikte-ust-duzey-atama"},"_links":{"self":[{"href":"https:\/\/www.kadindostumarkalar.org\/yazilar\/kariyer-basamaklari\/kocaer-celikte-ust-duzey-atama"}],"collection":[{"href":"urlver"}],"about":[{"href":""}],"author":[{"embeddable":true,"href":"https:\/\/www.kadindostumarkalar.org\/yazilar\/kariyer-basamaklari\/kocaer-celikte-ust-duzey-atama"}],"replies":[{"embeddable":true,"href":"https:\/\/www.kadindostumarkalar.org\/yazilar\/kariyer-basamaklari\/kocaer-celikte-ust-duzey-atama"}],"version-history":[{"count":1074,"href":"https:\/\/www.kadindostumarkalar.org\/yazilar\/kariyer-basamaklari\/kocaer-celikte-ust-duzey-atama"}],"predecessor-version":[{"id":455,"href":"https:\/\/www.kadindostumarkalar.org\/yazilar\/kariyer-basamaklari\/kocaer-celikte-ust-duzey-atama"}],"up":[{"embeddable":true,"href":"https:\/\/www.kadindostumarkalar.org\/yazilar\/kariyer-basamaklari\/kocaer-celikte-ust-duzey-atama"}],"wp:attachment":[{"href":"https:\/\/www.kadindostumarkalar.org\/img\/blog\/kocaer-celikte-ust-duzey-atama-0-73124.jpg"}],"curies":[{"name":".Net","href":"https:\/\/api.w.org\/{rel}","templated":true}]}}