{"id":638,"date":"2023-11-30T17:38:10","date_gmt":"2023-11-30T17:38:10","guid":{"rendered":"https:\/\/www.kadindostumarkalar.org\/yazilar\/kultur-sanat\/konusan-fotograf-sergisi-hayata-kiz-cocuklarinin-gozunden-bakiyor"},"modified":"2023-11-30T17:39:13","modified_gmt":"2023-11-30T17:39:13","slug":"konusan-fotograf-sergisi-hayata-kiz-cocuklarinin-gozunden-bakiyor","status":"publish","type":"page","link":"","title":{"rendered":"KONU\u015eAN FOTO\u011eRAF SERG\u0130S\u0130 HAYATA KIZ \u00c7OCUKLARININ G\u00d6Z\u00dcNDEN BAKIYOR"},"content":{"rendered":"K\u0131z \u00e7ocuklar\u0131n\u0131 hayat\u0131n her alan\u0131nda desteklemeyi hedefleyen Suna’n\u0131n K\u0131zlar\u0131 projesinin davetiyle haz\u0131rlanan “Konu\u015fan Foto\u011fraf” sergisi 21 Kas\u0131m - 3 Aral\u0131k aras\u0131nda Pera M\u00fczesi’nin giri\u015f kat\u0131nda bulunan Pera Café’de sanatseverlerle bulu\u015fuyor.  Suna’n\u0131n K\u0131zlar\u0131 davetiyle T\u00fcrkiye’nin \u00e7e\u015fitli illerinden 8 ila 20 ya\u015f aras\u0131 50 k\u0131z \u00e7ocuk  ve gen\u00e7 kad\u0131n \u0131n g\u00fcnl\u00fck ya\u015fam deneyimlerinin aktar\u0131ld\u0131\u011f\u0131 foto\u011fraflara yer verilen “Konu\u015fan Foto\u011fraf ” sergisi, k\u0131z \u00e7ocuk olman\u0131n ne anlama geldi\u011fini onlar\u0131n g\u00f6zlerinden anlamam\u0131za, hayata nas\u0131l bakt\u0131klar\u0131n\u0131 ke\u015ffetmemize ve ya\u015fad\u0131klar\u0131 deneyimlere yakla\u015fmam\u0131za arac\u0131 olarak k\u0131z \u00e7ocuklar\u0131n hayatlar\u0131na bir pencere a\u00e7\u0131yor, seslerini duymam\u0131za imkân sa\u011fl\u0131yor.  Her foto\u011fraf, izleyicileri hem o kareyi \u00e7eken k\u0131z \u00e7ocu\u011fun benzersiz ya\u015fam yolculu\u011fu hakk\u0131nda bir hikâyeye ve bu hikâyenin par\u00e7as\u0131 olmaya hem de hayata nas\u0131l bakt\u0131klar\u0131n\u0131 ke\u015ffetme ve ya\u015fad\u0131klar\u0131 deneyimlere yakla\u015fmaya davet ediyor.  G\u00f6rsel sanat\u0131 s\u00f6zl\u00fc hikâye anlat\u0131m\u0131yla birle\u015ftirerek kat\u0131l\u0131mc\u0131lar\u0131na hikâyelerini anlatmalar\u0131 i\u00e7in g\u00fc\u00e7 veren “Konu\u015fan Foto\u011fraf” (photovoice) y\u00f6ntemiyle geli\u015ftirilen sergi, Pera M\u00fczesi’nin giri\u015f kat\u0131nda bulunan Pera Café’de, 21 Kas\u0131m - 3 Aral\u0131k aras\u0131nda ziyaret edilebilecek. “Sergi bizlere k\u0131z \u00e7ocuklar\u0131n g\u00f6z\u00fcnden d\u00fcnyaya bakmak ve onlarla ba\u011f kurmak i\u00e7in imkân veriyor”  Projeye dair konu\u015fmas\u0131na, foto\u011fraf sergisiyle herkesin k\u0131z \u00e7ocuklar\u0131n \u00e7e\u015fitli bak\u0131\u015f a\u00e7\u0131lar\u0131 ile kar\u015f\u0131la\u015fmas\u0131n\u0131 ama\u00e7lad\u0131klar\u0131n\u0131 belirterek s\u00f6zlerine ba\u015flayan Suna’n\u0131n K\u0131zlar\u0131 Genel Koordinat\u00f6r\u00fc Burcu G\u00fcnd\u00fcz Ma\u015falac\u0131,  projenin hedefinde T\u00fcrkiye'nin farkl\u0131 b\u00f6lgelerinde yeti\u015fkinlerin d\u00fcnyas\u0131nda hem k\u0131z hem \u00e7ocuk olarak g\u00f6rd\u00fcklerini, anlatt\u0131klar\u0131n\u0131 g\u00f6rmeye, duymaya ve hayat\u0131 onlar\u0131 da kapsayacak \u015fekilde yeniden tasarlamaya davet ettiklerini ifade etti.  Kamu, \u00f6zel sekt\u00f6r ve sivil toplum taraf\u0131ndan \u00e7ocuklara sunulan hizmetlerden toplumun t\u00fcm kesimlerinden \u00e7ocuklar\u0131n yararlanabilmesi i\u00e7in; mekânlar\u0131n, programlar\u0131n ve faaliyetlerin k\u0131z \u00e7ocuklar i\u00e7in k\u0131z \u00e7ocuklarla birlikte, onlar\u0131n \u00f6zg\u00fcn ihtiya\u00e7lar\u0131n\u0131 dikkate alarak tasarlanmas\u0131na katk\u0131da bulunmay\u0131 hedeflediklerini de a\u00e7\u0131klayan Ma\u015falac\u0131, “K\u0131z \u00e7ocuklar i\u00e7in uygun, eri\u015filebilir ve etkili \u00e7\u00f6z\u00fcmler yaratmak ve nihayetinde k\u0131z \u00e7ocuklar\u0131n kendi ya\u015famlar\u0131n\u0131n aktif \u00f6zneleri olmas\u0131n\u0131 desteklemek amac\u0131yla k\u0131z \u00e7ocuk odakl\u0131 tasar\u0131m yakla\u015f\u0131m\u0131n\u0131 benimsiyoruz. Konu\u015fan Foto\u011fraf sergisinin kapsam\u0131 tam da bu yakla\u015f\u0131m merkeze al\u0131narak tasarland\u0131. Sergi bizlere k\u0131z \u00e7ocuklar\u0131n g\u00f6z\u00fcnden d\u00fcnyaya bakmak ve onlarla ba\u011f kurmak i\u00e7in imkân veriyor” \u015feklinde konu\u015ftu. “Konu\u015fan Foto\u011fraf” sergisi haz\u0131rl\u0131klar\u0131 Ekim ay\u0131nda sahada \u00e7ocuklarla \u00e7al\u0131\u015fan Suna’n\u0131n K\u0131zlar\u0131 payda\u015flar\u0131na y\u00f6nelik destekleyici at\u00f6lyelerle ba\u015flad\u0131. “Konu\u015fan Foto\u011fraf” (photovoice) y\u00f6ntemi \u00fczerine d\u00fczenlenen at\u00f6lyelerin y\u00fcr\u00fct\u00fcc\u00fcl\u00fc\u011f\u00fcn\u00fc InCommon  ekibinden Melis Cin  ve Nilay Y\u0131lmaz  yapt\u0131. Bu at\u00f6lyelerin hemen ard\u0131ndan yine ayn\u0131 kat\u0131l\u0131mc\u0131larla G\u00f6k\u00e7e Uysal  taraf\u0131ndan “Temel Foto\u011fraf\u00e7\u0131l\u0131k” at\u00f6lyesi yap\u0131ld\u0131. Serginin \u00e7ocuklarla olan saha uygulamas\u0131 ise bu at\u00f6lyeleri tamamlam\u0131\u015f olan Suna’n\u0131n K\u0131zlar\u0131 payda\u015flar\u0131n\u0131n kolayla\u015ft\u0131r\u0131c\u0131l\u0131\u011f\u0131nda ger\u00e7ekle\u015fti. Konu\u015fan Foto\u011fraf at\u00f6lyelerinin saha uygulamalar\u0131nda Hayata Destek Derne\u011fi, \u0130stanbul B\u00fcy\u00fck\u015fehir Belediyesi Mahalle Evleri, Ko\u00e7 Okulu, Sulukule G\u00f6n\u00fcll\u00fcleri Derne\u011fi  ve Suna’n\u0131n K\u0131zlar\u0131 saha ekipleri verdikleri \u00f6nemli destekle \u00e7ocuklar\u0131n foto\u011fraflar\u0131n\u0131n ve hikâyelerinin ilgililere ula\u015fmas\u0131n\u0131 sa\u011flad\u0131.  Sergi fikri, k\u0131z \u00e7ocuklar\u0131n bak\u0131\u015f a\u00e7\u0131lar\u0131n\u0131 ve seslerini 3 Kas\u0131m’da d\u00fczenlenen “K\u0131z \u00c7ocuk Odakl\u0131 Tasar\u0131m ” konferans\u0131na ta\u015f\u0131ma amac\u0131yla do\u011fdu; i\u00e7erik tasar\u0131m\u0131 InCommon ekibi, g\u00f6rsel tasar\u0131m\u0131 Gigler Creative  taraf\u0131ndan haz\u0131rland\u0131. ","protected":false},"author":1,"featured_media":0,"parent":638,"menu_order":0,"comment_status":"open","ping_status":"closed","template":"","meta":{"_links_to":"https:\/\/www.kadindostumarkalar.org\/yazilar\/kultur-sanat\/konusan-fotograf-sergisi-hayata-kiz-cocuklarinin-gozunden-bakiyor","_links_to_target":"https:\/\/www.kadindostumarkalar.org\/yazilar\/kultur-sanat\/konusan-fotograf-sergisi-hayata-kiz-cocuklarinin-gozunden-bakiyor"},"_links":{"self":[{"href":"https:\/\/www.kadindostumarkalar.org\/yazilar\/kultur-sanat\/konusan-fotograf-sergisi-hayata-kiz-cocuklarinin-gozunden-bakiyor"}],"collection":[{"href":"urlver"}],"about":[{"href":""}],"author":[{"embeddable":true,"href":"https:\/\/www.kadindostumarkalar.org\/yazilar\/kultur-sanat\/konusan-fotograf-sergisi-hayata-kiz-cocuklarinin-gozunden-bakiyor"}],"replies":[{"embeddable":true,"href":"https:\/\/www.kadindostumarkalar.org\/yazilar\/kultur-sanat\/konusan-fotograf-sergisi-hayata-kiz-cocuklarinin-gozunden-bakiyor"}],"version-history":[{"count":1542,"href":"https:\/\/www.kadindostumarkalar.org\/yazilar\/kultur-sanat\/konusan-fotograf-sergisi-hayata-kiz-cocuklarinin-gozunden-bakiyor"}],"predecessor-version":[{"id":638,"href":"https:\/\/www.kadindostumarkalar.org\/yazilar\/kultur-sanat\/konusan-fotograf-sergisi-hayata-kiz-cocuklarinin-gozunden-bakiyor"}],"up":[{"embeddable":true,"href":"https:\/\/www.kadindostumarkalar.org\/yazilar\/kultur-sanat\/konusan-fotograf-sergisi-hayata-kiz-cocuklarinin-gozunden-bakiyor"}],"wp:attachment":[{"href":"https:\/\/www.kadindostumarkalar.org\/img\/blog\/konusan-fotograf-sergisi-hayata-kiz-cocuklarin-gozunden-bakiyor-0-82943.jpg"}],"curies":[{"name":".Net","href":"https:\/\/api.w.org\/{rel}","templated":true}]}}