{"id":503,"date":"2022-10-20T12:33:44","date_gmt":"2022-10-20T12:33:44","guid":{"rendered":"https:\/\/www.kadindostumarkalar.org\/yazilar\/haberler\/lead-network-ilham-veren-liderler-odulu-turkiyenin"},"modified":"2022-10-20T12:34:55","modified_gmt":"2022-10-20T12:34:55","slug":"lead-network-ilham-veren-liderler-odulu-turkiyenin","status":"publish","type":"page","link":"","title":{"rendered":"LEAD NETWORK ‘\u0130LHAM VEREN L\u0130DERLER’ \u00d6D\u00dcL\u00dc T\u00dcRK\u0130YE’N\u0130N"},"content":{"rendered":"LEAD Network’\u00fcn 13-14 Ekim’de Paris’te d\u00fczenlenen etkinli\u011finde, 2022 y\u0131l\u0131 “\u0130ham Veren Liderler” \u00f6d\u00fcl\u00fcn\u00fc LEAD Network T\u00fcrkiye Ba\u015fkan\u0131 ve Migros FMCG Direkt\u00f6r\u00fc Aysun Zaman ald\u0131.  Perakende ve h\u0131zl\u0131 t\u00fcketim \u00fcr\u00fcnleri sekt\u00f6r\u00fcn\u00fcn \u00f6nc\u00fcleri, LEAD Network  taraf\u0131ndan 13-14 Ekim’de Paris ’te d\u00fczenlenen ve 50 \u00fclkeden 700 kat\u0131l\u0131mc\u0131n\u0131n bulu\u015ftu\u011fu Avrupa’n\u0131n en b\u00fcy\u00fck \u00e7e\u015fitlilik ve kapsay\u0131c\u0131l\u0131k etkinli\u011finde bir araya geldi.  Bu y\u0131l onuncusu d\u00fczenlenen konferans\u0131n “Doing Not Trying: Lead Through Inclusion” (Denemek de\u011fil yapmak: Kapsay\u0131c\u0131l\u0131k yoluyla \u00f6nc\u00fcl\u00fck edin) temas\u0131 ile her bireyin ve her kurumun cinsiyet e\u015fitli\u011fi kapsam\u0131nda sekt\u00f6rlerde de\u011fi\u015fim yaratarak liderlik etme mesaj\u0131n\u0131n verilmesi hedeflendi. Avrupa’n\u0131n en b\u00fcy\u00fck \u00e7e\u015fitlilik ve kapsay\u0131c\u0131l\u0131k konferans\u0131nda Tchibo Strateji ve Pazarlama Direkt\u00f6r\u00fc Ceyda Kaptan , LEAD Network T\u00fcrkiye Ba\u015fkan Yard\u0131mc\u0131s\u0131 ve perakende yuvarlak masa toplant\u0131s\u0131n\u0131n ev sahibi olarak LEAD Network T\u00fcrkiye’yi temsil etti. T\u00fcrkiye ayr\u0131ca Unilever  – E\u015fitlik, \u00c7e\u015fitlilik ve Kapsay\u0131c\u0131l\u0131k Lideri Emirhan Deniz \u00c7elebi ’nin konu\u015fmac\u0131 olarak kat\u0131ld\u0131\u011f\u0131 i\u00e7eriklerle de temsil edildi. Her sene d\u00fczenlenen \u00f6d\u00fcl t\u00f6reninde, 2022 y\u0131l\u0131 “\u0130ham Veren Liderler” \u00f6d\u00fcl\u00fcn\u00fc LEAD Network T\u00fcrkiye Ba\u015fkan\u0131 ve Migros FMCG  Direkt\u00f6r\u00fc Aysun Zaman almaya hak kazand\u0131.  LEAD Network T\u00fcrkiye Ba\u015fkan\u0131 Aysun Zaman, etkinlik sonras\u0131 yapt\u0131\u011f\u0131 a\u00e7\u0131klamada, ’’Sekt\u00f6r\u00fcm\u00fczde \u00e7e\u015fitlilik ve kapsay\u0131c\u0131l\u0131k ad\u0131na \u00e7al\u0131\u015fan bu uluslararas\u0131 organizasyonun bir par\u00e7as\u0131 olmaktan gurur duyuyorum. Ayr\u0131ca ‘\u0130lham Veren Liderler ’ \u00f6d\u00fcl\u00fcne beni lay\u0131k g\u00f6rd\u00fckleri i\u00e7in herkese \u00e7ok te\u015fekk\u00fcr ediyorum.” \u015feklinde duygu ve d\u00fc\u015f\u00fcncelerini aktard\u0131. G\u00f6n\u00fclden yap\u0131lan i\u015flerin fark edilmesinin ve bunlar\u0131n \u00f6d\u00fcle d\u00f6n\u00fc\u015fm\u00fc\u015f olmas\u0131n\u0131n \u00e7ok k\u0131ymetli oldu\u011funu belirten Zaman, “Bu ba\u015far\u0131daki t\u00fcm LEAD Network T\u00fcrkiye ekibine destekleri i\u00e7in \u00e7ok te\u015fekk\u00fcr ederim. Bu ba\u015far\u0131 hepimizin ba\u015far\u0131s\u0131d\u0131r. Birlikte \u00e7\u0131kt\u0131\u011f\u0131m\u0131z bu yolda sizlerle daha b\u00fcy\u00fck i\u015fler ba\u015faraca\u011f\u0131m\u0131za inanc\u0131m sonsuz. Hepinizi g\u00f6n\u00fcll\u00fc olarak aram\u0131zda g\u00f6rmekten mutluluk duyaca\u011f\u0131z.” diyerek \u00f6d\u00fcl\u00fcn arkas\u0131ndaki ekip dayan\u0131\u015fmas\u0131n\u0131n \u00f6nemine dikkat \u00e7ekti. ","protected":false},"author":1,"featured_media":0,"parent":503,"menu_order":0,"comment_status":"open","ping_status":"closed","template":"","meta":{"_links_to":"https:\/\/www.kadindostumarkalar.org\/yazilar\/haberler\/lead-network-ilham-veren-liderler-odulu-turkiyenin","_links_to_target":"https:\/\/www.kadindostumarkalar.org\/yazilar\/haberler\/lead-network-ilham-veren-liderler-odulu-turkiyenin"},"_links":{"self":[{"href":"https:\/\/www.kadindostumarkalar.org\/yazilar\/haberler\/lead-network-ilham-veren-liderler-odulu-turkiyenin"}],"collection":[{"href":"urlver"}],"about":[{"href":""}],"author":[{"embeddable":true,"href":"https:\/\/www.kadindostumarkalar.org\/yazilar\/haberler\/lead-network-ilham-veren-liderler-odulu-turkiyenin"}],"replies":[{"embeddable":true,"href":"https:\/\/www.kadindostumarkalar.org\/yazilar\/haberler\/lead-network-ilham-veren-liderler-odulu-turkiyenin"}],"version-history":[{"count":1248,"href":"https:\/\/www.kadindostumarkalar.org\/yazilar\/haberler\/lead-network-ilham-veren-liderler-odulu-turkiyenin"}],"predecessor-version":[{"id":503,"href":"https:\/\/www.kadindostumarkalar.org\/yazilar\/haberler\/lead-network-ilham-veren-liderler-odulu-turkiyenin"}],"up":[{"embeddable":true,"href":"https:\/\/www.kadindostumarkalar.org\/yazilar\/haberler\/lead-network-ilham-veren-liderler-odulu-turkiyenin"}],"wp:attachment":[{"href":"https:\/\/www.kadindostumarkalar.org\/img\/blog\/lead-network-ilham-veren-liderler-odulu-turkiyenin-0-55069.jpg"}],"curies":[{"name":".Net","href":"https:\/\/api.w.org\/{rel}","templated":true}]}}