{"id":700,"date":"2024-05-05T02:31:41","date_gmt":"2024-05-05T02:31:41","guid":{"rendered":"https:\/\/www.kadindostumarkalar.org\/yazilar\/kariyer-basamaklari\/lezitanin-pazarlama-mudurlugune-fatos-nacar-getirildi"},"modified":"2024-05-05T08:19:08","modified_gmt":"2024-05-05T08:19:08","slug":"lezitanin-pazarlama-mudurlugune-fatos-nacar-getirildi","status":"publish","type":"page","link":"","title":{"rendered":"Lezita’n\u0131n Pazarlama M\u00fcd\u00fcrl\u00fc\u011f\u00fcne Fato\u015f Nacar getirildi"},"content":{"rendered":"Organizasyon yap\u0131s\u0131n\u0131 ‘Sat\u0131\u015f’ ve ‘Pazarlama’ b\u00f6l\u00fcm\u00fc \u015feklinde iki departmana ay\u0131ran Lezita’da Pazarlama M\u00fcd\u00fcrl\u00fc\u011f\u00fc g\u00f6revine Fato\u015f Nacar getirildi. Nacar, markan\u0131n pazarlama ve ileti\u015fim faaliyetlerinden sorumlu olacak.  T\u00fcrkiye’de et sekt\u00f6r\u00fcn\u00fcn \u00f6nemli markalar\u0131ndan Lezita’n\u0131n Pazarlama M\u00fcd\u00fcrl\u00fc\u011f\u00fcne Fato\u015f Nacar getirildi. Organizasyon yap\u0131s\u0131n\u0131 bir s\u00fcre \u00f6nce yenileyerek, ‘Sat\u0131\u015f’ ve ‘Pazarlama’ b\u00f6l\u00fcm\u00fc \u015feklinde iki departman olu\u015fturan Lezita’da Pazarlama M\u00fcd\u00fcr\u00fc olan Nacar, g\u00f6revine ba\u015flad\u0131. \u0130zmir Y\u00fcksek Teknoloji Enstit\u00fcs\u00fc Kimya M\u00fchendisli\u011fi’nden lisans, Bo\u011fazi\u00e7i \u00dcniversitesi Biyomedikal M\u00fchendisli\u011fi ve Y\u00f6netici \u0130\u015fletme b\u00f6l\u00fcmlerinden y\u00fcksek lisans derecesine sahip olan Nacar, pazarlama alan\u0131nda uzun y\u0131llara dayanan tecr\u00fcbeye sahip. Kariyerine 2014 y\u0131l\u0131nda Pfizer’de ba\u015flayan Nacar, 2017-2018 y\u0131llar\u0131 aras\u0131nda \u015e\u00f6len \u00c7ikolata’da Marka M\u00fcd\u00fcr Yard\u0131mc\u0131s\u0131, 2019-2020 y\u0131llar\u0131nda Lila Group’ta Marka M\u00fcd\u00fcr\u00fc olarak g\u00f6rev yapt\u0131. 2020 y\u0131l\u0131nda Vitabiotics’e Pazarlama M\u00fcd\u00fcr\u00fc olarak ge\u00e7i\u015f yapan Nacar, son olarak da Lezita Pazarlama M\u00fcd\u00fcr\u00fc g\u00f6revine getirilerek, markan\u0131n pazarlama ve ileti\u015fim faaliyetlerinden sorumlu olacak. ","protected":false},"author":1,"featured_media":0,"parent":700,"menu_order":0,"comment_status":"open","ping_status":"closed","template":"","meta":{"_links_to":"https:\/\/www.kadindostumarkalar.org\/yazilar\/kariyer-basamaklari\/lezitanin-pazarlama-mudurlugune-fatos-nacar-getirildi","_links_to_target":"https:\/\/www.kadindostumarkalar.org\/yazilar\/kariyer-basamaklari\/lezitanin-pazarlama-mudurlugune-fatos-nacar-getirildi"},"_links":{"self":[{"href":"https:\/\/www.kadindostumarkalar.org\/yazilar\/kariyer-basamaklari\/lezitanin-pazarlama-mudurlugune-fatos-nacar-getirildi"}],"collection":[{"href":"urlver"}],"about":[{"href":""}],"author":[{"embeddable":true,"href":"https:\/\/www.kadindostumarkalar.org\/yazilar\/kariyer-basamaklari\/lezitanin-pazarlama-mudurlugune-fatos-nacar-getirildi"}],"replies":[{"embeddable":true,"href":"https:\/\/www.kadindostumarkalar.org\/yazilar\/kariyer-basamaklari\/lezitanin-pazarlama-mudurlugune-fatos-nacar-getirildi"}],"version-history":[{"count":1086,"href":"https:\/\/www.kadindostumarkalar.org\/yazilar\/kariyer-basamaklari\/lezitanin-pazarlama-mudurlugune-fatos-nacar-getirildi"}],"predecessor-version":[{"id":700,"href":"https:\/\/www.kadindostumarkalar.org\/yazilar\/kariyer-basamaklari\/lezitanin-pazarlama-mudurlugune-fatos-nacar-getirildi"}],"up":[{"embeddable":true,"href":"https:\/\/www.kadindostumarkalar.org\/yazilar\/kariyer-basamaklari\/lezitanin-pazarlama-mudurlugune-fatos-nacar-getirildi"}],"wp:attachment":[{"href":"https:\/\/www.kadindostumarkalar.org\/img\/blog\/lezitanin-pazarlama-mudurlugune-fatos-nacar-getirildi-0-3335.jpg"}],"curies":[{"name":".Net","href":"https:\/\/api.w.org\/{rel}","templated":true}]}}