{"id":65,"date":"2020-11-24T00:00:00","date_gmt":"2020-11-24T00:00:00","guid":{"rendered":"https:\/\/www.kadindostumarkalar.org\/yazilar\/holding\/lova-kendi-isinin-patronu-kadinlar-icin-kollari-sivadi"},"modified":"2022-05-31T03:50:16","modified_gmt":"2022-05-31T03:50:16","slug":"lova-kendi-isinin-patronu-kadinlar-icin-kollari-sivadi","status":"publish","type":"page","link":"","title":{"rendered":"LOVA, KEND\u0130 \u0130\u015e\u0130N\u0130N PATRONU KADINLAR \u0130\u00c7\u0130N KOLLARI SIVADI"},"content":{"rendered":"Do\u011fta\u015f &amp; Kelebek Mobilya’n\u0131n Yatak Markas\u0131 LOVA,  KOSGEB i\u015fbirli\u011finde ba\u015flatt\u0131\u011f\u0131 “100 Kad\u0131n Bayii” projesiyle toplumsal bir fark\u0131ndal\u0131k olu\u015fturarak kad\u0131n istihdam\u0131 konusunda \u00f6nemli ad\u0131mlar atmaya ve bir\u00e7ok kad\u0131n\u0131n hayat\u0131na dokunmaya devam ediyor.  Mobilya, in\u015faat, enerji ve perakende alanlar\u0131nda \u00fclkemizi d\u00fcnyada bir\u00e7ok \u00fclkede ba\u015far\u0131lar\u0131yla temsil eden, bir\u00e7ok markas\u0131yla da ad\u0131ndan \u00e7ok\u00e7a s\u00f6z ettiren Do\u011fanlar Yat\u0131r\u0131m Holding, sosyal sorumluluk projeleriyle de e\u011fitim, sa\u011fl\u0131k, k\u00fclt\u00fcr, sanat ve \u00e7evreye b\u00fcy\u00fck de\u011fer kat\u0131yor. Toplumun yar\u0131s\u0131n\u0131 olu\u015fturan kad\u0131nlar\u0131n \u00fclke ekonomisinde daha aktif rol oynamalar\u0131 ad\u0131na “kendi i\u015finin patronu kad\u0131n” rol modelleri olu\u015fturan Do\u011fanlar Yat\u0131r\u0131m Holding , bu olu\u015fumlarla i\u015f d\u00fcnyas\u0131nda, kad\u0131n istihdam\u0131  ve toplumsal f\u0131rsat e\u015fitli\u011fi ilkelerini benimseyen marka yakla\u015f\u0131mlar\u0131 ve duyarl\u0131l\u0131k projeleri geli\u015ftirip m\u00fc\u015fterilerinde de tam not al\u0131yor. Lova&#8217;dan “100 Kad\u0131n Bayii” Projesi  Do\u011fanlar Yat\u0131r\u0131m , kad\u0131nlar\u0131n girdikleri her i\u015fi g\u00fczelle\u015ftiren, sorumluluk duygular\u0131 ve ileti\u015fim becerileriyle de markalar\u0131 \u00f6ne ta\u015f\u0131d\u0131klar\u0131na olan inanc\u0131yla bu projeyi geli\u015ftirdi ve uygulamaya koydu. Y\u0131l\u0131n ilk ayar\u0131nda, KOSGEB  ile Sanayi ve Teknoloji Bakanl\u0131\u011f\u0131’n\u0131n himayesinde bir protokol imzalayan Do\u011fanlar Yat\u0131r\u0131m , bu \u00e7er\u00e7evede, KOSGEB ’in giri\u015fimcilik e\u011fitimlerini tamamlayarak sertifika alan kad\u0131n giri\u015fimcilere, mobilya  grubu markalar\u0131ndan Lova ’n\u0131n sundu\u011fu ekstra imkanlarla, kendi i\u015fletmelerini kurma f\u0131rsat\u0131 verdi. Proje kapsam\u0131nda KOSGEB ’in devlet bankas\u0131 kaynakl\u0131 kurulu\u015f sermayesi deste\u011fi bulunuyor. Do\u011fanlar Yat\u0131r\u0131m  ise mobilya  sekt\u00f6r\u00fcnde hizmet veren Lova  markas\u0131yla protokol kapsam\u0131nda destek alacak olan kad\u0131n giri\u015fimcilere ilk kurulu\u015f donan\u0131m\u0131na ili\u015fkin \u00fcr\u00fcn kalemlerinde %10 indirim ve geri \u00f6deme avantajlar\u0131 sa\u011fl\u0131yor. B\u00fcy\u00fck ilgi g\u00f6ren ve pandeminin olumsuz etkisinin yak\u0131n zamanda bulunan a\u015f\u0131yla birlikte kal\u0131c\u0131 olarak \u00e7\u00f6z\u00fcmlenmesiyle de tekrar ivme kazanaca\u011f\u0131na kesin g\u00f6z\u00fcyle bak\u0131lan “100 Kad\u0131n Bayii”  projesiyle, kendi i\u015fletmelerini kurmay\u0131 arzu eden kad\u0131nlar\u0131n, hem markaya hem de \u00fclke ekonomisine de\u011ferli katk\u0131lar\u0131 olmaya devam edecek. “8 Mart Kad\u0131nlar G\u00fcn\u00fc’nde 8 Ma\u011fazada Kad\u0131n Eli”  Bug\u00fcne kadar \u00fcretim yapt\u0131\u011f\u0131 t\u00fcm markalar\u0131nda y\u00fcksek oranda kad\u0131n \u00e7al\u0131\u015fan istihdam eden Do\u011fanlar Yat\u0131r\u0131m Holding , ge\u00e7ti\u011fimiz 8 Mart Kad\u0131nlar G\u00fcn\u00fc ’nde 8 ma\u011fazas\u0131n\u0131 kad\u0131n yat\u0131r\u0131mc\u0131lar\u0131 ve \u00e7al\u0131\u015fanlar\u0131yla birlikte a\u00e7t\u0131. \u0130\u015ftiraki olan her sekt\u00f6rde kad\u0131n \u00e7al\u0131\u015fanlar\u0131n ve yat\u0131r\u0131mc\u0131lar\u0131n say\u0131s\u0131n\u0131n artmas\u0131n\u0131 \u00f6n planda tutan Do\u011fanlar Yat\u0131r\u0131m , yaln\u0131z \u015firketleri i\u00e7in de\u011fil, \u00fclke ekonomisinin kalk\u0131nmas\u0131 ve y\u00fcz\u00fcn\u00fc ileriye \u00e7evirmesi i\u00e7in de bu bak\u0131\u015f a\u00e7\u0131s\u0131n\u0131n yayg\u0131nla\u015fmas\u0131 gerekti\u011fi kanaatinde. Kad\u0131n istihdam\u0131 konusu olmazsa olmaz\u0131 olan Do\u011fanlar Yat\u0131r\u0131m Holding ’in; finans, mali ve idari i\u015fler, kurumsal ileti\u015fim ve insan kaynaklar\u0131 gibi departmanlar\u0131n\u0131n y\u00f6netici koltuklar\u0131, y\u0131llard\u0131r ba\u015far\u0131l\u0131 kad\u0131nlara emanet. \u0130nsan kaynaklar\u0131 politikas\u0131 gere\u011fi de hem holding hem de genel merkez taraf\u0131nda kadrolar\u0131n b\u00fcy\u00fck bir k\u0131sm\u0131n\u0131 kad\u0131nlar dolduruyor.  Do\u011fanlar Yat\u0131r\u0131m Holding Hakk\u0131nda:  Do\u011fanlar Yat\u0131r\u0131m Holding , 70’li y\u0131llar\u0131n ba\u015f\u0131nda Biga’da k\u00fc\u00e7\u00fck bir i\u015fletmeden do\u011fmu\u015f, istikrarl\u0131 b\u00fcy\u00fcme ve s\u00fcrd\u00fcr\u00fclebilir kârl\u0131l\u0131k politikalar\u0131 do\u011frultusunda bug\u00fcn uluslararas\u0131 arenada faaliyet g\u00f6steren bir gruba d\u00f6n\u00fc\u015fm\u00fc\u015f bir \u015firketler toplulu\u011fudur. \u0130n\u015faat , enerji , perakende  ve mobilya  sekt\u00f6rlerinde faaliyet g\u00f6steren \u015firket ve markalara sahip olan holding, bug\u00fcn ihracat yapmay\u0131 s\u00fcrd\u00fcrd\u00fc\u011f\u00fc 65 \u00fclkeyle uluslararas\u0131 ili\u015fkilere katk\u0131da bulunan ve sosyal sorumluluk projeleriyle e\u011fitim, sa\u011fl\u0131k, k\u00fclt\u00fcr, sanat ve \u00e7evreye duyarl\u0131 i\u015fler yapan bir yap\u0131ya sahip. Do\u011fanlar Yat\u0131r\u0131m Holding , 2012 y\u0131l\u0131nda teknolojik bir \u00fcretim ve uygulama merkezi olarak kurdu\u011fu ve alternatif enerji \u00fcretimi konusunda hizmet veren Bio TRend Enerji  ile s\u00fcrd\u00fcr\u00fclebilirlik alan\u0131nda b\u00fcy\u00fck bir proje y\u00fcr\u00fct\u00fcyor. Firma, \u00fclkemize, \u00e7evreye, do\u011faya, ekonomiye ve d\u00fcnyaya katma de\u011feri y\u00fcksek projeler hayata ge\u00e7irirken, kuruldu\u011fu g\u00fcnden bug\u00fcne kadar yenilenebilir enerji \u00fcretim alan\u0131nda portf\u00f6y\u00fcn\u00fc b\u00fcy\u00fct\u00fcyor. T\u00fcrkiye genelinde; biyok\u00fctle , evsel kat\u0131 at\u0131k ayr\u0131\u015ft\u0131rma, gazla\u015ft\u0131rma – yakma ve ATY \u00dcretimi, biyometanizasyon, at\u0131k sahas\u0131 i\u015fletimi, biyok\u00fctle  yakma tesisi ve at\u0131k \u0131s\u0131 tesisleri ile ilgili yat\u0131r\u0131mlar\u0131 bulunan firma, enerji ihtiyac\u0131n\u0131 \u00e7evreci kaynaklardan sa\u011flayarak, \u00e7\u00f6pgaz\u0131, biyok\u00fctle , at\u0131ktan t\u00fcretilmi\u015f yak\u0131t kaynaklar\u0131n\u0131 enerjiye d\u00f6n\u00fc\u015ft\u00fcr\u00fcyor. ","protected":false},"author":1,"featured_media":0,"parent":65,"menu_order":0,"comment_status":"open","ping_status":"closed","template":"","meta":{"_links_to":"https:\/\/www.kadindostumarkalar.org\/yazilar\/holding\/lova-kendi-isinin-patronu-kadinlar-icin-kollari-sivadi","_links_to_target":"https:\/\/www.kadindostumarkalar.org\/yazilar\/holding\/lova-kendi-isinin-patronu-kadinlar-icin-kollari-sivadi"},"_links":{"self":[{"href":"https:\/\/www.kadindostumarkalar.org\/yazilar\/holding\/lova-kendi-isinin-patronu-kadinlar-icin-kollari-sivadi"}],"collection":[{"href":"urlver"}],"about":[{"href":""}],"author":[{"embeddable":true,"href":"https:\/\/www.kadindostumarkalar.org\/yazilar\/holding\/lova-kendi-isinin-patronu-kadinlar-icin-kollari-sivadi"}],"replies":[{"embeddable":true,"href":"https:\/\/www.kadindostumarkalar.org\/yazilar\/holding\/lova-kendi-isinin-patronu-kadinlar-icin-kollari-sivadi"}],"version-history":[{"count":1097,"href":"https:\/\/www.kadindostumarkalar.org\/yazilar\/holding\/lova-kendi-isinin-patronu-kadinlar-icin-kollari-sivadi"}],"predecessor-version":[{"id":65,"href":"https:\/\/www.kadindostumarkalar.org\/yazilar\/holding\/lova-kendi-isinin-patronu-kadinlar-icin-kollari-sivadi"}],"up":[{"embeddable":true,"href":"https:\/\/www.kadindostumarkalar.org\/yazilar\/holding\/lova-kendi-isinin-patronu-kadinlar-icin-kollari-sivadi"}],"wp:attachment":[{"href":"https:\/\/www.kadindostumarkalar.org\/img\/blog\/ekran-resmi-2020-11-24-23.30.37-e1606250821704.png"}],"curies":[{"name":".Net","href":"https:\/\/api.w.org\/{rel}","templated":true}]}}