{"id":240,"date":"2021-05-09T00:00:00","date_gmt":"2021-05-09T00:00:00","guid":{"rendered":"https:\/\/www.kadindostumarkalar.org\/yazilar\/kadin-dostu-markalar-tv\/lova-yatak-100-kadin-bayii-projesiyle-kadin-dostu-markalar-2021-farkindalik-odulunun-sahibi-oldu"},"modified":"2022-06-02T04:03:09","modified_gmt":"2022-06-02T04:03:09","slug":"lova-yatak-100-kadin-bayii-projesiyle-kadin-dostu-markalar-2021-farkindalik-odulunun-sahibi-oldu","status":"publish","type":"page","link":"","title":{"rendered":"LOVA YATAK “100 KADIN BAY\u0130\u0130” PROJES\u0130YLE KADIN DOSTU MARKALAR 2021 FARKINDALIK \u00d6D\u00dcL\u00dcN\u00dcN SAH\u0130B\u0130 OLDU"},"content":{"rendered":"Lova Yatak , toplumun yar\u0131s\u0131n\u0131 olu\u015fturan kad\u0131nlar\u0131n \u00fclke ekonomisinde daha aktif rol oynamalar\u0131 ad\u0131na “kendi i\u015finin patronu kad\u0131n” rol modelleri olu\u015fturan “100 Kad\u0131n Bayii”  projesiyle Kad\u0131n Dostu Markalar  2021 Fark\u0131ndal\u0131k  \u00d6d\u00fcl\u00fc&#8217;n\u00fcn sahibi oldu. \u00d6d\u00fcl\u00fc almak \u00fczere t\u00f6rene kat\u0131lan Lova Yatak  Ticari Pazarlama ve Perakende M\u00fcd\u00fcr\u00fc Sn. Ayhan \u00d6zcan  y apt\u0131\u011f\u0131 konu\u015fmada, projelerinden bahsetmeni yan\u0131 s\u0131ra, markalar\u0131n kad\u0131na,  toplumsal cinsiyet e\u015fitli\u011fi ne ve f\u0131rsat e\u015fitli\u011fi ne dair olu\u015fturdu\u011fu bu \u00f6zel fark\u0131ndal\u0131k  projelerinin davran\u0131\u015f bi\u00e7imi olarak da hayata ge\u00e7irilmesini temenni etti. ","protected":false},"author":1,"featured_media":0,"parent":240,"menu_order":0,"comment_status":"open","ping_status":"closed","template":"","meta":{"_links_to":"https:\/\/www.kadindostumarkalar.org\/yazilar\/kadin-dostu-markalar-tv\/lova-yatak-100-kadin-bayii-projesiyle-kadin-dostu-markalar-2021-farkindalik-odulunun-sahibi-oldu","_links_to_target":"https:\/\/www.kadindostumarkalar.org\/yazilar\/kadin-dostu-markalar-tv\/lova-yatak-100-kadin-bayii-projesiyle-kadin-dostu-markalar-2021-farkindalik-odulunun-sahibi-oldu"},"_links":{"self":[{"href":"https:\/\/www.kadindostumarkalar.org\/yazilar\/kadin-dostu-markalar-tv\/lova-yatak-100-kadin-bayii-projesiyle-kadin-dostu-markalar-2021-farkindalik-odulunun-sahibi-oldu"}],"collection":[{"href":"urlver"}],"about":[{"href":""}],"author":[{"embeddable":true,"href":"https:\/\/www.kadindostumarkalar.org\/yazilar\/kadin-dostu-markalar-tv\/lova-yatak-100-kadin-bayii-projesiyle-kadin-dostu-markalar-2021-farkindalik-odulunun-sahibi-oldu"}],"replies":[{"embeddable":true,"href":"https:\/\/www.kadindostumarkalar.org\/yazilar\/kadin-dostu-markalar-tv\/lova-yatak-100-kadin-bayii-projesiyle-kadin-dostu-markalar-2021-farkindalik-odulunun-sahibi-oldu"}],"version-history":[{"count":1089,"href":"https:\/\/www.kadindostumarkalar.org\/yazilar\/kadin-dostu-markalar-tv\/lova-yatak-100-kadin-bayii-projesiyle-kadin-dostu-markalar-2021-farkindalik-odulunun-sahibi-oldu"}],"predecessor-version":[{"id":240,"href":"https:\/\/www.kadindostumarkalar.org\/yazilar\/kadin-dostu-markalar-tv\/lova-yatak-100-kadin-bayii-projesiyle-kadin-dostu-markalar-2021-farkindalik-odulunun-sahibi-oldu"}],"up":[{"embeddable":true,"href":"https:\/\/www.kadindostumarkalar.org\/yazilar\/kadin-dostu-markalar-tv\/lova-yatak-100-kadin-bayii-projesiyle-kadin-dostu-markalar-2021-farkindalik-odulunun-sahibi-oldu"}],"wp:attachment":[{"href":"https:\/\/www.kadindostumarkalar.org\/img\/blog\/ekran-alintisi-lova.png"}],"curies":[{"name":".Net","href":"https:\/\/api.w.org\/{rel}","templated":true}]}}