{"id":98,"date":"2021-06-16T00:00:00","date_gmt":"2021-06-16T00:00:00","guid":{"rendered":"https:\/\/www.kadindostumarkalar.org\/yazilar\/kamu\/luleburgazda-kadinlarla-guzellesen-kulahlar"},"modified":"2022-05-31T04:04:54","modified_gmt":"2022-05-31T04:04:54","slug":"luleburgazda-kadinlarla-guzellesen-kulahlar","status":"publish","type":"page","link":"","title":{"rendered":"L\u00dcLEBURGAZ’DA “KADINLARLA G\u00dcZELLE\u015eEN K\u00dcLAHLAR”"},"content":{"rendered":"L\u00fcleburgaz Belediyesi ve Kad\u0131n Akademisi Kooperatifi ortakl\u0131\u011f\u0131yla, Unilever Algida ile kad\u0131n istihdam\u0131 i\u00e7in ger\u00e7ekle\u015ftirdi\u011fi i\u015f birli\u011fi ile g\u00fczel bir fark\u0131ndal\u0131k ad\u0131m\u0131 att\u0131. L\u00fcleburgaz Gen\u00e7lik Park\u0131’nda “Kad\u0131nlarla G\u00fczelle\u015fen K\u00fclahlar” projesi kapsam\u0131nda a\u00e7\u0131lan dondurma sat\u0131\u015f noktas\u0131nda kad\u0131n istihdam\u0131na fayda sa\u011flan\u0131rken, benzer uygulamalar\u0131n \u00f6n\u00fcm\u00fczdeki s\u00fcre\u00e7te yayg\u0131nla\u015ft\u0131r\u0131lmas\u0131 planlan\u0131yor.   Hayat\u0131n her alan\u0131nda kad\u0131n\u0131n ad\u0131n\u0131n olmas\u0131 gerekti\u011fini savunan ve \u00e7al\u0131\u015fanlar\u0131n\u0131n yar\u0131s\u0131n\u0131 kad\u0131nlar\u0131n olu\u015fturdu\u011fu L\u00fcleburgaz Belediyesi, kad\u0131n istihdam\u0131  i\u00e7in \u00f6nemli bir ad\u0131m daha att\u0131. L\u00fcleburgaz Y\u0131ld\u0131zlar\u0131 Kad\u0131n Akademisi ’nde kad\u0131nlar\u0131n ekonomik ve sosyal hayatta yer almas\u0131 i\u00e7in faaliyet g\u00f6steren Kad\u0131n Akademisi Kooperatifi  ile L\u00fcleburgaz Belediyesi , Unilever Algida  ile “Kad\u0131nlarla G\u00fczelle\u015fen K\u00fclahlar”  projesini hayata ge\u00e7irdi. \u0130\u015fletmesinin Kad\u0131n Kooperatifi’ne ait oldu\u011fu ve gelirinin tamamen kad\u0131n istihdam\u0131 na y\u00f6nelik sa\u011flanaca\u011f\u0131 dondurma  sat\u0131\u015f stand\u0131n\u0131n a\u00e7\u0131l\u0131\u015f\u0131n\u0131 L\u00fcleburgaz Belediye  Ba\u015fkan\u0131 Dr. Murat  Gerenli  ger\u00e7ekle\u015ftirdi. A\u00e7\u0131l\u0131\u015fta L\u00fcleburgaz Belediye Ba\u015fkan Yard\u0131mc\u0131s\u0131 Leyla G\u00fcncer , L\u00fcleburgaz Belediyesi Meclis \u00dcyeleri Tamer Ermut, Burcu Sabanc\u0131lar, Nihal Organ, Halime G\u00fclcan Ay\u0131\u015f\u0131\u011f\u0131 , belediye meclisi \u00fcyesi ve ayn\u0131 zamanda Kad\u0131n Akademisi Kooperatifi  Ba\u015fkan\u0131 Deniz \u015eahin , kooperatif \u00fcyesi kad\u0131nlar, Algida  b\u00f6lge sorumlular\u0131 ile daire m\u00fcd\u00fcrleri yer ald\u0131. A\u00e7\u0131l\u0131\u015fta sorular\u0131 yan\u0131tlayan Deniz \u015eahin , “Belediyemiz bize yer tesis etti, Algida  firmas\u0131 kioksumuzu yapt\u0131rd\u0131. Bu projenin olmazsa olmaz\u0131 kad\u0131n istihdam\u0131yd\u0131. Kad\u0131n istihdam\u0131nda da i\u00e7eride g\u00f6rd\u00fc\u011f\u00fcn\u00fcz p\u0131r\u0131l p\u0131r\u0131l iki k\u0131z\u0131m\u0131za ay\u0131n 10’u itibariyle sigortal\u0131 i\u015f imkan\u0131 sa\u011flam\u0131\u015f olduk. Hayatlar\u0131ndaki ilk ba\u015flang\u0131c\u0131 bizim kooperatifimizle yapm\u0131\u015f oldular. Bug\u00fcne kadar bir\u00e7ok i\u015fte \u00e7al\u0131\u015fm\u0131\u015flar. Ama hi\u00e7bir zaman sigortal\u0131 olamam\u0131\u015flar. \u0130lk sigortal\u0131 hayatlar\u0131 bizimle ba\u015flam\u0131\u015f oldu. Bug\u00fcn iki kad\u0131na dokunabildik. Yar\u0131n nice iki kad\u0131na dokunabilmek dile\u011fiyle!” \u015feklinde konu\u015ftu. “Kad\u0131nlarla omuz omuza m\u00fccadelemiz s\u00fcrecek”  A\u00e7\u0131l\u0131\u015fta konu\u015fan L\u00fcleburgaz Belediye  Ba\u015fkan\u0131 Murat Gerenli , kad\u0131n istihdam\u0131na \u00e7ok \u00f6nem verdiklerinin ve bunun i\u00e7in m\u00fccadeleyi b\u0131rakmayacaklar\u0131n\u0131n alt\u0131n\u0131 \u00e7izdi. Algida ’n\u0131n ak\u0131llar\u0131nda olanlar\u0131 hayata ge\u00e7irmeleri i\u00e7in kendilerine fikir a\u00e7t\u0131\u011f\u0131n\u0131 ve bu do\u011frultuda L\u00fcleburgaz Belediyesi  ve Kad\u0131n Akademisi Kooperatifi  ortakl\u0131\u011f\u0131yla sosyal bir projeye imza att\u0131klar\u0131n\u0131 s\u00f6yleyen Gerenli  s\u00f6zlerine \u015f\u00f6yle devam etti: “\u0130stihdam yarat\u0131yoruz. \u00dcreten kad\u0131nlar diyoruz. \u00dcretimi art\u0131rmak i\u00e7in kad\u0131nlar\u0131m\u0131z sosyal ve ekonomik hayat\u0131n i\u00e7inde bizlerle birlikte olacaklar ki biz toplumda ilerleyelim. Ben bunun ba\u015flang\u0131\u00e7 olmas\u0131n\u0131 temenni ediyorum. Kooperatifimiz bu konuda \u00e7ok ba\u015far\u0131l\u0131. Bu ba\u015far\u0131lar\u0131n\u0131n artarak devam etmesini diliyorum. Sosyal ve ekonomik hayat i\u00e7erisinde el ele omuz omuza m\u00fccadelemizi devam ettirece\u011fiz.” Kad\u0131nlar\u0131n g\u00fc\u00e7lenmesine yol a\u00e7\u0131ld\u0131  Kad\u0131n  bir belediye ba\u015fkan yard\u0131mc\u0131s\u0131 olarak b\u00f6yle bir giri\u015fimin i\u00e7inde yer almaktan duydu\u011fu mutlulu\u011fu dile getiren L\u00fcleburgaz Belediye  Ba\u015fkan Yard\u0131mc\u0131s\u0131 Leyla G\u00fcncer , Algida’n\u0131n kendilerine projeyle gelmelerinin hemen ard\u0131ndan heyecanla \u00e7al\u0131\u015fmaya ba\u015flad\u0131klar\u0131n\u0131 ve bu sayede, hem belediyecilik anlam\u0131nda kad\u0131nlara verilen deste\u011fi \u00f6ne \u00e7\u0131kard\u0131klar\u0131n\u0131, hem de onlara bir yol a\u00e7t\u0131klar\u0131n\u0131 anlatt\u0131. Kad\u0131nlar\u0131n L\u00fcleburgaz’da var olmalar\u0131, sa\u011flam ve g\u00fc\u00e7l\u00fc ad\u0131mlarla ilerlemeleri i\u00e7in b\u00f6yle bir giri\u015fime ortakl\u0131k ettiklerini ifade eden G\u00fcncer , kad\u0131n kooperatifinin daha da g\u00fc\u00e7lenmesini, buna benzer kad\u0131n kooperatiflerinin de daha \u00e7ok yayg\u0131nla\u015fmas\u0131n\u0131 istediklerini vurgulad\u0131. “T\u00fcrkiye’ye yaymay\u0131 planl\u0131yoruz”  A\u00e7\u0131l\u0131\u015fta s\u00f6z alan Unilever Algida  B\u00f6lge Sorumlusu \u00d6mer Faruk Y\u00fcksel , projenin Trakya’da ilk kez ger\u00e7ekle\u015ftirildi\u011fini ve bu projeyi T\u00fcrkiye geneline yaymay\u0131 planlad\u0131klar\u0131n\u0131 s\u00f6yledi. Projenin amac\u0131n\u0131n kad\u0131nlara destek olmak, kad\u0131n eliyle daha ho\u015f \u00fcr\u00fcnlerin sat\u0131labilmesini sa\u011flamak oldu\u011funu ifade eden Y\u00fcksel , belediye ba\u015fkan\u0131n\u0131n ve yetkililerin kendilerine yard\u0131mc\u0131 olarak bu f\u0131rsat\u0131 verdiklerini s\u00f6yledi. “Mutluyuz”   \u00d6te yandan projeyle birlikte dondurma sat\u0131\u015f noktas\u0131nda istihdam edilen iki gen\u00e7 kad\u0131n G\u00f6k\u00e7e Yaren  ile \u00c7isem \u015eirin , mutluluklar\u0131n\u0131 payla\u015ft\u0131. \u00c7al\u0131\u015fman\u0131n heyecan\u0131 i\u00e7inde olan gen\u00e7 kad\u0131nlar, “Kad\u0131nlar\u0131 b\u00f6yle yerlerde daha \u00e7ok g\u00f6rmeliyiz. Biz b\u00f6yle bir i\u015fte oldu\u011fumuz i\u00e7in \u00e7ok mutluyuz.” ifadelerini kulland\u0131. ","protected":false},"author":1,"featured_media":0,"parent":98,"menu_order":0,"comment_status":"open","ping_status":"closed","template":"","meta":{"_links_to":"https:\/\/www.kadindostumarkalar.org\/yazilar\/kamu\/luleburgazda-kadinlarla-guzellesen-kulahlar","_links_to_target":"https:\/\/www.kadindostumarkalar.org\/yazilar\/kamu\/luleburgazda-kadinlarla-guzellesen-kulahlar"},"_links":{"self":[{"href":"https:\/\/www.kadindostumarkalar.org\/yazilar\/kamu\/luleburgazda-kadinlarla-guzellesen-kulahlar"}],"collection":[{"href":"urlver"}],"about":[{"href":""}],"author":[{"embeddable":true,"href":"https:\/\/www.kadindostumarkalar.org\/yazilar\/kamu\/luleburgazda-kadinlarla-guzellesen-kulahlar"}],"replies":[{"embeddable":true,"href":"https:\/\/www.kadindostumarkalar.org\/yazilar\/kamu\/luleburgazda-kadinlarla-guzellesen-kulahlar"}],"version-history":[{"count":996,"href":"https:\/\/www.kadindostumarkalar.org\/yazilar\/kamu\/luleburgazda-kadinlarla-guzellesen-kulahlar"}],"predecessor-version":[{"id":98,"href":"https:\/\/www.kadindostumarkalar.org\/yazilar\/kamu\/luleburgazda-kadinlarla-guzellesen-kulahlar"}],"up":[{"embeddable":true,"href":"https:\/\/www.kadindostumarkalar.org\/yazilar\/kamu\/luleburgazda-kadinlarla-guzellesen-kulahlar"}],"wp:attachment":[{"href":"https:\/\/www.kadindostumarkalar.org\/img\/blog\/1623741378-dsc-0158-scaled.jpg"}],"curies":[{"name":".Net","href":"https:\/\/api.w.org\/{rel}","templated":true}]}}