{"id":462,"date":"2022-10-06T22:04:44","date_gmt":"2022-10-06T22:04:44","guid":{"rendered":"https:\/\/www.kadindostumarkalar.org\/yazilar\/kariyer-basamaklari\/m-group-global-pazarlama-direktoru-funda-eraslan"},"modified":"2022-10-06T22:05:15","modified_gmt":"2022-10-06T22:05:15","slug":"m-group-global-pazarlama-direktoru-funda-eraslan","status":"publish","type":"page","link":"","title":{"rendered":"M+ GROUP GLOBAL PAZARLAMA D\u0130REKT\u00d6R\u00dc FUNDA ERASLAN"},"content":{"rendered":"T\u00fcrkiye’nin en b\u00fcy\u00fck d\u0131\u015f kaynak sa\u011flay\u0131c\u0131 (BPO) \u015firketlerindn CMC T\u00fcrkiye’nin de b\u00fcnyesinde yer ald\u0131\u011f\u0131, Avrupa’n\u0131n en h\u0131zl\u0131 b\u00fcy\u00fcyen BPO, Teknoloji ve Dan\u0131\u015fmanl\u0131k \u015firketler grubu M+ Group ’un Global MarCom ’u Funda Eraslan  oldu. 15 y\u0131l\u0131 a\u015fk\u0131n tecr\u00fcbesiyle havac\u0131l\u0131k ve lojistik  sekt\u00f6r\u00fcnde operasyon, i\u015f geli\u015ftirme ve sat\u0131\u015f departmanlar\u0131n\u0131n yan\u0131 s\u0131ra son olarak global pazarlama fonksiyonlar\u0131n\u0131n ba\u015f\u0131nda bulunan Funda Eraslan; T\u00fcrkiye d\u0131\u015f\u0131nda, Hindistan ve Macaristan’daki deneyimi ile M+ Group’un global \u00e7apta pazarlama ileti\u015fimi \u00e7al\u0131\u015fmalar\u0131na liderlik edecek. Funda Eraslan, Notre Dame de Sion  mezunu ve Ko\u00e7 \u00dcniversitesi ’nde Uluslararas\u0131 \u0130li\u015fkiler  e\u011fitimi ald\u0131. Akabinde Alliance Manchester Business School ’da Kurumsal \u0130leti\u015fim ve \u0130tibar Y\u00f6netimi \u00fczerine y\u00fcksek lisans yapt\u0131. Kariyerine 2008 y\u0131l\u0131nda Sat\u0131\u015f ve Pazarlama Analisti olarak ba\u015flayan Eraslan, 2009 y\u0131l\u0131nda Yeni \u0130\u015f ve Yat\u0131r\u0131m Uzman\u0131 olarak \u00c7elebi Holding ’de g\u00f6rev ald\u0131. Holding b\u00fcnyesinde uzun y\u0131llar \u00e7e\u015fitli y\u00f6neticilik pozisyonlar\u0131nda yer alan Eraslan, son olarak \u00c7elebi Havac\u0131l\u0131k Holding’de Global Pazarlama ve \u0130leti\u015fim  Departman\u0131nda g\u00f6rev yap\u0131yordu. ","protected":false},"author":1,"featured_media":0,"parent":462,"menu_order":0,"comment_status":"open","ping_status":"closed","template":"","meta":{"_links_to":"https:\/\/www.kadindostumarkalar.org\/yazilar\/kariyer-basamaklari\/m-group-global-pazarlama-direktoru-funda-eraslan","_links_to_target":"https:\/\/www.kadindostumarkalar.org\/yazilar\/kariyer-basamaklari\/m-group-global-pazarlama-direktoru-funda-eraslan"},"_links":{"self":[{"href":"https:\/\/www.kadindostumarkalar.org\/yazilar\/kariyer-basamaklari\/m-group-global-pazarlama-direktoru-funda-eraslan"}],"collection":[{"href":"urlver"}],"about":[{"href":""}],"author":[{"embeddable":true,"href":"https:\/\/www.kadindostumarkalar.org\/yazilar\/kariyer-basamaklari\/m-group-global-pazarlama-direktoru-funda-eraslan"}],"replies":[{"embeddable":true,"href":"https:\/\/www.kadindostumarkalar.org\/yazilar\/kariyer-basamaklari\/m-group-global-pazarlama-direktoru-funda-eraslan"}],"version-history":[{"count":1170,"href":"https:\/\/www.kadindostumarkalar.org\/yazilar\/kariyer-basamaklari\/m-group-global-pazarlama-direktoru-funda-eraslan"}],"predecessor-version":[{"id":462,"href":"https:\/\/www.kadindostumarkalar.org\/yazilar\/kariyer-basamaklari\/m-group-global-pazarlama-direktoru-funda-eraslan"}],"up":[{"embeddable":true,"href":"https:\/\/www.kadindostumarkalar.org\/yazilar\/kariyer-basamaklari\/m-group-global-pazarlama-direktoru-funda-eraslan"}],"wp:attachment":[{"href":"https:\/\/www.kadindostumarkalar.org\/img\/blog\/m-group-global-pazarlama-direktoru-funda-eraslan-0-66948.jpg"}],"curies":[{"name":".Net","href":"https:\/\/api.w.org\/{rel}","templated":true}]}}