{"id":33,"date":"2022-03-16T00:00:00","date_gmt":"2022-03-16T00:00:00","guid":{"rendered":"https:\/\/www.kadindostumarkalar.org\/yazilar\/ev-tekstili\/madamecocodan-kadinin-yolculugu-soylesisi"},"modified":"2022-05-31T03:35:01","modified_gmt":"2022-05-31T03:35:01","slug":"madamecocodan-kadinin-yolculugu-soylesisi","status":"publish","type":"page","link":"","title":{"rendered":"MADAMECOCO’DAN “KADININ YOLCULU\u011eU” S\u00d6YLE\u015e\u0130S\u0130"},"content":{"rendered":"Ev tekstili ve dekorasyon markas\u0131 MadameCoco, 8 Mart D\u00fcnya Kad\u0131nlar G\u00fcn\u00fc’n\u00fc; kad\u0131n\u0131n hayat\u0131n i\u00e7inde var olma s\u00fcrecini, hayata dair \u00f6nemli sorumluluklar \u00fcstlenirken ruhunun geli\u015fimini ve de\u011fi\u015fimini konu alan bir s\u00f6yle\u015fi ile kutlad\u0131. S\u00f6yle\u015fide \u015eerife Aksoy ve MadameCoco’nun fark\u0131ndal\u0131k hareketi olan Marka El\u00e7ileri de konu\u015fmac\u0131 olarak yer ald\u0131.  T\u00fcrkiye’nin ev tekstili ve dekorasyon markalar\u0131ndan MadameCoco; 8 Mart D\u00fcnya Kad\u0131nlar G\u00fcn\u00fc’nde G\u00f6kt\u00fcrk ma\u011fazas\u0131nda kad\u0131nlara \u00f6zel bir s\u00f6yle\u015fi d\u00fczenledi. Lezzetli tariflerinin yan\u0131 s\u0131ra, kendi \u00fcr\u00fcnlerini \u00fcreten, permak\u00fclt\u00fcr, organik tar\u0131m  ve at\u0131ks\u0131z mutfak  gibi konularla ilgilenen“â la \u015ferife”nin kurucusu \u015eerife Aksoy’un konu\u015fmac\u0131 olarak kat\u0131ld\u0131\u011f\u0131 “Kad\u0131n\u0131n Yolculu\u011fu” s\u00f6yle\u015fisinde; kad\u0131n\u0131n \u00fcretme ve kendini arama yolculu\u011fu konu\u015fuldu. Etkinlikte, Madame Coco’nun \u00e7al\u0131\u015fma hayat\u0131na geri d\u00f6nmek isteyip ikinci \u015fans\u0131 arayan kad\u0131nlarai\u015f imkan\u0131 sunmak i\u00e7in hayata ge\u00e7irdi\u011fi Marka El\u00e7ileri  program\u0131 kapsam\u0131nda istihdam  edilen kad\u0131nlar  da kendi ba\u015far\u0131 hikayelerini aktard\u0131. Kad\u0131n Olman\u0131n \u0130nan\u0131lmaz Yolculu\u011fu  Kad\u0131n\u0131n Yolculu\u011fu ”  s\u00f6yle\u015fisine konuk olan \u015eerife Aksoy kendi deneyimlerinden de s\u00f6z etti. Kad\u0131n\u0131n, ayn\u0131 anda pek \u00e7ok i\u015fi y\u00f6netebilen \u00e7ok \u00f6zel bir canl\u0131 oldu\u011funu belirten Aksoy, bug\u00fcn istatistiklere bak\u0131ld\u0131\u011f\u0131nda;T\u00fcrkiye’de \u00e7al\u0131\u015fabilecek nitelikte olan kad\u0131nlar\u0131n sadece y\u00fczde 30’unun i\u015f d\u00fcnyas\u0131nda yer ald\u0131\u011f\u0131n\u0131n g\u00f6r\u00fcld\u00fc\u011f\u00fcn\u00fc ifade etti. Aksoy, bu oran\u0131n artmas\u0131n\u0131n ve kad\u0131nlar\u0131n kendilerini ke\u015ffederek, ba\u015fkas\u0131na ba\u011f\u0131ml\u0131 olmadan kendilerini ger\u00e7ekle\u015ftirmelerinin \u00f6neminin fark\u0131na varmalar\u0131n\u0131n tek dile\u011fi oldu\u011funu s\u00f6yledi. Kendini arama yolculu\u011funun 30 ya\u015f\u0131nda ba\u015flad\u0131\u011f\u0131n\u0131 aktaran Aksoy, “Ben 14 ya\u015f\u0131mdan beri \u00e7al\u0131\u015f\u0131yorum. Bir memur ailesinin \u00e7ocu\u011fuyum. Kendi ekonomik \u00f6zg\u00fcrl\u00fc\u011f\u00fcme sahip olana kadar ailemin isteklerine g\u00f6re \u015fekillendim. 30 ya\u015f\u0131ma geldi\u011fimde tam olarak hayat\u0131mda farkl\u0131 \u015feyler yapmak istedi\u011fimi fark ettim. E\u015fim bana hayatta ne yapmak istedi\u011fimi sordu\u011funda \u00e7ok \u015fa\u015f\u0131rd\u0131m. O g\u00fcne kadar kimse bana bunu sormam\u0131\u015ft\u0131. \u0130\u015fte kendimi arama yolculu\u011fum o zaman ba\u015flad\u0131. Mutfak s\u0131n\u0131f\u0131nda s\u0131navlar\u0131 8 ayl\u0131k hamileyken bitirdim. Ve bundan sonraki s\u00fcre\u00e7te t\u00fcm hikayemi de\u011fi\u015ftirdim. Ben zamanla kendi yapabileceklerimi ke\u015ffettim, toprakla ba\u011f\u0131m\u0131 g\u00fc\u00e7lendirdim. Bir kad\u0131n olarak \u00fcretmekten, yeteneklerimi ke\u015ffetmekten ilham al\u0131yorum ve t\u00fcm kad\u0131nlar\u0131n bunu ya\u015fayabilmesini istiyorum” dedi.  Kad\u0131nlar\u0131n kendileri tan\u0131malar\u0131n\u0131n birey olabilmeleri i\u00e7in \u00e7ok \u00f6nemli oldu\u011funa dikkat \u00e7eken \u015eerife Aksoy: “Hayat\u0131n\u0131zda s\u00fcrekli birileri ne yapman\u0131z, nas\u0131l ya\u015faman\u0131z gerekti\u011fini s\u00f6yl\u00fcyor, s\u00f6ylemeye de devam edecek. Ancak kendimizi bulabilmek i\u00e7in hayat\u0131m\u0131zdaki o k\u0131r\u0131lma an\u0131n\u0131 yakalayacak cesareti g\u00f6stermemiz gerekiyor. Bu noktada bir\u00e7ok markan\u0131n kad\u0131nlar\u0131n o cesareti yakalamas\u0131na destek olmas\u0131 \u00e7ok \u00f6nemli. \u00dclkemizin, kad\u0131n g\u00fcc\u00fcm\u00fcz\u00fcn buna ihtiyac\u0131 var. Madame Coco kad\u0131n istihdam\u0131na y\u00f6nelik \u00e7al\u0131\u015fmalar\u0131yla buna vesile olan \u00e7ok g\u00fczel bir \u00f6rnek” dedi. Marka El\u00e7isi Program\u0131 \u0130\u015f Hayat\u0131na D\u00f6nmek \u0130steyen Kad\u0131nlara Umut Oluyor  Etkinlikte, Madame Coco’nun ge\u00e7en sene hayata ge\u00e7irdi\u011fi Marka El\u00e7ileri program\u0131 ile kariyerlerinde ikinci bir \u015fans elde eden Sevim Sar\u0131\u00e7i\u00e7ek, Mine Il\u0131kkan  ve Ebru Kanl\u0131soy  da kendi hikayelerini aktard\u0131.  Marka El\u00e7isi Program\u0131 ile 1,5 y\u0131l \u00f6ncei\u015f hayat\u0131na d\u00f6nen Ebru Kanl\u0131soy, “1995 y\u0131l\u0131nda \u00e7al\u0131\u015fma hayat\u0131na ba\u015flam\u0131\u015ft\u0131m, daha sonra \u00e7ocuklar olunca ara verdim. Bir bakt\u0131m ki \u00e7ocuklar b\u00fcy\u00fcm\u00fc\u015f, kendi sosyal hayatlar\u0131 geli\u015fmi\u015f, e\u015fim desek keza ayn\u0131 \u015fekilde. Bir tek ben kendimi sadece onlara adam\u0131\u015f \u015fekilde ya\u015f\u0131yorum. Bana devaml\u0131; \u00e7ay verir misin, yemek haz\u0131r m\u0131 gibi sorular geliyordu. Bir g\u00fcn oturdum ve dedim ki, bundan sonra kendim i\u00e7in de var olmak istiyorum. O zaman i\u015f aray\u0131\u015f\u0131na girdim ve Madame Coco Marka El\u00e7ileri program\u0131n\u0131n ilan\u0131n\u0131 g\u00f6rd\u00fcm. Kendimi anlatt\u0131\u011f\u0131m bir video \u00e7ektim ve g\u00f6nderdim. 1 hafta i\u00e7erisinde Madame Coco bana d\u00f6n\u00fc\u015f yapt\u0131. Sonras\u0131nda hemen i\u015fe ba\u015flad\u0131m. O g\u00fcnden sonra bir s\u00fcr\u00fc arkada\u015f\u0131m, kendime ait yeni hedeflerim ve ama\u00e7lar\u0131m oldu.Kendime yetmeme vesile olan, sosyal hayatta var olarak kendimi daha iyi hissetmemi sa\u011flayan Madame Coco iyi ki var!” dedi. ","protected":false},"author":1,"featured_media":0,"parent":33,"menu_order":0,"comment_status":"open","ping_status":"closed","template":"","meta":{"_links_to":"https:\/\/www.kadindostumarkalar.org\/yazilar\/ev-tekstili\/madamecocodan-kadinin-yolculugu-soylesisi","_links_to_target":"https:\/\/www.kadindostumarkalar.org\/yazilar\/ev-tekstili\/madamecocodan-kadinin-yolculugu-soylesisi"},"_links":{"self":[{"href":"https:\/\/www.kadindostumarkalar.org\/yazilar\/ev-tekstili\/madamecocodan-kadinin-yolculugu-soylesisi"}],"collection":[{"href":"urlver"}],"about":[{"href":""}],"author":[{"embeddable":true,"href":"https:\/\/www.kadindostumarkalar.org\/yazilar\/ev-tekstili\/madamecocodan-kadinin-yolculugu-soylesisi"}],"replies":[{"embeddable":true,"href":"https:\/\/www.kadindostumarkalar.org\/yazilar\/ev-tekstili\/madamecocodan-kadinin-yolculugu-soylesisi"}],"version-history":[{"count":1253,"href":"https:\/\/www.kadindostumarkalar.org\/yazilar\/ev-tekstili\/madamecocodan-kadinin-yolculugu-soylesisi"}],"predecessor-version":[{"id":33,"href":"https:\/\/www.kadindostumarkalar.org\/yazilar\/ev-tekstili\/madamecocodan-kadinin-yolculugu-soylesisi"}],"up":[{"embeddable":true,"href":"https:\/\/www.kadindostumarkalar.org\/yazilar\/ev-tekstili\/madamecocodan-kadinin-yolculugu-soylesisi"}],"wp:attachment":[{"href":"https:\/\/www.kadindostumarkalar.org\/img\/blog\/1646826017-0u1a0427-scaled.jpg"}],"curies":[{"name":".Net","href":"https:\/\/api.w.org\/{rel}","templated":true}]}}