{"id":537,"date":"2022-11-17T17:29:10","date_gmt":"2022-11-17T17:29:10","guid":{"rendered":"https:\/\/www.kadindostumarkalar.org\/yazilar\/kariyer-basamaklari\/mapfre-sigortada-ust-duzey-atama"},"modified":"2022-11-17T17:30:08","modified_gmt":"2022-11-17T17:30:08","slug":"mapfre-sigortada-ust-duzey-atama","status":"publish","type":"page","link":"","title":{"rendered":"MAPFRE S\u0130GORTA’DA \u00dcST D\u00dcZEY ATAMA"},"content":{"rendered":"MAPFRE Sigorta’n\u0131n yeni Kurumsal \u0130leti\u015fim M\u00fcd\u00fcr\u00fc Belma \u015eahin Al\u00e7\u0131c\u0131 oldu.  T\u00fcrkiye’nin g\u00fc\u00e7l\u00fc sigorta \u015firketlerinden MAPFRE Sigorta ’n\u0131n yeni Kurumsal \u0130leti\u015fim K\u0131demli M\u00fcd\u00fcr\u00fc Belma \u015eahin Al\u00e7\u0131c\u0131  oldu. Global \u015firketlerde pazarlama, marka y\u00f6netimi, ileti\u015fim  ve stratejik liderlik  alanlar\u0131nda 17 y\u0131l\u0131 a\u015fk\u0131n deneyime sahip olan Al\u00e7\u0131c\u0131, Kas\u0131m 2022 itibar\u0131yla yeni g\u00f6revine ba\u015flad\u0131.  Bilgi \u00dcniversitesi  \u0130leti\u015fim Fak\u00fcltesi Halka \u0130li\u015fkiler B\u00f6l\u00fcm\u00fcn\u00fc bitiren Belma \u015eahin Al\u00e7\u0131c\u0131, Marmara \u00dcniversitesi  Sosyal Bilimler Enstit\u00fcs\u00fc \u00dcretim Y\u00f6netimi  ve Pazarlama  Y\u00fcksek Lisans program\u0131n\u0131 tamamlad\u0131. Kariyerine M\u00fc\u015fteri \u0130li\u015fkileri Uzman\u0131 olarak ba\u015flayan Al\u00e7\u0131c\u0131; Turkcell Superonline, Samsung T\u00fcrkiye, Signify  ve TAV  \u0130\u015fletme Hizmetleri gibi \u015firketlerde Pazarlama \u0130leti\u015fimi ve Dijital Pazarlama birimlerinin liderli\u011fini yapt\u0131. Al\u00e7\u0131c\u0131, Kas\u0131m 2022 itibar\u0131yla MAPFRE Sigorta’daki yeni g\u00f6revine ba\u015flad\u0131. ","protected":false},"author":1,"featured_media":0,"parent":537,"menu_order":0,"comment_status":"open","ping_status":"closed","template":"","meta":{"_links_to":"https:\/\/www.kadindostumarkalar.org\/yazilar\/kariyer-basamaklari\/mapfre-sigortada-ust-duzey-atama","_links_to_target":"https:\/\/www.kadindostumarkalar.org\/yazilar\/kariyer-basamaklari\/mapfre-sigortada-ust-duzey-atama"},"_links":{"self":[{"href":"https:\/\/www.kadindostumarkalar.org\/yazilar\/kariyer-basamaklari\/mapfre-sigortada-ust-duzey-atama"}],"collection":[{"href":"urlver"}],"about":[{"href":""}],"author":[{"embeddable":true,"href":"https:\/\/www.kadindostumarkalar.org\/yazilar\/kariyer-basamaklari\/mapfre-sigortada-ust-duzey-atama"}],"replies":[{"embeddable":true,"href":"https:\/\/www.kadindostumarkalar.org\/yazilar\/kariyer-basamaklari\/mapfre-sigortada-ust-duzey-atama"}],"version-history":[{"count":1235,"href":"https:\/\/www.kadindostumarkalar.org\/yazilar\/kariyer-basamaklari\/mapfre-sigortada-ust-duzey-atama"}],"predecessor-version":[{"id":537,"href":"https:\/\/www.kadindostumarkalar.org\/yazilar\/kariyer-basamaklari\/mapfre-sigortada-ust-duzey-atama"}],"up":[{"embeddable":true,"href":"https:\/\/www.kadindostumarkalar.org\/yazilar\/kariyer-basamaklari\/mapfre-sigortada-ust-duzey-atama"}],"wp:attachment":[{"href":"https:\/\/www.kadindostumarkalar.org\/img\/blog\/mapfre-sigortada-ust-duzey-atama-0-39243.jpg"}],"curies":[{"name":".Net","href":"https:\/\/api.w.org\/{rel}","templated":true}]}}