{"id":596,"date":"2023-05-01T13:51:33","date_gmt":"2023-05-01T13:51:33","guid":{"rendered":"https:\/\/www.kadindostumarkalar.org\/yazilar\/haberler\/marsh-mclennan-turkiye-depremzede-kiz-cocuklarinin-yaninda"},"modified":"2023-05-01T13:52:17","modified_gmt":"2023-05-01T13:52:17","slug":"marsh-mclennan-turkiye-depremzede-kiz-cocuklarinin-yaninda","status":"publish","type":"page","link":"","title":{"rendered":"MARSH McLENNAN T\u00dcRK\u0130YE, DEPREMZEDE KIZ \u00c7OCUKLARININ YANINDA"},"content":{"rendered":"Marsh McLennan T\u00fcrkiye, deprem ve ekonomik sebeplerle e\u011fitimini yar\u0131da b\u0131rakmak zorunda kalan k\u0131z \u00f6\u011frenciler i\u00e7in bir fark\u0131ndal\u0131k projesi hayata ge\u00e7iriyor.  Strateji , risk ve insan kaynaklar\u0131  alan\u0131nda dan\u0131\u015fmanl\u0131k hizmetleri veren Marsh McLennan T\u00fcrkiye, kad\u0131n  ve e\u011fitim konular\u0131nda fark\u0131ndal\u0131\u011f\u0131  art\u0131rmak ve k\u0131z \u00e7ocuklar\u0131n\u0131n e\u011fitimine destek olmak i\u00e7in yeni bir ad\u0131m at\u0131yor. E\u015fitlik, \u00c7e\u015fitlilik ve Kapsay\u0131c\u0131l\u0131k  Komitesi’nin  inisiyatifiyle yeni bir projeyi hayata ge\u00e7irmeye haz\u0131rlanan Marsh McLennan T\u00fcrkiye \u015firketlerinden Mercer ve Marsh, Ege \u00c7a\u011fda\u015f E\u011fitim Vakf\u0131’n\u0131n (E\u00c7EV)&nbsp; burs projesine 3 y\u0131l boyunca destek olacak. Marsh McLennan T\u00fcrkiye \u015firketleri Mercer ve Marsh, e\u011fitimde f\u0131rsat e\u015fitli\u011fi  vizyonuyla 28 y\u0131ld\u0131r \u00e7al\u0131\u015fmalar\u0131n\u0131 s\u00fcrd\u00fcren E\u00c7EV’in depremden etkilenen \u00e7ocuk ve gen\u00e7lerin e\u011fitimlerine destek olmak amac\u0131yla ba\u015flatt\u0131\u011f\u0131 deprem bursu projesi kapsam\u0131nda T\u00fcrkiye'deki okullarda ilk, orta, lise ve y\u00fcksek\u00f6\u011fretim programlar\u0131nda \u00f6\u011frenim g\u00f6ren k\u0131z \u00f6\u011frencilerin e\u011fitimine 3 sene katk\u0131da bulunacak.  Toplumsal geli\u015fime katk\u0131 sa\u011flamak \u00fczere k\u0131z \u00e7ocuklar\u0131n\u0131n gelece\u011fine ve kad\u0131nlar\u0131n i\u015f ya\u015fam\u0131na kazand\u0131r\u0131lmas\u0131na y\u00f6nelik \u00e7al\u0131\u015fmalar y\u00fcr\u00fctmeyi \u00f6nemsediklerini belirten Marsh McLennan T\u00fcrkiye CEO’su Tar\u0131k Serpil , bu projeyle, sadece k\u0131z \u00f6\u011frencilerin e\u011fitimine destek vermekle kalmay\u0131p ayn\u0131 zamanda s\u00fcrd\u00fcr\u00fclebilirlik  ilkeleri \u00e7er\u00e7evesinde toplumun refah\u0131na ve gelece\u011fine katk\u0131da bulunma konusundaki ama\u00e7lar\u0131n\u0131 bir kez daha ortaya koyacaklar\u0131n\u0131 ifade etti. Ege \u00c7a\u011fda\u015f E\u011fitim Vakf\u0131’na bu i\u015f birli\u011fi i\u00e7in te\u015fekk\u00fcr eden Serpil, DEI komitesindeki arkada\u015flar\u0131 da g\u00f6n\u00fclden kutlad\u0131\u011f\u0131n\u0131 dile getirdi. S\u00f6z konusu burslar\u0131n, \u00f6\u011frencilerin e\u011fitimlerine devam edebilmeleri i\u00e7in gerekli olan t\u00fcm masraflar\u0131 kapsayaca\u011f\u0131n\u0131 aktaran Serpil, bu sayede, e\u011fitim alan\u0131nda ya\u015fanan sorunlar\u0131n bir nebze de olsa azalt\u0131lmas\u0131n\u0131 hedeflediklerini ve daha iyi bir gelecek i\u00e7in \u00e7al\u0131\u015fmalar\u0131n\u0131 s\u00fcrd\u00fcreceklerini s\u00f6zlerine ekledi. ","protected":false},"author":1,"featured_media":0,"parent":596,"menu_order":0,"comment_status":"open","ping_status":"closed","template":"","meta":{"_links_to":"https:\/\/www.kadindostumarkalar.org\/yazilar\/haberler\/marsh-mclennan-turkiye-depremzede-kiz-cocuklarinin-yaninda","_links_to_target":"https:\/\/www.kadindostumarkalar.org\/yazilar\/haberler\/marsh-mclennan-turkiye-depremzede-kiz-cocuklarinin-yaninda"},"_links":{"self":[{"href":"https:\/\/www.kadindostumarkalar.org\/yazilar\/haberler\/marsh-mclennan-turkiye-depremzede-kiz-cocuklarinin-yaninda"}],"collection":[{"href":"urlver"}],"about":[{"href":""}],"author":[{"embeddable":true,"href":"https:\/\/www.kadindostumarkalar.org\/yazilar\/haberler\/marsh-mclennan-turkiye-depremzede-kiz-cocuklarinin-yaninda"}],"replies":[{"embeddable":true,"href":"https:\/\/www.kadindostumarkalar.org\/yazilar\/haberler\/marsh-mclennan-turkiye-depremzede-kiz-cocuklarinin-yaninda"}],"version-history":[{"count":1159,"href":"https:\/\/www.kadindostumarkalar.org\/yazilar\/haberler\/marsh-mclennan-turkiye-depremzede-kiz-cocuklarinin-yaninda"}],"predecessor-version":[{"id":596,"href":"https:\/\/www.kadindostumarkalar.org\/yazilar\/haberler\/marsh-mclennan-turkiye-depremzede-kiz-cocuklarinin-yaninda"}],"up":[{"embeddable":true,"href":"https:\/\/www.kadindostumarkalar.org\/yazilar\/haberler\/marsh-mclennan-turkiye-depremzede-kiz-cocuklarinin-yaninda"}],"wp:attachment":[{"href":"https:\/\/www.kadindostumarkalar.org\/img\/blog\/marsh-mclennan-turkiye-depremzede-kiz-cocuklarinin-yaninda-0-23795.png"}],"curies":[{"name":".Net","href":"https:\/\/api.w.org\/{rel}","templated":true}]}}