{"id":448,"date":"2022-10-06T17:11:10","date_gmt":"2022-10-06T17:11:10","guid":{"rendered":"https:\/\/www.kadindostumarkalar.org\/yazilar\/kariyer-basamaklari\/mastercardta-yeni-atama-ceren-turkben-kaya"},"modified":"2022-10-06T17:11:48","modified_gmt":"2022-10-06T17:11:48","slug":"mastercardta-yeni-atama-ceren-turkben-kaya","status":"publish","type":"page","link":"","title":{"rendered":"MASTERCARD'TA YEN\u0130 ATAMA: CEREN T\u00dcRKBEN KAYA"},"content":{"rendered":"D\u00fcnyan\u0131n \u00f6nde gelen kurulu\u015fu Mastercard , EEMEA  b\u00f6lgesinde y\u00f6netim organizasyonunda de\u011fi\u015fiklikler yapt\u0131\u011f\u0131n\u0131 duyurmu\u015ftu. Lider atamalar\u0131ndan biri de EEMEA B\u00f6lgesi T\u00fcketici Odakl\u0131 Pazarlama Ba\u015fkan Yard\u0131mc\u0131l\u0131\u011f\u0131 pozisyonunda oldu. \u015eubat 2020’den bu yana H\u0131zl\u0131 Geli\u015fen Pazarlar-Pazarlama ve \u0130leti\u015fimden Sorumlu Ba\u015fkan Yard\u0131mc\u0131s\u0131 g\u00f6revini y\u00fcr\u00fcten Ceren T\u00fcrkben Kaya , T\u00fcketici Odakl\u0131 Pazarlamadan Sorumlu EEMEA Ba\u015fkan Yard\u0131mc\u0131l\u0131\u011f\u0131  g\u00f6revine getirildi. Bu g\u00f6revi kapsam\u0131nda Do\u011fu Avrupa, Ortado\u011fu ve Afrika co\u011frafyas\u0131nda 81 \u00fclkedeki t\u00fcketici pazarlama faaliyetlerine ek olarak b\u00f6lgenin sponsorluk birimi ve pahabi\u00e7ilemez platformlar\u0131n\u0131 da y\u00f6netiyor olacak. Ceren T\u00fcrkben Kaya, 2013 y\u0131l\u0131nda G\u00fcney Do\u011fu Avrupa Pazarlama Y\u00f6neticisi  olarak Mastercard b\u00fcnyesine kat\u0131ld\u0131. 2022 y\u0131l\u0131 itibariyle EEMEA b\u00f6lgesinden sorumlu olacak. Ceren T\u00fcrkben Kaya, Bo\u011fazi\u00e7i \u00dcniversitesi Ekonomi  B\u00f6l\u00fcm\u00fc’nden mezuniyetinin ard\u0131ndan kariyerine 2002 y\u0131l\u0131nda Reckitt Benckiser  T\u00fcrkiye’de ba\u015flad\u0131. 2003 y\u0131l\u0131nda Unilever  T\u00fcrkiye’ye ge\u00e7erek farkl\u0131 \u00fcr\u00fcn gruplar\u0131nda marka y\u00f6neticisi olarak g\u00f6rev yapan T\u00fcrkben Kaya, 2010 y\u0131l\u0131nda Unilever \u0130ngiltere’ye transfer olarak ba\u011fl\u0131 bulundu\u011fu kategoride Global ve B\u00f6lgesel K\u0131demli Marka Geli\u015ftirme Y\u00f6neticisi olarak g\u00f6rev yapt\u0131. ","protected":false},"author":1,"featured_media":0,"parent":448,"menu_order":0,"comment_status":"open","ping_status":"closed","template":"","meta":{"_links_to":"https:\/\/www.kadindostumarkalar.org\/yazilar\/kariyer-basamaklari\/mastercardta-yeni-atama-ceren-turkben-kaya","_links_to_target":"https:\/\/www.kadindostumarkalar.org\/yazilar\/kariyer-basamaklari\/mastercardta-yeni-atama-ceren-turkben-kaya"},"_links":{"self":[{"href":"https:\/\/www.kadindostumarkalar.org\/yazilar\/kariyer-basamaklari\/mastercardta-yeni-atama-ceren-turkben-kaya"}],"collection":[{"href":"urlver"}],"about":[{"href":""}],"author":[{"embeddable":true,"href":"https:\/\/www.kadindostumarkalar.org\/yazilar\/kariyer-basamaklari\/mastercardta-yeni-atama-ceren-turkben-kaya"}],"replies":[{"embeddable":true,"href":"https:\/\/www.kadindostumarkalar.org\/yazilar\/kariyer-basamaklari\/mastercardta-yeni-atama-ceren-turkben-kaya"}],"version-history":[{"count":1400,"href":"https:\/\/www.kadindostumarkalar.org\/yazilar\/kariyer-basamaklari\/mastercardta-yeni-atama-ceren-turkben-kaya"}],"predecessor-version":[{"id":448,"href":"https:\/\/www.kadindostumarkalar.org\/yazilar\/kariyer-basamaklari\/mastercardta-yeni-atama-ceren-turkben-kaya"}],"up":[{"embeddable":true,"href":"https:\/\/www.kadindostumarkalar.org\/yazilar\/kariyer-basamaklari\/mastercardta-yeni-atama-ceren-turkben-kaya"}],"wp:attachment":[{"href":"https:\/\/www.kadindostumarkalar.org\/img\/blog\/mastercardta-yeni-atama-ceren-turkben-kaya-0-18692.jpg"}],"curies":[{"name":".Net","href":"https:\/\/api.w.org\/{rel}","templated":true}]}}