{"id":1214,"date":"2025-07-02T18:11:43","date_gmt":"2025-07-02T18:11:43","guid":{"rendered":"https:\/\/www.kadindostumarkalar.org\/yazilar\/kariyer-basamaklari\/melis-avalin-korkmaz-tuvturk-te-genel-mudur-vekili-oldu"},"modified":"2025-07-02T18:11:43","modified_gmt":"2025-07-02T18:11:43","slug":"melis-avalin-korkmaz-tuvturk-te-genel-mudur-vekili-oldu","status":"publish","type":"page","link":"","title":{"rendered":"Melis Avalin Korkmaz, T\u00dcVT\u00dcRK’te Genel M\u00fcd\u00fcr Vekili Oldu"},"content":{"rendered":"T\u00dcVT\u00dcRK’te ger\u00e7ekle\u015fen \u00fcst d\u00fczey de\u011fi\u015fiklikler kapsam\u0131nda Melis Avalin Korkmaz, \u015firketin Genel M\u00fcd\u00fcr Vekili olarak atand\u0131.  T.C Ula\u015ft\u0131rma ve Altyap\u0131 Bakanl\u0131\u011f\u0131  denetiminde T\u00fcrkiye’de periyodik ara\u00e7 muayene hizmeti vermeye yetkili tek kurulu\u015f olan T\u00dcVT\u00dcRK ’te \u00fcst d\u00fczey bir atama ger\u00e7ekle\u015ftirildi. T\u00dcVT\u00dcRK ve grup \u015firketlerinde 2016 y\u0131l\u0131ndan bu yana Genel M\u00fcd\u00fcr Yard\u0131mc\u0131s\u0131 olarak g\u00f6rev yapan Melis Avalin Korkmaz , Genel M\u00fcd\u00fcr Vekili olarak g\u00f6revlendirildi. Yeni g\u00f6revi kapsam\u0131nda Avalin Korkmaz, \u0130nsan Kaynaklar\u0131 ve \u0130dari \u0130\u015fler, Kalite ve Denetim, Akademi, Kurumsal \u0130leti\u015fim ile \u0130\u00e7 Denetim ve Uyum birimlerinden sorumlu olacak. Ayr\u0131ca \u0130\u00e7 Denetim ve Uyum birimi sat\u0131n alma kontrol\u00f6rl\u00fc\u011f\u00fc fonksiyonunu da y\u00fcr\u00fctecek. T\u00dcVT\u00dcRK b\u00fcnyesinde 2013 y\u0131l\u0131ndan bu yana farkl\u0131 g\u00f6revler \u00fcstlenen Melis Avalin Korkmaz, yeni sorumlulu\u011fuyla \u015firketin stratejik hedeflerine katk\u0131 sunmay\u0131 s\u00fcrd\u00fcrecek. ","protected":false},"author":1,"featured_media":0,"parent":1214,"menu_order":0,"comment_status":"open","ping_status":"closed","template":"","meta":{"_links_to":"https:\/\/www.kadindostumarkalar.org\/yazilar\/kariyer-basamaklari\/melis-avalin-korkmaz-tuvturk-te-genel-mudur-vekili-oldu","_links_to_target":"https:\/\/www.kadindostumarkalar.org\/yazilar\/kariyer-basamaklari\/melis-avalin-korkmaz-tuvturk-te-genel-mudur-vekili-oldu"},"_links":{"self":[{"href":"https:\/\/www.kadindostumarkalar.org\/yazilar\/kariyer-basamaklari\/melis-avalin-korkmaz-tuvturk-te-genel-mudur-vekili-oldu"}],"collection":[{"href":"urlver"}],"about":[{"href":""}],"author":[{"embeddable":true,"href":"https:\/\/www.kadindostumarkalar.org\/yazilar\/kariyer-basamaklari\/melis-avalin-korkmaz-tuvturk-te-genel-mudur-vekili-oldu"}],"replies":[{"embeddable":true,"href":"https:\/\/www.kadindostumarkalar.org\/yazilar\/kariyer-basamaklari\/melis-avalin-korkmaz-tuvturk-te-genel-mudur-vekili-oldu"}],"version-history":[{"count":774,"href":"https:\/\/www.kadindostumarkalar.org\/yazilar\/kariyer-basamaklari\/melis-avalin-korkmaz-tuvturk-te-genel-mudur-vekili-oldu"}],"predecessor-version":[{"id":1214,"href":"https:\/\/www.kadindostumarkalar.org\/yazilar\/kariyer-basamaklari\/melis-avalin-korkmaz-tuvturk-te-genel-mudur-vekili-oldu"}],"up":[{"embeddable":true,"href":"https:\/\/www.kadindostumarkalar.org\/yazilar\/kariyer-basamaklari\/melis-avalin-korkmaz-tuvturk-te-genel-mudur-vekili-oldu"}],"wp:attachment":[{"href":"https:\/\/www.kadindostumarkalar.org\/img\/blog\/melis-avalin-korkmaz-tuvturk-te-genel-mudur-vekili-oldu-0-10313.png"}],"curies":[{"name":".Net","href":"https:\/\/api.w.org\/{rel}","templated":true}]}}