{"id":663,"date":"2024-02-07T13:31:22","date_gmt":"2024-02-07T13:31:22","guid":{"rendered":"https:\/\/www.kadindostumarkalar.org\/yazilar\/kariyer-basamaklari\/meltem-suekinci"},"modified":"2024-02-07T13:36:34","modified_gmt":"2024-02-07T13:36:34","slug":"meltem-suekinci","status":"publish","type":"page","link":"","title":{"rendered":"Meltem \u015euekinci"},"content":{"rendered":"Sofra ve mutfak markas\u0131&nbsp; Jumbo’nun yeni pazarlama direkt\u00f6r\u00fc Meltem \u015euekinci oldu.   \u00c7elik, porselen, cam  gibi hammaddeleri i\u015fleyerek 120’den fazla end\u00fcstriyel tasar\u0131mla bulu\u015fturan ve 1947’den bu yana sofra ve mutfak pazar\u0131na sunan Jumbo , 2008’den bu yana reklamc\u0131l\u0131k sekt\u00f6r\u00fcnde \u00e7al\u0131\u015fmalar yapan Meltem \u015euekinci ’yi pazarlama direkt\u00f6r\u00fc g\u00f6revine getirdi.  UCLA Extension ’da pazarlama ve reklam alan\u0131nda e\u011fitim alan \u015euekinci, 15 y\u0131ll\u0131k kariyeri boyunca farkl\u0131 sekt\u00f6rlerden bir \u00e7ok markaya &nbsp;y\u00f6nelik ba\u015far\u0131l\u0131 kampanyalarda liderlik etti. \u015euekinci, Aral\u0131k 2023 itibar\u0131yla Jumbo'nun pazarlama faaliyetlerinin ba\u015f\u0131ndaki isim oldu.&nbsp; ","protected":false},"author":1,"featured_media":0,"parent":663,"menu_order":0,"comment_status":"open","ping_status":"closed","template":"","meta":{"_links_to":"https:\/\/www.kadindostumarkalar.org\/yazilar\/kariyer-basamaklari\/meltem-suekinci","_links_to_target":"https:\/\/www.kadindostumarkalar.org\/yazilar\/kariyer-basamaklari\/meltem-suekinci"},"_links":{"self":[{"href":"https:\/\/www.kadindostumarkalar.org\/yazilar\/kariyer-basamaklari\/meltem-suekinci"}],"collection":[{"href":"urlver"}],"about":[{"href":""}],"author":[{"embeddable":true,"href":"https:\/\/www.kadindostumarkalar.org\/yazilar\/kariyer-basamaklari\/meltem-suekinci"}],"replies":[{"embeddable":true,"href":"https:\/\/www.kadindostumarkalar.org\/yazilar\/kariyer-basamaklari\/meltem-suekinci"}],"version-history":[{"count":1338,"href":"https:\/\/www.kadindostumarkalar.org\/yazilar\/kariyer-basamaklari\/meltem-suekinci"}],"predecessor-version":[{"id":663,"href":"https:\/\/www.kadindostumarkalar.org\/yazilar\/kariyer-basamaklari\/meltem-suekinci"}],"up":[{"embeddable":true,"href":"https:\/\/www.kadindostumarkalar.org\/yazilar\/kariyer-basamaklari\/meltem-suekinci"}],"wp:attachment":[{"href":"https:\/\/www.kadindostumarkalar.org\/img\/blog\/jumbo-pazarlama-direktoru-meltem-suekinci-oldu-0-62244.jpg"}],"curies":[{"name":".Net","href":"https:\/\/api.w.org\/{rel}","templated":true}]}}