{"id":650,"date":"2024-01-25T12:26:35","date_gmt":"2024-01-25T12:26:35","guid":{"rendered":"https:\/\/www.kadindostumarkalar.org\/yazilar\/saglik\/memorial-anne-adaylarina-ozel-bir-proje-baslatti"},"modified":"2024-01-25T12:28:28","modified_gmt":"2024-01-25T12:28:28","slug":"memorial-anne-adaylarina-ozel-bir-proje-baslatti","status":"publish","type":"page","link":"","title":{"rendered":"MEMOR\u0130AL ANNE ADAYLARINA \u00d6ZEL B\u0130R PROJE BA\u015eLATTI"},"content":{"rendered":"Sa\u011fl\u0131k sekt\u00f6r\u00fcndeki ba\u015far\u0131l\u0131 performans\u0131n\u0131n yan\u0131 s\u0131ra toplumsal cinsiyet e\u015fitli\u011fi konusunda da fark yaratan projelere imza atan Memorial \u015fimdi de anne adaylar\u0131na \u00f6zel bir proje ba\u015flatt\u0131. Proje, hastanenin \u0130stanbul’un her iki yakas\u0131ndaki \u015fubelerinde, anne adaylar\u0131 i\u00e7in haz\u0131rlanm\u0131\u015f do\u011fuma haz\u0131rl\u0131k kurslar\u0131ndan olu\u015fuyor.  Memorial, anne adaylar\u0131n\u0131n en \u00f6zel anlar\u0131ndan biri olan gebelik ser\u00fcveninde,  do\u011fum s\u00fcrecinde bilin\u00e7li kararlar almalar\u0131n\u0131 sa\u011flamak, endi\u015feleriyle ba\u015fa \u00e7\u0131kmak ve kendine olan g\u00fcveninin artmas\u0131na yard\u0131mc\u0131 olmak amac\u0131yla Do\u011fuma Haz\u0131rl\u0131k Kurslar\u0131  d\u00fczenliyor. Kurslara t\u00fcm anne-baba adaylar\u0131n\u0131n kat\u0131l\u0131m\u0131na a\u00e7\u0131k ve \u00fccretsiz olarak ger\u00e7ekle\u015ftiriliyor.  Anne adaylar\u0131n\u0131n sa\u011fl\u0131kl\u0131 bir do\u011fum deneyimi ya\u015famalar\u0131 ve annelik s\u00fcrecine g\u00fcvenli bir ba\u015flang\u0131\u00e7 yapmalar\u0131 amac\u0131yla d\u00fczenlenen kurslar, aileleri ebeveyn olma yolculu\u011funda  bir\u00e7ok konuda bilgilendiriyor. T\u00fcm anne-baba adaylar\u0131n\u0131n,&nbsp;her t\u00fcrl\u00fc sorunun yan\u0131t\u0131n\u0131 bulabilece\u011fi kurslarda, uzman doktorlar taraf\u0131ndan  bu s\u00fcre\u00e7teki kayg\u0131lar\u0131 azaltman\u0131n yollar\u0131 payla\u015f\u0131l\u0131yor.   Mutlu bir gebelik ve sa\u011fl\u0131kl\u0131 bir do\u011fum d\u00f6nemi ge\u00e7irmek isteyenler;  gebelik s\u00fcresince dikkat edilmesi gereken hususlardan, gebelikte v\u00fccutta olu\u015facak de\u011fi\u015fikliklere, do\u011fuma haz\u0131rl\u0131k  s\u00fcrecinden lohusal\u0131k  d\u00f6nemine kadar pek \u00e7ok ayr\u0131nt\u0131 hakk\u0131nda bilgi sahibi oluyor. Annelik ve bebek bak\u0131m\u0131  hakk\u0131nda merak edilenlerin yan\u0131 s\u0131ra ebeveynlerin duygusal ve zihinsel olarak da do\u011fuma haz\u0131r olmalar\u0131n\u0131 sa\u011flayacak bilgiler de psikologlar taraf\u0131ndan kat\u0131l\u0131mc\u0131lara aktar\u0131l\u0131yor.    T\u00fcm anne ve baba adaylar\u0131 Memorial Do\u011fuma Haz\u0131rl\u0131k Kurslar\u0131na kat\u0131lmak i\u00e7in 444 7 888 veya mmr.al\/dogumahazirlik web sitesi \u00fczerinden \u00fccretsiz olarak kay\u0131t yapt\u0131rabilecekler. Kurslara kat\u0131lan anne adaylar\u0131na ise program sonunda kat\u0131l\u0131m belgesi verilecek.  Program:   Memorial Ata\u015fehir Hastanesi     Ba\u015flang\u0131\u00e7 Tarihi: &nbsp;25 Ocak Per\u015fembe Biti\u015f Tarihi: &nbsp;1 \u015eubat Per\u015fembe Tarih:&nbsp; Per\u015fembe g\u00fcnleri (2 hafta boyunca) Saat:  18.00-20.00 Yer: &nbsp;Memorial Ata\u015fehir Hastanesi Konferans Salonu Bilgi ve kay\u0131t i\u00e7in: &nbsp;444 7 888 Kat\u0131l\u0131m \u00fccretsizdir…  Memorial Bah\u00e7elievler Hastanesi     Ba\u015flang\u0131\u00e7 Tarihi: &nbsp;27 Ocak Cumartesi Biti\u015f Tarihi: &nbsp;3 \u015eubat Cumartesi Tarih:&nbsp; Cumartesi g\u00fcnleri (2 hafta boyunca) Saat:  11.00-15.00 Yer: &nbsp;Memorial Bah\u00e7elievler Konferans Salonu Bilgi ve kay\u0131t i\u00e7in: &nbsp;444 7 888 Kat\u0131l\u0131m \u00fccretsizdir… ","protected":false},"author":1,"featured_media":0,"parent":650,"menu_order":0,"comment_status":"open","ping_status":"closed","template":"","meta":{"_links_to":"https:\/\/www.kadindostumarkalar.org\/yazilar\/saglik\/memorial-anne-adaylarina-ozel-bir-proje-baslatti","_links_to_target":"https:\/\/www.kadindostumarkalar.org\/yazilar\/saglik\/memorial-anne-adaylarina-ozel-bir-proje-baslatti"},"_links":{"self":[{"href":"https:\/\/www.kadindostumarkalar.org\/yazilar\/saglik\/memorial-anne-adaylarina-ozel-bir-proje-baslatti"}],"collection":[{"href":"urlver"}],"about":[{"href":""}],"author":[{"embeddable":true,"href":"https:\/\/www.kadindostumarkalar.org\/yazilar\/saglik\/memorial-anne-adaylarina-ozel-bir-proje-baslatti"}],"replies":[{"embeddable":true,"href":"https:\/\/www.kadindostumarkalar.org\/yazilar\/saglik\/memorial-anne-adaylarina-ozel-bir-proje-baslatti"}],"version-history":[{"count":989,"href":"https:\/\/www.kadindostumarkalar.org\/yazilar\/saglik\/memorial-anne-adaylarina-ozel-bir-proje-baslatti"}],"predecessor-version":[{"id":650,"href":"https:\/\/www.kadindostumarkalar.org\/yazilar\/saglik\/memorial-anne-adaylarina-ozel-bir-proje-baslatti"}],"up":[{"embeddable":true,"href":"https:\/\/www.kadindostumarkalar.org\/yazilar\/saglik\/memorial-anne-adaylarina-ozel-bir-proje-baslatti"}],"wp:attachment":[{"href":"https:\/\/www.kadindostumarkalar.org\/img\/blog\/memorial-kapak.jpg-1927.jpg"}],"curies":[{"name":".Net","href":"https:\/\/api.w.org\/{rel}","templated":true}]}}