{"id":372,"date":"2022-03-21T00:00:00","date_gmt":"2022-03-21T00:00:00","guid":{"rendered":"https:\/\/www.kadindostumarkalar.org\/yazilar\/haberler\/memorial-saglik-grubu-ile-kadinlar-omuz-omuza"},"modified":"2022-06-06T17:27:22","modified_gmt":"2022-06-06T17:27:22","slug":"memorial-saglik-grubu-ile-kadinlar-omuz-omuza","status":"publish","type":"page","link":"","title":{"rendered":"MEMOR\u0130AL SA\u011eLIK GRUBU \u0130LE “KADINLAR OMUZ OMUZA”"},"content":{"rendered":"Memorial Sa\u011fl\u0131k Grubu, toplumsal fark\u0131ndal\u0131k olu\u015fturmak ad\u0131na “Kad\u0131nlar Omuz Omuza” projesini hayata ge\u00e7irdi. Proje kapsam\u0131nda, herhangi bir nedenle toplumdan uzakla\u015fm\u0131\u015f, mesle\u011fi olmayan, ya\u015fam\u0131n\u0131 tek ba\u015f\u0131na s\u00fcrd\u00fcrmeye \u00e7al\u0131\u015fan ve buna ihtiya\u00e7 duyan, e\u011fitim hakk\u0131ndan mahrum kalm\u0131\u015f kad\u0131nlar, 6 ay s\u00fcrede ment\u00f6rl\u00fck program\u0131yla e\u011fitim g\u00f6recek, kendi mesleklerini yapabilecek duruma gelecek ve topluma kazand\u0131r\u0131lacak.   \u00dcnl\u00fc isimlerden destek  Sinema, televizyon, m\u00fczik  ve moda  d\u00fcnyas\u0131ndan pek \u00e7ok \u00fcnl\u00fc ismin kad\u0131na destek mesajlar\u0131n\u0131n yer ald\u0131\u011f\u0131 foto\u011fraflarla, zorlu bir hayat m\u00fccadelesi i\u00e7indeyken yollar\u0131 Memorial ile kesi\u015ftikten sonra yeni bir ya\u015fama kavu\u015fan kad\u0131nlar\u0131m\u0131z\u0131n foto\u011fraflar\u0131ndan olu\u015fan sergi umudun her ko\u015fulda daima var olmas\u0131 gerekti\u011finin a\u00e7\u0131k bir g\u00f6stergesi niteli\u011fi ta\u015f\u0131yor. 04 Mart Cuma g\u00fcn\u00fc Zorlu Perfomans Sanatlar\u0131 Merkezi’nde lansman\u0131 ger\u00e7ekle\u015ftirilen “Kad\u0131nlar Omuz Omuza” projesine, A\u00e7elya Akkoyun, Ahu Sungur, Asl\u0131 Tando\u011fan, Atiye, Aydilge, Bel\u00e7im Bilgin, Bennu Y\u0131ld\u0131r\u0131mlar, Berfu Yenenler, Buse Sinem \u0130ren, Cansu Kurt\u00e7u, Deniz T\u00fcrkali, Dicle Do\u011fan, Fatma Karanfil, Fatma Turgut, Gonca Vuslateri, G\u00f6ksel, G\u00fcnseli Kato, Hale Soygazi, Hande Suba\u015f\u0131, \u0130pek Bilgin, \u00d6zge Borak, \u00d6znur Ser\u00e7eler, P\u0131nar altu\u011f Atacan, Rozet Hube\u015f, Selda Alkor, Suzan Karde\u015f, Suzan \u015een, S\u00fcmeyye Aydo\u011fan, Tanju Babacan, Zara, Zeynep Be\u015ferler  gibi bir\u00e7ok \u00fcnl\u00fc isim de destek verdi. \u0130yi Niyet Derne\u011fi ve Memorial i\u015fbirli\u011fi ile ger\u00e7ekle\u015fen, yap\u0131mc\u0131l\u0131\u011f\u0131n\u0131 Zuhal Ceran ’\u0131n ger\u00e7ekle\u015ftirdi\u011fi “Kad\u0131nlar Omuz Omuza” projesinin \u00e7ekimlerini foto\u011fraf sanat\u00e7\u0131s\u0131 Cengiz Dikba\u015f , moda tasar\u0131mc\u0131l\u0131\u011f\u0131n\u0131 ise Tanju Babacan  yapt\u0131 “Kad\u0131nlara pozitif ayr\u0131mc\u0131l\u0131k yap\u0131yoruz”   “Kad\u0131nlar Omuz Omuza” projesi ile \u00f6nemli bir kad\u0131n istihdam\u0131  hareketi ba\u015flatman\u0131n gururunu ya\u015fad\u0131klar\u0131n\u0131 belirten Memorial Sa\u011fl\u0131k Grubu CEO’su U\u011fur Gen\u00e7 , Memorial’\u0131n kad\u0131n dostu  \u015firketler aras\u0131nda y\u0131llard\u0131r \u00f6nc\u00fc konumda olan bir kurum oldu\u011funu ve grup olarak y\u0131llard\u0131r kad\u0131nlara pozitif ayr\u0131mc\u0131l\u0131k yapt\u0131klar\u0131n\u0131 ifade etti. Gruptaki 7 bin 500 \u00e7al\u0131\u015fan\u0131n yakla\u015f\u0131k 5 binini kad\u0131nlar\u0131n olu\u015fturdu\u011funu kaydeden Gen\u00e7, t\u00fcm y\u00f6neticiler aras\u0131nda kad\u0131nlar\u0131n \u015fef ve \u015fef \u00fcst\u00fc pozisyonlardaki oran\u0131n\u0131n y\u00fczde 61, m\u00fcd\u00fcr ve \u00fcst\u00fc d\u00fczeyde kad\u0131n y\u00f6netici oran\u0131n\u0131n da y\u00fczde 44 oldu\u011fu bilgisini verdi. \u0130\u015fe al\u0131mlarda kad\u0131nlar\u0131n handikaplar\u0131n\u0131 giderecek \u015fekilde al\u0131m planlamalar\u0131 yapt\u0131klar\u0131na da de\u011finen Gen\u00e7, kad\u0131n \u00e7al\u0131\u015fanlar\u0131na annelik, e\u015f olma gibi durumlar\u0131 dikkate alarak kre\u015f imkan\u0131, annelik izinlerini uzatabilme ve farkl\u0131 \u015fehirlerden gelip \u0130stanbul’da \u00e7al\u0131\u015fmak zorunda kalan kad\u0131n \u00e7al\u0131\u015fan lar\u0131na da lojman imkan\u0131 sa\u011flad\u0131klar\u0131n\u0131 dile getirdi.Gen\u00e7 s\u00f6zlerini \u015fu \u015fekilde s\u00fcrd\u00fcrd\u00fc: “T\u00fcrkiye’de kad\u0131nlar\u0131n deste\u011fe ihtiyac\u0131 var. Toplumda kad\u0131n  i\u00e7in bir\u00e7ok proje yap\u0131l\u0131yor ancak biz daha da farkl\u0131s\u0131n\u0131 yapmak istedik. Toplumdan soyutlanm\u0131\u015f, mesle\u011fi olmayan, zor durumda kalan kad\u0131nlar\u0131m\u0131z\u0131 bulduk ve onlara i\u015f hayat\u0131na kazand\u0131rmak i\u00e7in harekete ge\u00e7tik. Kad\u0131nlar\u0131m\u0131z\u0131, ment\u00f6rlerimizle i\u015fe haz\u0131rlay\u0131p, istihdam etmeye ba\u015flad\u0131k. Son bir ayda 14 ki\u015fiyi i\u015fe ald\u0131k ve bunu s\u00fcrd\u00fcr\u00fclebilir k\u0131laca\u011f\u0131z. Kad\u0131nlar\u0131m\u0131z bilmedikleri her \u015feyi ment\u00f6rlere sorup \u00f6\u011frenebiliyor ve bu da onlar\u0131n kendi mesleklerini daha k\u0131sa s\u00fcrede yapabilir hale gelmelerini sa\u011fl\u0131yor. Her zaman kad\u0131n dostu bir kurum olan Memorial, \u015fimdi de hayat\u0131n t\u00fcm zorluklar\u0131 ile m\u00fccadele eden kad\u0131nlar\u0131m\u0131za meslek edindirerek, onlar\u0131n ment\u00f6rlerle i\u015fe tutunmalar\u0131n\u0131 sa\u011flay\u0131p, yanlar\u0131nda olacak.” ","protected":false},"author":1,"featured_media":0,"parent":372,"menu_order":0,"comment_status":"open","ping_status":"closed","template":"","meta":{"_links_to":"https:\/\/www.kadindostumarkalar.org\/yazilar\/haberler\/memorial-saglik-grubu-ile-kadinlar-omuz-omuza","_links_to_target":"https:\/\/www.kadindostumarkalar.org\/yazilar\/haberler\/memorial-saglik-grubu-ile-kadinlar-omuz-omuza"},"_links":{"self":[{"href":"https:\/\/www.kadindostumarkalar.org\/yazilar\/haberler\/memorial-saglik-grubu-ile-kadinlar-omuz-omuza"}],"collection":[{"href":"urlver"}],"about":[{"href":""}],"author":[{"embeddable":true,"href":"https:\/\/www.kadindostumarkalar.org\/yazilar\/haberler\/memorial-saglik-grubu-ile-kadinlar-omuz-omuza"}],"replies":[{"embeddable":true,"href":"https:\/\/www.kadindostumarkalar.org\/yazilar\/haberler\/memorial-saglik-grubu-ile-kadinlar-omuz-omuza"}],"version-history":[{"count":1191,"href":"https:\/\/www.kadindostumarkalar.org\/yazilar\/haberler\/memorial-saglik-grubu-ile-kadinlar-omuz-omuza"}],"predecessor-version":[{"id":372,"href":"https:\/\/www.kadindostumarkalar.org\/yazilar\/haberler\/memorial-saglik-grubu-ile-kadinlar-omuz-omuza"}],"up":[{"embeddable":true,"href":"https:\/\/www.kadindostumarkalar.org\/yazilar\/haberler\/memorial-saglik-grubu-ile-kadinlar-omuz-omuza"}],"wp:attachment":[{"href":"https:\/\/www.kadindostumarkalar.org\/img\/blog\/1646472687_Esra_aydemir__Selin_Selamet__U__ur_Gen______zlem___akar__Yasemin_Akta__-2048x1365.jpg"}],"curies":[{"name":".Net","href":"https:\/\/api.w.org\/{rel}","templated":true}]}}