{"id":305,"date":"2022-03-30T00:00:00","date_gmt":"2022-03-30T00:00:00","guid":{"rendered":"https:\/\/www.kadindostumarkalar.org\/yazilar\/otomotiv-ve-yan-sanayii\/mercedes-benz-turkten-esitlik-adimlari"},"modified":"2022-06-06T13:04:11","modified_gmt":"2022-06-06T13:04:11","slug":"mercedes-benz-turkten-esitlik-adimlari","status":"publish","type":"page","link":"","title":{"rendered":"MERCEDES-BENZ T\u00dcRK’TEN E\u015e\u0130TL\u0130K ADIMLARI"},"content":{"rendered":"Mercedes-Benz T\u00fcrk, her alanda kad\u0131nlara y\u00f6nelik f\u0131rsat e\u015fitli\u011fi, g\u00fcven ve kapsay\u0131c\u0131l\u0131k ilkelerini i\u00e7eren programlar\u0131yla cinsiyet e\u015fitli\u011fi fark\u0131ndal\u0131\u011f\u0131 bilincini toplum i\u00e7inde g\u00fcn y\u00fcz\u00fcne \u00e7\u0131karmak i\u00e7in farkl\u0131 projeleri hayata ge\u00e7iriyor.  Y\u00fcr\u00fctt\u00fc\u011f\u00fc sosyal fayda programlar\u0131 ile kad\u0131nlar\u0131n i\u015f hayat\u0131na aktif kat\u0131l\u0131m\u0131 konusunda \u00f6nemli \u00e7al\u0131\u015fmalar yapan Mercedes-Benz T\u00fcrk , her ge\u00e7en g\u00fcn artan kad\u0131n \u00e7al\u0131\u015fan  say\u0131s\u0131 ile toplumsal cinsiyet e\u015fitli\u011fi ne dayal\u0131 kurum k\u00fclt\u00fcr\u00fcn\u00fc kendi b\u00fcnyesinde uygulayarak i\u015f d\u00fcnyas\u0131na da \u00f6rnek oluyor. 2021 y\u0131l\u0131nda ofis \u00e7al\u0131\u015fanlar\u0131ndaki kad\u0131n oran\u0131 y\u00fczde 30’un \u00fczerinde olan Mercedes-Benz T\u00fcrk, kad\u0131n istihdam\u0131  konusunda ana \u015firketi Daimler Truck ’\u0131n hedefleri ile paralel bir \u00e7izgide y\u00fcr\u00fcyor. \u015eirket i\u00e7inde cinsiyet e\u015fitli\u011fi sa\u011flanabilmesi i\u00e7in \u00e7e\u015fitli hedefler koyan \u015firket, uygulamalar\u0131n\u0131n geli\u015fimlerini ve sonu\u00e7lar\u0131n\u0131 da \u00f6zellikle de\u011ferlendiriyor. 2008 y\u0131l\u0131nda ba\u015flat\u0131lan “Farkl\u0131l\u0131klar\u0131n Y\u00f6netimi ” \u00e7er\u00e7evesinde kapsaml\u0131 \u00e7al\u0131\u015fmalar y\u00fcr\u00fcten \u015firket; Daimler Truck’\u0131n “K\u00fcresel \u0130lkeler S\u00f6zle\u015fmesi ” ve “Sosyal Sorumluluk Prensipleri ”ni imzalayarak ve “Davran\u0131\u015f Y\u00f6netmeli\u011fi ”ni yay\u0131nlayarak cinsiyet e\u015fitli\u011fini en \u00fcst d\u00fczeyde taahh\u00fct etmeyi garanti alt\u0131na ald\u0131. Her K\u0131z\u0131m\u0131z Bir Y\u0131ld\u0131z ile kad\u0131nlara istihdam f\u0131rsat\u0131  Mercedes-Benz T\u00fcrk’\u00fcn, \u00c7a\u011fda\u015f Ya\u015fam\u0131 Destekleme Derne\u011fi (\u00c7YDD ) ile 2004 y\u0131l\u0131nda, 17 ilde 200 k\u0131z\u0131 destekleyerek hayata ge\u00e7irdi\u011fi Her K\u0131z\u0131m\u0131z Bir Y\u0131ld\u0131z  program\u0131, g\u00fc\u00e7lenerek b\u00fcy\u00fcmeye devam ediyor. T\u00fcrkiye’de kad\u0131nlar\u0131n her alanda erkeklerle birlikte, e\u015fit, sosyal ve ekonomik \u015fartlarla \u00e7al\u0131\u015fabilmesi hedefiyle ba\u015flat\u0131lan programda, her y\u0131l 200’\u00fc \u00fcniversite \u00f6\u011frencisi olmak \u00fczere 1.000 k\u0131z \u00f6\u011frenci Mercedes-Benz T\u00fcrk’ten e\u011fitim bursu al\u0131yor. \u00d6\u011frenciler e\u011fitim bursuna ek olarak, ki\u015fisel ve mesleki geli\u015fimlerine y\u00f6nelik haz\u0131rlanan \u00e7e\u015fitli programlara da kat\u0131l\u0131yorlar. Proje deste\u011fi ile e\u011fitimini tamamlayan \u00f6\u011frenciler, Mercedes-Benz T\u00fcrk’te istihdam edilme olana\u011f\u0131na da sahip oluyor. \u015eirkette \u00e7al\u0131\u015fan mavi yaka kad\u0131nlar\u0131n  y\u00fczde 20’sini, bu program ile e\u011fitimlerini tamamlayan \u00f6\u011frenciler olu\u015fturuyor. Kad\u0131n m\u00fchendis adaylar\u0131na destek  Bo\u011fazi\u00e7i \u00dcniversitesi Vakf\u0131  ile Women In 4 Mercedes  program\u0131n\u0131 geli\u015ftiren Mercedes-Benz T\u00fcrk, m\u00fchendislik  okuyan ba\u015far\u0131l\u0131 k\u0131z \u00f6\u011frencileri  destekleyerek kad\u0131n m\u00fchendis  istihdam\u0131 \u00e7al\u0131\u015fmalar\u0131na katk\u0131 sa\u011flamay\u0131 hedefliyor. 2018 y\u0131l\u0131nda Bo\u011fazi\u00e7i \u00dcniversitesi’nde m\u00fchendislik okuyan k\u0131z \u00f6\u011frencilere e\u011fitim bursu verilmesiyle ba\u015flayan program kapsam\u0131nda burs kriterlerine uyan \u00f6\u011frenciler, haz\u0131rl\u0131k s\u0131n\u0131f\u0131ndan mezun oluncaya kadar bu burstan yararlanabiliyorlar. E\u011fitim bursunun yan\u0131 s\u0131ra bursiyerlerin geli\u015fimi i\u00e7in \u00e7e\u015fitli \u00e7al\u0131\u015fmalar da ger\u00e7ekle\u015ftiriliyor. Bursiyerler, \u015firketi daha yak\u0131ndan tan\u0131ma, kamp\u00fcs etkinliklerine e\u015flik etme, stajyer program\u0131na dahil olma gibi f\u0131rsatlar\u0131n yan\u0131 s\u0131ra \u015firket y\u00f6neticileri ve m\u00fchendislerin mentorlu\u011fundan da faydalanabiliyorlar. Bu mentorluk  sayesinde bursiyerler, y\u00f6netici ve m\u00fchendislerin tecr\u00fcbelerinden yararlanarak ki\u015fisel geli\u015fimlerine katk\u0131 sa\u011flayacak bilgileri edinme f\u0131rsat\u0131na sahip oluyorlar. ","protected":false},"author":1,"featured_media":0,"parent":305,"menu_order":0,"comment_status":"open","ping_status":"closed","template":"","meta":{"_links_to":"https:\/\/www.kadindostumarkalar.org\/yazilar\/otomotiv-ve-yan-sanayii\/mercedes-benz-turkten-esitlik-adimlari","_links_to_target":"https:\/\/www.kadindostumarkalar.org\/yazilar\/otomotiv-ve-yan-sanayii\/mercedes-benz-turkten-esitlik-adimlari"},"_links":{"self":[{"href":"https:\/\/www.kadindostumarkalar.org\/yazilar\/otomotiv-ve-yan-sanayii\/mercedes-benz-turkten-esitlik-adimlari"}],"collection":[{"href":"urlver"}],"about":[{"href":""}],"author":[{"embeddable":true,"href":"https:\/\/www.kadindostumarkalar.org\/yazilar\/otomotiv-ve-yan-sanayii\/mercedes-benz-turkten-esitlik-adimlari"}],"replies":[{"embeddable":true,"href":"https:\/\/www.kadindostumarkalar.org\/yazilar\/otomotiv-ve-yan-sanayii\/mercedes-benz-turkten-esitlik-adimlari"}],"version-history":[{"count":1041,"href":"https:\/\/www.kadindostumarkalar.org\/yazilar\/otomotiv-ve-yan-sanayii\/mercedes-benz-turkten-esitlik-adimlari"}],"predecessor-version":[{"id":305,"href":"https:\/\/www.kadindostumarkalar.org\/yazilar\/otomotiv-ve-yan-sanayii\/mercedes-benz-turkten-esitlik-adimlari"}],"up":[{"embeddable":true,"href":"https:\/\/www.kadindostumarkalar.org\/yazilar\/otomotiv-ve-yan-sanayii\/mercedes-benz-turkten-esitlik-adimlari"}],"wp:attachment":[{"href":"https:\/\/www.kadindostumarkalar.org\/img\/blog\/her-kizimiz-bir-yildiz.jpg"}],"curies":[{"name":".Net","href":"https:\/\/api.w.org\/{rel}","templated":true}]}}