{"id":319,"date":"2021-10-14T00:00:00","date_gmt":"2021-10-14T00:00:00","guid":{"rendered":"https:\/\/www.kadindostumarkalar.org\/yazilar\/yesil-donusum\/metrodan-kuresel-plastik-hareketi"},"modified":"2022-06-06T13:10:38","modified_gmt":"2022-06-06T13:10:38","slug":"metrodan-kuresel-plastik-hareketi","status":"publish","type":"page","link":"","title":{"rendered":"METRO’DAN “K\u00dcRESEL PLAST\u0130K HAREKET\u0130”"},"content":{"rendered":"“Metro K\u00fcresel Plastik Hareketi” ile bir y\u0131lda 65 milyonu a\u015fk\u0131n plastik \u015fi\u015fenin okyanuslara ula\u015fmas\u0131 \u00f6nlenecek.  Uluslararas\u0131 perakende \u015firketi Metro, 2013 y\u0131l\u0131ndan bu yana d\u00fcnya \u00e7ap\u0131nda k\u0131y\u0131 b\u00f6lgelerine odaklanarak geri d\u00f6n\u00fc\u015f\u00fcm  ekosistemleri olu\u015fturulmas\u0131na odaklanan sosyal giri\u015fim Plastic Bank  ile uluslararas\u0131 ve uzun d\u00f6nemli bir i\u015fbirli\u011fi ba\u015flatt\u0131. \u0130lk y\u0131l\u0131nda \u00f6ncelikli olarak 1.000 tonun \u00fczerinde plastik at\u0131\u011fa denk gelen 65 milyonu a\u015fk\u0131n plastik \u015fi\u015fenin okyanuslara ula\u015fmadan \u00f6nce toplanmas\u0131n\u0131n hedeflendi\u011fi Metro Plastik Hareketi , T\u00fcrkiye’nin de i\u00e7inde yer ald\u0131\u011f\u0131 24 \u00fclkede Metro m\u00fc\u015fterilerini, tedarik\u00e7ilerini ve Plastic Bank’\u0131 bir araya getiriyor. Metro, T\u00fcrkiye’nin de dâhil oldu\u011fu k\u00fcresel plastik hareketi kapsam\u0131nda d\u00fcnya \u00e7ap\u0131nda daha s\u00fcrd\u00fcr\u00fclebilir  ambalajlar sahip \u00fcr\u00fcnlere odaklan\u0131lacak. Bu ambalaj  t\u00fcrleri aras\u0131nda yeniden tasarland\u0131ktan sonra daha az saf plastik malzeme gerektiren, geri d\u00f6n\u00fc\u015ft\u00fcr\u00fclm\u00fc\u015f malzeme i\u00e7eren, kompost  haline getirilebilir malzeme veya renk de\u011fi\u015fikli\u011fi nedeniyle geri d\u00f6n\u00fc\u015f\u00fcm\u00fc \u00e7ok daha kolay olan ambalajlar yer alacak. Ambalajlar \u00fczerinde sa\u011flanacak ek bilgiler m\u00fc\u015fterilerin bilin\u00e7li ve s\u00fcrd\u00fcr\u00fclebilir sat\u0131n alma kararlar\u0131 vermesine olanak sa\u011flarken, geri d\u00f6n\u00fc\u015f\u00fcm konusundaki fark\u0131ndal\u0131klar\u0131n\u0131 da art\u0131racak. Bu sayede, sat\u0131n al\u0131nan her bir kampanya \u00fcr\u00fcn\u00fc ile Metro m\u00fc\u015fterileri ve kat\u0131l\u0131m g\u00f6steren tedarik\u00e7iler, sosyal giri\u015fim Plastic Bank’\u0131 da desteklemi\u015f olacak. S\u00fcrd\u00fcr\u00fclebilirlik, Metro T\u00fcrkiye i\u00e7in bir i\u015f yap\u0131\u015f bi\u00e7imi  Konuya ili\u015fkin yapt\u0131\u011f\u0131 konu\u015fmada, s\u00fcrd\u00fcr\u00fclebilirli\u011fin, gelecek nesillere daha ya\u015fanabilir bir d\u00fcnya b\u0131rakmak i\u00e7in bu ekosistemin bir par\u00e7as\u0131 olarak t\u00fcm \u015firketler i\u00e7in \u00f6nemli bir konu oldu\u011funa de\u011finen Metro T\u00fcrkiye  CEO’su Sinem T\u00fcr\u00fcng,  Metro T\u00fcrkiye olarak, s\u00fcrd\u00fcr\u00fclebilirli\u011fi bir i\u015f yap\u0131\u015f bi\u00e7imi olarak ele ald\u0131klar\u0131n\u0131 ve 30 y\u0131l\u0131 a\u015fk\u0131n s\u00fcredir s\u00fcrd\u00fcr\u00fclebilir \u00e7\u00f6z\u00fcmler \u00fcreterek \u00e7al\u0131\u015ft\u0131klar\u0131n\u0131 ifade etti. Bu kapsamda \u00e7al\u0131\u015fmalar\u0131n\u0131 sadece kendi operasyonlar\u0131nda hayata ge\u00e7irmekle kalmay\u0131p s\u00fcrd\u00fcr\u00fclebilirli\u011fi m\u00fc\u015fterilerini, tedarik\u00e7ilerini ve \u00e7al\u0131\u015fanlar\u0131n\u0131 da s\u00fcre\u00e7lere dâhil ettikleri b\u00fct\u00fcnsel bir yakla\u015f\u0131m olarak ele ald\u0131klar\u0131n\u0131 belirten T\u00fcr\u00fcng , bu nedenle T\u00fcrkiye’de yakla\u015f\u0131k y\u00fczde 90’\u0131n\u0131na ula\u015ft\u0131klar\u0131 otel ve restoran sekt\u00f6r\u00fcndeki m\u00fc\u015fterini de ticari faaliyetlerini s\u00fcrd\u00fcr\u00fclebilir bir \u015fekilde y\u00fcr\u00fctmeleri i\u00e7in destekliklerini dile getirdi. Metro Plastik Hareketi  ile de s\u00fcrd\u00fcr\u00fclebilirlik \u00e7al\u0131\u015fmalar\u0131na bir yenisini daha ekleyerek haz\u0131rlad\u0131klar\u0131 kampanyaya tedarik\u00e7ilerini de dahil ettiklerini s\u00f6yleyen T\u00fcr\u00fcng, Metro markal\u0131 belirli \u00fcr\u00fcnlerine ek olarak, tedarik\u00e7ilerin de kendi markalar\u0131yla, haz\u0131rlanan kampanyaya aktif kat\u0131l\u0131m sa\u011flad\u0131klar\u0131n\u0131 ifade etti. Di\u011fer taraftan bu konuda fark\u0131ndal\u0131\u011f\u0131  art\u0131rmak ve plastik at\u0131\u011f\u0131 azalt\u0131lm\u0131\u015f, geri d\u00f6n\u00fc\u015ft\u00fcr\u00fclebilir \u00fcr\u00fcnleri daha eri\u015filebilir k\u0131lmak i\u00e7in ise Ekim ay\u0131nda yeni plastik hareketi katalo\u011funu \u00e7\u0131kard\u0131klar\u0131n\u0131 da s\u00f6zlerin ekleyen T\u00fcr\u00fcng, “Bu katalo\u011fumuzda m\u00fc\u015fterilerimiz, plastikten ar\u0131nm\u0131\u015f bir \u00e7evre yolunda i\u015fletmelerinde d\u00f6n\u00fc\u015f\u00fcm\u00fc ba\u015flatabilecekleri \u00fcr\u00fcnleri bulabilecekler. Metro T\u00fcrkiye olarak her zaman oldu\u011fu gibi gelecekte de insan odakl\u0131, \u00e7evreye sayg\u0131l\u0131, yerel de\u011ferleri koruma anlay\u0131\u015f\u0131yla \u00e7al\u0131\u015fmalar\u0131m\u0131za t\u00fcm payda\u015flar\u0131m\u0131z\u0131 da kapsayacak \u015fekilde devam edece\u011fiz.” \u015feklinde konu\u015ftu. Plastic Bank  Kurucusu ve CEO’su David Katz  ise a\u00e7\u0131klamas\u0131nda, “Metro ve i\u015f ortaklar\u0131yla yapt\u0131\u011f\u0131m\u0131z i\u015f birli\u011fi, d\u00fcnyadaki plastik at\u0131klar\u0131n okyanuslara ula\u015fmas\u0131n\u0131n \u00f6nlenmesine yard\u0131mc\u0131 oluyor. Bu hareketle birlikte markalar, tedarik\u00e7iler ve t\u00fcketiciler plastik ayak izlerini \u00f6l\u00e7ebilecek ve buna g\u00f6re hareket edebilecek. Bu sayede gezegenimiz i\u00e7in ger\u00e7ek ve kal\u0131c\u0131 bir de\u011fi\u015fim sa\u011flamak \u00fczere \u015feffafl\u0131k ve hesap verebilirlik artm\u0131\u015f olacak.” dedi. Metro T\u00fcrkiye plastik at\u0131klara kar\u015f\u0131 uzun y\u0131llard\u0131r g\u00fc\u00e7l\u00fc bir strateji izliyor  \u00c7evresel etkisi y\u00fcksek olan plastik ambalajlar\u0131n azalt\u0131lmas\u0131 \u00e7al\u0131\u015fmas\u0131 kapsam\u0131nda 2019 y\u0131l\u0131ndan bu yana yakla\u015f\u0131k 25 ton plastik azalt\u0131m\u0131 sa\u011flayan Metro T\u00fcrkiye , tek kullan\u0131ml\u0131k plastik \u00fcr\u00fcnlere alternatif olarak geri d\u00f6n\u00fc\u015ft\u00fcr\u00fclebilir, bio\u00e7\u00f6z\u00fcn\u00fcr , kompostlan\u0131r veya tekrar kullan\u0131labilir do\u011faya dost  \u00fcr\u00fcn \u00e7e\u015fitlili\u011fini de art\u0131r\u0131yor. Son olarak Ekim ay\u0131nda  “\u015eimdi S\u0131ra Sizde” slogan\u0131 ile yay\u0131nlad\u0131\u011f\u0131 plastik katalo\u011funda ise m\u00fc\u015fterileri i\u00e7in i\u015fletmelerinde de plastik at\u0131\u011f\u0131n\u0131 azaltma d\u00f6n\u00fc\u015f\u00fcm\u00fcn\u00fc ba\u015flatabilecekleri \u00fcr\u00fcnlere yer veriyor. Metro T\u00fcrkiye’nin kendi markal\u0131 \u00fcr\u00fcnlerinin yan\u0131 s\u0131ra harekete kat\u0131lan di\u011fer markalar\u0131n \u00e7evre dostu  \u00fcr\u00fcnlerinin de bulundu\u011fu katalogda %100 geri d\u00f6n\u00fc\u015f\u00fcme uygun ambalajlar\u0131n kullan\u0131ld\u0131\u011f\u0131 g\u0131dadan,%90’\u0131n \u00fczerinde geri d\u00f6n\u00fc\u015ft\u00fcr\u00fclebilir ambalajlar\u0131n kullan\u0131ld\u0131\u011f\u0131 ki\u015fisel bak\u0131m ve ev temizli\u011fine kadar bir\u00e7ok \u00fcr\u00fcn bulunuyor. ","protected":false},"author":1,"featured_media":0,"parent":319,"menu_order":0,"comment_status":"open","ping_status":"closed","template":"","meta":{"_links_to":"https:\/\/www.kadindostumarkalar.org\/yazilar\/yesil-donusum\/metrodan-kuresel-plastik-hareketi","_links_to_target":"https:\/\/www.kadindostumarkalar.org\/yazilar\/yesil-donusum\/metrodan-kuresel-plastik-hareketi"},"_links":{"self":[{"href":"https:\/\/www.kadindostumarkalar.org\/yazilar\/yesil-donusum\/metrodan-kuresel-plastik-hareketi"}],"collection":[{"href":"urlver"}],"about":[{"href":""}],"author":[{"embeddable":true,"href":"https:\/\/www.kadindostumarkalar.org\/yazilar\/yesil-donusum\/metrodan-kuresel-plastik-hareketi"}],"replies":[{"embeddable":true,"href":"https:\/\/www.kadindostumarkalar.org\/yazilar\/yesil-donusum\/metrodan-kuresel-plastik-hareketi"}],"version-history":[{"count":1095,"href":"https:\/\/www.kadindostumarkalar.org\/yazilar\/yesil-donusum\/metrodan-kuresel-plastik-hareketi"}],"predecessor-version":[{"id":319,"href":"https:\/\/www.kadindostumarkalar.org\/yazilar\/yesil-donusum\/metrodan-kuresel-plastik-hareketi"}],"up":[{"embeddable":true,"href":"https:\/\/www.kadindostumarkalar.org\/yazilar\/yesil-donusum\/metrodan-kuresel-plastik-hareketi"}],"wp:attachment":[{"href":"https:\/\/www.kadindostumarkalar.org\/img\/blog\/1634114833-metro-market-gorsel.jpg"}],"curies":[{"name":".Net","href":"https:\/\/api.w.org\/{rel}","templated":true}]}}