{"id":309,"date":"2022-03-30T00:00:00","date_gmt":"2022-03-30T00:00:00","guid":{"rendered":"https:\/\/www.kadindostumarkalar.org\/yazilar\/perakende\/migros-kadin-girisimcilere-satis-destegi-veriyor"},"modified":"2022-06-06T13:06:33","modified_gmt":"2022-06-06T13:06:33","slug":"migros-kadin-girisimcilere-satis-destegi-veriyor","status":"publish","type":"page","link":"","title":{"rendered":"M\u0130GROS, KADIN G\u0130R\u0130\u015e\u0130MC\u0130LERE SATI\u015e DESTE\u011e\u0130 VER\u0130YOR"},"content":{"rendered":"Migros, tar\u0131msal alanda kad\u0131nlar\u0131n g\u00fc\u00e7lenmelerini ve b\u00fcy\u00fcmelerini destekleyen projeler hayata ge\u00e7irmeye devam ediyor. Migros ve T\u00fcrkiye Kad\u0131n Giri\u015fimciler Derne\u011fi (KAG\u0130DER)&nbsp;i\u015f birli\u011fi ile d\u00fczenlenen “Tar\u0131mda Kad\u0131n Giri\u015fimci Geli\u015ftirme ve H\u0131zland\u0131rma Program\u0131” kamp\u0131na kat\u0131lan giri\u015fimci kad\u0131nlar\u0131n \u00fcretimleri Migros ma\u011fazalar\u0131nda yerini almaya ba\u015flad\u0131.  G\u00fc\u00e7l\u00fc yat\u0131r\u0131mlar\u0131yla kad\u0131nlar\u0131n tar\u0131msal alanda  g\u00fc\u00e7lenmesine ve kad\u0131n giri\u015fimcili\u011finin  artmas\u0131na katk\u0131 sa\u011flayan Migros’un, T\u00fcrkiye Kad\u0131n Giri\u015fimciler Derne\u011fi (KAG\u0130DER) ile olan i\u015f birli\u011finde yeni bir ad\u0131m at\u0131ld\u0131. “Tar\u0131mdaKad\u0131n Giri\u015fimci Geli\u015ftirme ve H\u0131zland\u0131rma Program\u0131” kamp\u0131na kat\u0131lan kad\u0131n \u00fcretici lerin bin bir emekle \u00fcretti\u011fi \u00fcr\u00fcnler Migros ma\u011fazalar\u0131nda t\u00fcketicilerle bulu\u015fmaya ba\u015flad\u0131. Migros, KAG\u0130DER ile birlikte d\u00fczenledi\u011fi e\u011fitim program\u0131na kat\u0131lan Mersinli kad\u0131n giri\u015fimcinin projesi ile toplamda 10.000 adet kaz al\u0131m\u0131 yapacak. Mersinden Kad\u0131n Kooperatifi ’ne ba\u011fl\u0131 100 kad\u0131n \u00fcreticinin Migros’un kalite standartlar\u0131na uygun ve Migros’a \u00f6zel olarak yeti\u015ftirdi\u011fi kazlar\u0131n ilk 2.500 adedi Migros ma\u011fazalar\u0131nda raflardaki yerini ald\u0131. Program, kad\u0131nlar\u0131n \u00fcretime daha fazla kat\u0131l\u0131m\u0131n\u0131 desteklemek amac\u0131yla, Migros’un pazarlama y\u00f6neticilerinin, tar\u0131m sekt\u00f6r\u00fcnden uzmanlar\u0131n ve ba\u015far\u0131l\u0131 giri\u015fimcilerin kat\u0131l\u0131m\u0131yla d\u00fczenleniyor. Kad\u0131n giri\u015fimcilere e\u011fitim ve dan\u0131\u015fmanl\u0131k hizmeti verilen program\u0131n \u00fc\u00e7\u00fcnc\u00fcs\u00fc May\u0131s ay\u0131nda ger\u00e7ekle\u015ftirilecek. Program\u0131n \u00fc\u00e7\u00fcnc\u00fcs\u00fc May\u0131s ay\u0131nda   Migros olarak, tar\u0131m sekt\u00f6r\u00fcnde  kad\u0131n giri\u015fimcileri desteklemek i\u00e7in T\u00fcrkiye Kad\u0131n Giri\u015fimciler Derne\u011fi (KAG\u0130DER) i\u015f birli\u011fi ger\u00e7ekle\u015ftirdiklerini kaydeden Migros Ticaret A.\u015e. \u0130cra Kurulu \u00dcyesi Ekmel Nuri Baydur , May\u0131s ay\u0131nda program\u0131n \u00fc\u00e7\u00fcnc\u00fcs\u00fcn\u00fc ger\u00e7ekle\u015ftirecekleri bilgisini verdi.&nbsp; “Tar\u0131mda Kad\u0131n Giri\u015fimci Geli\u015ftirme ve H\u0131zland\u0131rma Program\u0131” ile kad\u0131n giri\u015fimcilerin b\u00fcy\u00fcmelerini ve g\u00fc\u00e7lenmelerini destekleyici e\u011fitimler verdiklerini kaydeden Baydur, tar\u0131m sekt\u00f6r\u00fcn\u00fc t\u00fcm boyutlar\u0131yla ele ald\u0131klar\u0131n\u0131 dile getirdi.&nbsp; Baydur, “Programa kat\u0131lan kad\u0131n \u00fcreticilerin, Migros kalite standartlar\u0131na uygun \u00fcretimlerini ma\u011fazalar\u0131m\u0131zda t\u00fcketicilerle bulu\u015fturma imkan\u0131 sunuyoruz. Tar\u0131mda Kad\u0131n Giri\u015fimci Geli\u015ftirme ve H\u0131zland\u0131rma Program\u0131’n\u0131n yan\u0131 s\u0131ra B\u00f6lgesel Kad\u0131n Kooperatifleri bulu\u015fmalar\u0131 ve g\u00fc\u00e7l\u00fc yat\u0131r\u0131mlar\u0131m\u0131zla kad\u0131nlar\u0131n \u00fcretime kat\u0131lmas\u0131n\u0131 destekliyor, ulusal pazarda eme\u011finin kar\u015f\u0131l\u0131k bulmas\u0131n\u0131 sa\u011fl\u0131yoruz” dedi. “Mersin’de kaz \u00fcretimine ba\u015fland\u0131”  E\u011fitim program\u0131na kat\u0131lan Mersinli Eylem Bozdo\u011fan ’\u0131n giri\u015fimiyle 100 kad\u0131n \u00fcretici taraf\u0131ndan yeti\u015ftirilen kazlar\u0131 T\u00fcrkiye’nin d\u00f6rt bir yan\u0131ndaki Migros ma\u011fazalar\u0131nda t\u00fcketicilerle bulu\u015fturmaya ba\u015flad\u0131klar\u0131n\u0131 belirten Baydur, kaz\u0131n art\u0131k sadece Kars’ta de\u011fil, Mersin’de de \u00fcretilebildi\u011fini dile getirdi. \u0130lk ad\u0131mda 2.500 adet al\u0131m yapt\u0131klar\u0131n\u0131 anlatan Baydur, \u00fcretimin her a\u015famas\u0131nda \u00fcretici kad\u0131nlara destek olduklar\u0131n\u0131 ve kalite standartlar\u0131na uygun \u015fekilde hijyenik ve verimli ortamda Migros i\u00e7in \u00fcretilen toplamda 10.000 adet kaz\u0131 sofralara getireceklerini ifade etti. Baydur s\u00f6zlerini “Sadece Migros’ta” sat\u0131\u015fa sundu\u011fumuz kazlar\u0131, m\u00fc\u015fterilerimiz ihtiya\u00e7lar\u0131na g\u00f6re yar\u0131m veya b\u00fct\u00fcn olarak sat\u0131n alabilecek. Tar\u0131m alan\u0131ndaki kad\u0131n giri\u015fimcilerin hayallerinin ger\u00e7e\u011fe d\u00f6n\u00fc\u015ft\u00fc\u011f\u00fcn\u00fc g\u00f6rmek bizim i\u00e7in b\u00fcy\u00fck mutluluk kayna\u011f\u0131. Giri\u015fimcilere umut ve cesaret veren projelerimizi art\u0131rarak s\u00fcrd\u00fcrece\u011fiz” \u015feklinde tamamlad\u0131.  “Migros’un deste\u011fiyle hayalim ger\u00e7ek oldu”  \u015eubat 2020’de kat\u0131ld\u0131\u011f\u0131 program sonras\u0131nda, Mersin’de kaz \u00fcretilmesi ve bu i\u015ften \u00f6zellikle kad\u0131nlar\u0131n para kazanabilmesine y\u00f6nelik bir hayal kurdu\u011funu anlatan Mersin Kad\u0131n Kooperatifi \u00fcyesi Eylem Bozdo\u011fan, “Migros bizimle ileti\u015fime ge\u00e7erek kendi standartlar\u0131na uygun \u00fcretim oldu\u011fu taktirde ma\u011fazalar\u0131nda sat\u0131\u015fa sunabilece\u011fini s\u00f6yledi. Migros’un bize cesaret veren teklifi \u00fczerine projeyi orta\u011f\u0131 oldu\u011fum Mersinden Kad\u0131n Kooperatifi ile birlikte Mersin B\u00fcy\u00fck\u015fehir Belediyesi’ne aktard\u0131k. Hayalimin ger\u00e7e\u011fe d\u00f6n\u00fc\u015fmesini sa\u011flayan ba\u015fta Migros olmak \u00fczere KAG\u0130DER ekibine, kooperatifime, projeme inanan ve yat\u0131r\u0131m yapan Mersin B\u00fcy\u00fck\u015fehir Belediyesi ’ne ve katk\u0131 sunan t\u00fcm \u00fcreticilerimize te\u015fekk\u00fcr ediyorum” dedi.  &#8220;Kad\u0131nlar tar\u0131m\u0131 g\u00fcvenle gelece\u011fe ta\u015f\u0131yabilir &#8220; Tar\u0131m\u0131n, d\u0131\u015fa ba\u011f\u0131ml\u0131l\u0131\u011f\u0131 azaltma ve s\u00fcrd\u00fcr\u00fclebilir ekonomik kalk\u0131nma sa\u011flaman\u0131n yan\u0131 s\u0131ra, stratejik \u00f6neminin sofralara ve sa\u011fl\u0131\u011fa kadar uzanan bir sekt\u00f6r oldu\u011funun alt\u0131n\u0131 \u00e7izen KAG\u0130DER Ba\u015fkan\u0131 Emine Erdem  ise konuya ili\u015fkin yapt\u0131\u011f\u0131 a\u00e7\u0131klamada \u015fu s\u00f6zleri kulland\u0131: “Hi\u00e7 \u015f\u00fcphe yok ki \u00fclkemizde tar\u0131m b\u00fcy\u00fck \u00f6l\u00e7\u00fcde kad\u0131nlar\u0131n eme\u011fi \u00fczerinde y\u00fckseliyor. Giri\u015fimcilik potansiyeli y\u00fcksek olan kad\u0131nlar, tar\u0131m sekt\u00f6r\u00fcn\u00fc g\u00fcvenle gelece\u011fe ta\u015f\u0131yabilecek g\u00fcce sahip. KAG\u0130DER’in \u00f6zellikle odakland\u0131\u011f\u0131 alanlardan biri olan tar\u0131mda kad\u0131n varl\u0131\u011f\u0131n\u0131 g\u00fc\u00e7lendirecek, ba\u015fka kad\u0131nlara ilham ve cesaret verecek bu projeyi Migros ile birlikte ger\u00e7ekle\u015ftirmi\u015f olmaktan mutluluk duyuyoruz. Dilerim bu projemiz, tar\u0131mdaki kad\u0131n giri\u015fimcileri destekleyecek, yeni pazarlara eri\u015fimlerini sa\u011flayacak ba\u015fka \u00e7al\u0131\u015fmalar\u0131n yolunu a\u00e7s\u0131n.” ","protected":false},"author":1,"featured_media":0,"parent":309,"menu_order":0,"comment_status":"open","ping_status":"closed","template":"","meta":{"_links_to":"https:\/\/www.kadindostumarkalar.org\/yazilar\/perakende\/migros-kadin-girisimcilere-satis-destegi-veriyor","_links_to_target":"https:\/\/www.kadindostumarkalar.org\/yazilar\/perakende\/migros-kadin-girisimcilere-satis-destegi-veriyor"},"_links":{"self":[{"href":"https:\/\/www.kadindostumarkalar.org\/yazilar\/perakende\/migros-kadin-girisimcilere-satis-destegi-veriyor"}],"collection":[{"href":"urlver"}],"about":[{"href":""}],"author":[{"embeddable":true,"href":"https:\/\/www.kadindostumarkalar.org\/yazilar\/perakende\/migros-kadin-girisimcilere-satis-destegi-veriyor"}],"replies":[{"embeddable":true,"href":"https:\/\/www.kadindostumarkalar.org\/yazilar\/perakende\/migros-kadin-girisimcilere-satis-destegi-veriyor"}],"version-history":[{"count":1059,"href":"https:\/\/www.kadindostumarkalar.org\/yazilar\/perakende\/migros-kadin-girisimcilere-satis-destegi-veriyor"}],"predecessor-version":[{"id":309,"href":"https:\/\/www.kadindostumarkalar.org\/yazilar\/perakende\/migros-kadin-girisimcilere-satis-destegi-veriyor"}],"up":[{"embeddable":true,"href":"https:\/\/www.kadindostumarkalar.org\/yazilar\/perakende\/migros-kadin-girisimcilere-satis-destegi-veriyor"}],"wp:attachment":[{"href":"https:\/\/www.kadindostumarkalar.org\/img\/blog\/1647247963-gorsel.jpg"}],"curies":[{"name":".Net","href":"https:\/\/api.w.org\/{rel}","templated":true}]}}