{"id":311,"date":"2022-01-07T00:00:00","date_gmt":"2022-01-07T00:00:00","guid":{"rendered":"https:\/\/www.kadindostumarkalar.org\/yazilar\/perakende\/migrostan-kadin-tarim-ureticilerine-destek"},"modified":"2022-06-06T13:06:50","modified_gmt":"2022-06-06T13:06:50","slug":"migrostan-kadin-tarim-ureticilerine-destek","status":"publish","type":"page","link":"","title":{"rendered":"M\u0130GROS’TAN KADIN TARIM \u00dcRET\u0130C\u0130LER\u0130NE DESTEK"},"content":{"rendered":"T\u00fcrkiye’nin tercih edilen perakendecilerinden Migros, tar\u0131msal alanda kad\u0131nlar\u0131n g\u00fc\u00e7lenmesine ve kad\u0131n giri\u015fimcili\u011finin artmas\u0131na katk\u0131 sa\u011flayan yat\u0131r\u0131mlar\u0131na g\u00fc\u00e7l\u00fc bir ivme katmaya devam ediyor.   Birle\u015fmi\u015f Milletler Uluslararas\u0131 \u00c7al\u0131\u015fma \u00d6rg\u00fct\u00fc (UN-ILO) ortakl\u0131\u011f\u0131yla kurulan Meryem Kad\u0131n Kooperatifi’nden 130 bin adet atom salata al\u0131m\u0131 ger\u00e7ekle\u015ftiren Migros, do\u011fa dostu ve s\u00fcrd\u00fcr\u00fclebilir tar\u0131m teknikleriyle kad\u0131n tar\u0131m emek\u00e7ileri taraf\u0131ndan yeti\u015ftirilen hasat tazeli\u011findeki \u00fcr\u00fcnleri m\u00fc\u015fterilerine sunmaya ba\u015flad\u0131.  Tar\u0131msal alanda kad\u0131nlar\u0131n g\u00fc\u00e7lenmesi ni sa\u011flayan projelerinin yan\u0131 s\u0131ra kad\u0131n kooperatifleri nden yapt\u0131\u011f\u0131 al\u0131mlarla kad\u0131n giri\u015fimcil ere destek olmaya devam eden Migros, Birle\u015fmi\u015f Milletler Uluslararas\u0131 \u00c7al\u0131\u015fma \u00d6rg\u00fct\u00fc (UN-ILO ) ile Adana B\u00fcy\u00fck\u015fehir Belediyesi  ortakl\u0131\u011f\u0131yla kurulan Meryem Kad\u0131n Kooperatifi ’nden son bir haftada 400 kasa Atom Salata  sat\u0131n al\u0131nd\u0131. Toplamda ise 130 bin adet Atom Salata al\u0131m\u0131 yap\u0131lacak. “Tar\u0131msal alanda kad\u0131nlar\u0131n g\u00fc\u00e7lenmesine ve kad\u0131n giri\u015fimcili\u011finin artmas\u0131na katk\u0131da bulunuyoruz”  Migros’un cirosunun y\u00fczde 77’si tar\u0131ma dayal\u0131 bir \u015firket oldu\u011funu belirten Migros Ticaret A.\u015e. Meyve Sebze Pazarlama Direkt\u00f6r\u00fc Yener Arslan , T\u00fcrkiye genelinde bir\u00e7ok kad\u0131n kooperatifiyle i\u015f birli\u011fi i\u00e7erisinde oldu\u011funu s\u00f6yledi.  \u00c7al\u0131\u015ft\u0131klar\u0131 kad\u0131n kooperatiflerine bir yenisini daha ekleyerek, Meryem Kad\u0131n Kooperatifi’nden atom salata al\u0131m\u0131 yapt\u0131klar\u0131n\u0131 belirten Arslan , 135 kad\u0131n\u0131n ve 15 kad\u0131n proje ekibinin destekleriyle \u00fcretilen ve \u00fcretimin her a\u015famas\u0131nda kad\u0131nlar\u0131n eme\u011finin oldu\u011fu \u00fcr\u00fcnleri en taze \u015fekilde T\u00fcrkiye’nin d\u00f6rt bir yan\u0131ndaki m\u00fc\u015fterilerine ula\u015ft\u0131rabilmek i\u00e7in 15 g\u00fcn arayla al\u0131m yap\u0131laca\u011f\u0131n\u0131 ifade etti. Arslan  son olarak; “Migros  olarak, yapt\u0131\u011f\u0131m\u0131z i\u015f birlikleri ile hem s\u00fcrd\u00fcr\u00fclebilir tar\u0131m \u0131n desteklemesine hem de bin bir emekle \u00fcretim yapan kad\u0131nlar\u0131n kendi ba\u015far\u0131 hikayelerini yazmalar\u0131na vesile olmaktan b\u00fcy\u00fck mutluluk duyuyoruz. Bundan sonraki s\u00fcre\u00e7te yerel \u00fcreticiler olan \u00e7al\u0131\u015fmalar\u0131m\u0131z\u0131 art\u0131rarak s\u00fcrd\u00fcrece\u011fiz” dedi. “Migros’un tar\u0131ma ve kad\u0131na verdi\u011fi de\u011fer ile emeklerimiz 81 ilde halk\u0131m\u0131zla bulu\u015fuyor”   Migros’un tar\u0131ma ve kad\u0131n emek\u00e7ilerin \u00e7al\u0131\u015fmalar\u0131na verdi\u011fi \u00f6neme de\u011finen Meryem Kad\u0131n Kooperatifi Y\u00f6netim Kurulu Ba\u015fkan\u0131 Sultan Nur Y\u0131ld\u0131z , tar\u0131msal alanda kad\u0131nlar\u0131n g\u00fc\u00e7lenmesi ve giri\u015fimcili\u011fin artmas\u0131na katk\u0131 sa\u011flamak amac\u0131yla Migros’un yapt\u0131\u011f\u0131 al\u0131mlar\u0131n kad\u0131n tar\u0131m emek\u00e7ilerine umut oldu\u011funu dile getirdi. Bu kapsamda; \u00fcrettikleri \u00fcr\u00fcnlerin tamam\u0131 olan 130 bin adet Atom Salatan\u0131n Migros m\u00fc\u015fterileriyle bulu\u015facak olmas\u0131ndan mutluluk duyduklar\u0131n\u0131 belirten Y\u0131ld\u0131z, “\u0130nan\u0131yorum ki, kad\u0131n tar\u0131m emek\u00e7ilerimiz taraf\u0131ndan yeti\u015ftirilen hasat tazeli\u011findeki \u00fcr\u00fcnler Migros’un destekleriyle g\u00fcnden g\u00fcne daha da fazla m\u00fc\u015fteriyle bulu\u015facak. Bu de\u011ferli projeye katk\u0131 sa\u011flayan Migros, Birle\u015fmi\u015f Milletler Uluslararas\u0131 \u00c7al\u0131\u015fma \u00d6rg\u00fct\u00fc (UN-ILO) ve Adana B\u00fcy\u00fck\u015fehir Belediyesi’ne te\u015fekk\u00fcr ediyorum” \u015feklinde konu\u015ftu. ","protected":false},"author":1,"featured_media":0,"parent":311,"menu_order":0,"comment_status":"open","ping_status":"closed","template":"","meta":{"_links_to":"https:\/\/www.kadindostumarkalar.org\/yazilar\/perakende\/migrostan-kadin-tarim-ureticilerine-destek","_links_to_target":"https:\/\/www.kadindostumarkalar.org\/yazilar\/perakende\/migrostan-kadin-tarim-ureticilerine-destek"},"_links":{"self":[{"href":"https:\/\/www.kadindostumarkalar.org\/yazilar\/perakende\/migrostan-kadin-tarim-ureticilerine-destek"}],"collection":[{"href":"urlver"}],"about":[{"href":""}],"author":[{"embeddable":true,"href":"https:\/\/www.kadindostumarkalar.org\/yazilar\/perakende\/migrostan-kadin-tarim-ureticilerine-destek"}],"replies":[{"embeddable":true,"href":"https:\/\/www.kadindostumarkalar.org\/yazilar\/perakende\/migrostan-kadin-tarim-ureticilerine-destek"}],"version-history":[{"count":953,"href":"https:\/\/www.kadindostumarkalar.org\/yazilar\/perakende\/migrostan-kadin-tarim-ureticilerine-destek"}],"predecessor-version":[{"id":311,"href":"https:\/\/www.kadindostumarkalar.org\/yazilar\/perakende\/migrostan-kadin-tarim-ureticilerine-destek"}],"up":[{"embeddable":true,"href":"https:\/\/www.kadindostumarkalar.org\/yazilar\/perakende\/migrostan-kadin-tarim-ureticilerine-destek"}],"wp:attachment":[{"href":"https:\/\/www.kadindostumarkalar.org\/img\/blog\/slider7.jpg"}],"curies":[{"name":".Net","href":"https:\/\/api.w.org\/{rel}","templated":true}]}}