{"id":326,"date":"2021-06-26T00:00:00","date_gmt":"2021-06-26T00:00:00","guid":{"rendered":"https:\/\/www.kadindostumarkalar.org\/yazilar\/yesil-donusum\/miniyolcomdan-kiralanan-her-arac-bir-fidan-oluyor"},"modified":"2022-06-06T13:16:54","modified_gmt":"2022-06-06T13:16:54","slug":"miniyolcomdan-kiralanan-her-arac-bir-fidan-oluyor","status":"publish","type":"page","link":"","title":{"rendered":"“miniyol.com”DAN K\u0130RALANAN HER ARA\u00c7 B\u0130R F\u0130DAN OLUYOR"},"content":{"rendered":"‘Ara\u00e7 Kiralaman\u0131n Yeni Yolu’ slogan\u0131yla hizmet veren miniyol.com, gelecek nesillere daha iyi bir d\u00fcnya b\u0131rakmak ad\u0131na ‘Her Ara\u00e7 Bir A\u011fa\u00e7’ kampanyas\u0131n\u0131 ba\u015flatt\u0131.  \u00c7evreye duyarl\u0131l\u0131k konusunda \u00f6nemli bir ad\u0131m atan miniyol.com  ‘Her Ara\u00e7 Bir A\u011fa\u00e7’  ismiyle ba\u015flatt\u0131\u011f\u0131 kampanya kapsam\u0131nda, 15 Haziran – 30 Eyl\u00fcl 2021 tarihleri aras\u0131nda sistem \u00fczerinden ger\u00e7ekle\u015ftirilecek kiralama i\u015fleminin ard\u0131ndan kiralayan ad\u0131na 1 fidan dikerek, karbon ayak izi nin ve sal\u0131n\u0131m\u0131n azalt\u0131lmas\u0131n\u0131 ama\u00e7l\u0131yor. Artan n\u00fcfus, sanayile\u015fme, \u015fehirle\u015fme, t\u00fcketim ve \u00fcretim dengesizli\u011fi gibi bir\u00e7ok etkenin giderek daha ciddi boyutlara ula\u015fan \u00e7evre kirlili\u011fi ne yol a\u00e7t\u0131\u011f\u0131 biliniyor. Bu kirlili\u011fin en \u00f6nemli akt\u00f6r\u00fc olan insan\u0131n, atmosfere yay\u0131lmas\u0131na neden oldu\u011fu karbon  miktar\u0131n\u0131 anlatmak \u00fczere ise ‘Karbon ayak izi’  kavram\u0131 kullan\u0131l\u0131yor.  Son y\u0131llarda ise her bireyin do\u011faya salm\u0131\u015f oldu\u011fu karbon  giderek art\u0131yor. G\u00fcn\u00fcm\u00fczde ki\u015fi ba\u015f\u0131na d\u00fc\u015fen karbon ayak izi  ortalamas\u0131 4 ton. Gerek bireysel gerekse kurumsal d\u00fczeyde bu duruma \u00e7\u00f6z\u00fcm olarak \u00e7e\u015fitli \u00e7al\u0131\u015fmalar yap\u0131l\u0131yor. Online kanallar \u00fczerinden ara\u00e7 kiralama hizmeti veren “miniyol.com”  da bu \u00e7al\u0131\u015fmalardan birini ger\u00e7ekle\u015ftiriyor. ‘Her Ara\u00e7 Bir A\u011fa\u00e7’  kampanyas\u0131n\u0131 hayata ge\u00e7irerek kiralanan her ara\u00e7 i\u00e7in ki\u015filerin ad\u0131na fidan dikecek olan miniyol.com  bu do\u011fa dostu fark\u0131ndal\u0131k  ad\u0131m\u0131yla \u00e7evreye olan duyarl\u0131l\u0131\u011f\u0131n\u0131 \u00f6n plana \u00e7\u0131kar\u0131yor.  “Do\u011faya sa\u011fl\u0131kl\u0131 ve kal\u0131c\u0131 bir hediye vermek istiyoruz”  Bir a\u011fac\u0131n 40 ki\u015finin oksijen ihtiyac\u0131n\u0131 kar\u015f\u0131lad\u0131\u011f\u0131n\u0131 ve y\u0131lda 12 kg karbondioksit  emilimi  sa\u011flad\u0131\u011f\u0131n\u0131 belirten miniyol.com  Kurucu Orta\u011f\u0131 Ya\u015far \u00c7elik , “\u0130nsano\u011flunun varl\u0131\u011f\u0131, i\u00e7inde bulundu\u011fu \u00e7evreye ba\u011f\u0131ml\u0131d\u0131r. Bu nedenle ge\u00e7mi\u015fimiz ve gelece\u011fimiz ad\u0131na \u00f6nemli bir k\u00f6pr\u00fc olan do\u011fa ya sahip \u00e7\u0131kmak da bizim sorumlulu\u011fumuz. Biz de bu ama\u00e7la s\u00fcrd\u00fcr\u00fclebilir  \u00e7evre  ve toplum hassasiyeti ile uygulamaya koydu\u011fumuz bu kampanya ile karbon ayak izi  ve sal\u0131n\u0131m\u0131n\u0131 azaltmay\u0131 hedefliyoruz. Hem de her kullan\u0131c\u0131 ad\u0131na do\u011fa ya kal\u0131c\u0131 ve sa\u011fl\u0131kl\u0131 bir hediye vermek istiyoruz.” ifadelerini kulland\u0131. ","protected":false},"author":1,"featured_media":0,"parent":326,"menu_order":0,"comment_status":"open","ping_status":"closed","template":"","meta":{"_links_to":"https:\/\/www.kadindostumarkalar.org\/yazilar\/yesil-donusum\/miniyolcomdan-kiralanan-her-arac-bir-fidan-oluyor","_links_to_target":"https:\/\/www.kadindostumarkalar.org\/yazilar\/yesil-donusum\/miniyolcomdan-kiralanan-her-arac-bir-fidan-oluyor"},"_links":{"self":[{"href":"https:\/\/www.kadindostumarkalar.org\/yazilar\/yesil-donusum\/miniyolcomdan-kiralanan-her-arac-bir-fidan-oluyor"}],"collection":[{"href":"urlver"}],"about":[{"href":""}],"author":[{"embeddable":true,"href":"https:\/\/www.kadindostumarkalar.org\/yazilar\/yesil-donusum\/miniyolcomdan-kiralanan-her-arac-bir-fidan-oluyor"}],"replies":[{"embeddable":true,"href":"https:\/\/www.kadindostumarkalar.org\/yazilar\/yesil-donusum\/miniyolcomdan-kiralanan-her-arac-bir-fidan-oluyor"}],"version-history":[{"count":1065,"href":"https:\/\/www.kadindostumarkalar.org\/yazilar\/yesil-donusum\/miniyolcomdan-kiralanan-her-arac-bir-fidan-oluyor"}],"predecessor-version":[{"id":326,"href":"https:\/\/www.kadindostumarkalar.org\/yazilar\/yesil-donusum\/miniyolcomdan-kiralanan-her-arac-bir-fidan-oluyor"}],"up":[{"embeddable":true,"href":"https:\/\/www.kadindostumarkalar.org\/yazilar\/yesil-donusum\/miniyolcomdan-kiralanan-her-arac-bir-fidan-oluyor"}],"wp:attachment":[{"href":"https:\/\/www.kadindostumarkalar.org\/img\/blog\/1623912571-biletall-ceo-yasar-celik-1-scaled.jpg"}],"curies":[{"name":".Net","href":"https:\/\/api.w.org\/{rel}","templated":true}]}}