{"id":274,"date":"2022-03-14T00:00:00","date_gmt":"2022-03-14T00:00:00","guid":{"rendered":"https:\/\/www.kadindostumarkalar.org\/yazilar\/denizcilik\/mipde-7-kadin-puantor-goreve-basladi"},"modified":"2022-06-06T12:31:26","modified_gmt":"2022-06-06T12:31:26","slug":"mipde-7-kadin-puantor-goreve-basladi","status":"publish","type":"page","link":"","title":{"rendered":"MIP’DE 7 KADIN PUANT\u00d6R G\u00d6REVE BA\u015eLADI"},"content":{"rendered":"Mersin Uluslararas\u0131 Liman \u0130\u015fletmecili\u011fi A.\u015e. (MIP), uzun vadeli stratejileri ile sadece operasyonel de\u011fil \u00e7evresel ve toplumsal kalk\u0131nmay\u0131 da destekleyecek \u00e7al\u0131\u015fmalar\u0131yla \u00f6rnek olmaya devam ediyor.  Sekt\u00f6r\u00fcn ve \u015fehrin ekonomik b\u00fcy\u00fcmesine paralel artan i\u015f g\u00fcc\u00fc ihtiyac\u0131n\u0131 b\u00fcy\u00fck \u00f6l\u00e7\u00fcde kar\u015f\u0131layan T\u00fcrkiye’nin en b\u00fcy\u00fck liman\u0131 MIP, kad\u0131n istihdam\u0131n\u0131 da desteklemeye b\u00fcy\u00fck \u00f6zen g\u00f6steriyor. D\u00fcnya genelinde %2 olan denizcilik  sekt\u00f6r\u00fcndeki kad\u0131n istihdam  oran\u0131n\u0131 %5’lere ta\u015f\u0131may\u0131 ba\u015faran MIP, kad\u0131n vin\u00e7 operat\u00f6rleri nden sonra 7 kad\u0131n\u0131n  puant\u00f6r  g\u00f6reviyle i\u015f g\u00fcc\u00fcne kat\u0131lmas\u0131n\u0131 sa\u011flad\u0131.  F\u0131rsat e\u015fitli\u011fi  ilkesiyle kad\u0131n\u0131n i\u015f hayat\u0131nda daha fazla s\u00f6z sahibi olmas\u0131 i\u00e7in KAG\u0130DER  (T\u00fcrkiye Kad\u0131n Giri\u015fimciler Derne\u011fi ) i\u015f birli\u011fiyle \u00f6nemli projeler geli\u015ftirdiklerini belirten MIP Genel M\u00fcd\u00fcr\u00fc Johan Van Daele , ekonomik olarak g\u00fc\u00e7lenen kad\u0131nlar\u0131n i\u015f hayat\u0131n\u0131n her alan\u0131nda yer almas\u0131n\u0131 sa\u011flayacak projelere devam etmek arzusunda olduklar\u0131n\u0131 s\u00f6yledi. Yo\u011funla\u015ft\u0131klar\u0131 en \u00f6nemli konulardan birinin kad\u0131n istihdam\u0131 oldu\u011funu belirten Van Daele, \u015firketin y\u00f6netim kurulunun 3 \u00fcyesinin de kad\u0131n oldu\u011funu dile getirdi.  Ge\u00e7ti\u011fimiz y\u0131llarda T\u00fcrkiye’nin ilk 4 kad\u0131n vin\u00e7 operat\u00f6r\u00fcn\u00fc sekt\u00f6re kazand\u0131rd\u0131klar\u0131n\u0131 ve \u015fu anda gayet ba\u015far\u0131l\u0131 bir \u015fekilde g\u00f6revlerini yapt\u0131klar\u0131n\u0131 hat\u0131rlatan Van Daele, son olarak 7 kad\u0131n \u00e7al\u0131\u015fan\u0131 puant\u00f6r olarak operasyonlar\u0131nda g\u00f6revlendirdiklerini ve \u00f6n\u00fcm\u00fczdeki s\u00fcre\u00e7te kad\u0131n \u00e7al\u0131\u015fan say\u0131lar\u0131n\u0131 artt\u0131rmaya \u00e7al\u0131\u015f\u0131rken, ayn\u0131 zamanda kad\u0131nlar\u0131n \u00fcstlenece\u011fi meslekleri de \u00e7e\u015fitlendirmeyi hedefliklerini ifade etti. Do\u011frudan 3000’nin \u00fczerinde ki\u015fiye, dolayl\u0131 olarak 25000 ki\u015fiye istihdam sa\u011flayan MIP’nin gerek yarataca\u011f\u0131 istihdamla gerekse sosyal sorumluluk projeleriyle Mersin’e ve T\u00fcrkiye’ye daha fazla katk\u0131 yaratma \u00e7abas\u0131nda oldu\u011funu ifade eden Johan Van Daele \u015funlar\u0131 s\u00f6yledi: “Akdeniz Belediyesi  i\u015f birli\u011fi ile hayata ge\u00e7irilecek olan “Kad\u0131n Konuk Evi ” projesinin in\u015fas\u0131na yak\u0131n zamanda ba\u015flamak \u00fczere haz\u0131rl\u0131klar\u0131m\u0131z\u0131 yap\u0131yoruz. Kad\u0131n Konuk Evi’nin ihtiya\u00e7 halinde Mersin kad\u0131nlar\u0131 i\u00e7in g\u00fcvenli bir liman olaca\u011f\u0131na inan\u0131yoruz. MIP olarak Mersin’le birlikte b\u00fcy\u00fcmeyi \u00f6nemsiyoruz. Ekonomiye katt\u0131\u011f\u0131m\u0131z de\u011fer ortadad\u0131r. Ayn\u0131 bak\u0131\u015f a\u00e7\u0131s\u0131yla payda\u015flar\u0131m\u0131za, kentimize, \u00e7evreye kar\u015f\u0131 sorumluluklar\u0131m\u0131z\u0131 yerine getirerek toplum refah\u0131 i\u00e7in yapt\u0131\u011f\u0131m\u0131z \u00e7al\u0131\u015fmalar\u0131m\u0131za devam edece\u011fiz. Bu vesile ile t\u00fcm d\u00fcnya kad\u0131nlar\u0131n\u0131n bu \u00f6zel g\u00fcn\u00fcn\u00fc en i\u00e7ten dileklerimle kutlar\u0131m.” &nbsp; ","protected":false},"author":1,"featured_media":0,"parent":274,"menu_order":0,"comment_status":"open","ping_status":"closed","template":"","meta":{"_links_to":"https:\/\/www.kadindostumarkalar.org\/yazilar\/denizcilik\/mipde-7-kadin-puantor-goreve-basladi","_links_to_target":"https:\/\/www.kadindostumarkalar.org\/yazilar\/denizcilik\/mipde-7-kadin-puantor-goreve-basladi"},"_links":{"self":[{"href":"https:\/\/www.kadindostumarkalar.org\/yazilar\/denizcilik\/mipde-7-kadin-puantor-goreve-basladi"}],"collection":[{"href":"urlver"}],"about":[{"href":""}],"author":[{"embeddable":true,"href":"https:\/\/www.kadindostumarkalar.org\/yazilar\/denizcilik\/mipde-7-kadin-puantor-goreve-basladi"}],"replies":[{"embeddable":true,"href":"https:\/\/www.kadindostumarkalar.org\/yazilar\/denizcilik\/mipde-7-kadin-puantor-goreve-basladi"}],"version-history":[{"count":1028,"href":"https:\/\/www.kadindostumarkalar.org\/yazilar\/denizcilik\/mipde-7-kadin-puantor-goreve-basladi"}],"predecessor-version":[{"id":274,"href":"https:\/\/www.kadindostumarkalar.org\/yazilar\/denizcilik\/mipde-7-kadin-puantor-goreve-basladi"}],"up":[{"embeddable":true,"href":"https:\/\/www.kadindostumarkalar.org\/yazilar\/denizcilik\/mipde-7-kadin-puantor-goreve-basladi"}],"wp:attachment":[{"href":"https:\/\/www.kadindostumarkalar.org\/img\/blog\/1646723973-dsc00359-scaled.jpg"}],"curies":[{"name":".Net","href":"https:\/\/api.w.org\/{rel}","templated":true}]}}