{"id":999,"date":"2025-02-22T02:33:39","date_gmt":"2025-02-22T02:33:39","guid":{"rendered":"https:\/\/www.kadindostumarkalar.org\/yazilar\/haberler\/molped-e-prida-iletisim-odullerin-den-iki-odul"},"modified":"2025-02-22T02:33:39","modified_gmt":"2025-02-22T02:33:39","slug":"molped-e-prida-iletisim-odullerin-den-iki-odul","status":"publish","type":"page","link":"","title":{"rendered":"Molped’e PR\u0130DA \u0130leti\u015fim \u00d6d\u00fclleri’nden \u0130ki \u00d6d\u00fcl"},"content":{"rendered":"Molped’in 28 May\u0131s D\u00fcnya Regl Hijyeni G\u00fcn\u00fc kapsam\u0131nda y\u00fcr\u00fctt\u00fc\u011f\u00fc fark\u0131ndal\u0131k \u00e7al\u0131\u015fmalar\u0131, PR\u0130DA \u0130leti\u015fim \u00d6d\u00fclleri 2024’te “Uluslararas\u0131 Proje” ve “Belirli G\u00fcn \u0130leti\u015fimi” kategorilerinde Ba\u015far\u0131 \u00d6d\u00fcl\u00fc kazand\u0131.    Molped  ve ileti\u015fim ajans\u0131 Communication Partner , regl d\u00f6ng\u00fcs\u00fcn\u00fcn 28 g\u00fcnde bir ve ortalama 5 g\u00fcn s\u00fcrmesinden yola \u00e7\u0131karak 28 May\u0131s D\u00fcnya Regl Hijyeni G\u00fcn\u00fc  kapsam\u0131nda bir fark\u0131ndal\u0131k projesi hayata ge\u00e7irdi. Molped’in ger\u00e7ekle\u015ftirdi\u011fi bu proje, \u0130leti\u015fim Dan\u0131\u015fmanl\u0131\u011f\u0131 \u015eirketleri Derne\u011fi (\u0130DA)  taraf\u0131ndan d\u00fczenlenen PR\u0130DA \u0130leti\u015fim \u00d6d\u00fclleri 2024  kapsam\u0131nda “Uluslararas\u0131 Proje”  ve “Belirli G\u00fcn \u0130leti\u015fimi”  kategorilerinde \u00f6d\u00fcle lay\u0131k g\u00f6r\u00fcld\u00fc.  Proje kapsam\u0131nda, kad\u0131n \u00fcreticiler  taraf\u0131ndan regl d\u00f6ng\u00fcs\u00fcn\u00fc simgeleyen \u00f6zel bileklikler tasarland\u0131. Bu bilekliklerde,&nbsp;&nbsp;k\u0131rm\u0131z\u0131 mercan ta\u015f\u0131 hormonlar\u0131 dengelemeye destekleyici \u00f6zelli\u011fiyle 5 g\u00fcnl\u00fck regl d\u00f6nemini, Sitrin ta\u015f\u0131 ise v\u00fccudun toksinlerden ar\u0131nmas\u0131na yard\u0131mc\u0131 olan yap\u0131s\u0131yla geri kalan 23 g\u00fcn\u00fc temsil etti.   Proje K\u00fcresel \u00d6l\u00e7ekte Yayg\u0131nla\u015ft\u0131    T\u00fcrkiye’de ba\u015flat\u0131lan fark\u0131ndal\u0131k \u00e7al\u0131\u015fmalar\u0131, Molped’in faaliyet g\u00f6sterdi\u011fi M\u0131s\u0131r ve Cezayir’e de ta\u015f\u0131narak k\u00fcresel bir fark\u0131ndal\u0131k hareketine d\u00f6n\u00fc\u015ft\u00fc. M\u0131s\u0131r’da, yerel dernekler ve dergilerle i\u015f birli\u011fi yap\u0131larak gen\u00e7 k\u0131zlar a y\u00f6nelik etkinlikler d\u00fczenlendi. Cezayir’de ise \u00fcniversite kamp\u00fcslerinde fark\u0131ndal\u0131k \u00e7al\u0131\u015fmalar\u0131 ger\u00e7ekle\u015ftirildi.   Projeyle hem kad\u0131n \u00fcreticiler desteklendi hem de regl olman\u0131n do\u011fal ve sa\u011fl\u0131kl\u0131 bir s\u00fcre\u00e7 oldu\u011fu mesaj\u0131 k\u00fcresel \u00e7apta yay\u0131lmaya \u00e7al\u0131\u015f\u0131ld\u0131. ","protected":false},"author":1,"featured_media":0,"parent":999,"menu_order":0,"comment_status":"open","ping_status":"closed","template":"","meta":{"_links_to":"https:\/\/www.kadindostumarkalar.org\/yazilar\/haberler\/molped-e-prida-iletisim-odullerin-den-iki-odul","_links_to_target":"https:\/\/www.kadindostumarkalar.org\/yazilar\/haberler\/molped-e-prida-iletisim-odullerin-den-iki-odul"},"_links":{"self":[{"href":"https:\/\/www.kadindostumarkalar.org\/yazilar\/haberler\/molped-e-prida-iletisim-odullerin-den-iki-odul"}],"collection":[{"href":"urlver"}],"about":[{"href":""}],"author":[{"embeddable":true,"href":"https:\/\/www.kadindostumarkalar.org\/yazilar\/haberler\/molped-e-prida-iletisim-odullerin-den-iki-odul"}],"replies":[{"embeddable":true,"href":"https:\/\/www.kadindostumarkalar.org\/yazilar\/haberler\/molped-e-prida-iletisim-odullerin-den-iki-odul"}],"version-history":[{"count":633,"href":"https:\/\/www.kadindostumarkalar.org\/yazilar\/haberler\/molped-e-prida-iletisim-odullerin-den-iki-odul"}],"predecessor-version":[{"id":999,"href":"https:\/\/www.kadindostumarkalar.org\/yazilar\/haberler\/molped-e-prida-iletisim-odullerin-den-iki-odul"}],"up":[{"embeddable":true,"href":"https:\/\/www.kadindostumarkalar.org\/yazilar\/haberler\/molped-e-prida-iletisim-odullerin-den-iki-odul"}],"wp:attachment":[{"href":"https:\/\/www.kadindostumarkalar.org\/img\/blog\/molped-e-prida-iletisim-odullerin-den-iki-odul-0-31007.jpg"}],"curies":[{"name":".Net","href":"https:\/\/api.w.org\/{rel}","templated":true}]}}