{"id":565,"date":"2023-01-27T12:32:26","date_gmt":"2023-01-27T12:32:26","guid":{"rendered":"https:\/\/www.kadindostumarkalar.org\/yazilar\/haberler\/muge-naoko-gonul-kizlar-icin-kilimanjaro-dagina-tirmandi"},"modified":"2023-01-27T12:40:02","modified_gmt":"2023-01-27T12:40:02","slug":"muge-naoko-gonul-kizlar-icin-kilimanjaro-dagina-tirmandi","status":"publish","type":"page","link":"","title":{"rendered":"M\u00dcGE NAOKO G\u00d6N\u00dcL, KIZLAR \u0130\u00c7\u0130N K\u0130L\u0130MANJARO DA\u011eI'NA TIRMANDI"},"content":{"rendered":"T\u00fcrk E\u011fitim Vakf\u0131 mezun bursiyeri olan M\u00fcge Naoko G\u00f6n\u00fcl, Afrika K\u0131tas\u0131’n\u0131n en y\u00fcksek da\u011f\u0131 olan Kilimanjaro’nun zirvesine \u00e7\u0131kmay\u0131 ba\u015fard\u0131.   M\u00fcge Naoko , “E\u011fitimli K\u0131zlar \u0130\u00e7in Zirveye ” kampanyas\u0131 i\u00e7in elde etti\u011fi bu ba\u015far\u0131 ile 6 k\u0131z \u00e7ocu\u011funun 4 y\u0131ll\u0131k e\u011fitim masraflar\u0131n\u0131 kar\u015f\u0131layacak ba\u011f\u0131\u015f toplad\u0131. Babas\u0131 T\u00fcrk, annesi Japon olan 30 ya\u015f\u0131ndaki M\u00fcge Naoko G\u00f6n\u00fcl, bursiyeri oldu\u011fu TEV ’e olan vefas\u0131n\u0131 bug\u00fcn\u00fcn \u00f6\u011frencilerine destek olarak g\u00f6stermek istiyordu. Gezgin ruhunu k\u0131z \u00e7ocuklar\u0131 i\u00e7in avantaja \u00e7evirmek i\u00e7in 14 Ocak’ta Kilimanjaro’ya t\u0131rmanmak \u00fczere \u00f6nce Tanzanya ’ya ard\u0131ndan Kenya ’ya gitti. G\u00f6n\u00fcl, bu zorlu yolculu\u011fu ve k\u0131z \u00e7ocuklar\u0131n\u0131n kendisine verdi\u011fi g\u00fc\u00e7le ula\u015ft\u0131\u011f\u0131 zirvede neler hissetti\u011fini \u015f\u00f6yle anlatt\u0131: “Zirveye vard\u0131\u011f\u0131m an\u0131 yola \u00e7\u0131kmadan \u00f6nce hayal etmeye ba\u015flam\u0131\u015ft\u0131m ama o ger\u00e7ek var\u0131\u015f an\u0131 hayallerimin \u00e7ok \u00f6tesindeydi. \u00c7ok yorulmu\u015ftum, y\u00fcksek irtifa s\u0131k\u0131nt\u0131s\u0131 nedeniyle bay\u0131lacak gibi hissediyordum, hayat\u0131mda yapt\u0131\u011f\u0131m en zor \u015feydi bu. Uhuru Zirve tabelas\u0131n\u0131 g\u00f6rd\u00fc\u011f\u00fcm an g\u00f6zlerim doldu. Hem kendimle gurur duydum hem de k\u0131z \u00e7ocuklar\u0131m\u0131z\u0131n e\u011fitimi  i\u00e7in TEV ile \u00e7\u0131kt\u0131\u011f\u0131m bu yola ortak olan t\u00fcm g\u00fczel insanlar\u0131 hayal k\u0131r\u0131kl\u0131\u011f\u0131na u\u011fratmad\u0131\u011f\u0131m i\u00e7in \u00e7ok mutlu oldum. \u00d6\u011frencilerden ve sevdiklerimden ald\u0131\u011f\u0131m g\u00fczel mesajlar\u0131 d\u00fc\u015f\u00fcnd\u00fcm ve zirvede g\u00f6zlerimi kapay\u0131p beraber oldu\u011fumuzda neler ba\u015farabilece\u011fimizin hayalini kurdum.” “Kilimanjaro 5 bin 895 metrelik zirvesiyle d\u00fcnyan\u0131n bir s\u0131rada\u011f dizisinde bulunmayan en y\u00fcksek da\u011f\u0131. Bir kad\u0131n  olarak hayat\u0131mda ilk defa b\u00f6yle bir yolculu\u011fa tek ba\u015f\u0131ma \u00e7\u0131kt\u0131\u011f\u0131m i\u00e7in biraz gergindim. Ya\u011fmur ormanlar\u0131yla  1.800 metreden ba\u015flayan y\u00fcr\u00fcy\u00fc\u015f, 3 bin metrelerden sonra yerini kaya t\u0131rman\u0131\u015flar\u0131na  ve ard\u0131ndan 4 bin metrelerden sonra volkanik arazi  y\u00fcr\u00fcy\u00fc\u015flerine ve dik yoku\u015flara b\u0131rakt\u0131. Kilimanjaro beni \u00e7ok zorlasa da ona olan hayranl\u0131\u011f\u0131m her metrede artt\u0131. Hava \u015fartlar\u0131 zorla\u015ft\u0131k\u00e7a ve y\u00fckseklik artt\u0131k\u00e7a oksijen seviyesinin d\u00fc\u015fmesiyle sadece arazide de\u011fil moralimde de ini\u015f \u00e7\u0131k\u0131\u015flar ya\u015famaya ba\u015flad\u0131m. Zirveye do\u011fru havadaki oksijen  y\u00fczde 50’lere kadar d\u00fc\u015f\u00fcyor, v\u00fccudunuz da buna tepki g\u00f6steriyor. Zor anlar\u0131mda yola \u00e7\u0131k\u0131\u015f amac\u0131m\u0131, t\u00fcm TEV k\u0131z \u00e7ocuklar\u0131n\u0131  d\u00fc\u015f\u00fcnd\u00fcm. Bunu hissedince vazge\u00e7mek asla bir se\u00e7enek olmad\u0131. Sadece enerjim bitene kadar sonuna kadar gitmeye odakland\u0131m.” ","protected":false},"author":1,"featured_media":0,"parent":565,"menu_order":0,"comment_status":"open","ping_status":"closed","template":"","meta":{"_links_to":"https:\/\/www.kadindostumarkalar.org\/yazilar\/haberler\/muge-naoko-gonul-kizlar-icin-kilimanjaro-dagina-tirmandi","_links_to_target":"https:\/\/www.kadindostumarkalar.org\/yazilar\/haberler\/muge-naoko-gonul-kizlar-icin-kilimanjaro-dagina-tirmandi"},"_links":{"self":[{"href":"https:\/\/www.kadindostumarkalar.org\/yazilar\/haberler\/muge-naoko-gonul-kizlar-icin-kilimanjaro-dagina-tirmandi"}],"collection":[{"href":"urlver"}],"about":[{"href":""}],"author":[{"embeddable":true,"href":"https:\/\/www.kadindostumarkalar.org\/yazilar\/haberler\/muge-naoko-gonul-kizlar-icin-kilimanjaro-dagina-tirmandi"}],"replies":[{"embeddable":true,"href":"https:\/\/www.kadindostumarkalar.org\/yazilar\/haberler\/muge-naoko-gonul-kizlar-icin-kilimanjaro-dagina-tirmandi"}],"version-history":[{"count":1679,"href":"https:\/\/www.kadindostumarkalar.org\/yazilar\/haberler\/muge-naoko-gonul-kizlar-icin-kilimanjaro-dagina-tirmandi"}],"predecessor-version":[{"id":565,"href":"https:\/\/www.kadindostumarkalar.org\/yazilar\/haberler\/muge-naoko-gonul-kizlar-icin-kilimanjaro-dagina-tirmandi"}],"up":[{"embeddable":true,"href":"https:\/\/www.kadindostumarkalar.org\/yazilar\/haberler\/muge-naoko-gonul-kizlar-icin-kilimanjaro-dagina-tirmandi"}],"wp:attachment":[{"href":"https:\/\/www.kadindostumarkalar.org\/img\/blog\/muge-naoko-gonul-kizlar-icin-kilimanjaro-dagina-tirmandi-0-76338.jpg"}],"curies":[{"name":".Net","href":"https:\/\/api.w.org\/{rel}","templated":true}]}}