{"id":655,"date":"2024-01-30T19:28:28","date_gmt":"2024-01-30T19:28:28","guid":{"rendered":"https:\/\/www.kadindostumarkalar.org\/yazilar\/dunya-turu\/neema-namadamuengelli-haklari-aktivistidemokratik-kongo-cumhuriyeti"},"modified":"2024-01-30T19:28:28","modified_gmt":"2024-01-30T19:28:28","slug":"neema-namadamuengelli-haklari-aktivistidemokratik-kongo-cumhuriyeti","status":"publish","type":"page","link":"","title":{"rendered":"Neema Namadamu,Engelli Haklar\u0131 Aktivisti,Demokratik Kongo Cumhuriyeti"},"content":{"rendered":"Neema Namadamu, Demokratik Kongo Cumhuriyeti’nde ya\u015fayan ve engelli insanlar\u0131n haklar\u0131 i\u00e7in m\u00fccadele eden, kendisi de engelli bir aktivist.  Kahraman Kad\u0131nlar a\u011f\u0131 ya da Mama Shuja, Demokratik Kongo Cumhuriyeti'ndeki kad\u0131nlar\u0131n ve gen\u00e7 k\u0131zlar\u0131n ya\u015fam ko\u015fullar\u0131n\u0131 iyile\u015ftirmeyi ama\u00e7layan bir \u00f6rg\u00fctlenme.  Maman Shuja, ‘Kahraman Kad\u0131nlar’ anlam\u0131na geliyor ve proje yaln\u0131zca kad\u0131nlar\u0131 e\u011fitmek i\u00e7in de\u011fil, ayn\u0131 zamanda onlara hikayelerini d\u00fcnyayla payla\u015fabilecekleri bir platform sa\u011flamak i\u00e7in tasarlanm\u0131\u015f bulunuyor. Engelli haklar\u0131 aktivisti Neema Namadamu, kad\u0131nlar\u0131n seslerini duyurmak ve onlara haklar\u0131n\u0131 savunmay\u0131 \u00f6\u011fretmek i\u00e7in e\u011fitim ve teknolojiyi kullanan bu olu\u015fumun kurucusu. Eski ad\u0131 Zaire olan Demokratik Kongo Cumhuriyeti’nde \u00fclke s\u0131n\u0131rlar\u0131n\u0131n do\u011fusundaki \u00fccra bir yerde do\u011fan Namadamu, iki ya\u015f\u0131nda \u00e7ocuk felcine yakaland\u0131. Dahil oldu\u011fu kendi etnik grubundan \u00fcniversiteden mezun olan ilk engelli kad\u0131n oldu. Bu ba\u015far\u0131s\u0131n\u0131n ard\u0131ndan yeni ba\u015far\u0131lara imza atarak parlamento \u00fcyesi oldu ve \u00fclkenin Toplumsal Cinsiyet ve Aile Bakan\u0131’na dan\u0131\u015fmanl\u0131k yapt\u0131. Neema, \u00e7ocuklu\u011fundan beri s\u00fcrd\u00fcrd\u00fc\u011f\u00fc m\u00fccadele ile di\u011fer insanlar\u0131n \u00f6rnek almas\u0131 gereken \u00f6nemli bir insan. ","protected":false},"author":1,"featured_media":0,"parent":655,"menu_order":0,"comment_status":"open","ping_status":"closed","template":"","meta":{"_links_to":"https:\/\/www.kadindostumarkalar.org\/yazilar\/dunya-turu\/neema-namadamuengelli-haklari-aktivistidemokratik-kongo-cumhuriyeti","_links_to_target":"https:\/\/www.kadindostumarkalar.org\/yazilar\/dunya-turu\/neema-namadamuengelli-haklari-aktivistidemokratik-kongo-cumhuriyeti"},"_links":{"self":[{"href":"https:\/\/www.kadindostumarkalar.org\/yazilar\/dunya-turu\/neema-namadamuengelli-haklari-aktivistidemokratik-kongo-cumhuriyeti"}],"collection":[{"href":"urlver"}],"about":[{"href":""}],"author":[{"embeddable":true,"href":"https:\/\/www.kadindostumarkalar.org\/yazilar\/dunya-turu\/neema-namadamuengelli-haklari-aktivistidemokratik-kongo-cumhuriyeti"}],"replies":[{"embeddable":true,"href":"https:\/\/www.kadindostumarkalar.org\/yazilar\/dunya-turu\/neema-namadamuengelli-haklari-aktivistidemokratik-kongo-cumhuriyeti"}],"version-history":[{"count":1251,"href":"https:\/\/www.kadindostumarkalar.org\/yazilar\/dunya-turu\/neema-namadamuengelli-haklari-aktivistidemokratik-kongo-cumhuriyeti"}],"predecessor-version":[{"id":655,"href":"https:\/\/www.kadindostumarkalar.org\/yazilar\/dunya-turu\/neema-namadamuengelli-haklari-aktivistidemokratik-kongo-cumhuriyeti"}],"up":[{"embeddable":true,"href":"https:\/\/www.kadindostumarkalar.org\/yazilar\/dunya-turu\/neema-namadamuengelli-haklari-aktivistidemokratik-kongo-cumhuriyeti"}],"wp:attachment":[{"href":"https:\/\/www.kadindostumarkalar.org\/img\/blog\/neema-namadamuengelli-haklari-aktivistidemokratik-kongo-cumhuriyeti-0-60351.jpg"}],"curies":[{"name":".Net","href":"https:\/\/api.w.org\/{rel}","templated":true}]}}