{"id":458,"date":"2022-10-06T20:49:36","date_gmt":"2022-10-06T20:49:36","guid":{"rendered":"https:\/\/www.kadindostumarkalar.org\/yazilar\/kariyer-basamaklari\/nurus-yonetim-kurulunda-kadin-gucu"},"modified":"2022-10-06T20:50:27","modified_gmt":"2022-10-06T20:50:27","slug":"nurus-yonetim-kurulunda-kadin-gucu","status":"publish","type":"page","link":"","title":{"rendered":"NURUS Y\u00d6NET\u0130M KURULU’NDA KADIN G\u00dcC\u00dc"},"content":{"rendered":"T\u00fcrkiye’nin \u00f6nc\u00fc mobilya \u00fcreticilerinden Nurus ’un Y\u00f6netim Kurulu ’na iki yeni isim kat\u0131ld\u0131. Sekt\u00f6r\u00fcn deneyimli \u00fcst d\u00fczey y\u00f6neticilerinden \u0130dil T\u00fcrkmeno\u011flu  ve \u0130lknur \u0130lkyaz G\u00fcl ’\u00fcn Ba\u011f\u0131ms\u0131z Y\u00f6netim Kurulu \u00fcyesi olarak atanmalar\u0131yla birlikte, Nurus Y\u00f6netim Kurulu’ndaki kad\u0131n y\u00f6netici oran\u0131 y\u00fczde 50’ye y\u00fckseldi. \u0130dil T\u00fcrkmeno\u011flu \u0130nsan, K\u00fclt\u00fcr ve S\u00fcrd\u00fcr\u00fclebilirlikten Sorumlu Y\u00f6netim Kurulu \u00dcyesi  olarak, \u0130lknur \u0130lkyaz G\u00fcl ise Teknoloji ve Giri\u015fimcilikten Sorumlu Y\u00f6netim Kurulu \u00dcyesi olarak g\u00f6rev alacak. Y\u00f6netim Kurulu’na atanan iki yeni isimle birlikte, Ankara Sanayi Odas\u0131 ’n\u0131n ilk kad\u0131n \u00fcyesi Birten G\u00f6kyay ’\u0131n da kurucu orta\u011f\u0131 oldu\u011fu Nurus’un y\u00f6netim kurulunda kad\u0131n \u00fcye oran\u0131 y\u00fczde 50’ye y\u00fckseldi. \u0130dil T\u00fcrkmeno\u011flu, Bo\u011fazi\u00e7i \u00dcniversitesi  \u0130\u015fletme B\u00f6l\u00fcm\u00fc’nden mezun oldu ve Wharton Business School ’da Stratejik \u0130nsan Kaynaklar\u0131 Sertifikasyon program\u0131n\u0131 tamamlad\u0131 ve University of Michigan ’da ‘Pozitif Y\u00f6netim’ \u00e7al\u0131\u015fmalar\u0131na kat\u0131ld\u0131. \u00c7e\u015fitli \u00fcniversitelerde ders veren T\u00fcrkmeno\u011flu, profesyonel i\u015f ya\u015fam\u0131 boyunca Do\u011fu\u015f Grubu’nda ve Boyner Grup’ta farkl\u0131 g\u00f6revler \u00fcstlendi, ayn\u0131 zamanda en etkin 50 CHRO  aras\u0131nda yer al\u0131yor. \u0130lknur \u0130lkyaz G\u00fcl ise Mimar Sinan G\u00fczel Sanatlar \u00dcniversitesi  \u015eehir ve B\u00f6lge Planlama B\u00f6l\u00fcm\u00fc’nden mezun oldu. Giri\u015fimcilik, giri\u015fim sermayesi-kaynak geli\u015ftirme, kulu\u00e7ka ve h\u0131zland\u0131rma programlar\u0131, stratejik planlama gibi alanlarda tecr\u00fcbe sahibi olan G\u00fcl, ODT\u00dc  Teknokent’te uzun y\u0131llar boyunca farkl\u0131 projelere liderlik yapt\u0131 ve Growth Circuit ve Fark Labs adl\u0131 olu\u015fumlar\u0131n kurulu\u015f s\u00fcrecinde yer ald\u0131. Arya Giri\u015fim  Sermayesi Fonu’nun orta\u011f\u0131 da olan \u0130lknur \u0130lkyaz G\u00fcl, bir\u00e7ok ulusal ve uluslararas\u0131 projenin, giri\u015fimcilik merkezinin ve fonunun kuruculu\u011funu \u00fcstlendi. ","protected":false},"author":1,"featured_media":0,"parent":458,"menu_order":0,"comment_status":"open","ping_status":"closed","template":"","meta":{"_links_to":"https:\/\/www.kadindostumarkalar.org\/yazilar\/kariyer-basamaklari\/nurus-yonetim-kurulunda-kadin-gucu","_links_to_target":"https:\/\/www.kadindostumarkalar.org\/yazilar\/kariyer-basamaklari\/nurus-yonetim-kurulunda-kadin-gucu"},"_links":{"self":[{"href":"https:\/\/www.kadindostumarkalar.org\/yazilar\/kariyer-basamaklari\/nurus-yonetim-kurulunda-kadin-gucu"}],"collection":[{"href":"urlver"}],"about":[{"href":""}],"author":[{"embeddable":true,"href":"https:\/\/www.kadindostumarkalar.org\/yazilar\/kariyer-basamaklari\/nurus-yonetim-kurulunda-kadin-gucu"}],"replies":[{"embeddable":true,"href":"https:\/\/www.kadindostumarkalar.org\/yazilar\/kariyer-basamaklari\/nurus-yonetim-kurulunda-kadin-gucu"}],"version-history":[{"count":1420,"href":"https:\/\/www.kadindostumarkalar.org\/yazilar\/kariyer-basamaklari\/nurus-yonetim-kurulunda-kadin-gucu"}],"predecessor-version":[{"id":458,"href":"https:\/\/www.kadindostumarkalar.org\/yazilar\/kariyer-basamaklari\/nurus-yonetim-kurulunda-kadin-gucu"}],"up":[{"embeddable":true,"href":"https:\/\/www.kadindostumarkalar.org\/yazilar\/kariyer-basamaklari\/nurus-yonetim-kurulunda-kadin-gucu"}],"wp:attachment":[{"href":"https:\/\/www.kadindostumarkalar.org\/img\/blog\/nurus-yonetim-kurulunda-kadin-gucu-0-9066.jpg"}],"curies":[{"name":".Net","href":"https:\/\/api.w.org\/{rel}","templated":true}]}}