{"id":341,"date":"2021-11-11T00:00:00","date_gmt":"2021-11-11T00:00:00","guid":{"rendered":"https:\/\/www.kadindostumarkalar.org\/yazilar\/genel\/odeabank-oart-canan-hayal-i-alem-sergisiyle-cinsiyet-esitligine-vurgu-yapiyor"},"modified":"2022-06-06T13:23:53","modified_gmt":"2022-06-06T13:23:53","slug":"odeabank-oart-canan-hayal-i-alem-sergisiyle-cinsiyet-esitligine-vurgu-yapiyor","status":"publish","type":"page","link":"","title":{"rendered":"ODEABANK O'ART, CANAN HAYAL-\u0130 ALEM SERG\u0130S\u0130YLE C\u0130NS\u0130YET E\u015e\u0130TL\u0130\u011e\u0130NE VURGU YAPIYOR"},"content":{"rendered":"Odeabank’\u0131n sanat platformu O’Art, yeni sezon a\u00e7\u0131l\u0131\u015f\u0131n\u0131 \u00e7ok \u00f6nemli bir sergiyle kutluyor. Kendini bir ‘hikaye anlat\u0131c\u0131s\u0131’ olarak niteleyen sanat\u00e7\u0131 CANAN’\u0131n birbirinden de\u011ferli eserlerinden olu\u015fan ve toplumsal cinsiyet e\u015fitli\u011fine vurgu yapan sergisi “Hayal-i Alem”, 20 Kas\u0131m tarihine dek sanatseverler taraf\u0131ndan ziyaret edilebilecek. Fiziksel serginin sona ermesiyle, Odeabank web sitesi \u00fczerinden \u00e7evrimi\u00e7i sergi ziyareti de m\u00fcmk\u00fcn olacak.   2015 y\u0131l\u0131ndan bu yana, \u00e7a\u011fda\u015f sanat\u0131n temsilcilerine ev sahipli\u011fi yapan Odeabank’\u0131n sanat platformu O’Art , bu kez sanat\u00e7\u0131 CANAN’\u0131n, daha \u00f6nce hi\u00e7 sergilenmemi\u015f yap\u0131tlar\u0131ndan olu\u015fan sergiyi g\u00f6r\u00fcc\u00fcye \u00e7\u0131kar\u0131yor. Etkinlikte sanat\u00e7\u0131n\u0131n kendi sesinden masal kay\u0131tlar\u0131n\u0131n da dinlenebilece\u011fi bir karekodsistemi de kuruldu. Toplumsal cinsiyet e\u015fitli\u011fi ne inanan bir insan ve feminist bir sanat\u00e7\u0131 olarak masallar\u0131n farkl\u0131 analiz edilmesi gerekti\u011fine de inand\u0131\u011f\u0131n\u0131 dile getiren CANAN ,  Hayal-i Alem  isimli sergisiyle masallara farkl\u0131 bir yorum getirmek istedi\u011fini belirtti. Yapt\u0131\u011f\u0131 a\u00e7\u0131klamada, samimiyetle yorumlanan bir sanat\u0131n, kar\u015f\u0131 tarafa da ayn\u0131 s\u0131cakl\u0131kla yans\u0131yaca\u011f\u0131n\u0131 d\u00fc\u015f\u00fcnd\u00fc\u011f\u00fcn\u00fc de aktaran sanat\u00e7\u0131, bu sergide a\u015fk, kahkaha ve masal\u0131n var oldu\u011funa ama en \u00f6nemli ana unsurlardan birinin koku oldu\u011funa dikkat \u00e7ekti. CANAN, bu farkl\u0131l\u0131kla t\u00fcm serginin, izleyicinin farkl\u0131 duyular\u0131na hitap edece\u011fini vurgulad\u0131 ve Minyat\u00fcr  sanat\u0131ndan ve camalt\u0131  resimlerinden, geleneksel el sanatlar\u0131 ndan ilham alarak haz\u0131rlad\u0131\u011f\u0131 sergisi i\u00e7in b\u00fcy\u00fck heyecan duydu\u011funu ifade etti. CANAN, sergideki eserlerin yarat\u0131m s\u00fcrecine dair ise \u015funlar\u0131 s\u00f6yledi; “Son 3 senedir semboller ve mitolojiler \u00fczerine d\u00fc\u015f\u00fcn\u00fcyorum. Mitoloji ve masallar\u0131n asl\u0131nda kolektif bilin\u00e7alt\u0131m\u0131zda sezgisel olarak bize \u00e7ok \u015fey s\u00f6yledi\u011fine inan\u0131yorum.  Sergi mitolojik , masals\u0131 karakterlerden olu\u015fuyor. \u00c7\u00fcnk\u00fc Hayal-i Alem’in ayn\u0131 masallardaki gibi imge d\u00fcnyas\u0131n\u0131 da ayn\u0131 \u015fekilde i\u015fledi\u011fini d\u00fc\u015f\u00fcn\u00fcyorum. Hayal d\u00fcnyas\u0131 \u00f6ncelikli olarak bizim \u00e7ocuksu ferahl\u0131\u011f\u0131m\u0131z\u0131 sembolize ediyor. Semboller d\u00fcnyas\u0131 ise g\u00fczellikleri ortaya koyuyor. Sergideki enstalasyonlarda mitolojik karakterler var. Masallardan, tarihsel alanda kolektif bilin\u00e7alt\u0131n\u0131n olu\u015fturmu\u015f oldu\u011fu mitolojik karakterleri d\u00f6n\u00fc\u015ft\u00fcrerek, yeni masallar ve yeni karakterler yarat\u0131yorum. Bunlar pullu, payetli, kanatl\u0131 ve kokulu \u015feyler. \u00c7\u00fcnk\u00fc izleyicinin farkl\u0131 duyular\u0131na da hitap etmek istiyorum. Bunlar\u0131 3 boyutlu b\u00fcy\u00fck minyat\u00fcr heykeller ya da minyat\u00fcr enstalasyonlar olarak tan\u0131mlayabiliriz. Minyat\u00fcr esteti\u011finden faydalanmak, pullar, payetler, nak\u0131\u015f\u0131n i\u015fin i\u00e7ine girmesi serginin esteti\u011fi a\u00e7\u0131s\u0131ndan da \u00f6nemli benim i\u00e7in. Sergide hem m\u00fczik hem de masallar var. Odalarda yer alan masallar\u0131 sanatseverler kendi telefonlar\u0131ndan dinleyerek sergiyi gezebiliyorlar.” CANAN’\u0131n, sergisinde hikayenin en ba\u015f\u0131na d\u00f6nerek \u00e7ocuklukta anlat\u0131lan masallardan, efsanelerden kurgulad\u0131\u011f\u0131 bir d\u00fcnyada; kendi d\u00fcnyas\u0131ndan biriktirdi\u011fi her miti ve imgeyi i\u00e7ine yerle\u015ftirebildi\u011fi, mitolojik karakterlere b\u00fcr\u00fcnd\u00fcrd\u00fc\u011f\u00fc bir hayali alem yaratt\u0131\u011f\u0131n\u0131 belirten Hayal-i Alem sergisinin K\u00fcrat\u00f6r\u00fc Beg\u00fcm G\u00fcney , kanatl\u0131 atlar, bedensiz melekler, yerin alt\u0131nda ve \u00fcst\u00fcnde ya\u015fayan, yar\u0131 hayvan yar\u0131 insan ger\u00e7ek\u00fcst\u00fc yarat\u0131klar\u0131n yer ald\u0131\u011f\u0131 bu alemde hayali olan\u0131n, ger\u00e7ek olana yans\u0131d\u0131\u011f\u0131ndan bahsetti. Parlak kuma\u015flara ve t\u00fcllere incelikle i\u015flenen nak\u0131\u015f, pul, payet ve boncuklar, g\u00f6vdelerinde ve g\u00f6rkemli kanatlar\u0131nda kullan\u0131lan renkli t\u00fcyler, s\u00fcsl\u00fc metal aksesuarlar ile sa\u011flanan g\u00f6rselli\u011fi, geleneksel minyat\u00fcr esteti\u011fini y\u00fcceltti\u011fi sembolik bir Do\u011fu mistisizmi ta\u015f\u0131d\u0131\u011f\u0131n\u0131n alt\u0131n\u0131 \u00e7izen G\u00fcney s\u00f6zlerine, “T\u00fcm duyular\u0131 harekete ge\u00e7iren m\u00fczi\u011fin, sesin ve kokunun da dahil edildi\u011fi, \u00fc\u00e7 boyutlu minyat\u00fcr heykel olarak tan\u0131mlad\u0131\u011f\u0131m\u0131z, kurutulmu\u015f \u00e7i\u00e7ek ve bitkilerin ili\u015ftirildi\u011fi fig\u00fcrler; mekana g\u00fczel kokular yayarak CANAN’\u0131n kahkahalar\u0131na, kendi sesinden masallar\u0131na kar\u0131\u015f\u0131yor.” \u015feklinde devam etti. Sergideki ‘Ahu ’ isimli eser, g\u00fcl kokular\u0131 i\u00e7erisinde izleyicinin dileklerini ger\u00e7ekle\u015ftirmeyi vaat ediyor; 12 metrelik bir y\u0131lan izleyicinin korkusunu devasa bir g\u00fczelli\u011fe \u00e7evirirken, hemen kar\u015f\u0131s\u0131nda ‘Kokundan Tan\u0131r\u0131m Seni’ isimli enstalatif bir yap\u0131t yer al\u0131yor. Bu ve benzeri birbirinden \u00e7arp\u0131c\u0131 enstalasyon  \u00e7al\u0131\u015fmalar\u0131n\u0131n yan\u0131 s\u0131ra 71 adet minyat\u00fcrden olu\u015fan &#8216;b\u00fcy\u00fc’ serisi de ilk defa sanatseverlerle bulu\u015fuyor. ","protected":false},"author":1,"featured_media":0,"parent":341,"menu_order":0,"comment_status":"open","ping_status":"closed","template":"","meta":{"_links_to":"https:\/\/www.kadindostumarkalar.org\/yazilar\/genel\/odeabank-oart-canan-hayal-i-alem-sergisiyle-cinsiyet-esitligine-vurgu-yapiyor","_links_to_target":"https:\/\/www.kadindostumarkalar.org\/yazilar\/genel\/odeabank-oart-canan-hayal-i-alem-sergisiyle-cinsiyet-esitligine-vurgu-yapiyor"},"_links":{"self":[{"href":"https:\/\/www.kadindostumarkalar.org\/yazilar\/genel\/odeabank-oart-canan-hayal-i-alem-sergisiyle-cinsiyet-esitligine-vurgu-yapiyor"}],"collection":[{"href":"urlver"}],"about":[{"href":""}],"author":[{"embeddable":true,"href":"https:\/\/www.kadindostumarkalar.org\/yazilar\/genel\/odeabank-oart-canan-hayal-i-alem-sergisiyle-cinsiyet-esitligine-vurgu-yapiyor"}],"replies":[{"embeddable":true,"href":"https:\/\/www.kadindostumarkalar.org\/yazilar\/genel\/odeabank-oart-canan-hayal-i-alem-sergisiyle-cinsiyet-esitligine-vurgu-yapiyor"}],"version-history":[{"count":936,"href":"https:\/\/www.kadindostumarkalar.org\/yazilar\/genel\/odeabank-oart-canan-hayal-i-alem-sergisiyle-cinsiyet-esitligine-vurgu-yapiyor"}],"predecessor-version":[{"id":341,"href":"https:\/\/www.kadindostumarkalar.org\/yazilar\/genel\/odeabank-oart-canan-hayal-i-alem-sergisiyle-cinsiyet-esitligine-vurgu-yapiyor"}],"up":[{"embeddable":true,"href":"https:\/\/www.kadindostumarkalar.org\/yazilar\/genel\/odeabank-oart-canan-hayal-i-alem-sergisiyle-cinsiyet-esitligine-vurgu-yapiyor"}],"wp:attachment":[{"href":"https:\/\/www.kadindostumarkalar.org\/img\/blog\/1635418343-3-scaled.jpg"}],"curies":[{"name":".Net","href":"https:\/\/api.w.org\/{rel}","templated":true}]}}