{"id":381,"date":"2021-03-19T00:00:00","date_gmt":"2021-03-19T00:00:00","guid":{"rendered":"https:\/\/www.kadindostumarkalar.org\/yazilar\/haberler\/ofiste-hersey-kapilarini-kadin-dostu-markalara-aciyor"},"modified":"2022-06-06T17:30:30","modified_gmt":"2022-06-06T17:30:30","slug":"ofiste-hersey-kapilarini-kadin-dostu-markalara-aciyor","status":"publish","type":"page","link":"","title":{"rendered":"&#8220;OF\u0130STE HER\u015eEY&#8221; KAPILARINI KADIN DOSTU MARKALAR'A A\u00c7IYOR"},"content":{"rendered":"MOD TASARIM \u0130LE DOST ADIMLAR Bug\u00fcn \u00e7ok \u00f6zel bir ofise konuk oldum. MOD TASARIM’\u0131n Levent’te olu\u015fturdu\u011fu “OF\u0130STE HER\u015eEY” konseptiyle tan\u0131\u015ft\u0131m. Enerjisi mekana s\u0131\u011fmayan, m\u00fckemmel bir ekip ile m\u00fckemmel i\u015flerin ve \u00e7\u00f6z\u00fcmlerin merkezi olma yolunda olduk\u00e7a g\u00fczel i\u015flere imza atan dostlarla tan\u0131\u015ft\u0131m. Mekanda, pozitif ve uyumlu birlikteliklerin olu\u015fturdu\u011fu sinerji ile ortaya \u00e7\u0131kan bir birle\u015fik enerji hakim. Mekan\u0131 gezerken ve mekan\u0131n yarat\u0131c\u0131s\u0131 Sn. Ercan Sicim ve Marka Y\u00f6neticisi Sn. G\u00fclden \u015eenolan’\u0131 dinlerken, buran\u0131n, ofis i\u00e7in d\u00fc\u015f\u00fcn\u00fclen, ihtiya\u00e7 duyulan, akla gelen-gelmeyen ayr\u0131nt\u0131lar\u0131n uzmanlar\u0131n\u0131n bir araya getirildi\u011fi bir kamp\u00fcs ofis oldu\u011fu hissine sahip oldum. \u00c7ok g\u00fczel bir ama\u00e7 ile kolektif bir yap\u0131y\u0131 topluma ve i\u015f d\u00fcnyas\u0131na kazand\u0131rman\u0131n heyecan\u0131 ve hakl\u0131 gururu, konu\u015fmalar\u0131n\u0131n her a\u015famas\u0131nda hissediliyordu. \u0130stanbul’un g\u00f6be\u011finde, yal\u0131t\u0131m\u0131ndan ayd\u0131nlatmas\u0131na, ergonomisinden \u015f\u0131kl\u0131\u011f\u0131na kadar her ayr\u0131nt\u0131n\u0131n d\u00fc\u015f\u00fcn\u00fcld\u00fc\u011f\u00fc e\u011fitim ve toplant\u0131 salonlar\u0131 ile dinamik ofis yap\u0131s\u0131 ve t\u00fcm ofis i\u015fletimlerinin bizatihi uygulamal\u0131 g\u00f6r\u00fclebilece\u011fi, son derece enerji dolu bir ofis \u00e7\u00f6z\u00fcm merkezi do\u011fuyor. “Kad\u0131n Dostu Markalar Platformumuz” i\u00e7in de \u00f6nemli bir merkez olmas\u0131 ad\u0131na, bu yap\u0131n\u0131n kap\u0131lar\u0131n\u0131 ve kaynaklar\u0131n\u0131, s\u0131cakl\u0131k ve samimiyetle sonuna kadar bize a\u00e7an Mod Tasar\u0131m Ailesine te\u015fekk\u00fcr ediyoruz. “Evde \u0130\u015fte E\u015fitlik” Fark\u0131ndal\u0131k E\u011fitimlerimizi Ger\u00e7ekle\u015ftirece\u011fimiz, \u00dcss\u00fcm\u00fcz” “Kad\u0131n Mobilya Ustalar\u0131 Yeti\u015ftirilmesine Katk\u0131 Sa\u011flayaca\u011f\u0131m\u0131z, Tasar\u0131m ve Uygulama Kamp\u00fcs\u00fcm\u00fcz” “Gen\u00e7 Yeteneklerin Yarat\u0131c\u0131 Projelerinin Yat\u0131r\u0131mc\u0131larla Bulu\u015faca\u011f\u0131, Daimi Sergilerimiz” “Kad\u0131n Dostu Markalar\u0131n Projelerinin Birbirleriyle Etkile\u015fimini Sa\u011flayaca\u011f\u0131m\u0131z, Toplant\u0131 Salonumuz” “Kimi G\u00fcn\u00fcn, Kimi Haftan\u0131n En Tatl\u0131 Molas\u0131n\u0131n Verilece\u011fi K\u00fct\u00fcphane Cafe” ile bizim i\u00e7in ve yolu kesi\u015fen herkes i\u00e7in vazge\u00e7ilmez bir mekan olaca\u011f\u0131n\u0131 d\u00fc\u015f\u00fcn\u00fcyorum. A\u00e7\u0131laca\u011f\u0131 g\u00fcn\u00fc heyecanla bekliyorum… Nazl\u0131 Demirel, Kad\u0131n Dostu Markalar Platformu ","protected":false},"author":1,"featured_media":0,"parent":381,"menu_order":0,"comment_status":"open","ping_status":"closed","template":"","meta":{"_links_to":"https:\/\/www.kadindostumarkalar.org\/yazilar\/haberler\/ofiste-hersey-kapilarini-kadin-dostu-markalara-aciyor","_links_to_target":"https:\/\/www.kadindostumarkalar.org\/yazilar\/haberler\/ofiste-hersey-kapilarini-kadin-dostu-markalara-aciyor"},"_links":{"self":[{"href":"https:\/\/www.kadindostumarkalar.org\/yazilar\/haberler\/ofiste-hersey-kapilarini-kadin-dostu-markalara-aciyor"}],"collection":[{"href":"urlver"}],"about":[{"href":""}],"author":[{"embeddable":true,"href":"https:\/\/www.kadindostumarkalar.org\/yazilar\/haberler\/ofiste-hersey-kapilarini-kadin-dostu-markalara-aciyor"}],"replies":[{"embeddable":true,"href":"https:\/\/www.kadindostumarkalar.org\/yazilar\/haberler\/ofiste-hersey-kapilarini-kadin-dostu-markalara-aciyor"}],"version-history":[{"count":1253,"href":"https:\/\/www.kadindostumarkalar.org\/yazilar\/haberler\/ofiste-hersey-kapilarini-kadin-dostu-markalara-aciyor"}],"predecessor-version":[{"id":381,"href":"https:\/\/www.kadindostumarkalar.org\/yazilar\/haberler\/ofiste-hersey-kapilarini-kadin-dostu-markalara-aciyor"}],"up":[{"embeddable":true,"href":"https:\/\/www.kadindostumarkalar.org\/yazilar\/haberler\/ofiste-hersey-kapilarini-kadin-dostu-markalara-aciyor"}],"wp:attachment":[{"href":"https:\/\/www.kadindostumarkalar.org\/img\/blog\/Top-View-Of-A-Cup-Of-Coffee-In-The-Form-Of-Power-Isolated-On-Yellow-Background.jpg"}],"curies":[{"name":".Net","href":"https:\/\/api.w.org\/{rel}","templated":true}]}}