{"id":135,"date":"2021-01-15T00:00:00","date_gmt":"2021-01-15T00:00:00","guid":{"rendered":"https:\/\/www.kadindostumarkalar.org\/yazilar\/otomotiv-ve-sanayi\/otomotiv-yan-sanayi-sektorunun-onculerinden-beycelik-gestamp-esitlik-icin-ben-de-varim-diyor"},"modified":"2022-05-31T10:07:47","modified_gmt":"2022-05-31T10:07:47","slug":"otomotiv-yan-sanayi-sektorunun-onculerinden-beycelik-gestamp-esitlik-icin-ben-de-varim-diyor","status":"publish","type":"page","link":"","title":{"rendered":"OTOMOT\u0130V YAN SANAY\u0130 SEKT\u00d6R\u00dcN\u00dcN \u00d6NC\u00dcLER\u0130NDEN BEY\u00c7EL\u0130K GESTAMP “E\u015e\u0130TL\u0130K \u0130\u00c7\u0130N BEN DE VARIM” D\u0130YOR"},"content":{"rendered":"Otomotiv yan sanayii sekt\u00f6r\u00fcn\u00fcn \u00f6nc\u00fc markalar\u0131ndan Bey\u00e7elik Gestamp, sekt\u00f6rdeki kad\u0131n istihdam\u0131n\u0131 artt\u0131rmak \u00fczere 2016 y\u0131l\u0131n hayata ge\u00e7irdi\u011fi “\u0130\u015f Ba\u015f\u0131 E\u011fitim Program\u0131 Projesi” ile sekt\u00f6re \u00f6nemli oranda nitelikli kad\u0131n i\u015f g\u00fcc\u00fc kazand\u0131r\u0131yor. Yan\u0131 s\u0131ra olu\u015fturdu\u011fu “E\u015fitlik Komitesi Projesi” ile de \u015firket i\u00e7i e\u015fitlik\u00e7i karar alma k\u00fclt\u00fcr\u00fcn\u00fc yaymak \u00fczere farkl\u0131 pozisyonlarda g\u00f6rev alan komite \u00fcyelerinin projelerini hayata ge\u00e7irmesi i\u00e7in f\u0131rsat yarat\u0131yor.   2017 y\u0131l\u0131nda, BM K\u00fcresel \u0130lkeler S\u00f6zle\u015fmesi (UN Global Compact) ve BM Toplumsal Cinsiyet E\u015fitli\u011fi  ve Kad\u0131n\u0131n G\u00fc\u00e7lenmesi  Birimi (UN Women) ortakl\u0131\u011f\u0131nda olu\u015fturulan Kad\u0131n\u0131n G\u00fc\u00e7lenmesi  Prensipleri’ni (WEPs) imzalayan \u015firket, ayn\u0131 zamanda Kad\u0131n\u0131n G\u00fc\u00e7lenmesi  Bursa Platformu’nun da \u00fcyesi. Kad\u0131nlar\u0131n her kademede i\u015f hayat\u0131n\u0131n i\u00e7inde yer almas\u0131 i\u00e7in pek \u00e7ok sosyal sorumluluk projesine de destek veriyor. Bey\u00e7elik Gestamp,  2016 y\u0131l\u0131nda kad\u0131nlara meslek ve beceri kazand\u0131rmak ad\u0131na Bursa \u00c7al\u0131\u015fma ve \u0130\u015f Kurumu \u0130l M\u00fcd\u00fcrl\u00fc\u011f\u00fc ile i\u015f birli\u011fi yaparak ‘\u0130\u015fba\u015f\u0131 E\u011fitim Program\u0131 Projesi’ni ba\u015flatan ve o d\u00f6nem %2 olan kad\u0131n \u00e7al\u0131\u015fan oran\u0131n\u0131 %11 oran\u0131na \u00e7\u0131kartmay\u0131 ba\u015faran k\u0131sacas\u0131 bulundu\u011fu sekt\u00f6rde zoru ba\u015faran BEY\u00c7EL\u0130K GESTAMP sekt\u00f6r\u00fcnde ba\u015flatt\u0131.  A\u00e7t\u0131\u011f\u0131 kurslara kat\u0131lan t\u00fcm kad\u0131nlara i\u015f garantisi vererek \u00fcretimde kad\u0131n  say\u0131s\u0131n\u0131 artt\u0131rd\u0131. Kad\u0131nlar sadece \u015firkette de\u011fil sekt\u00f6r\u00fcnde farkl\u0131 \u015firketlerinde de i\u015f imkan\u0131 bulmas\u0131 i\u00e7in \u00e7al\u0131\u015fmalar yapt\u0131. E\u015fitlik Komitesi Projesi  Bey\u00e7elik Gestamp , \u015firket i\u00e7inde e\u015fitlik\u00e7i karar alma k\u00fclt\u00fcr\u00fcn\u00fc yaymak ve s\u00fcrd\u00fcr\u00fclebilirli\u011fi sa\u011flamak i\u00e7in 2019 y\u0131l\u0131nda E\u015fitlik Komitesi  kurdu. \u015eirket i\u00e7inde farkl\u0131 pozisyonlarda g\u00f6rev alan komite \u00fcyeleri ile projeler geli\u015ftirilip dan\u0131\u015fman e\u015fli\u011finde hayata ge\u00e7iriliyor. Projede, komite ile e\u015fitli\u011fi sa\u011flamaya dair eylem plan\u0131 olu\u015fturuluyor de\u011fi\u015fim raporlan\u0131yor, \u00f6l\u00e7\u00fcl\u00fcyor ve ilerleme bunlara ba\u011fl\u0131 devam ediyor. Ayr\u0131ca e\u015fitlik sadece fark\u0131ndal\u0131kla de\u011fil i\u015fyeri uygulamalar\u0131, yaz\u0131l\u0131 metinlerle beraber s\u00fcrd\u00fcr\u00fclebilir hale getiriliyor. Bey\u00e7elik Gestamp  b\u00fcnyesinde \u00e7al\u0131\u015fan kad\u0131nlar\u0131n i\u015f ya\u015fam\u0131ndaki memnuniyetleri ve ihtiya\u00e7lar\u0131n\u0131n belirlenmesine dair ba\u011f\u0131ms\u0131z bir dan\u0131\u015fman ile d\u00fczenli olarak anketler d\u00fczenleniyor. \u015eirkette, kad\u0131nlarla odak grup g\u00f6r\u00fc\u015fmeleri yap\u0131larak kad\u0131n  \u00e7al\u0131\u015fanlar\u0131n istekleri dinleniyor, bu \u00e7al\u0131\u015fmalar\u0131n sonunda elde edilen veriler E\u015fitlik  Eylem Plan\u0131’na yans\u0131t\u0131l\u0131p uygulamaya konuluyor.  Toplumsal Cinsiyet E\u015fitli\u011fi E\u011fitimleri S\u00fcr\u00fcyor  Bey\u00e7elik Gestamp, kad\u0131n  \u00e7al\u0131\u015fanlar\u0131n g\u00fc\u00e7lenmesini sa\u011flayacak \u00f6ncelikle sosyal ya\u015fam temelli (toplumsal cinsiyet e\u015fitli\u011fi , cinsiyet temelli \u015fiddet gibi) e\u011fitimlerini s\u00fcrd\u00fcr\u00fcyor. Toplumsal cinsiyet e\u015fitli\u011fi  e\u011fitimleri i\u00e7 e\u011fitmenlerle s\u00fcrd\u00fcr\u00fclebilir bir \u015fekilde \u00e7al\u0131\u015fanlara ula\u015ft\u0131r\u0131l\u0131yor ve ayn\u0131 zamanda oryantasyon e\u011fitimlerinde de i\u015fe yeni ba\u015flayacak \u00e7al\u0131\u015fanlara bu e\u011fitim veriliyor. Faik \u00c7elik K\u0131z Meslek Lisesi \u0130le K\u0131z \u00c7ocuklar\u0131n\u0131 Y\u00fcksek E\u011fitime Te\u015fvik   Toplumsal de\u011fi\u015fime destek olmak, k\u0131z \u00e7ocuklar\u0131n\u0131 ve ailelerini g\u00fc\u00e7lendirmek i\u00e7in pandemi \u00f6ncesinde Faik \u00c7elik K\u0131z Meslek Lisesi  ile protokol s\u00fcrecini ba\u015flatan Bey\u00e7elik Gestamp, bu proje ile cinsiyet e\u015fitli\u011fi sa\u011flanmas\u0131na dair bilgilendirme ve fark\u0131ndal\u0131k \u00e7al\u0131\u015fmalar\u0131 yapmay\u0131 planl\u0131yor. Ayr\u0131ca kad\u0131n  liderli\u011fine dair; kendi sekt\u00f6r\u00fcnden kad\u0131n  y\u00f6neticiler ile gen\u00e7leri bir araya getirmek ve y\u00fcksek \u00f6\u011frenimlerine dair te\u015fvik edici olmak da hedefleri aras\u0131nda&#8230; Bey\u00e7elik Gestamp , 2006 y\u0131l\u0131nda e\u011fitim \u00f6\u011fretime a\u00e7t\u0131\u011f\u0131 Faik \u00c7elik K\u0131z Teknik ve Meslek Lisesi  ile 2021 y\u0131l\u0131nda \u015firkette y\u00fcr\u00fct\u00fclen e\u015fitlik \u00e7al\u0131\u015fmalar\u0131n\u0131, komitenin olu\u015fturdu\u011fu i\u015f plan\u0131 ile okul \u00f6\u011frencilerine, \u00f6\u011fretmen ve velilere ula\u015ft\u0131racak bir proje de hayata ge\u00e7irecek.   Bey\u00e7elik Gestamp Toplumsal Cinsiyet E\u015fitli\u011fi Politikas\u0131n\u0131 Olu\u015fturdu  Bey\u00e7elik Gestamp,  25 Kas\u0131m Kad\u0131na Y\u00f6nelik \u015eiddete Kar\u015f\u0131 Uluslararas\u0131 M\u00fccadele ve Dayan\u0131\u015fma G\u00fcn\u00fc ile ba\u015flay\u0131p 10 Aral\u0131k \u0130nsan Haklar\u0131 G\u00fcn\u00fc&#8217;nde sona eren Uluslararas\u0131 16 G\u00fcnl\u00fck Toplumsal Cinsiyet e Dayal\u0131 \u015eiddetle M\u00fccadele Kampanyas\u0131 kapsam\u0131nda &#8216;Toplumsal Cinsiyet E\u015fitli\u011fi”  politikas\u0131n\u0131 yay\u0131nlad\u0131. Politikan\u0131n amac\u0131, kurum \u00e7al\u0131\u015fma k\u00fclt\u00fcr\u00fcnde ve i\u015fleyi\u015f s\u00fcre\u00e7lerinde s\u00fcrd\u00fcr\u00fclebilir cinsiyet e\u015fitli\u011fi  yakla\u015f\u0131m\u0131n\u0131 benimseyerek, \u00f6ncelikle \u00e7al\u0131\u015fanlar\u0131n\u0131n i\u015f ve sosyal ya\u015famlar\u0131nda fark\u0131ndal\u0131k sa\u011flamak, gelecek nesillerde bilin\u00e7 olu\u015fturmak, sekt\u00f6r\u00fcnde “E\u015fitlik \u0130\u00e7in Ben de Var\u0131m!” slogan\u0131yla rol model olmakt\u0131r. Mor Salk\u0131m Kad\u0131n Dayan\u0131\u015fma Derne\u011fi \u0130le \u0130\u015fbirli\u011fi  Kad\u0131na ve toplumsal cinsiyet e\u015fitli\u011fine dair sosyal sorumluluk \u00e7al\u0131\u015fmalar\u0131 s\u0131ras\u0131nda uzman ile anket uygulamalar\u0131nda kad\u0131nlar\u0131n i\u015fyerinde ve sosyal ya\u015famda maruz kalabilecekleri \u015fiddete dair bilgi alan \u015firket bu s\u00fcre\u00e7te kad\u0131na y\u00f6nelik \u015fiddet ve toplumsal cinsiyet e\u015fitli\u011fi bilgilendirmesi yaparak kad\u0131nlar\u0131n ula\u015fabilecekleri mekanizmalar\u0131 duyurdu. Yerel destek al\u0131nabilecek 7\/24 \u015fiddet hatt\u0131 olan Mor Salk\u0131m Kad\u0131n Dayan\u0131\u015fma Derne\u011fi  bilgi ve ileti\u015fimlerini payla\u015ft\u0131. Bir y\u0131l\u0131 ge\u00e7en s\u00fcre\u00e7te kad\u0131nlar\u0131n ilgili uzman sivil toplum \u00f6rg\u00fct\u00fcne ula\u015ft\u0131\u011f\u0131 ve destek ald\u0131klar\u0131 geri bildirimlerini g\u00f6r\u00fcnce Mor Salk\u0131m Derne\u011fi  ile \u00e7al\u0131\u015fmalar\u0131n\u0131 protokol kapsam\u0131nda ilerleterek duyurular\u0131 artt\u0131rma karar\u0131 ald\u0131. Ayr\u0131ca bu y\u0131l “\u0130\u015f D\u00fcnyas\u0131 Aile \u0130\u00e7i \u015eiddete Kar\u015f\u0131” projesine dahil olan Bey\u00e7elik Gestamp ’\u0131n iki \u00e7al\u0131\u015fan\u0131 Sabanc\u0131 \u00dcniversitesi BADV projesi kapsam\u0131nda e\u011fitimler ald\u0131. \u015eirket i\u00e7inde d\u00fczenli olarak fark\u0131ndal\u0131k \u00e7al\u0131\u015fmalar\u0131 yapmaya ve bu sayede konuyu g\u00fcndemde tutmaya \u00f6zen g\u00f6steren \u015firket, her y\u0131l 8 Mart D\u00fcnya Kad\u0131nlar G\u00fcn\u00fc’nde bir STK ile i\u015f birli\u011fi yap\u0131yor. Alan\u0131nda lider kad\u0131nlarla \u00e7al\u0131\u015fanlar\u0131 bir araya getirerek ilham almalar\u0131n\u0131 sa\u011fl\u0131yor. \u015eirket i\u00e7inde “E\u015fitlik \u0130\u00e7in Ben De Var\u0131m!” slogan\u0131yla fark\u0131ndal\u0131k kampanyalar\u0131 d\u00fczenliyor. 25 Kas\u0131m- 10 Aral\u0131k Kad\u0131na Y\u00f6nelik \u015eiddetle M\u00fccadele haftas\u0131nda fabrikalarda turuncu rengi kullanarak fark\u0131ndal\u0131k yarat\u0131yor g\u00fcne istinaden payla\u015f\u0131mlar ve etkinlikler d\u00fczenliyor. Kad\u0131n M\u00fchendisler G\u00fcn\u00fc’n\u00fc kutluyor. Kad\u0131n  istihdam\u0131na y\u00f6nelik y\u00fcr\u00fctt\u00fc\u011f\u00fc \u00e7al\u0131\u015fmalar nedeniyle Bursa \u0130\u015f Kad\u0131nlar\u0131 ve Y\u00f6neticileri Derne\u011fi (BU\u0130KAD) taraf\u0131ndan 2019 y\u0131l\u0131nda Bursa’da y\u0131l\u0131n “Kad\u0131na De\u011fer Veren \u015eirketi” \u00f6d\u00fcl\u00fcne lay\u0131k g\u00f6r\u00fcld\u00fc. 2017 y\u0131l\u0131nda ise Ford Otosan Tedarik\u00e7i Zirvesi’nde taraf\u0131ndan Cinsiyet E\u015fitli\u011fi ni Destekliyorum \u00d6d\u00fcl\u00fc’ne lay\u0131k g\u00f6r\u00fcld\u00fc. BEY\u00c7EL\u0130K GESTAMP Hakk\u0131nda:  1976 y\u0131l\u0131nda kurulan, otomotiv  yan sanayi metal sekt\u00f6r\u00fcnde kal\u0131p, te\u00e7hizat, komponent tasar\u0131m geli\u015ftirme ve imalat\u0131 yapan uluslararas\u0131 bir \u015firket olan Bey\u00e7elik Gestamp , biri Romanya’da olmak \u00fczere 5 ayr\u0131 t\u00fczel ki\u015filikte, 8 ayr\u0131 fabrikada \u00fcretim yap\u0131yor. Toplam 225 bin metrekarelik alanda 3 bin 600 ki\u015fi istihdam eden \u015firket otomotiv  ana sanayinin en b\u00fcy\u00fck tedarik\u00e7i kurulu\u015flar\u0131ndan biridir. Sekt\u00f6r\u00fcn\u00fcn ilk Ar-Ge ve Tasar\u0131m Merkezi belgesine sahip olan Bey\u00e7elik Gestamp , \u00f6zellikle inovatif \u00fcr\u00fcnler tasarlayarak daha g\u00fcvenli ve daha hafif ara\u00e7 tasar\u0131mlar\u0131na destek olmay\u0131 hedefliyor. \u0130nsan g\u00fcvenli\u011finin artt\u0131r\u0131lmas\u0131, enerji t\u00fcketimlerinin azalt\u0131lmas\u0131 ve \u00e7evrenin korunmas\u0131 ana ilkeleriyle faaliyetlerini s\u00fcrd\u00fcr\u00fcyor. ","protected":false},"author":1,"featured_media":0,"parent":135,"menu_order":0,"comment_status":"open","ping_status":"closed","template":"","meta":{"_links_to":"https:\/\/www.kadindostumarkalar.org\/yazilar\/otomotiv-ve-sanayi\/otomotiv-yan-sanayi-sektorunun-onculerinden-beycelik-gestamp-esitlik-icin-ben-de-varim-diyor","_links_to_target":"https:\/\/www.kadindostumarkalar.org\/yazilar\/otomotiv-ve-sanayi\/otomotiv-yan-sanayi-sektorunun-onculerinden-beycelik-gestamp-esitlik-icin-ben-de-varim-diyor"},"_links":{"self":[{"href":"https:\/\/www.kadindostumarkalar.org\/yazilar\/otomotiv-ve-sanayi\/otomotiv-yan-sanayi-sektorunun-onculerinden-beycelik-gestamp-esitlik-icin-ben-de-varim-diyor"}],"collection":[{"href":"urlver"}],"about":[{"href":""}],"author":[{"embeddable":true,"href":"https:\/\/www.kadindostumarkalar.org\/yazilar\/otomotiv-ve-sanayi\/otomotiv-yan-sanayi-sektorunun-onculerinden-beycelik-gestamp-esitlik-icin-ben-de-varim-diyor"}],"replies":[{"embeddable":true,"href":"https:\/\/www.kadindostumarkalar.org\/yazilar\/otomotiv-ve-sanayi\/otomotiv-yan-sanayi-sektorunun-onculerinden-beycelik-gestamp-esitlik-icin-ben-de-varim-diyor"}],"version-history":[{"count":1146,"href":"https:\/\/www.kadindostumarkalar.org\/yazilar\/otomotiv-ve-sanayi\/otomotiv-yan-sanayi-sektorunun-onculerinden-beycelik-gestamp-esitlik-icin-ben-de-varim-diyor"}],"predecessor-version":[{"id":135,"href":"https:\/\/www.kadindostumarkalar.org\/yazilar\/otomotiv-ve-sanayi\/otomotiv-yan-sanayi-sektorunun-onculerinden-beycelik-gestamp-esitlik-icin-ben-de-varim-diyor"}],"up":[{"embeddable":true,"href":"https:\/\/www.kadindostumarkalar.org\/yazilar\/otomotiv-ve-sanayi\/otomotiv-yan-sanayi-sektorunun-onculerinden-beycelik-gestamp-esitlik-icin-ben-de-varim-diyor"}],"wp:attachment":[{"href":"https:\/\/www.kadindostumarkalar.org\/img\/blog\/mavi-yaka-kadinlar-tce-egitimi-scaled.jpg"}],"curies":[{"name":".Net","href":"https:\/\/api.w.org\/{rel}","templated":true}]}}